{"id":959,"date":"2025-10-13T12:51:47","date_gmt":"2025-10-13T12:51:47","guid":{"rendered":"https:\/\/crepissage.vyseo-communication.eu\/?post_type=galerie-photos&#038;p=959"},"modified":"2025-10-13T13:18:31","modified_gmt":"2025-10-13T13:18:31","slug":"chantier-a-minversheim-renovation-ravalement-de-facade-et-peinture-exterieure","status":"publish","type":"galerie-photos","link":"https:\/\/www.crepissage-outre-foret.pro\/galerie-photos\/chantier-a-minversheim-renovation-ravalement-de-facade-et-peinture-exterieure\/","title":{"rendered":"Chantier \u00e0 Minversheim &#8211; r\u00e9novation, ravalement de fa\u00e7ade et peinture ext\u00e9rieure"},"content":{"rendered":"\t\t<div data-elementor-type=\"wp-post\" data-elementor-id=\"959\" class=\"elementor elementor-959\" data-elementor-post-type=\"galerie-photos\">\n\t\t\t\t<div class=\"elementor-element elementor-element-18f2370 e-flex e-con-boxed e-con e-parent\" data-id=\"18f2370\" data-element_type=\"container\" data-e-type=\"container\">\n\t\t\t\t\t<div class=\"e-con-inner\">\n\t\t\t\t<div class=\"elementor-element elementor-element-4ada3e49 elementor-widget elementor-widget-text-editor\" data-id=\"4ada3e49\" data-element_type=\"widget\" data-e-type=\"widget\" data-widget_type=\"text-editor.default\">\n\t\t\t\t\t\t\t\t\t<h2 data-start=\"310\" data-end=\"394\"><strong data-start=\"314\" data-end=\"394\">Une transformation compl\u00e8te pour redonner \u00e9clat et protection \u00e0 votre maison<\/strong><\/h2><p data-start=\"396\" data-end=\"760\">Sur ce <strong data-start=\"403\" data-end=\"429\">chantier \u00e0 Minversheim<\/strong>, <strong data-start=\"431\" data-end=\"462\">Cr\u00e9pissage de l\u2019Outre-For\u00eat<\/strong> a men\u00e9 une <strong data-start=\"474\" data-end=\"509\">r\u00e9novation compl\u00e8te des fa\u00e7ades<\/strong>, comprenant un <strong data-start=\"525\" data-end=\"550\">ravalement approfondi<\/strong> et la <strong data-start=\"557\" data-end=\"588\">mise en peinture ext\u00e9rieure<\/strong>.<br data-start=\"589\" data-end=\"592\" \/>L\u2019objectif principal : moderniser l\u2019apparence de l\u2019habitation, corriger les imperfections du support et assurer une <strong data-start=\"708\" data-end=\"730\">protection durable<\/strong> face aux al\u00e9as climatiques.<\/p><h2 data-start=\"767\" data-end=\"798\"><strong data-start=\"773\" data-end=\"798\">Objectifs du chantier<\/strong><\/h2><ul data-start=\"800\" data-end=\"1095\"><li data-start=\"800\" data-end=\"847\"><p data-start=\"802\" data-end=\"847\">R\u00e9nover l\u2019ensemble des fa\u00e7ades ext\u00e9rieures.<\/p><\/li><li data-start=\"848\" data-end=\"899\"><p data-start=\"850\" data-end=\"899\">Restaurer la plan\u00e9it\u00e9 et l\u2019uniformit\u00e9 des murs.<\/p><\/li><li data-start=\"900\" data-end=\"976\"><p data-start=\"902\" data-end=\"976\">Appliquer une peinture r\u00e9sistante et adapt\u00e9e aux conditions ext\u00e9rieures.<\/p><\/li><li data-start=\"977\" data-end=\"1037\"><p data-start=\"979\" data-end=\"1037\">Am\u00e9liorer la durabilit\u00e9 et la performance du rev\u00eatement.<\/p><\/li><li data-start=\"1038\" data-end=\"1095\"><p data-start=\"1040\" data-end=\"1095\">Valoriser le patrimoine et l\u2019esth\u00e9tique de la maison.<\/p><\/li><\/ul><h2 data-start=\"1102\" data-end=\"1137\"><strong data-start=\"1108\" data-end=\"1137\">Les \u00e9tapes cl\u00e9s du projet<\/strong><\/h2><ol data-start=\"1139\" data-end=\"2580\"><li data-start=\"1139\" data-end=\"1456\"><p data-start=\"1142\" data-end=\"1456\"><strong data-start=\"1142\" data-end=\"1182\">Diagnostic et pr\u00e9paration du support<\/strong><br data-start=\"1182\" data-end=\"1185\" \/>Avant tout, notre \u00e9quipe a r\u00e9alis\u00e9 un <strong data-start=\"1226\" data-end=\"1269\">diagnostic pr\u00e9cis de l\u2019\u00e9tat des fa\u00e7ades<\/strong>, identifiant fissures, zones poreuses et anciennes couches d\u00e9t\u00e9rior\u00e9es.<br data-start=\"1341\" data-end=\"1344\" \/>Les murs ont ensuite \u00e9t\u00e9 <strong data-start=\"1372\" data-end=\"1404\">nettoy\u00e9s, bross\u00e9s et d\u00e9cap\u00e9s<\/strong>, assurant une base saine pour la suite des travaux.<\/p><\/li><li data-start=\"1458\" data-end=\"1725\"><p data-start=\"1461\" data-end=\"1725\"><strong data-start=\"1461\" data-end=\"1485\">Ravalement de fa\u00e7ade<\/strong><br data-start=\"1485\" data-end=\"1488\" \/>Nous avons appliqu\u00e9 un <strong data-start=\"1514\" data-end=\"1563\">enduit de r\u00e9novation respirant et imperm\u00e9able<\/strong>, permettant de lisser la surface tout en prot\u00e9geant le b\u00e2ti.<br data-start=\"1624\" data-end=\"1627\" \/>Cette \u00e9tape redonne force et coh\u00e9sion \u00e0 la fa\u00e7ade, tout en la pr\u00e9parant \u00e0 recevoir la peinture.<\/p><\/li><li data-start=\"1727\" data-end=\"1928\"><p data-start=\"1730\" data-end=\"1928\"><strong data-start=\"1730\" data-end=\"1771\">R\u00e9novation et traitement des fissures<\/strong><br data-start=\"1771\" data-end=\"1774\" \/>Les fissures et microfissures ont \u00e9t\u00e9 soigneusement rebouch\u00e9es et renforc\u00e9es \u00e0 l\u2019aide de mat\u00e9riaux adapt\u00e9s, afin de pr\u00e9venir toute infiltration future.<\/p><\/li><li data-start=\"1930\" data-end=\"2320\"><p data-start=\"1933\" data-end=\"2320\"><strong data-start=\"1933\" data-end=\"1974\">Application de la peinture ext\u00e9rieure<\/strong><br data-start=\"1974\" data-end=\"1977\" \/>Une <strong data-start=\"1984\" data-end=\"2036\">peinture acrylique microporeuse haute r\u00e9sistance<\/strong> a \u00e9t\u00e9 appliqu\u00e9e, garantissant une excellente tenue dans le temps et une protection contre les UV, les pluies acides et la pollution.<br data-start=\"2169\" data-end=\"2172\" \/>Le choix des teintes a \u00e9t\u00e9 d\u00e9fini en concertation avec le propri\u00e9taire, pour un rendu \u00e0 la fois moderne et harmonieux avec le style de la maison.<\/p><\/li><li data-start=\"2322\" data-end=\"2580\"><p data-start=\"2325\" data-end=\"2580\"><strong data-start=\"2325\" data-end=\"2363\">Finitions et nettoyage du chantier<\/strong><br data-start=\"2363\" data-end=\"2366\" \/>Les contours, encadrements et angles ont \u00e9t\u00e9 repris avec soin pour une finition impeccable.<br data-start=\"2460\" data-end=\"2463\" \/>Comme toujours, nous avons veill\u00e9 \u00e0 laisser un <strong data-start=\"2513\" data-end=\"2542\">chantier propre et soign\u00e9<\/strong>, conforme \u00e0 nos standards de qualit\u00e9.<\/p><\/li><\/ol>\t\t\t\t\t\t\t\t<\/div>\n\t\t\t\t<div class=\"elementor-element elementor-element-523da11e elementor-widget elementor-widget-ucaddon_uc_compact_image_theme\" data-id=\"523da11e\" data-element_type=\"widget\" data-e-type=\"widget\" data-widget_type=\"ucaddon_uc_compact_image_theme.default\">\n\t\t\t\t<div class=\"elementor-widget-container\">\n\t\t\t\t\t\n<!-- start Compact Gallery -->\n\t\t<link id='font-awesome-css' href='https:\/\/www.crepissage-outre-foret.pro\/modules\/module602\/assets_libraries\/font-awesome6\/fontawesome-all.min.css' type='text\/css' rel='stylesheet' >\n\t\t<link id='font-awesome-4-shim-css' href='https:\/\/www.crepissage-outre-foret.pro\/modules\/module602\/assets_libraries\/font-awesome6\/fontawesome-v4-shims.min.css' type='text\/css' rel='stylesheet' >\n\t\t<link id='unitegallery-css' href='https:\/\/www.crepissage-outre-foret.pro\/modules\/module602\/assets_libraries\/unitegallery\/css\/unite-gallery.css' type='text\/css' rel='stylesheet' >\n\t\t<link id='fancybox-css' href='https:\/\/www.crepissage-outre-foret.pro\/modules\/module602\/assets_libraries\/fancybox3\/jquery.fancybox.min.css' type='text\/css' rel='stylesheet' >\n\n<style>\/* widget: Compact Gallery *\/\n\n#uc_uc_compact_image_theme_elementor_523da11e-wrapper{\n  min-height: 1px;\n}\n\n#uc_uc_compact_image_theme_elementor_523da11e{\n  margin:0 auto;\n  display: none;\n}\n\/* fancybox *\/\n\/* endfancybox *\/\n\n<\/style>\n\n<div id=\"uc_uc_compact_image_theme_elementor_523da11e-wrapper\">\n  <div id=\"uc_uc_compact_image_theme_elementor_523da11e\" class=\"uc-items-wrapper  \"  data-remote-type=\"gallery\" data-custom-sethtml=\"true\" >\n    \n<img decoding=\"async\" alt=\"artisan-facadier-minversheim\"\n   src=\"https:\/\/www.crepissage-outre-foret.pro\/media\/2025\/10\/artisan-facadier-minversheim-2-768x1018.jpg\"\n    data-image=\"https:\/\/www.crepissage-outre-foret.pro\/media\/2025\/10\/artisan-facadier-minversheim-2.jpg\"\n    data-title=\"artisan-facadier-minversheim\">\n\n<img decoding=\"async\" alt=\"crepissage-maison-minversheim\"\n   src=\"https:\/\/www.crepissage-outre-foret.pro\/media\/2025\/10\/crepissage-maison-minversheim-2-768x1024.jpg\"\n    data-image=\"https:\/\/www.crepissage-outre-foret.pro\/media\/2025\/10\/crepissage-maison-minversheim-2.jpg\"\n    data-title=\"crepissage-maison-minversheim\">\n\n<img decoding=\"async\" alt=\"ravalement-facade-maison-minversheim\"\n   src=\"https:\/\/www.crepissage-outre-foret.pro\/media\/2025\/10\/ravalement-facade-maison-minversheim-768x1018.jpg\"\n    data-image=\"https:\/\/www.crepissage-outre-foret.pro\/media\/2025\/10\/ravalement-facade-maison-minversheim.jpg\"\n    data-title=\"ravalement-facade-maison-minversheim\">\n\n<img decoding=\"async\" alt=\"renovation-peinture-maison-minversheim\"\n   src=\"https:\/\/www.crepissage-outre-foret.pro\/media\/2025\/10\/renovation-peinture-maison-minversheim-768x1018.jpg\"\n    data-image=\"https:\/\/www.crepissage-outre-foret.pro\/media\/2025\/10\/renovation-peinture-maison-minversheim.jpg\"\n    data-title=\"renovation-peinture-maison-minversheim\">\n\n<img decoding=\"async\" alt=\"isolation-exterieure-maison-minversheim\"\n   src=\"https:\/\/www.crepissage-outre-foret.pro\/media\/2025\/10\/isolation-exterieure-maison-minversheim-768x1018.jpg\"\n    data-image=\"https:\/\/www.crepissage-outre-foret.pro\/media\/2025\/10\/isolation-exterieure-maison-minversheim.jpg\"\n    data-title=\"isolation-exterieure-maison-minversheim\">\n\n  <\/div>\n<\/div>\n<!-- end Compact Gallery -->\t\t\t\t<\/div>\n\t\t\t\t<\/div>\n\t\t\t\t<div class=\"elementor-element elementor-element-6cfcc1ce elementor-widget elementor-widget-heading\" data-id=\"6cfcc1ce\" data-element_type=\"widget\" data-e-type=\"widget\" data-widget_type=\"heading.default\">\n\t\t\t\t\t<h2 class=\"elementor-heading-title elementor-size-default\">Zone d\u2019intervention<\/h2>\t\t\t\t<\/div>\n\t\t\t\t<div class=\"elementor-element elementor-element-49b5e6ab elementor-widget elementor-widget-text-editor\" data-id=\"49b5e6ab\" data-element_type=\"widget\" data-e-type=\"widget\" data-widget_type=\"text-editor.default\">\n\t\t\t\t\t\t\t\t\t<p>Le <strong data-start=\"2649\" data-end=\"2676\">chantier de Minversheim<\/strong> illustre parfaitement l\u2019engagement de <strong data-start=\"2715\" data-end=\"2746\">Cr\u00e9pissage de l\u2019Outre-For\u00eat<\/strong> : offrir \u00e0 chaque client une <strong data-start=\"2776\" data-end=\"2811\">fa\u00e7ade belle, solide et durable<\/strong>.<\/p><p>Gr\u00e2ce \u00e0 ce travail de r\u00e9novation et de ravalement, la maison retrouve tout son \u00e9clat, avec une <strong data-start=\"2910\" data-end=\"2933\">protection optimale<\/strong> contre les agressions ext\u00e9rieures et une <strong data-start=\"2975\" data-end=\"3006\">valeur esth\u00e9tique renforc\u00e9e<\/strong>.<\/p><p>Cr\u00e9pissage de L\u2019Outre For\u00eat intervient dans tout le secteur <strong data-start=\"3645\" data-end=\"3678\">Outre-For\u00eat et Alsace du Nord<\/strong> :<br data-start=\"3680\" data-end=\"3683\" \/><strong data-start=\"3683\" data-end=\"3783\">Betschdorf, Wissembourg, Haguenau, Lauterbourg, Soultz-sous-For\u00eats, Seltz, Niederbronn-les-Bains<\/strong>, et les environs.<\/p><p>Nous r\u00e9alisons vos projets de ravalement, isolation et cr\u00e9pissage avec le m\u00eame niveau d\u2019exigence et de qualit\u00e9.<\/p><p>Vous avez un projet de <strong data-start=\"3693\" data-end=\"3756\">r\u00e9novation, ravalement ou peinture ext\u00e9rieure \u00e0 Minversheim<\/strong> ?<br data-start=\"3758\" data-end=\"3761\" \/>Faites confiance \u00e0 <strong data-start=\"3780\" data-end=\"3811\">Cr\u00e9pissage de l\u2019Outre-For\u00eat<\/strong>, votre sp\u00e9cialiste local du <strong data-start=\"3840\" data-end=\"3864\">ravalement de fa\u00e7ade<\/strong> et des <strong data-start=\"3872\" data-end=\"3919\">travaux de r\u00e9novation ext\u00e9rieure sur mesure<\/strong>.<\/p>\t\t\t\t\t\t\t\t<\/div>\n\t\t\t\t\t<\/div>\n\t\t\t\t<\/div>\n\t\t\t\t<\/div>\n\t\t","protected":false},"excerpt":{"rendered":"<p>Sur notre chantier \u00e0 Minversheim, Cr\u00e9pissage de l\u2019Outre-For\u00eat a r\u00e9alis\u00e9 une r\u00e9novation compl\u00e8te avec ravalement et peinture ext\u00e9rieure pour une fa\u00e7ade soign\u00e9e et prot\u00e9g\u00e9e.<\/p>\n","protected":false},"featured_media":960,"menu_order":0,"template":"","format":"standard","meta":[],"galerie_category":[16,14,17],"class_list":["post-959","galerie-photos","type-galerie-photos","status-publish","format-standard","has-post-thumbnail","hentry","galerie_category-peinture","galerie_category-ravalement-de-facade","galerie_category-renovation"],"aioseo_notices":[],"aioseo_head":"\n\t\t<!-- All in One SEO Pro 4.9.6.2 - aioseo.com -->\n\t<meta name=\"description\" content=\"R\u00e9novation et ravalement de fa\u00e7ade \u00e0 Minversheim par Cr\u00e9pissage de l\u2019Outre-For\u00eat : peinture ext\u00e9rieure durable et finitions haut de gamme.\" \/>\n\t<meta name=\"robots\" content=\"max-image-preview:large\" \/>\n\t<meta name=\"google-site-verification\" content=\"yV5f5RtlR-_n-vm2xJ3yDaw1yK7hUustT9T8yhp9L28\" \/>\n\t<link rel=\"canonical\" href=\"https:\/\/www.crepissage-outre-foret.pro\/galerie-photos\/chantier-a-minversheim-renovation-ravalement-de-facade-et-peinture-exterieure\/\" \/>\n\t<meta name=\"generator\" content=\"All in One SEO Pro (AIOSEO) 4.9.6.2\" \/>\n\t\t<meta property=\"og:locale\" content=\"fr_FR\" \/>\n\t\t<meta property=\"og:site_name\" content=\"Cr\u00e9pissage de L\u2019Outre For\u00eat - Donnez une nouvelle vie \u00e0 vos fa\u00e7ades\" \/>\n\t\t<meta property=\"og:type\" content=\"article\" \/>\n\t\t<meta property=\"og:title\" content=\"Ravalement et peinture de fa\u00e7ade \u00e0 Minversheim\" \/>\n\t\t<meta property=\"og:description\" content=\"R\u00e9novation et ravalement de fa\u00e7ade \u00e0 Minversheim par Cr\u00e9pissage de l\u2019Outre-For\u00eat : peinture ext\u00e9rieure durable et finitions haut de gamme.\" \/>\n\t\t<meta property=\"og:url\" content=\"https:\/\/www.crepissage-outre-foret.pro\/galerie-photos\/chantier-a-minversheim-renovation-ravalement-de-facade-et-peinture-exterieure\/\" \/>\n\t\t<meta property=\"og:image\" content=\"https:\/\/www.crepissage-outre-foret.pro\/media\/2025\/10\/logo.svg\" \/>\n\t\t<meta property=\"og:image:secure_url\" content=\"https:\/\/www.crepissage-outre-foret.pro\/media\/2025\/10\/logo.svg\" \/>\n\t\t<meta property=\"article:published_time\" content=\"2025-10-13T12:51:47+00:00\" \/>\n\t\t<meta property=\"article:modified_time\" content=\"2025-10-13T13:18:31+00:00\" \/>\n\t\t<meta property=\"article:publisher\" content=\"https:\/\/www.facebook.com\/profile.php?id=100031217720552&amp;locale=fr_FR\" \/>\n\t\t<meta name=\"twitter:card\" content=\"summary_large_image\" \/>\n\t\t<meta name=\"twitter:title\" content=\"Ravalement et peinture de fa\u00e7ade \u00e0 Minversheim\" \/>\n\t\t<meta name=\"twitter:description\" content=\"R\u00e9novation et ravalement de fa\u00e7ade \u00e0 Minversheim par Cr\u00e9pissage de l\u2019Outre-For\u00eat : peinture ext\u00e9rieure durable et finitions haut de gamme.\" \/>\n\t\t<meta name=\"twitter:image\" content=\"https:\/\/www.crepissage-outre-foret.pro\/media\/2025\/10\/logo.svg\" \/>\n\t\t<script type=\"application\/ld+json\" class=\"aioseo-schema\">\n\t\t\t{\"@context\":\"https:\\\/\\\/schema.org\",\"@graph\":[{\"@type\":\"BreadcrumbList\",\"@id\":\"https:\\\/\\\/www.crepissage-outre-foret.pro\\\/galerie-photos\\\/chantier-a-minversheim-renovation-ravalement-de-facade-et-peinture-exterieure\\\/#breadcrumblist\",\"itemListElement\":[{\"@type\":\"ListItem\",\"@id\":\"https:\\\/\\\/www.crepissage-outre-foret.pro#listItem\",\"position\":1,\"name\":\"Cr\\u00e9pissage de l'outre for\\u00eat\",\"item\":\"https:\\\/\\\/www.crepissage-outre-foret.pro\",\"nextItem\":{\"@type\":\"ListItem\",\"@id\":\"https:\\\/\\\/www.crepissage-outre-foret.pro\\\/galerie-photos\\\/#listItem\",\"name\":\"Galeries Photos\"}},{\"@type\":\"ListItem\",\"@id\":\"https:\\\/\\\/www.crepissage-outre-foret.pro\\\/galerie-photos\\\/#listItem\",\"position\":2,\"name\":\"Galeries Photos\",\"item\":\"https:\\\/\\\/www.crepissage-outre-foret.pro\\\/galerie-photos\\\/\",\"nextItem\":{\"@type\":\"ListItem\",\"@id\":\"https:\\\/\\\/www.crepissage-outre-foret.pro\\\/galerie_category\\\/ravalement-de-facade\\\/#listItem\",\"name\":\"Ravalement de Fa\\u00e7ade\"},\"previousItem\":{\"@type\":\"ListItem\",\"@id\":\"https:\\\/\\\/www.crepissage-outre-foret.pro#listItem\",\"name\":\"Cr\\u00e9pissage de l'outre for\\u00eat\"}},{\"@type\":\"ListItem\",\"@id\":\"https:\\\/\\\/www.crepissage-outre-foret.pro\\\/galerie_category\\\/ravalement-de-facade\\\/#listItem\",\"position\":3,\"name\":\"Ravalement de Fa\\u00e7ade\",\"item\":\"https:\\\/\\\/www.crepissage-outre-foret.pro\\\/galerie_category\\\/ravalement-de-facade\\\/\",\"nextItem\":{\"@type\":\"ListItem\",\"@id\":\"https:\\\/\\\/www.crepissage-outre-foret.pro\\\/galerie-photos\\\/chantier-a-minversheim-renovation-ravalement-de-facade-et-peinture-exterieure\\\/#listItem\",\"name\":\"Chantier \\u00e0 Minversheim &#8211; r\\u00e9novation, ravalement de fa\\u00e7ade et peinture ext\\u00e9rieure\"},\"previousItem\":{\"@type\":\"ListItem\",\"@id\":\"https:\\\/\\\/www.crepissage-outre-foret.pro\\\/galerie-photos\\\/#listItem\",\"name\":\"Galeries Photos\"}},{\"@type\":\"ListItem\",\"@id\":\"https:\\\/\\\/www.crepissage-outre-foret.pro\\\/galerie-photos\\\/chantier-a-minversheim-renovation-ravalement-de-facade-et-peinture-exterieure\\\/#listItem\",\"position\":4,\"name\":\"Chantier \\u00e0 Minversheim &#8211; r\\u00e9novation, ravalement de fa\\u00e7ade et peinture ext\\u00e9rieure\",\"previousItem\":{\"@type\":\"ListItem\",\"@id\":\"https:\\\/\\\/www.crepissage-outre-foret.pro\\\/galerie_category\\\/ravalement-de-facade\\\/#listItem\",\"name\":\"Ravalement de Fa\\u00e7ade\"}}]},{\"@type\":\"Organization\",\"@id\":\"https:\\\/\\\/www.crepissage-outre-foret.pro\\\/#organization\",\"name\":\"Cr\\u00e9pissage de L\\u2019Outre For\\u00eat\",\"description\":\"Donnez une nouvelle vie \\u00e0 vos fa\\u00e7ades\",\"url\":\"https:\\\/\\\/www.crepissage-outre-foret.pro\\\/\",\"email\":\"contact@crepisoutreforet.fr\",\"telephone\":\"+33388548345\",\"logo\":{\"@type\":\"ImageObject\",\"url\":\"https:\\\/\\\/www.crepissage-outre-foret.pro\\\/wp-content\\\/uploads\\\/2025\\\/10\\\/logo.svg\",\"@id\":\"https:\\\/\\\/www.crepissage-outre-foret.pro\\\/galerie-photos\\\/chantier-a-minversheim-renovation-ravalement-de-facade-et-peinture-exterieure\\\/#organizationLogo\"},\"image\":{\"@id\":\"https:\\\/\\\/www.crepissage-outre-foret.pro\\\/galerie-photos\\\/chantier-a-minversheim-renovation-ravalement-de-facade-et-peinture-exterieure\\\/#organizationLogo\"},\"sameAs\":[\"https:\\\/\\\/www.facebook.com\\\/profile.php?id=100031217720552&locale=fr_FR\",\"https:\\\/\\\/instagram.com\\\/crepissagedeloutreforet\"],\"address\":{\"@id\":\"https:\\\/\\\/www.crepissage-outre-foret.pro\\\/#postaladdress\",\"@type\":\"PostalAddress\",\"streetAddress\":\"14 Rue Alfred Kastler,\",\"postalCode\":\"67160\",\"addressLocality\":\"Wissembourg\",\"addressCountry\":\"FR\"},\"taxID\":\"FR49502522642\"},{\"@type\":\"WebPage\",\"@id\":\"https:\\\/\\\/www.crepissage-outre-foret.pro\\\/galerie-photos\\\/chantier-a-minversheim-renovation-ravalement-de-facade-et-peinture-exterieure\\\/#webpage\",\"url\":\"https:\\\/\\\/www.crepissage-outre-foret.pro\\\/galerie-photos\\\/chantier-a-minversheim-renovation-ravalement-de-facade-et-peinture-exterieure\\\/\",\"name\":\"Ravalement et peinture de fa\\u00e7ade \\u00e0 Minversheim\",\"description\":\"R\\u00e9novation et ravalement de fa\\u00e7ade \\u00e0 Minversheim par Cr\\u00e9pissage de l\\u2019Outre-For\\u00eat : peinture ext\\u00e9rieure durable et finitions haut de gamme.\",\"inLanguage\":\"fr-FR\",\"isPartOf\":{\"@id\":\"https:\\\/\\\/www.crepissage-outre-foret.pro\\\/#website\"},\"breadcrumb\":{\"@id\":\"https:\\\/\\\/www.crepissage-outre-foret.pro\\\/galerie-photos\\\/chantier-a-minversheim-renovation-ravalement-de-facade-et-peinture-exterieure\\\/#breadcrumblist\"},\"image\":{\"@type\":\"ImageObject\",\"url\":\"https:\\\/\\\/www.crepissage-outre-foret.pro\\\/wp-content\\\/uploads\\\/2025\\\/10\\\/isolation-exterieure-maison-minversheim.jpg\",\"@id\":\"https:\\\/\\\/www.crepissage-outre-foret.pro\\\/galerie-photos\\\/chantier-a-minversheim-renovation-ravalement-de-facade-et-peinture-exterieure\\\/#mainImage\",\"width\":1440,\"height\":1909},\"primaryImageOfPage\":{\"@id\":\"https:\\\/\\\/www.crepissage-outre-foret.pro\\\/galerie-photos\\\/chantier-a-minversheim-renovation-ravalement-de-facade-et-peinture-exterieure\\\/#mainImage\"},\"datePublished\":\"2025-10-13T12:51:47+00:00\",\"dateModified\":\"2025-10-13T13:18:31+00:00\"},{\"@type\":\"WebSite\",\"@id\":\"https:\\\/\\\/www.crepissage-outre-foret.pro\\\/#website\",\"url\":\"https:\\\/\\\/www.crepissage-outre-foret.pro\\\/\",\"name\":\"Cr\\u00e9pissage de L\\u2019Outre For\\u00eat\",\"description\":\"Donnez une nouvelle vie \\u00e0 vos fa\\u00e7ades\",\"inLanguage\":\"fr-FR\",\"publisher\":{\"@id\":\"https:\\\/\\\/www.crepissage-outre-foret.pro\\\/#organization\"}}]}\n\t\t<\/script>\n\t\t<!-- All in One SEO Pro -->\r\n\t\t<title>Ravalement et peinture de fa\u00e7ade \u00e0 Minversheim<\/title>\n\n","aioseo_head_json":{"title":"Ravalement et peinture de fa\u00e7ade \u00e0 Minversheim","description":"R\u00e9novation et ravalement de fa\u00e7ade \u00e0 Minversheim par Cr\u00e9pissage de l\u2019Outre-For\u00eat : peinture ext\u00e9rieure durable et finitions haut de gamme.","canonical_url":"https:\/\/www.crepissage-outre-foret.pro\/galerie-photos\/chantier-a-minversheim-renovation-ravalement-de-facade-et-peinture-exterieure\/","robots":"max-image-preview:large","keywords":"","webmasterTools":{"google-site-verification":"yV5f5RtlR-_n-vm2xJ3yDaw1yK7hUustT9T8yhp9L28","miscellaneous":""},"schema":{"@context":"https:\/\/schema.org","@graph":[{"@type":"BreadcrumbList","@id":"https:\/\/www.crepissage-outre-foret.pro\/galerie-photos\/chantier-a-minversheim-renovation-ravalement-de-facade-et-peinture-exterieure\/#breadcrumblist","itemListElement":[{"@type":"ListItem","@id":"https:\/\/www.crepissage-outre-foret.pro#listItem","position":1,"name":"Cr\u00e9pissage de l'outre for\u00eat","item":"https:\/\/www.crepissage-outre-foret.pro","nextItem":{"@type":"ListItem","@id":"https:\/\/www.crepissage-outre-foret.pro\/galerie-photos\/#listItem","name":"Galeries Photos"}},{"@type":"ListItem","@id":"https:\/\/www.crepissage-outre-foret.pro\/galerie-photos\/#listItem","position":2,"name":"Galeries Photos","item":"https:\/\/www.crepissage-outre-foret.pro\/galerie-photos\/","nextItem":{"@type":"ListItem","@id":"https:\/\/www.crepissage-outre-foret.pro\/galerie_category\/ravalement-de-facade\/#listItem","name":"Ravalement de Fa\u00e7ade"},"previousItem":{"@type":"ListItem","@id":"https:\/\/www.crepissage-outre-foret.pro#listItem","name":"Cr\u00e9pissage de l'outre for\u00eat"}},{"@type":"ListItem","@id":"https:\/\/www.crepissage-outre-foret.pro\/galerie_category\/ravalement-de-facade\/#listItem","position":3,"name":"Ravalement de Fa\u00e7ade","item":"https:\/\/www.crepissage-outre-foret.pro\/galerie_category\/ravalement-de-facade\/","nextItem":{"@type":"ListItem","@id":"https:\/\/www.crepissage-outre-foret.pro\/galerie-photos\/chantier-a-minversheim-renovation-ravalement-de-facade-et-peinture-exterieure\/#listItem","name":"Chantier \u00e0 Minversheim &#8211; r\u00e9novation, ravalement de fa\u00e7ade et peinture ext\u00e9rieure"},"previousItem":{"@type":"ListItem","@id":"https:\/\/www.crepissage-outre-foret.pro\/galerie-photos\/#listItem","name":"Galeries Photos"}},{"@type":"ListItem","@id":"https:\/\/www.crepissage-outre-foret.pro\/galerie-photos\/chantier-a-minversheim-renovation-ravalement-de-facade-et-peinture-exterieure\/#listItem","position":4,"name":"Chantier \u00e0 Minversheim &#8211; r\u00e9novation, ravalement de fa\u00e7ade et peinture ext\u00e9rieure","previousItem":{"@type":"ListItem","@id":"https:\/\/www.crepissage-outre-foret.pro\/galerie_category\/ravalement-de-facade\/#listItem","name":"Ravalement de Fa\u00e7ade"}}]},{"@type":"Organization","@id":"https:\/\/www.crepissage-outre-foret.pro\/#organization","name":"Cr\u00e9pissage de L\u2019Outre For\u00eat","description":"Donnez une nouvelle vie \u00e0 vos fa\u00e7ades","url":"https:\/\/www.crepissage-outre-foret.pro\/","email":"contact@crepisoutreforet.fr","telephone":"+33388548345","logo":{"@type":"ImageObject","url":"https:\/\/www.crepissage-outre-foret.pro\/media\/2025\/10\/logo.svg","@id":"https:\/\/www.crepissage-outre-foret.pro\/galerie-photos\/chantier-a-minversheim-renovation-ravalement-de-facade-et-peinture-exterieure\/#organizationLogo"},"image":{"@id":"https:\/\/www.crepissage-outre-foret.pro\/galerie-photos\/chantier-a-minversheim-renovation-ravalement-de-facade-et-peinture-exterieure\/#organizationLogo"},"sameAs":["https:\/\/www.facebook.com\/profile.php?id=100031217720552&locale=fr_FR","https:\/\/instagram.com\/crepissagedeloutreforet"],"address":{"@id":"https:\/\/www.crepissage-outre-foret.pro\/#postaladdress","@type":"PostalAddress","streetAddress":"14 Rue Alfred Kastler,","postalCode":"67160","addressLocality":"Wissembourg","addressCountry":"FR"},"taxID":"FR49502522642"},{"@type":"WebPage","@id":"https:\/\/www.crepissage-outre-foret.pro\/galerie-photos\/chantier-a-minversheim-renovation-ravalement-de-facade-et-peinture-exterieure\/#webpage","url":"https:\/\/www.crepissage-outre-foret.pro\/galerie-photos\/chantier-a-minversheim-renovation-ravalement-de-facade-et-peinture-exterieure\/","name":"Ravalement et peinture de fa\u00e7ade \u00e0 Minversheim","description":"R\u00e9novation et ravalement de fa\u00e7ade \u00e0 Minversheim par Cr\u00e9pissage de l\u2019Outre-For\u00eat : peinture ext\u00e9rieure durable et finitions haut de gamme.","inLanguage":"fr-FR","isPartOf":{"@id":"https:\/\/www.crepissage-outre-foret.pro\/#website"},"breadcrumb":{"@id":"https:\/\/www.crepissage-outre-foret.pro\/galerie-photos\/chantier-a-minversheim-renovation-ravalement-de-facade-et-peinture-exterieure\/#breadcrumblist"},"image":{"@type":"ImageObject","url":"https:\/\/www.crepissage-outre-foret.pro\/media\/2025\/10\/isolation-exterieure-maison-minversheim.jpg","@id":"https:\/\/www.crepissage-outre-foret.pro\/galerie-photos\/chantier-a-minversheim-renovation-ravalement-de-facade-et-peinture-exterieure\/#mainImage","width":1440,"height":1909},"primaryImageOfPage":{"@id":"https:\/\/www.crepissage-outre-foret.pro\/galerie-photos\/chantier-a-minversheim-renovation-ravalement-de-facade-et-peinture-exterieure\/#mainImage"},"datePublished":"2025-10-13T12:51:47+00:00","dateModified":"2025-10-13T13:18:31+00:00"},{"@type":"WebSite","@id":"https:\/\/www.crepissage-outre-foret.pro\/#website","url":"https:\/\/www.crepissage-outre-foret.pro\/","name":"Cr\u00e9pissage de L\u2019Outre For\u00eat","description":"Donnez une nouvelle vie \u00e0 vos fa\u00e7ades","inLanguage":"fr-FR","publisher":{"@id":"https:\/\/www.crepissage-outre-foret.pro\/#organization"}}]},"og:locale":"fr_FR","og:site_name":"Cr\u00e9pissage de L\u2019Outre For\u00eat - Donnez une nouvelle vie \u00e0 vos fa\u00e7ades","og:type":"article","og:title":"Ravalement et peinture de fa\u00e7ade \u00e0 Minversheim","og:description":"R\u00e9novation et ravalement de fa\u00e7ade \u00e0 Minversheim par Cr\u00e9pissage de l\u2019Outre-For\u00eat : peinture ext\u00e9rieure durable et finitions haut de gamme.","og:url":"https:\/\/www.crepissage-outre-foret.pro\/galerie-photos\/chantier-a-minversheim-renovation-ravalement-de-facade-et-peinture-exterieure\/","og:image":"https:\/\/www.crepissage-outre-foret.pro\/media\/2025\/10\/logo.svg","og:image:secure_url":"https:\/\/www.crepissage-outre-foret.pro\/media\/2025\/10\/logo.svg","article:published_time":"2025-10-13T12:51:47+00:00","article:modified_time":"2025-10-13T13:18:31+00:00","article:publisher":"https:\/\/www.facebook.com\/profile.php?id=100031217720552&locale=fr_FR","twitter:card":"summary_large_image","twitter:title":"Ravalement et peinture de fa\u00e7ade \u00e0 Minversheim","twitter:description":"R\u00e9novation et ravalement de fa\u00e7ade \u00e0 Minversheim par Cr\u00e9pissage de l\u2019Outre-For\u00eat : peinture ext\u00e9rieure durable et finitions haut de gamme.","twitter:image":"https:\/\/www.crepissage-outre-foret.pro\/media\/2025\/10\/logo.svg"},"aioseo_meta_data":{"post_id":"959","title":"Ravalement et peinture de fa\u00e7ade \u00e0 Minversheim","description":"R\u00e9novation et ravalement de fa\u00e7ade \u00e0 Minversheim par Cr\u00e9pissage de l\u2019Outre-For\u00eat : peinture ext\u00e9rieure durable et finitions haut de gamme.","keywords":null,"keyphrases":{"focus":{"keyphrase":"","score":0,"analysis":{"keyphraseInTitle":{"score":0,"maxScore":9,"error":1}}},"additional":[]},"primary_term":null,"canonical_url":null,"og_title":null,"og_description":null,"og_object_type":"default","og_image_type":"default","og_image_url":null,"og_image_width":null,"og_image_height":null,"og_image_custom_url":null,"og_image_custom_fields":null,"og_video":"","og_custom_url":null,"og_article_section":null,"og_article_tags":null,"twitter_use_og":false,"twitter_card":"default","twitter_image_type":"default","twitter_image_url":null,"twitter_image_custom_url":null,"twitter_image_custom_fields":null,"twitter_title":null,"twitter_description":null,"schema":{"blockGraphs":[],"customGraphs":[],"default":{"data":{"Article":[],"Course":[],"Dataset":[],"FAQPage":[],"Movie":[],"Person":[],"Product":[],"ProductReview":[],"Car":[],"Recipe":[],"Service":[],"SoftwareApplication":[],"WebPage":[]},"graphName":"WebPage","isEnabled":true},"graphs":[]},"schema_type":"default","schema_type_options":null,"pillar_content":false,"robots_default":true,"robots_noindex":false,"robots_noarchive":false,"robots_nosnippet":false,"robots_nofollow":false,"robots_noimageindex":false,"robots_noodp":false,"robots_notranslate":false,"robots_max_snippet":"-1","robots_max_videopreview":"-1","robots_max_imagepreview":"large","priority":null,"frequency":"default","local_seo":null,"seo_analyzer_scan_date":"2025-10-13 13:30:59","breadcrumb_settings":null,"limit_modified_date":false,"open_ai":null,"ai":{"faqs":[],"keyPoints":[],"titles":[],"descriptions":[],"socialPosts":{"email":[],"linkedin":[],"twitter":[],"facebook":[],"instagram":[]}},"created":"2025-10-13 12:48:59","updated":"2025-11-26 22:11:59"},"aioseo_breadcrumb":"<div class=\"aioseo-breadcrumbs\"><span class=\"aioseo-breadcrumb\">\n\t<a href=\"https:\/\/www.crepissage-outre-foret.pro\" title=\"Cr\u00e9pissage de l&#039;outre for\u00eat\">Cr\u00e9pissage de l'outre for\u00eat<\/a>\n<\/span><span class=\"aioseo-breadcrumb-separator\">\u00bb<\/span><span class=\"aioseo-breadcrumb\">\n\t<a href=\"https:\/\/www.crepissage-outre-foret.pro\/galerie-photos\/\" title=\"Galeries Photos\">Galeries Photos<\/a>\n<\/span><span class=\"aioseo-breadcrumb-separator\">\u00bb<\/span><span class=\"aioseo-breadcrumb\">\n\t<a href=\"https:\/\/www.crepissage-outre-foret.pro\/galerie_category\/ravalement-de-facade\/\" title=\"Ravalement de Fa\u00e7ade\">Ravalement de Fa\u00e7ade<\/a>\n<\/span><span class=\"aioseo-breadcrumb-separator\">\u00bb<\/span><span class=\"aioseo-breadcrumb\">\n\tChantier \u00e0 Minversheim \u2013 r\u00e9novation, ravalement de fa\u00e7ade et peinture ext\u00e9rieure\n<\/span><\/div>","aioseo_breadcrumb_json":[{"label":"Cr\u00e9pissage de l'outre for\u00eat","link":"https:\/\/www.crepissage-outre-foret.pro"},{"label":"Galeries Photos","link":"https:\/\/www.crepissage-outre-foret.pro\/galerie-photos\/"},{"label":"Ravalement de Fa\u00e7ade","link":"https:\/\/www.crepissage-outre-foret.pro\/galerie_category\/ravalement-de-facade\/"},{"label":"Chantier \u00e0 Minversheim &#8211; r\u00e9novation, ravalement de fa\u00e7ade et peinture ext\u00e9rieure","link":"https:\/\/www.crepissage-outre-foret.pro\/galerie-photos\/chantier-a-minversheim-renovation-ravalement-de-facade-et-peinture-exterieure\/"}],"_links":{"self":[{"href":"https:\/\/www.crepissage-outre-foret.pro\/api-json\/wp\/v2\/galerie-photos\/959","targetHints":{"allow":["GET"]}}],"collection":[{"href":"https:\/\/www.crepissage-outre-foret.pro\/api-json\/wp\/v2\/galerie-photos"}],"about":[{"href":"https:\/\/www.crepissage-outre-foret.pro\/api-json\/wp\/v2\/types\/galerie-photos"}],"version-history":[{"count":0,"href":"https:\/\/www.crepissage-outre-foret.pro\/api-json\/wp\/v2\/galerie-photos\/959\/revisions"}],"wp:featuredmedia":[{"embeddable":true,"href":"https:\/\/www.crepissage-outre-foret.pro\/api-json\/wp\/v2\/media\/960"}],"wp:attachment":[{"href":"https:\/\/www.crepissage-outre-foret.pro\/api-json\/wp\/v2\/media?parent=959"}],"wp:term":[{"taxonomy":"galerie_category","embeddable":true,"href":"https:\/\/www.crepissage-outre-foret.pro\/api-json\/wp\/v2\/galerie_category?post=959"}],"curies":[{"name":"wp","href":"https:\/\/api.w.org\/{rel}","templated":true}]}}