{"id":944,"date":"2025-10-13T12:07:48","date_gmt":"2025-10-13T12:07:48","guid":{"rendered":"https:\/\/crepissage.vyseo-communication.eu\/?post_type=galerie-photos&#038;p=944"},"modified":"2025-10-13T12:18:56","modified_gmt":"2025-10-13T12:18:56","slug":"chantier-a-lampertheim-ravalement-de-facade-et-peinture-exterieure","status":"publish","type":"galerie-photos","link":"https:\/\/www.crepissage-outre-foret.pro\/galerie-photos\/chantier-a-lampertheim-ravalement-de-facade-et-peinture-exterieure\/","title":{"rendered":"Chantier \u00e0 Lampertheim &#8211; ravalement de fa\u00e7ade et peinture ext\u00e9rieure"},"content":{"rendered":"\t\t<div data-elementor-type=\"wp-post\" data-elementor-id=\"944\" class=\"elementor elementor-944\" data-elementor-post-type=\"galerie-photos\">\n\t\t\t\t<div class=\"elementor-element elementor-element-77c85764 e-flex e-con-boxed e-con e-parent\" data-id=\"77c85764\" data-element_type=\"container\" data-e-type=\"container\">\n\t\t\t\t\t<div class=\"e-con-inner\">\n\t\t\t\t<div class=\"elementor-element elementor-element-44a74e2a elementor-widget elementor-widget-text-editor\" data-id=\"44a74e2a\" data-element_type=\"widget\" data-e-type=\"widget\" data-widget_type=\"text-editor.default\">\n\t\t\t\t\t\t\t\t\t<h2 data-start=\"218\" data-end=\"296\"><strong data-start=\"222\" data-end=\"296\">Redonner vie \u00e0 votre maison avec des finitions durables et esth\u00e9tiques<\/strong><\/h2><p data-start=\"298\" data-end=\"626\">Sur ce <strong data-start=\"305\" data-end=\"331\">chantier \u00e0 Lampertheim<\/strong>, notre \u00e9quipe <strong data-start=\"346\" data-end=\"377\">Cr\u00e9pissage de l\u2019Outre-For\u00eat<\/strong> a r\u00e9alis\u00e9 un <strong data-start=\"391\" data-end=\"425\">ravalement complet des fa\u00e7ades<\/strong> accompagn\u00e9 d\u2019une <strong data-start=\"443\" data-end=\"483\">peinture ext\u00e9rieure de haute qualit\u00e9<\/strong>.<br data-start=\"484\" data-end=\"487\" \/>L\u2019objectif de ce projet : rafra\u00eechir l\u2019apparence de la maison tout en renfor\u00e7ant la protection des murs contre les intemp\u00e9ries et le temps.<\/p><h2 data-start=\"633\" data-end=\"664\"><strong data-start=\"639\" data-end=\"664\">Objectifs du chantier<\/strong><\/h2><ul data-start=\"666\" data-end=\"908\"><li data-start=\"666\" data-end=\"716\"><p data-start=\"668\" data-end=\"716\">Restaurer et uniformiser l\u2019aspect des fa\u00e7ades.<\/p><\/li><li data-start=\"717\" data-end=\"785\"><p data-start=\"719\" data-end=\"785\">Prot\u00e9ger durablement les murs contre l\u2019humidit\u00e9 et la pollution.<\/p><\/li><li data-start=\"786\" data-end=\"858\"><p data-start=\"788\" data-end=\"858\">Apporter une touche esth\u00e9tique moderne gr\u00e2ce \u00e0 une peinture soign\u00e9e.<\/p><\/li><li data-start=\"859\" data-end=\"908\"><p data-start=\"861\" data-end=\"908\">Pr\u00e9server la valeur et la durabilit\u00e9 du b\u00e2ti.<\/p><\/li><\/ul><h2 data-start=\"915\" data-end=\"952\"><strong data-start=\"921\" data-end=\"952\">Les \u00e9tapes cl\u00e9s des travaux<\/strong><\/h2><ol data-start=\"954\" data-end=\"2192\"><li data-start=\"954\" data-end=\"1287\"><p data-start=\"957\" data-end=\"1287\"><strong data-start=\"957\" data-end=\"997\">Diagnostic et pr\u00e9paration du support<\/strong><br data-start=\"997\" data-end=\"1000\" \/>Nos experts ont d\u2019abord effectu\u00e9 un diagnostic complet de la fa\u00e7ade afin d\u2019identifier les zones n\u00e9cessitant un traitement particulier.<br data-start=\"1137\" data-end=\"1140\" \/>Ensuite, un <strong data-start=\"1155\" data-end=\"1183\">nettoyage haute pression<\/strong> et un <strong data-start=\"1190\" data-end=\"1212\">d\u00e9capage minutieux<\/strong> ont permis de retirer les anciennes couches de peinture et les salissures.<\/p><\/li><li data-start=\"1289\" data-end=\"1466\"><p data-start=\"1292\" data-end=\"1466\"><strong data-start=\"1292\" data-end=\"1333\">R\u00e9paration et traitement des fissures<\/strong><br data-start=\"1333\" data-end=\"1336\" \/>Les murs ont \u00e9t\u00e9 rebouch\u00e9s et trait\u00e9s pour \u00e9liminer les microfissures, assurant ainsi une base saine avant la mise en peinture.<\/p><\/li><li data-start=\"1468\" data-end=\"1627\"><p data-start=\"1471\" data-end=\"1627\"><strong data-start=\"1471\" data-end=\"1495\">Ravalement de fa\u00e7ade<\/strong><br data-start=\"1495\" data-end=\"1498\" \/>Application d\u2019un <strong data-start=\"1518\" data-end=\"1565\">enduit de r\u00e9novation respirant et r\u00e9sistant<\/strong>, garantissant une adh\u00e9rence parfaite et une surface homog\u00e8ne.<\/p><\/li><li data-start=\"1629\" data-end=\"1956\"><p data-start=\"1632\" data-end=\"1956\"><strong data-start=\"1632\" data-end=\"1673\">Application de la peinture ext\u00e9rieure<\/strong><br data-start=\"1673\" data-end=\"1676\" \/>Nous avons appliqu\u00e9 une <strong data-start=\"1703\" data-end=\"1738\">peinture acrylique microporeuse<\/strong> adapt\u00e9e aux fa\u00e7ades expos\u00e9es, assurant une excellente r\u00e9sistance aux UV, aux pluies et aux variations climatiques.<br data-start=\"1853\" data-end=\"1856\" \/>Le choix des teintes a \u00e9t\u00e9 r\u00e9alis\u00e9 en accord avec le client pour un rendu harmonieux et lumineux.<\/p><\/li><li data-start=\"1958\" data-end=\"2192\"><p data-start=\"1961\" data-end=\"2192\"><strong data-start=\"1961\" data-end=\"1994\">Finitions et contr\u00f4le qualit\u00e9<\/strong><br data-start=\"1994\" data-end=\"1997\" \/>Un soin particulier a \u00e9t\u00e9 apport\u00e9 aux encadrements, aux angles et aux d\u00e9tails architecturaux pour un r\u00e9sultat soign\u00e9 et durable.<br data-start=\"2128\" data-end=\"2131\" \/>Chaque \u00e9tape a \u00e9t\u00e9 valid\u00e9e selon nos standards de qualit\u00e9.<\/p><\/li><\/ol>\t\t\t\t\t\t\t\t<\/div>\n\t\t\t\t<div class=\"elementor-element elementor-element-669085b6 elementor-widget elementor-widget-ucaddon_uc_compact_image_theme\" data-id=\"669085b6\" data-element_type=\"widget\" data-e-type=\"widget\" data-widget_type=\"ucaddon_uc_compact_image_theme.default\">\n\t\t\t\t<div class=\"elementor-widget-container\">\n\t\t\t\t\t\n<!-- start Compact Gallery -->\n\t\t<link id='font-awesome-css' href='https:\/\/www.crepissage-outre-foret.pro\/modules\/module602\/assets_libraries\/font-awesome6\/fontawesome-all.min.css' type='text\/css' rel='stylesheet' >\n\t\t<link id='font-awesome-4-shim-css' href='https:\/\/www.crepissage-outre-foret.pro\/modules\/module602\/assets_libraries\/font-awesome6\/fontawesome-v4-shims.min.css' type='text\/css' rel='stylesheet' >\n\t\t<link id='unitegallery-css' href='https:\/\/www.crepissage-outre-foret.pro\/modules\/module602\/assets_libraries\/unitegallery\/css\/unite-gallery.css' type='text\/css' rel='stylesheet' >\n\t\t<link id='fancybox-css' href='https:\/\/www.crepissage-outre-foret.pro\/modules\/module602\/assets_libraries\/fancybox3\/jquery.fancybox.min.css' type='text\/css' rel='stylesheet' >\n\n<style>\/* widget: Compact Gallery *\/\n\n#uc_uc_compact_image_theme_elementor_669085b6-wrapper{\n  min-height: 1px;\n}\n\n#uc_uc_compact_image_theme_elementor_669085b6{\n  margin:0 auto;\n  display: none;\n}\n\/* fancybox *\/\n\/* endfancybox *\/\n\n<\/style>\n\n<div id=\"uc_uc_compact_image_theme_elementor_669085b6-wrapper\">\n  <div id=\"uc_uc_compact_image_theme_elementor_669085b6\" class=\"uc-items-wrapper  \"  data-remote-type=\"gallery\" data-custom-sethtml=\"true\" >\n    \n<img decoding=\"async\" alt=\"isolation-maison-lampertheim\"\n   src=\"https:\/\/www.crepissage-outre-foret.pro\/media\/2025\/10\/isolation-maison-lampertheim-768x1024.jpg\"\n    data-image=\"https:\/\/www.crepissage-outre-foret.pro\/media\/2025\/10\/isolation-maison-lampertheim.jpg\"\n    data-title=\"isolation-maison-lampertheim\">\n\n<img decoding=\"async\" alt=\"peinture-exterieure-maison-lampertheim\"\n   src=\"https:\/\/www.crepissage-outre-foret.pro\/media\/2025\/10\/peinture-exterieure-maison-lampertheim-768x1024.jpg\"\n    data-image=\"https:\/\/www.crepissage-outre-foret.pro\/media\/2025\/10\/peinture-exterieure-maison-lampertheim.jpg\"\n    data-title=\"peinture-exterieure-maison-lampertheim\">\n\n<img decoding=\"async\" alt=\"pose-de-crepis-lampertheim\"\n   src=\"https:\/\/www.crepissage-outre-foret.pro\/media\/2025\/10\/pose-de-crepis-lampertheim-768x1024.jpg\"\n    data-image=\"https:\/\/www.crepissage-outre-foret.pro\/media\/2025\/10\/pose-de-crepis-lampertheim.jpg\"\n    data-title=\"pose-de-crepis-lampertheim\">\n\n<img decoding=\"async\" alt=\"ravalement-facede-lampertheim\"\n   src=\"https:\/\/www.crepissage-outre-foret.pro\/media\/2025\/10\/ravalement-facede-lampertheim-768x1024.jpg\"\n    data-image=\"https:\/\/www.crepissage-outre-foret.pro\/media\/2025\/10\/ravalement-facede-lampertheim.jpg\"\n    data-title=\"ravalement-facede-lampertheim\">\n\n<img decoding=\"async\" alt=\"renovation-exterieure-lampertheim\"\n   src=\"https:\/\/www.crepissage-outre-foret.pro\/media\/2025\/10\/renovation-exterieure-lampertheim-768x1024.jpg\"\n    data-image=\"https:\/\/www.crepissage-outre-foret.pro\/media\/2025\/10\/renovation-exterieure-lampertheim.jpg\"\n    data-title=\"renovation-exterieure-lampertheim\">\n\n<img decoding=\"async\" alt=\"crepissage-maison-lampertheim\"\n   src=\"https:\/\/www.crepissage-outre-foret.pro\/media\/2025\/10\/crepissage-maison-lampertheim-2-768x1024.jpg\"\n    data-image=\"https:\/\/www.crepissage-outre-foret.pro\/media\/2025\/10\/crepissage-maison-lampertheim-2.jpg\"\n    data-title=\"crepissage-maison-lampertheim\">\n\n  <\/div>\n<\/div>\n<!-- end Compact Gallery -->\t\t\t\t<\/div>\n\t\t\t\t<\/div>\n\t\t\t\t<div class=\"elementor-element elementor-element-9514e2a elementor-widget elementor-widget-heading\" data-id=\"9514e2a\" data-element_type=\"widget\" data-e-type=\"widget\" data-widget_type=\"heading.default\">\n\t\t\t\t\t<h2 class=\"elementor-heading-title elementor-size-default\">Zone d\u2019intervention<\/h2>\t\t\t\t<\/div>\n\t\t\t\t<div class=\"elementor-element elementor-element-10837235 elementor-widget elementor-widget-text-editor\" data-id=\"10837235\" data-element_type=\"widget\" data-e-type=\"widget\" data-widget_type=\"text-editor.default\">\n\t\t\t\t\t\t\t\t\t<p>Gr\u00e2ce \u00e0 notre savoir-faire, la fa\u00e7ade de cette maison \u00e0 <strong data-start=\"2304\" data-end=\"2319\">Lampertheim<\/strong> retrouve tout son \u00e9clat.<br data-start=\"2344\" data-end=\"2347\" \/>Les murs sont d\u00e9sormais <strong data-start=\"2371\" data-end=\"2396\">parfaitement prot\u00e9g\u00e9s<\/strong>, et la <strong data-start=\"2404\" data-end=\"2427\">peinture ext\u00e9rieure<\/strong> apporte une touche contemporaine et \u00e9l\u00e9gante.<\/p><p>Ce chantier illustre notre engagement \u00e0 offrir des prestations de <strong data-start=\"2542\" data-end=\"2604\">ravalement et de peinture alliant esth\u00e9tique et durabilit\u00e9<\/strong>.<\/p><p>Cr\u00e9pissage de L\u2019Outre For\u00eat intervient dans tout le secteur <strong data-start=\"3645\" data-end=\"3678\">Outre-For\u00eat et Alsace du Nord<\/strong> :<br data-start=\"3680\" data-end=\"3683\" \/><strong data-start=\"3683\" data-end=\"3783\">Betschdorf, Wissembourg, Haguenau, Lauterbourg, Soultz-sous-For\u00eats, Seltz, Niederbronn-les-Bains<\/strong>, et les environs.<\/p><p>Nous r\u00e9alisons vos projets de ravalement, isolation et cr\u00e9pissage avec le m\u00eame niveau d\u2019exigence et de qualit\u00e9.<\/p><p>Vous souhaitez r\u00e9nover ou repeindre votre fa\u00e7ade \u00e0 <strong data-start=\"3270\" data-end=\"3285\">Lampertheim<\/strong> ou dans les communes voisines ?<br data-start=\"3317\" data-end=\"3320\" \/>Faites confiance \u00e0 <strong data-start=\"3339\" data-end=\"3370\">Cr\u00e9pissage de l\u2019Outre-For\u00eat<\/strong>, votre sp\u00e9cialiste local du <strong data-start=\"3399\" data-end=\"3442\">ravalement et de la peinture ext\u00e9rieure<\/strong>.<\/p>\t\t\t\t\t\t\t\t<\/div>\n\t\t\t\t\t<\/div>\n\t\t\t\t<\/div>\n\t\t\t\t<\/div>\n\t\t","protected":false},"excerpt":{"rendered":"<p>D\u00e9couvrez notre chantier \u00e0 Lampertheim : ravalement de fa\u00e7ade et peinture ext\u00e9rieure r\u00e9alis\u00e9s par Cr\u00e9pissage de l\u2019Outre-For\u00eat, pour un r\u00e9sultat soign\u00e9 et durable.<\/p>\n","protected":false},"featured_media":945,"menu_order":0,"template":"","format":"standard","meta":[],"galerie_category":[16,14],"class_list":["post-944","galerie-photos","type-galerie-photos","status-publish","format-standard","has-post-thumbnail","hentry","galerie_category-peinture","galerie_category-ravalement-de-facade"],"aioseo_notices":[],"aioseo_head":"\n\t\t<!-- All in One SEO Pro 4.9.6.2 - aioseo.com -->\n\t<meta name=\"description\" content=\"Ravalement et peinture ext\u00e9rieure \u00e0 Lampertheim avec Cr\u00e9pissage de l\u2019Outre-For\u00eat : esth\u00e9tique, protection et durabilit\u00e9 au service de votre fa\u00e7ade.\" \/>\n\t<meta name=\"robots\" content=\"max-image-preview:large\" \/>\n\t<meta name=\"google-site-verification\" content=\"yV5f5RtlR-_n-vm2xJ3yDaw1yK7hUustT9T8yhp9L28\" \/>\n\t<link rel=\"canonical\" href=\"https:\/\/www.crepissage-outre-foret.pro\/galerie-photos\/chantier-a-lampertheim-ravalement-de-facade-et-peinture-exterieure\/\" \/>\n\t<meta name=\"generator\" content=\"All in One SEO Pro (AIOSEO) 4.9.6.2\" \/>\n\t\t<meta property=\"og:locale\" content=\"fr_FR\" \/>\n\t\t<meta property=\"og:site_name\" content=\"Cr\u00e9pissage de L\u2019Outre For\u00eat - Donnez une nouvelle vie \u00e0 vos fa\u00e7ades\" \/>\n\t\t<meta property=\"og:type\" content=\"article\" \/>\n\t\t<meta property=\"og:title\" content=\"Ravalement de fa\u00e7ade et peinture \u00e0 Lampertheim\" \/>\n\t\t<meta property=\"og:description\" content=\"Ravalement et peinture ext\u00e9rieure \u00e0 Lampertheim avec Cr\u00e9pissage de l\u2019Outre-For\u00eat : esth\u00e9tique, protection et durabilit\u00e9 au service de votre fa\u00e7ade.\" \/>\n\t\t<meta property=\"og:url\" content=\"https:\/\/www.crepissage-outre-foret.pro\/galerie-photos\/chantier-a-lampertheim-ravalement-de-facade-et-peinture-exterieure\/\" \/>\n\t\t<meta property=\"og:image\" content=\"https:\/\/www.crepissage-outre-foret.pro\/media\/2025\/10\/logo.svg\" \/>\n\t\t<meta property=\"og:image:secure_url\" content=\"https:\/\/www.crepissage-outre-foret.pro\/media\/2025\/10\/logo.svg\" \/>\n\t\t<meta property=\"article:published_time\" content=\"2025-10-13T12:07:48+00:00\" \/>\n\t\t<meta property=\"article:modified_time\" content=\"2025-10-13T12:18:56+00:00\" \/>\n\t\t<meta property=\"article:publisher\" content=\"https:\/\/www.facebook.com\/profile.php?id=100031217720552&amp;locale=fr_FR\" \/>\n\t\t<meta name=\"twitter:card\" content=\"summary_large_image\" \/>\n\t\t<meta name=\"twitter:title\" content=\"Ravalement de fa\u00e7ade et peinture \u00e0 Lampertheim\" \/>\n\t\t<meta name=\"twitter:description\" content=\"Ravalement et peinture ext\u00e9rieure \u00e0 Lampertheim avec Cr\u00e9pissage de l\u2019Outre-For\u00eat : esth\u00e9tique, protection et durabilit\u00e9 au service de votre fa\u00e7ade.\" \/>\n\t\t<meta name=\"twitter:image\" content=\"https:\/\/www.crepissage-outre-foret.pro\/media\/2025\/10\/logo.svg\" \/>\n\t\t<script type=\"application\/ld+json\" class=\"aioseo-schema\">\n\t\t\t{\"@context\":\"https:\\\/\\\/schema.org\",\"@graph\":[{\"@type\":\"BreadcrumbList\",\"@id\":\"https:\\\/\\\/www.crepissage-outre-foret.pro\\\/galerie-photos\\\/chantier-a-lampertheim-ravalement-de-facade-et-peinture-exterieure\\\/#breadcrumblist\",\"itemListElement\":[{\"@type\":\"ListItem\",\"@id\":\"https:\\\/\\\/www.crepissage-outre-foret.pro#listItem\",\"position\":1,\"name\":\"Cr\\u00e9pissage de l'outre for\\u00eat\",\"item\":\"https:\\\/\\\/www.crepissage-outre-foret.pro\",\"nextItem\":{\"@type\":\"ListItem\",\"@id\":\"https:\\\/\\\/www.crepissage-outre-foret.pro\\\/galerie-photos\\\/#listItem\",\"name\":\"Galeries Photos\"}},{\"@type\":\"ListItem\",\"@id\":\"https:\\\/\\\/www.crepissage-outre-foret.pro\\\/galerie-photos\\\/#listItem\",\"position\":2,\"name\":\"Galeries Photos\",\"item\":\"https:\\\/\\\/www.crepissage-outre-foret.pro\\\/galerie-photos\\\/\",\"nextItem\":{\"@type\":\"ListItem\",\"@id\":\"https:\\\/\\\/www.crepissage-outre-foret.pro\\\/galerie_category\\\/ravalement-de-facade\\\/#listItem\",\"name\":\"Ravalement de Fa\\u00e7ade\"},\"previousItem\":{\"@type\":\"ListItem\",\"@id\":\"https:\\\/\\\/www.crepissage-outre-foret.pro#listItem\",\"name\":\"Cr\\u00e9pissage de l'outre for\\u00eat\"}},{\"@type\":\"ListItem\",\"@id\":\"https:\\\/\\\/www.crepissage-outre-foret.pro\\\/galerie_category\\\/ravalement-de-facade\\\/#listItem\",\"position\":3,\"name\":\"Ravalement de Fa\\u00e7ade\",\"item\":\"https:\\\/\\\/www.crepissage-outre-foret.pro\\\/galerie_category\\\/ravalement-de-facade\\\/\",\"nextItem\":{\"@type\":\"ListItem\",\"@id\":\"https:\\\/\\\/www.crepissage-outre-foret.pro\\\/galerie-photos\\\/chantier-a-lampertheim-ravalement-de-facade-et-peinture-exterieure\\\/#listItem\",\"name\":\"Chantier \\u00e0 Lampertheim &#8211; ravalement de fa\\u00e7ade et peinture ext\\u00e9rieure\"},\"previousItem\":{\"@type\":\"ListItem\",\"@id\":\"https:\\\/\\\/www.crepissage-outre-foret.pro\\\/galerie-photos\\\/#listItem\",\"name\":\"Galeries Photos\"}},{\"@type\":\"ListItem\",\"@id\":\"https:\\\/\\\/www.crepissage-outre-foret.pro\\\/galerie-photos\\\/chantier-a-lampertheim-ravalement-de-facade-et-peinture-exterieure\\\/#listItem\",\"position\":4,\"name\":\"Chantier \\u00e0 Lampertheim &#8211; ravalement de fa\\u00e7ade et peinture ext\\u00e9rieure\",\"previousItem\":{\"@type\":\"ListItem\",\"@id\":\"https:\\\/\\\/www.crepissage-outre-foret.pro\\\/galerie_category\\\/ravalement-de-facade\\\/#listItem\",\"name\":\"Ravalement de Fa\\u00e7ade\"}}]},{\"@type\":\"Organization\",\"@id\":\"https:\\\/\\\/www.crepissage-outre-foret.pro\\\/#organization\",\"name\":\"Cr\\u00e9pissage de L\\u2019Outre For\\u00eat\",\"description\":\"Donnez une nouvelle vie \\u00e0 vos fa\\u00e7ades\",\"url\":\"https:\\\/\\\/www.crepissage-outre-foret.pro\\\/\",\"email\":\"contact@crepisoutreforet.fr\",\"telephone\":\"+33388548345\",\"logo\":{\"@type\":\"ImageObject\",\"url\":\"https:\\\/\\\/www.crepissage-outre-foret.pro\\\/wp-content\\\/uploads\\\/2025\\\/10\\\/logo.svg\",\"@id\":\"https:\\\/\\\/www.crepissage-outre-foret.pro\\\/galerie-photos\\\/chantier-a-lampertheim-ravalement-de-facade-et-peinture-exterieure\\\/#organizationLogo\"},\"image\":{\"@id\":\"https:\\\/\\\/www.crepissage-outre-foret.pro\\\/galerie-photos\\\/chantier-a-lampertheim-ravalement-de-facade-et-peinture-exterieure\\\/#organizationLogo\"},\"sameAs\":[\"https:\\\/\\\/www.facebook.com\\\/profile.php?id=100031217720552&locale=fr_FR\",\"https:\\\/\\\/instagram.com\\\/crepissagedeloutreforet\"],\"address\":{\"@id\":\"https:\\\/\\\/www.crepissage-outre-foret.pro\\\/#postaladdress\",\"@type\":\"PostalAddress\",\"streetAddress\":\"14 Rue Alfred Kastler,\",\"postalCode\":\"67160\",\"addressLocality\":\"Wissembourg\",\"addressCountry\":\"FR\"},\"taxID\":\"FR49502522642\"},{\"@type\":\"WebPage\",\"@id\":\"https:\\\/\\\/www.crepissage-outre-foret.pro\\\/galerie-photos\\\/chantier-a-lampertheim-ravalement-de-facade-et-peinture-exterieure\\\/#webpage\",\"url\":\"https:\\\/\\\/www.crepissage-outre-foret.pro\\\/galerie-photos\\\/chantier-a-lampertheim-ravalement-de-facade-et-peinture-exterieure\\\/\",\"name\":\"Ravalement de fa\\u00e7ade et peinture \\u00e0 Lampertheim\",\"description\":\"Ravalement et peinture ext\\u00e9rieure \\u00e0 Lampertheim avec Cr\\u00e9pissage de l\\u2019Outre-For\\u00eat : esth\\u00e9tique, protection et durabilit\\u00e9 au service de votre fa\\u00e7ade.\",\"inLanguage\":\"fr-FR\",\"isPartOf\":{\"@id\":\"https:\\\/\\\/www.crepissage-outre-foret.pro\\\/#website\"},\"breadcrumb\":{\"@id\":\"https:\\\/\\\/www.crepissage-outre-foret.pro\\\/galerie-photos\\\/chantier-a-lampertheim-ravalement-de-facade-et-peinture-exterieure\\\/#breadcrumblist\"},\"image\":{\"@type\":\"ImageObject\",\"url\":\"https:\\\/\\\/www.crepissage-outre-foret.pro\\\/wp-content\\\/uploads\\\/2025\\\/10\\\/crepissage-maison-lampertheim-2.jpg\",\"@id\":\"https:\\\/\\\/www.crepissage-outre-foret.pro\\\/galerie-photos\\\/chantier-a-lampertheim-ravalement-de-facade-et-peinture-exterieure\\\/#mainImage\",\"width\":1440,\"height\":1920},\"primaryImageOfPage\":{\"@id\":\"https:\\\/\\\/www.crepissage-outre-foret.pro\\\/galerie-photos\\\/chantier-a-lampertheim-ravalement-de-facade-et-peinture-exterieure\\\/#mainImage\"},\"datePublished\":\"2025-10-13T12:07:48+00:00\",\"dateModified\":\"2025-10-13T12:18:56+00:00\"},{\"@type\":\"WebSite\",\"@id\":\"https:\\\/\\\/www.crepissage-outre-foret.pro\\\/#website\",\"url\":\"https:\\\/\\\/www.crepissage-outre-foret.pro\\\/\",\"name\":\"Cr\\u00e9pissage de L\\u2019Outre For\\u00eat\",\"description\":\"Donnez une nouvelle vie \\u00e0 vos fa\\u00e7ades\",\"inLanguage\":\"fr-FR\",\"publisher\":{\"@id\":\"https:\\\/\\\/www.crepissage-outre-foret.pro\\\/#organization\"}}]}\n\t\t<\/script>\n\t\t<!-- All in One SEO Pro -->\r\n\t\t<title>Ravalement de fa\u00e7ade et peinture \u00e0 Lampertheim<\/title>\n\n","aioseo_head_json":{"title":"Ravalement de fa\u00e7ade et peinture \u00e0 Lampertheim","description":"Ravalement et peinture ext\u00e9rieure \u00e0 Lampertheim avec Cr\u00e9pissage de l\u2019Outre-For\u00eat : esth\u00e9tique, protection et durabilit\u00e9 au service de votre fa\u00e7ade.","canonical_url":"https:\/\/www.crepissage-outre-foret.pro\/galerie-photos\/chantier-a-lampertheim-ravalement-de-facade-et-peinture-exterieure\/","robots":"max-image-preview:large","keywords":"","webmasterTools":{"google-site-verification":"yV5f5RtlR-_n-vm2xJ3yDaw1yK7hUustT9T8yhp9L28","miscellaneous":""},"schema":{"@context":"https:\/\/schema.org","@graph":[{"@type":"BreadcrumbList","@id":"https:\/\/www.crepissage-outre-foret.pro\/galerie-photos\/chantier-a-lampertheim-ravalement-de-facade-et-peinture-exterieure\/#breadcrumblist","itemListElement":[{"@type":"ListItem","@id":"https:\/\/www.crepissage-outre-foret.pro#listItem","position":1,"name":"Cr\u00e9pissage de l'outre for\u00eat","item":"https:\/\/www.crepissage-outre-foret.pro","nextItem":{"@type":"ListItem","@id":"https:\/\/www.crepissage-outre-foret.pro\/galerie-photos\/#listItem","name":"Galeries Photos"}},{"@type":"ListItem","@id":"https:\/\/www.crepissage-outre-foret.pro\/galerie-photos\/#listItem","position":2,"name":"Galeries Photos","item":"https:\/\/www.crepissage-outre-foret.pro\/galerie-photos\/","nextItem":{"@type":"ListItem","@id":"https:\/\/www.crepissage-outre-foret.pro\/galerie_category\/ravalement-de-facade\/#listItem","name":"Ravalement de Fa\u00e7ade"},"previousItem":{"@type":"ListItem","@id":"https:\/\/www.crepissage-outre-foret.pro#listItem","name":"Cr\u00e9pissage de l'outre for\u00eat"}},{"@type":"ListItem","@id":"https:\/\/www.crepissage-outre-foret.pro\/galerie_category\/ravalement-de-facade\/#listItem","position":3,"name":"Ravalement de Fa\u00e7ade","item":"https:\/\/www.crepissage-outre-foret.pro\/galerie_category\/ravalement-de-facade\/","nextItem":{"@type":"ListItem","@id":"https:\/\/www.crepissage-outre-foret.pro\/galerie-photos\/chantier-a-lampertheim-ravalement-de-facade-et-peinture-exterieure\/#listItem","name":"Chantier \u00e0 Lampertheim &#8211; ravalement de fa\u00e7ade et peinture ext\u00e9rieure"},"previousItem":{"@type":"ListItem","@id":"https:\/\/www.crepissage-outre-foret.pro\/galerie-photos\/#listItem","name":"Galeries Photos"}},{"@type":"ListItem","@id":"https:\/\/www.crepissage-outre-foret.pro\/galerie-photos\/chantier-a-lampertheim-ravalement-de-facade-et-peinture-exterieure\/#listItem","position":4,"name":"Chantier \u00e0 Lampertheim &#8211; ravalement de fa\u00e7ade et peinture ext\u00e9rieure","previousItem":{"@type":"ListItem","@id":"https:\/\/www.crepissage-outre-foret.pro\/galerie_category\/ravalement-de-facade\/#listItem","name":"Ravalement de Fa\u00e7ade"}}]},{"@type":"Organization","@id":"https:\/\/www.crepissage-outre-foret.pro\/#organization","name":"Cr\u00e9pissage de L\u2019Outre For\u00eat","description":"Donnez une nouvelle vie \u00e0 vos fa\u00e7ades","url":"https:\/\/www.crepissage-outre-foret.pro\/","email":"contact@crepisoutreforet.fr","telephone":"+33388548345","logo":{"@type":"ImageObject","url":"https:\/\/www.crepissage-outre-foret.pro\/media\/2025\/10\/logo.svg","@id":"https:\/\/www.crepissage-outre-foret.pro\/galerie-photos\/chantier-a-lampertheim-ravalement-de-facade-et-peinture-exterieure\/#organizationLogo"},"image":{"@id":"https:\/\/www.crepissage-outre-foret.pro\/galerie-photos\/chantier-a-lampertheim-ravalement-de-facade-et-peinture-exterieure\/#organizationLogo"},"sameAs":["https:\/\/www.facebook.com\/profile.php?id=100031217720552&locale=fr_FR","https:\/\/instagram.com\/crepissagedeloutreforet"],"address":{"@id":"https:\/\/www.crepissage-outre-foret.pro\/#postaladdress","@type":"PostalAddress","streetAddress":"14 Rue Alfred Kastler,","postalCode":"67160","addressLocality":"Wissembourg","addressCountry":"FR"},"taxID":"FR49502522642"},{"@type":"WebPage","@id":"https:\/\/www.crepissage-outre-foret.pro\/galerie-photos\/chantier-a-lampertheim-ravalement-de-facade-et-peinture-exterieure\/#webpage","url":"https:\/\/www.crepissage-outre-foret.pro\/galerie-photos\/chantier-a-lampertheim-ravalement-de-facade-et-peinture-exterieure\/","name":"Ravalement de fa\u00e7ade et peinture \u00e0 Lampertheim","description":"Ravalement et peinture ext\u00e9rieure \u00e0 Lampertheim avec Cr\u00e9pissage de l\u2019Outre-For\u00eat : esth\u00e9tique, protection et durabilit\u00e9 au service de votre fa\u00e7ade.","inLanguage":"fr-FR","isPartOf":{"@id":"https:\/\/www.crepissage-outre-foret.pro\/#website"},"breadcrumb":{"@id":"https:\/\/www.crepissage-outre-foret.pro\/galerie-photos\/chantier-a-lampertheim-ravalement-de-facade-et-peinture-exterieure\/#breadcrumblist"},"image":{"@type":"ImageObject","url":"https:\/\/www.crepissage-outre-foret.pro\/media\/2025\/10\/crepissage-maison-lampertheim-2.jpg","@id":"https:\/\/www.crepissage-outre-foret.pro\/galerie-photos\/chantier-a-lampertheim-ravalement-de-facade-et-peinture-exterieure\/#mainImage","width":1440,"height":1920},"primaryImageOfPage":{"@id":"https:\/\/www.crepissage-outre-foret.pro\/galerie-photos\/chantier-a-lampertheim-ravalement-de-facade-et-peinture-exterieure\/#mainImage"},"datePublished":"2025-10-13T12:07:48+00:00","dateModified":"2025-10-13T12:18:56+00:00"},{"@type":"WebSite","@id":"https:\/\/www.crepissage-outre-foret.pro\/#website","url":"https:\/\/www.crepissage-outre-foret.pro\/","name":"Cr\u00e9pissage de L\u2019Outre For\u00eat","description":"Donnez une nouvelle vie \u00e0 vos fa\u00e7ades","inLanguage":"fr-FR","publisher":{"@id":"https:\/\/www.crepissage-outre-foret.pro\/#organization"}}]},"og:locale":"fr_FR","og:site_name":"Cr\u00e9pissage de L\u2019Outre For\u00eat - Donnez une nouvelle vie \u00e0 vos fa\u00e7ades","og:type":"article","og:title":"Ravalement de fa\u00e7ade et peinture \u00e0 Lampertheim","og:description":"Ravalement et peinture ext\u00e9rieure \u00e0 Lampertheim avec Cr\u00e9pissage de l\u2019Outre-For\u00eat : esth\u00e9tique, protection et durabilit\u00e9 au service de votre fa\u00e7ade.","og:url":"https:\/\/www.crepissage-outre-foret.pro\/galerie-photos\/chantier-a-lampertheim-ravalement-de-facade-et-peinture-exterieure\/","og:image":"https:\/\/www.crepissage-outre-foret.pro\/media\/2025\/10\/logo.svg","og:image:secure_url":"https:\/\/www.crepissage-outre-foret.pro\/media\/2025\/10\/logo.svg","article:published_time":"2025-10-13T12:07:48+00:00","article:modified_time":"2025-10-13T12:18:56+00:00","article:publisher":"https:\/\/www.facebook.com\/profile.php?id=100031217720552&locale=fr_FR","twitter:card":"summary_large_image","twitter:title":"Ravalement de fa\u00e7ade et peinture \u00e0 Lampertheim","twitter:description":"Ravalement et peinture ext\u00e9rieure \u00e0 Lampertheim avec Cr\u00e9pissage de l\u2019Outre-For\u00eat : esth\u00e9tique, protection et durabilit\u00e9 au service de votre fa\u00e7ade.","twitter:image":"https:\/\/www.crepissage-outre-foret.pro\/media\/2025\/10\/logo.svg"},"aioseo_meta_data":{"post_id":"944","title":"Ravalement de fa\u00e7ade et peinture \u00e0 Lampertheim","description":"Ravalement et peinture ext\u00e9rieure \u00e0 Lampertheim avec Cr\u00e9pissage de l\u2019Outre-For\u00eat : esth\u00e9tique, protection et durabilit\u00e9 au service de votre fa\u00e7ade.","keywords":null,"keyphrases":{"focus":{"keyphrase":"","score":0,"analysis":{"keyphraseInTitle":{"score":0,"maxScore":9,"error":1}}},"additional":[]},"primary_term":null,"canonical_url":null,"og_title":null,"og_description":null,"og_object_type":"default","og_image_type":"default","og_image_url":null,"og_image_width":null,"og_image_height":null,"og_image_custom_url":null,"og_image_custom_fields":null,"og_video":"","og_custom_url":null,"og_article_section":null,"og_article_tags":null,"twitter_use_og":false,"twitter_card":"default","twitter_image_type":"default","twitter_image_url":null,"twitter_image_custom_url":null,"twitter_image_custom_fields":null,"twitter_title":null,"twitter_description":null,"schema":{"blockGraphs":[],"customGraphs":[],"default":{"data":{"Article":[],"Course":[],"Dataset":[],"FAQPage":[],"Movie":[],"Person":[],"Product":[],"ProductReview":[],"Car":[],"Recipe":[],"Service":[],"SoftwareApplication":[],"WebPage":[]},"graphName":"WebPage","isEnabled":true},"graphs":[]},"schema_type":"default","schema_type_options":null,"pillar_content":false,"robots_default":true,"robots_noindex":false,"robots_noarchive":false,"robots_nosnippet":false,"robots_nofollow":false,"robots_noimageindex":false,"robots_noodp":false,"robots_notranslate":false,"robots_max_snippet":"-1","robots_max_videopreview":"-1","robots_max_imagepreview":"large","priority":null,"frequency":"default","local_seo":null,"seo_analyzer_scan_date":"2025-10-13 12:33:32","breadcrumb_settings":null,"limit_modified_date":false,"open_ai":null,"ai":{"faqs":[],"keyPoints":[],"titles":[],"descriptions":[],"socialPosts":{"email":[],"linkedin":[],"twitter":[],"facebook":[],"instagram":[]}},"created":"2025-10-13 12:05:16","updated":"2025-11-26 22:11:59"},"aioseo_breadcrumb":"<div class=\"aioseo-breadcrumbs\"><span class=\"aioseo-breadcrumb\">\n\t<a href=\"https:\/\/www.crepissage-outre-foret.pro\" title=\"Cr\u00e9pissage de l&#039;outre for\u00eat\">Cr\u00e9pissage de l'outre for\u00eat<\/a>\n<\/span><span class=\"aioseo-breadcrumb-separator\">\u00bb<\/span><span class=\"aioseo-breadcrumb\">\n\t<a href=\"https:\/\/www.crepissage-outre-foret.pro\/galerie-photos\/\" title=\"Galeries Photos\">Galeries Photos<\/a>\n<\/span><span class=\"aioseo-breadcrumb-separator\">\u00bb<\/span><span class=\"aioseo-breadcrumb\">\n\t<a href=\"https:\/\/www.crepissage-outre-foret.pro\/galerie_category\/ravalement-de-facade\/\" title=\"Ravalement de Fa\u00e7ade\">Ravalement de Fa\u00e7ade<\/a>\n<\/span><span class=\"aioseo-breadcrumb-separator\">\u00bb<\/span><span class=\"aioseo-breadcrumb\">\n\tChantier \u00e0 Lampertheim \u2013 ravalement de fa\u00e7ade et peinture ext\u00e9rieure\n<\/span><\/div>","aioseo_breadcrumb_json":[{"label":"Cr\u00e9pissage de l'outre for\u00eat","link":"https:\/\/www.crepissage-outre-foret.pro"},{"label":"Galeries Photos","link":"https:\/\/www.crepissage-outre-foret.pro\/galerie-photos\/"},{"label":"Ravalement de Fa\u00e7ade","link":"https:\/\/www.crepissage-outre-foret.pro\/galerie_category\/ravalement-de-facade\/"},{"label":"Chantier \u00e0 Lampertheim &#8211; ravalement de fa\u00e7ade et peinture ext\u00e9rieure","link":"https:\/\/www.crepissage-outre-foret.pro\/galerie-photos\/chantier-a-lampertheim-ravalement-de-facade-et-peinture-exterieure\/"}],"_links":{"self":[{"href":"https:\/\/www.crepissage-outre-foret.pro\/api-json\/wp\/v2\/galerie-photos\/944","targetHints":{"allow":["GET"]}}],"collection":[{"href":"https:\/\/www.crepissage-outre-foret.pro\/api-json\/wp\/v2\/galerie-photos"}],"about":[{"href":"https:\/\/www.crepissage-outre-foret.pro\/api-json\/wp\/v2\/types\/galerie-photos"}],"version-history":[{"count":0,"href":"https:\/\/www.crepissage-outre-foret.pro\/api-json\/wp\/v2\/galerie-photos\/944\/revisions"}],"wp:featuredmedia":[{"embeddable":true,"href":"https:\/\/www.crepissage-outre-foret.pro\/api-json\/wp\/v2\/media\/945"}],"wp:attachment":[{"href":"https:\/\/www.crepissage-outre-foret.pro\/api-json\/wp\/v2\/media?parent=944"}],"wp:term":[{"taxonomy":"galerie_category","embeddable":true,"href":"https:\/\/www.crepissage-outre-foret.pro\/api-json\/wp\/v2\/galerie_category?post=944"}],"curies":[{"name":"wp","href":"https:\/\/api.w.org\/{rel}","templated":true}]}}