{"id":930,"date":"2025-10-13T11:26:26","date_gmt":"2025-10-13T11:26:26","guid":{"rendered":"https:\/\/crepissage.vyseo-communication.eu\/?post_type=galerie-photos&#038;p=930"},"modified":"2025-10-13T11:59:53","modified_gmt":"2025-10-13T11:59:53","slug":"chantier-a-grassendorf-isolation-et-ravalement-de-facade","status":"publish","type":"galerie-photos","link":"https:\/\/www.crepissage-outre-foret.pro\/galerie-photos\/chantier-a-grassendorf-isolation-et-ravalement-de-facade\/","title":{"rendered":"Chantier \u00e0 Grassendorf &#8211; Isolation et ravalement de fa\u00e7ade"},"content":{"rendered":"\t\t<div data-elementor-type=\"wp-post\" data-elementor-id=\"930\" class=\"elementor elementor-930\" data-elementor-post-type=\"galerie-photos\">\n\t\t\t\t<div class=\"elementor-element elementor-element-23f01194 e-flex e-con-boxed e-con e-parent\" data-id=\"23f01194\" data-element_type=\"container\" data-e-type=\"container\">\n\t\t\t\t\t<div class=\"e-con-inner\">\n\t\t\t\t<div class=\"elementor-element elementor-element-2d426d1 elementor-widget elementor-widget-text-editor\" data-id=\"2d426d1\" data-element_type=\"widget\" data-e-type=\"widget\" data-widget_type=\"text-editor.default\">\n\t\t\t\t\t\t\t\t\t<h3 data-start=\"203\" data-end=\"275\"><strong data-start=\"207\" data-end=\"275\">Une r\u00e9novation compl\u00e8te pour des murs performants et esth\u00e9tiques<\/strong><\/h3><p data-start=\"277\" data-end=\"607\">Sur ce <strong data-start=\"284\" data-end=\"310\">chantier \u00e0 Grassendorf<\/strong>, notre entreprise <strong data-start=\"329\" data-end=\"360\">Cr\u00e9pissage de l\u2019Outre-For\u00eat<\/strong> est intervenue pour une <strong data-start=\"385\" data-end=\"430\">isolation thermique par l\u2019ext\u00e9rieur (ITE)<\/strong> associ\u00e9e \u00e0 un <strong data-start=\"445\" data-end=\"480\">ravalement complet de la fa\u00e7ade<\/strong>.<br data-start=\"481\" data-end=\"484\" \/>L\u2019objectif : renforcer les performances \u00e9nerg\u00e9tiques de la maison tout en lui offrant un aspect moderne, soign\u00e9 et durable.<\/p><h2 data-start=\"614\" data-end=\"647\"><strong data-start=\"620\" data-end=\"647\">Les objectifs du projet<\/strong><\/h2><ul data-start=\"649\" data-end=\"944\"><li data-start=\"649\" data-end=\"713\"><p data-start=\"651\" data-end=\"713\">Am\u00e9liorer le confort thermique de la maison \u00e9t\u00e9 comme hiver.<\/p><\/li><li data-start=\"714\" data-end=\"797\"><p data-start=\"716\" data-end=\"797\">R\u00e9duire les d\u00e9perditions de chaleur pour optimiser la consommation \u00e9nerg\u00e9tique.<\/p><\/li><li data-start=\"798\" data-end=\"857\"><p data-start=\"800\" data-end=\"857\">Prot\u00e9ger les murs contre l\u2019humidit\u00e9 et les intemp\u00e9ries.<\/p><\/li><li data-start=\"858\" data-end=\"944\"><p data-start=\"860\" data-end=\"944\">Donner une nouvelle vie \u00e0 la fa\u00e7ade gr\u00e2ce \u00e0 une finition esth\u00e9tique et r\u00e9sistante.<\/p><\/li><\/ul><h2 data-start=\"951\" data-end=\"988\"><strong data-start=\"957\" data-end=\"988\">Les \u00e9tapes cl\u00e9s du chantier<\/strong><\/h2><ol data-start=\"990\" data-end=\"1992\"><li data-start=\"990\" data-end=\"1271\"><p data-start=\"993\" data-end=\"1271\"><strong data-start=\"993\" data-end=\"1033\">Diagnostic et pr\u00e9paration du support<\/strong><br data-start=\"1033\" data-end=\"1036\" \/>Avant tout, nos techniciens ont r\u00e9alis\u00e9 un diagnostic complet afin d\u2019\u00e9valuer l\u2019\u00e9tat du support et de choisir la solution isolante la plus adapt\u00e9e.<br data-start=\"1185\" data-end=\"1188\" \/>Les fa\u00e7ades ont ensuite \u00e9t\u00e9 nettoy\u00e9es, ponc\u00e9es et pr\u00eates \u00e0 recevoir l\u2019isolation.<\/p><\/li><li data-start=\"1273\" data-end=\"1486\"><p data-start=\"1276\" data-end=\"1486\"><strong data-start=\"1276\" data-end=\"1326\">Pose de l\u2019isolation thermique ext\u00e9rieure (ITE)<\/strong><br data-start=\"1326\" data-end=\"1329\" \/>Application de <strong data-start=\"1347\" data-end=\"1380\">panneaux isolants performants<\/strong>, fix\u00e9s m\u00e9caniquement et coll\u00e9s sur les murs.<br data-start=\"1425\" data-end=\"1428\" \/>Cette \u00e9tape garantit une isolation homog\u00e8ne et durable.<\/p><\/li><li data-start=\"1488\" data-end=\"1654\"><p data-start=\"1491\" data-end=\"1654\"><strong data-start=\"1491\" data-end=\"1541\">Application du sous-enduit et trame d\u2019armature<\/strong><br data-start=\"1541\" data-end=\"1544\" \/>Pose du <strong data-start=\"1555\" data-end=\"1570\">filet-colle<\/strong> (entoilage arm\u00e9) pour renforcer la r\u00e9sistance de l\u2019ensemble et \u00e9viter les fissures.<\/p><\/li><li data-start=\"1656\" data-end=\"1847\"><p data-start=\"1659\" data-end=\"1847\"><strong data-start=\"1659\" data-end=\"1696\">Ravalement de fa\u00e7ade et finitions<\/strong><br data-start=\"1696\" data-end=\"1699\" \/>Application d\u2019un <strong data-start=\"1719\" data-end=\"1739\">enduit d\u00e9coratif<\/strong> avec une finition <strong data-start=\"1758\" data-end=\"1794\">gratt\u00e9e et teint\u00e9e dans la masse<\/strong>, pour un rendu \u00e0 la fois esth\u00e9tique et protecteur.<\/p><\/li><li data-start=\"1849\" data-end=\"1992\"><p data-start=\"1852\" data-end=\"1992\"><strong data-start=\"1852\" data-end=\"1887\">Peinture et finitions de d\u00e9tail<\/strong><br data-start=\"1887\" data-end=\"1890\" \/>Finitions des encadrements de fen\u00eatres, appuis et angles pour un rendu harmonieux et professionnel.<\/p><\/li><\/ol>\t\t\t\t\t\t\t\t<\/div>\n\t\t\t\t<div class=\"elementor-element elementor-element-39506a90 elementor-widget elementor-widget-ucaddon_uc_compact_image_theme\" data-id=\"39506a90\" data-element_type=\"widget\" data-e-type=\"widget\" data-widget_type=\"ucaddon_uc_compact_image_theme.default\">\n\t\t\t\t<div class=\"elementor-widget-container\">\n\t\t\t\t\t\n<!-- start Compact Gallery -->\n\t\t<link id='font-awesome-css' href='https:\/\/www.crepissage-outre-foret.pro\/modules\/module602\/assets_libraries\/font-awesome6\/fontawesome-all.min.css' type='text\/css' rel='stylesheet' >\n\t\t<link id='font-awesome-4-shim-css' href='https:\/\/www.crepissage-outre-foret.pro\/modules\/module602\/assets_libraries\/font-awesome6\/fontawesome-v4-shims.min.css' type='text\/css' rel='stylesheet' >\n\t\t<link id='unitegallery-css' href='https:\/\/www.crepissage-outre-foret.pro\/modules\/module602\/assets_libraries\/unitegallery\/css\/unite-gallery.css' type='text\/css' rel='stylesheet' >\n\t\t<link id='fancybox-css' href='https:\/\/www.crepissage-outre-foret.pro\/modules\/module602\/assets_libraries\/fancybox3\/jquery.fancybox.min.css' type='text\/css' rel='stylesheet' >\n\n<style>\/* widget: Compact Gallery *\/\n\n#uc_uc_compact_image_theme_elementor_39506a90-wrapper{\n  min-height: 1px;\n}\n\n#uc_uc_compact_image_theme_elementor_39506a90{\n  margin:0 auto;\n  display: none;\n}\n\/* fancybox *\/\n\/* endfancybox *\/\n\n<\/style>\n\n<div id=\"uc_uc_compact_image_theme_elementor_39506a90-wrapper\">\n  <div id=\"uc_uc_compact_image_theme_elementor_39506a90\" class=\"uc-items-wrapper  \"  data-remote-type=\"gallery\" data-custom-sethtml=\"true\" >\n    \n<img decoding=\"async\" alt=\"isolation-ravalement-facade-grassendorf-1\"\n   src=\"https:\/\/www.crepissage-outre-foret.pro\/media\/2025\/10\/isolation-ravalement-facade-grassendorf-1-1-768x576.jpg\"\n    data-image=\"https:\/\/www.crepissage-outre-foret.pro\/media\/2025\/10\/isolation-ravalement-facade-grassendorf-1-1.jpg\"\n    data-title=\"isolation-ravalement-facade-grassendorf-1\">\n\n<img decoding=\"async\" alt=\"isolation-ravalement-facade-grassendorf-2\"\n   src=\"https:\/\/www.crepissage-outre-foret.pro\/media\/2025\/10\/isolation-ravalement-facade-grassendorf-2-768x576.jpg\"\n    data-image=\"https:\/\/www.crepissage-outre-foret.pro\/media\/2025\/10\/isolation-ravalement-facade-grassendorf-2.jpg\"\n    data-title=\"isolation-ravalement-facade-grassendorf-2\">\n\n<img decoding=\"async\" alt=\"isolation-ravalement-facade-grassendorf-3\"\n   src=\"https:\/\/www.crepissage-outre-foret.pro\/media\/2025\/10\/isolation-ravalement-facade-grassendorf-3-768x576.jpg\"\n    data-image=\"https:\/\/www.crepissage-outre-foret.pro\/media\/2025\/10\/isolation-ravalement-facade-grassendorf-3.jpg\"\n    data-title=\"isolation-ravalement-facade-grassendorf-3\">\n\n<img decoding=\"async\" alt=\"isolation-ravalement-facade-grassendorf-4\"\n   src=\"https:\/\/www.crepissage-outre-foret.pro\/media\/2025\/10\/isolation-ravalement-facade-grassendorf-4-768x576.jpg\"\n    data-image=\"https:\/\/www.crepissage-outre-foret.pro\/media\/2025\/10\/isolation-ravalement-facade-grassendorf-4.jpg\"\n    data-title=\"isolation-ravalement-facade-grassendorf-4\">\n\n<img decoding=\"async\" alt=\"isolation-ravalement-facade-grassendorf\"\n   src=\"https:\/\/www.crepissage-outre-foret.pro\/media\/2025\/10\/isolation-ravalement-facade-grassendorf-768x576.jpg\"\n    data-image=\"https:\/\/www.crepissage-outre-foret.pro\/media\/2025\/10\/isolation-ravalement-facade-grassendorf.jpg\"\n    data-title=\"isolation-ravalement-facade-grassendorf\">\n\n  <\/div>\n<\/div>\n<!-- end Compact Gallery -->\t\t\t\t<\/div>\n\t\t\t\t<\/div>\n\t\t\t\t<div class=\"elementor-element elementor-element-2c2451ee elementor-widget elementor-widget-heading\" data-id=\"2c2451ee\" data-element_type=\"widget\" data-e-type=\"widget\" data-widget_type=\"heading.default\">\n\t\t\t\t\t<h2 class=\"elementor-heading-title elementor-size-default\">Zone d\u2019intervention<\/h2>\t\t\t\t<\/div>\n\t\t\t\t<div class=\"elementor-element elementor-element-5819529d elementor-widget elementor-widget-text-editor\" data-id=\"5819529d\" data-element_type=\"widget\" data-e-type=\"widget\" data-widget_type=\"text-editor.default\">\n\t\t\t\t\t\t\t\t\t<p data-start=\"2063\" data-end=\"2155\">Gr\u00e2ce \u00e0 l\u2019intervention de <strong data-start=\"2089\" data-end=\"2120\">Cr\u00e9pissage de l\u2019Outre-For\u00eat<\/strong>, la maison b\u00e9n\u00e9ficie d\u00e9sormais :<\/p><ul data-start=\"2156\" data-end=\"2345\"><li data-start=\"2156\" data-end=\"2232\"><p data-start=\"2158\" data-end=\"2232\">d\u2019une <strong data-start=\"2164\" data-end=\"2198\">excellente isolation thermique<\/strong> r\u00e9duisant les pertes d\u2019\u00e9nergie,<\/p><\/li><li data-start=\"2233\" data-end=\"2287\"><p data-start=\"2235\" data-end=\"2287\">d\u2019une <strong data-start=\"2241\" data-end=\"2259\">fa\u00e7ade r\u00e9nov\u00e9e<\/strong>, r\u00e9sistante et \u00e9clatante,<\/p><\/li><li data-start=\"2288\" data-end=\"2345\"><p data-start=\"2290\" data-end=\"2345\">et d\u2019un <strong data-start=\"2298\" data-end=\"2342\">meilleur confort int\u00e9rieur toute l\u2019ann\u00e9e<\/strong>.<\/p><\/li><\/ul><p data-start=\"2347\" data-end=\"2477\">Ce chantier illustre parfaitement notre savoir-faire dans la combinaison de <strong data-start=\"2423\" data-end=\"2450\">performance \u00e9nerg\u00e9tique<\/strong> et <strong data-start=\"2454\" data-end=\"2476\">esth\u00e9tique durable<\/strong>.<\/p><p>Cr\u00e9pissage de L\u2019Outre For\u00eat intervient dans tout le secteur <strong data-start=\"3645\" data-end=\"3678\">Outre-For\u00eat et Alsace du Nord<\/strong> :<br data-start=\"3680\" data-end=\"3683\" \/><strong data-start=\"3683\" data-end=\"3783\">Betschdorf, Wissembourg, Haguenau, Lauterbourg, Soultz-sous-For\u00eats, Seltz, Niederbronn-les-Bains<\/strong>, et les environs.<\/p><p>Nous r\u00e9alisons vos projets de ravalement, isolation et cr\u00e9pissage avec le m\u00eame niveau d\u2019exigence et de qualit\u00e9.<\/p><p>Vous souhaitez r\u00e9aliser une <strong data-start=\"3139\" data-end=\"3204\">isolation ext\u00e9rieure ou un ravalement de fa\u00e7ade \u00e0 Grassendorf<\/strong> ou dans les environs ?<br data-start=\"3227\" data-end=\"3230\" \/>Faites appel \u00e0 l\u2019expertise de <strong data-start=\"3260\" data-end=\"3291\">Cr\u00e9pissage de l\u2019Outre-For\u00eat<\/strong>, votre sp\u00e9cialiste local des fa\u00e7ades durables et performantes.<\/p>\t\t\t\t\t\t\t\t<\/div>\n\t\t\t\t\t<\/div>\n\t\t\t\t<\/div>\n\t\t\t\t<\/div>\n\t\t","protected":false},"excerpt":{"rendered":"<p>Chantier \u00e0 Grassendorf : isolation ext\u00e9rieure et ravalement de fa\u00e7ade r\u00e9alis\u00e9s par Cr\u00e9pissage de l\u2019Outre-For\u00eat. Une r\u00e9novation alliant confort et esth\u00e9tisme durable.<\/p>\n","protected":false},"featured_media":931,"menu_order":0,"template":"","format":"standard","meta":[],"galerie_category":[15,14],"class_list":["post-930","galerie-photos","type-galerie-photos","status-publish","format-standard","has-post-thumbnail","hentry","galerie_category-isolation-exterieure","galerie_category-ravalement-de-facade"],"aioseo_notices":[],"aioseo_head":"\n\t\t<!-- All in One SEO Pro 4.9.6.2 - aioseo.com -->\n\t<meta name=\"description\" content=\"Isolation thermique et ravalement de fa\u00e7ade \u00e0 Grassendorf par Cr\u00e9pissage de l\u2019Outre-For\u00eat : confort, performance et esth\u00e9tique durable.\" \/>\n\t<meta name=\"robots\" content=\"max-image-preview:large\" \/>\n\t<meta name=\"google-site-verification\" content=\"yV5f5RtlR-_n-vm2xJ3yDaw1yK7hUustT9T8yhp9L28\" \/>\n\t<link rel=\"canonical\" href=\"https:\/\/www.crepissage-outre-foret.pro\/galerie-photos\/chantier-a-grassendorf-isolation-et-ravalement-de-facade\/\" \/>\n\t<meta name=\"generator\" content=\"All in One SEO Pro (AIOSEO) 4.9.6.2\" \/>\n\t\t<meta property=\"og:locale\" content=\"fr_FR\" \/>\n\t\t<meta property=\"og:site_name\" content=\"Cr\u00e9pissage de L\u2019Outre For\u00eat - Donnez une nouvelle vie \u00e0 vos fa\u00e7ades\" \/>\n\t\t<meta property=\"og:type\" content=\"article\" \/>\n\t\t<meta property=\"og:title\" content=\"Isolation et ravalement de fa\u00e7ade \u00e0 Grassendorf\" \/>\n\t\t<meta property=\"og:description\" content=\"Isolation thermique et ravalement de fa\u00e7ade \u00e0 Grassendorf par Cr\u00e9pissage de l\u2019Outre-For\u00eat : confort, performance et esth\u00e9tique durable.\" \/>\n\t\t<meta property=\"og:url\" content=\"https:\/\/www.crepissage-outre-foret.pro\/galerie-photos\/chantier-a-grassendorf-isolation-et-ravalement-de-facade\/\" \/>\n\t\t<meta property=\"og:image\" content=\"https:\/\/www.crepissage-outre-foret.pro\/media\/2025\/10\/logo.svg\" \/>\n\t\t<meta property=\"og:image:secure_url\" content=\"https:\/\/www.crepissage-outre-foret.pro\/media\/2025\/10\/logo.svg\" \/>\n\t\t<meta property=\"article:published_time\" content=\"2025-10-13T11:26:26+00:00\" \/>\n\t\t<meta property=\"article:modified_time\" content=\"2025-10-13T11:59:53+00:00\" \/>\n\t\t<meta property=\"article:publisher\" content=\"https:\/\/www.facebook.com\/profile.php?id=100031217720552&amp;locale=fr_FR\" \/>\n\t\t<meta name=\"twitter:card\" content=\"summary_large_image\" \/>\n\t\t<meta name=\"twitter:title\" content=\"Isolation et ravalement de fa\u00e7ade \u00e0 Grassendorf\" \/>\n\t\t<meta name=\"twitter:description\" content=\"Isolation thermique et ravalement de fa\u00e7ade \u00e0 Grassendorf par Cr\u00e9pissage de l\u2019Outre-For\u00eat : confort, performance et esth\u00e9tique durable.\" \/>\n\t\t<meta name=\"twitter:image\" content=\"https:\/\/www.crepissage-outre-foret.pro\/media\/2025\/10\/logo.svg\" \/>\n\t\t<script type=\"application\/ld+json\" class=\"aioseo-schema\">\n\t\t\t{\"@context\":\"https:\\\/\\\/schema.org\",\"@graph\":[{\"@type\":\"BreadcrumbList\",\"@id\":\"https:\\\/\\\/www.crepissage-outre-foret.pro\\\/galerie-photos\\\/chantier-a-grassendorf-isolation-et-ravalement-de-facade\\\/#breadcrumblist\",\"itemListElement\":[{\"@type\":\"ListItem\",\"@id\":\"https:\\\/\\\/www.crepissage-outre-foret.pro#listItem\",\"position\":1,\"name\":\"Cr\\u00e9pissage de l'outre for\\u00eat\",\"item\":\"https:\\\/\\\/www.crepissage-outre-foret.pro\",\"nextItem\":{\"@type\":\"ListItem\",\"@id\":\"https:\\\/\\\/www.crepissage-outre-foret.pro\\\/galerie-photos\\\/#listItem\",\"name\":\"Galeries Photos\"}},{\"@type\":\"ListItem\",\"@id\":\"https:\\\/\\\/www.crepissage-outre-foret.pro\\\/galerie-photos\\\/#listItem\",\"position\":2,\"name\":\"Galeries Photos\",\"item\":\"https:\\\/\\\/www.crepissage-outre-foret.pro\\\/galerie-photos\\\/\",\"nextItem\":{\"@type\":\"ListItem\",\"@id\":\"https:\\\/\\\/www.crepissage-outre-foret.pro\\\/galerie_category\\\/ravalement-de-facade\\\/#listItem\",\"name\":\"Ravalement de Fa\\u00e7ade\"},\"previousItem\":{\"@type\":\"ListItem\",\"@id\":\"https:\\\/\\\/www.crepissage-outre-foret.pro#listItem\",\"name\":\"Cr\\u00e9pissage de l'outre for\\u00eat\"}},{\"@type\":\"ListItem\",\"@id\":\"https:\\\/\\\/www.crepissage-outre-foret.pro\\\/galerie_category\\\/ravalement-de-facade\\\/#listItem\",\"position\":3,\"name\":\"Ravalement de Fa\\u00e7ade\",\"item\":\"https:\\\/\\\/www.crepissage-outre-foret.pro\\\/galerie_category\\\/ravalement-de-facade\\\/\",\"nextItem\":{\"@type\":\"ListItem\",\"@id\":\"https:\\\/\\\/www.crepissage-outre-foret.pro\\\/galerie-photos\\\/chantier-a-grassendorf-isolation-et-ravalement-de-facade\\\/#listItem\",\"name\":\"Chantier \\u00e0 Grassendorf &#8211; Isolation et ravalement de fa\\u00e7ade\"},\"previousItem\":{\"@type\":\"ListItem\",\"@id\":\"https:\\\/\\\/www.crepissage-outre-foret.pro\\\/galerie-photos\\\/#listItem\",\"name\":\"Galeries Photos\"}},{\"@type\":\"ListItem\",\"@id\":\"https:\\\/\\\/www.crepissage-outre-foret.pro\\\/galerie-photos\\\/chantier-a-grassendorf-isolation-et-ravalement-de-facade\\\/#listItem\",\"position\":4,\"name\":\"Chantier \\u00e0 Grassendorf &#8211; Isolation et ravalement de fa\\u00e7ade\",\"previousItem\":{\"@type\":\"ListItem\",\"@id\":\"https:\\\/\\\/www.crepissage-outre-foret.pro\\\/galerie_category\\\/ravalement-de-facade\\\/#listItem\",\"name\":\"Ravalement de Fa\\u00e7ade\"}}]},{\"@type\":\"Organization\",\"@id\":\"https:\\\/\\\/www.crepissage-outre-foret.pro\\\/#organization\",\"name\":\"Cr\\u00e9pissage de L\\u2019Outre For\\u00eat\",\"description\":\"Donnez une nouvelle vie \\u00e0 vos fa\\u00e7ades\",\"url\":\"https:\\\/\\\/www.crepissage-outre-foret.pro\\\/\",\"email\":\"contact@crepisoutreforet.fr\",\"telephone\":\"+33388548345\",\"logo\":{\"@type\":\"ImageObject\",\"url\":\"https:\\\/\\\/www.crepissage-outre-foret.pro\\\/wp-content\\\/uploads\\\/2025\\\/10\\\/logo.svg\",\"@id\":\"https:\\\/\\\/www.crepissage-outre-foret.pro\\\/galerie-photos\\\/chantier-a-grassendorf-isolation-et-ravalement-de-facade\\\/#organizationLogo\"},\"image\":{\"@id\":\"https:\\\/\\\/www.crepissage-outre-foret.pro\\\/galerie-photos\\\/chantier-a-grassendorf-isolation-et-ravalement-de-facade\\\/#organizationLogo\"},\"sameAs\":[\"https:\\\/\\\/www.facebook.com\\\/profile.php?id=100031217720552&locale=fr_FR\",\"https:\\\/\\\/instagram.com\\\/crepissagedeloutreforet\"],\"address\":{\"@id\":\"https:\\\/\\\/www.crepissage-outre-foret.pro\\\/#postaladdress\",\"@type\":\"PostalAddress\",\"streetAddress\":\"14 Rue Alfred Kastler,\",\"postalCode\":\"67160\",\"addressLocality\":\"Wissembourg\",\"addressCountry\":\"FR\"},\"taxID\":\"FR49502522642\"},{\"@type\":\"WebPage\",\"@id\":\"https:\\\/\\\/www.crepissage-outre-foret.pro\\\/galerie-photos\\\/chantier-a-grassendorf-isolation-et-ravalement-de-facade\\\/#webpage\",\"url\":\"https:\\\/\\\/www.crepissage-outre-foret.pro\\\/galerie-photos\\\/chantier-a-grassendorf-isolation-et-ravalement-de-facade\\\/\",\"name\":\"Isolation et ravalement de fa\\u00e7ade \\u00e0 Grassendorf\",\"description\":\"Isolation thermique et ravalement de fa\\u00e7ade \\u00e0 Grassendorf par Cr\\u00e9pissage de l\\u2019Outre-For\\u00eat : confort, performance et esth\\u00e9tique durable.\",\"inLanguage\":\"fr-FR\",\"isPartOf\":{\"@id\":\"https:\\\/\\\/www.crepissage-outre-foret.pro\\\/#website\"},\"breadcrumb\":{\"@id\":\"https:\\\/\\\/www.crepissage-outre-foret.pro\\\/galerie-photos\\\/chantier-a-grassendorf-isolation-et-ravalement-de-facade\\\/#breadcrumblist\"},\"image\":{\"@type\":\"ImageObject\",\"url\":\"https:\\\/\\\/www.crepissage-outre-foret.pro\\\/wp-content\\\/uploads\\\/2025\\\/10\\\/isolation-ravalement-facade-grassendorf.jpg\",\"@id\":\"https:\\\/\\\/www.crepissage-outre-foret.pro\\\/galerie-photos\\\/chantier-a-grassendorf-isolation-et-ravalement-de-facade\\\/#mainImage\",\"width\":1440,\"height\":1080},\"primaryImageOfPage\":{\"@id\":\"https:\\\/\\\/www.crepissage-outre-foret.pro\\\/galerie-photos\\\/chantier-a-grassendorf-isolation-et-ravalement-de-facade\\\/#mainImage\"},\"datePublished\":\"2025-10-13T11:26:26+00:00\",\"dateModified\":\"2025-10-13T11:59:53+00:00\"},{\"@type\":\"WebSite\",\"@id\":\"https:\\\/\\\/www.crepissage-outre-foret.pro\\\/#website\",\"url\":\"https:\\\/\\\/www.crepissage-outre-foret.pro\\\/\",\"name\":\"Cr\\u00e9pissage de L\\u2019Outre For\\u00eat\",\"description\":\"Donnez une nouvelle vie \\u00e0 vos fa\\u00e7ades\",\"inLanguage\":\"fr-FR\",\"publisher\":{\"@id\":\"https:\\\/\\\/www.crepissage-outre-foret.pro\\\/#organization\"}}]}\n\t\t<\/script>\n\t\t<!-- All in One SEO Pro -->\r\n\t\t<title>Isolation et ravalement de fa\u00e7ade \u00e0 Grassendorf<\/title>\n\n","aioseo_head_json":{"title":"Isolation et ravalement de fa\u00e7ade \u00e0 Grassendorf","description":"Isolation thermique et ravalement de fa\u00e7ade \u00e0 Grassendorf par Cr\u00e9pissage de l\u2019Outre-For\u00eat : confort, performance et esth\u00e9tique durable.","canonical_url":"https:\/\/www.crepissage-outre-foret.pro\/galerie-photos\/chantier-a-grassendorf-isolation-et-ravalement-de-facade\/","robots":"max-image-preview:large","keywords":"","webmasterTools":{"google-site-verification":"yV5f5RtlR-_n-vm2xJ3yDaw1yK7hUustT9T8yhp9L28","miscellaneous":""},"schema":{"@context":"https:\/\/schema.org","@graph":[{"@type":"BreadcrumbList","@id":"https:\/\/www.crepissage-outre-foret.pro\/galerie-photos\/chantier-a-grassendorf-isolation-et-ravalement-de-facade\/#breadcrumblist","itemListElement":[{"@type":"ListItem","@id":"https:\/\/www.crepissage-outre-foret.pro#listItem","position":1,"name":"Cr\u00e9pissage de l'outre for\u00eat","item":"https:\/\/www.crepissage-outre-foret.pro","nextItem":{"@type":"ListItem","@id":"https:\/\/www.crepissage-outre-foret.pro\/galerie-photos\/#listItem","name":"Galeries Photos"}},{"@type":"ListItem","@id":"https:\/\/www.crepissage-outre-foret.pro\/galerie-photos\/#listItem","position":2,"name":"Galeries Photos","item":"https:\/\/www.crepissage-outre-foret.pro\/galerie-photos\/","nextItem":{"@type":"ListItem","@id":"https:\/\/www.crepissage-outre-foret.pro\/galerie_category\/ravalement-de-facade\/#listItem","name":"Ravalement de Fa\u00e7ade"},"previousItem":{"@type":"ListItem","@id":"https:\/\/www.crepissage-outre-foret.pro#listItem","name":"Cr\u00e9pissage de l'outre for\u00eat"}},{"@type":"ListItem","@id":"https:\/\/www.crepissage-outre-foret.pro\/galerie_category\/ravalement-de-facade\/#listItem","position":3,"name":"Ravalement de Fa\u00e7ade","item":"https:\/\/www.crepissage-outre-foret.pro\/galerie_category\/ravalement-de-facade\/","nextItem":{"@type":"ListItem","@id":"https:\/\/www.crepissage-outre-foret.pro\/galerie-photos\/chantier-a-grassendorf-isolation-et-ravalement-de-facade\/#listItem","name":"Chantier \u00e0 Grassendorf &#8211; Isolation et ravalement de fa\u00e7ade"},"previousItem":{"@type":"ListItem","@id":"https:\/\/www.crepissage-outre-foret.pro\/galerie-photos\/#listItem","name":"Galeries Photos"}},{"@type":"ListItem","@id":"https:\/\/www.crepissage-outre-foret.pro\/galerie-photos\/chantier-a-grassendorf-isolation-et-ravalement-de-facade\/#listItem","position":4,"name":"Chantier \u00e0 Grassendorf &#8211; Isolation et ravalement de fa\u00e7ade","previousItem":{"@type":"ListItem","@id":"https:\/\/www.crepissage-outre-foret.pro\/galerie_category\/ravalement-de-facade\/#listItem","name":"Ravalement de Fa\u00e7ade"}}]},{"@type":"Organization","@id":"https:\/\/www.crepissage-outre-foret.pro\/#organization","name":"Cr\u00e9pissage de L\u2019Outre For\u00eat","description":"Donnez une nouvelle vie \u00e0 vos fa\u00e7ades","url":"https:\/\/www.crepissage-outre-foret.pro\/","email":"contact@crepisoutreforet.fr","telephone":"+33388548345","logo":{"@type":"ImageObject","url":"https:\/\/www.crepissage-outre-foret.pro\/media\/2025\/10\/logo.svg","@id":"https:\/\/www.crepissage-outre-foret.pro\/galerie-photos\/chantier-a-grassendorf-isolation-et-ravalement-de-facade\/#organizationLogo"},"image":{"@id":"https:\/\/www.crepissage-outre-foret.pro\/galerie-photos\/chantier-a-grassendorf-isolation-et-ravalement-de-facade\/#organizationLogo"},"sameAs":["https:\/\/www.facebook.com\/profile.php?id=100031217720552&locale=fr_FR","https:\/\/instagram.com\/crepissagedeloutreforet"],"address":{"@id":"https:\/\/www.crepissage-outre-foret.pro\/#postaladdress","@type":"PostalAddress","streetAddress":"14 Rue Alfred Kastler,","postalCode":"67160","addressLocality":"Wissembourg","addressCountry":"FR"},"taxID":"FR49502522642"},{"@type":"WebPage","@id":"https:\/\/www.crepissage-outre-foret.pro\/galerie-photos\/chantier-a-grassendorf-isolation-et-ravalement-de-facade\/#webpage","url":"https:\/\/www.crepissage-outre-foret.pro\/galerie-photos\/chantier-a-grassendorf-isolation-et-ravalement-de-facade\/","name":"Isolation et ravalement de fa\u00e7ade \u00e0 Grassendorf","description":"Isolation thermique et ravalement de fa\u00e7ade \u00e0 Grassendorf par Cr\u00e9pissage de l\u2019Outre-For\u00eat : confort, performance et esth\u00e9tique durable.","inLanguage":"fr-FR","isPartOf":{"@id":"https:\/\/www.crepissage-outre-foret.pro\/#website"},"breadcrumb":{"@id":"https:\/\/www.crepissage-outre-foret.pro\/galerie-photos\/chantier-a-grassendorf-isolation-et-ravalement-de-facade\/#breadcrumblist"},"image":{"@type":"ImageObject","url":"https:\/\/www.crepissage-outre-foret.pro\/media\/2025\/10\/isolation-ravalement-facade-grassendorf.jpg","@id":"https:\/\/www.crepissage-outre-foret.pro\/galerie-photos\/chantier-a-grassendorf-isolation-et-ravalement-de-facade\/#mainImage","width":1440,"height":1080},"primaryImageOfPage":{"@id":"https:\/\/www.crepissage-outre-foret.pro\/galerie-photos\/chantier-a-grassendorf-isolation-et-ravalement-de-facade\/#mainImage"},"datePublished":"2025-10-13T11:26:26+00:00","dateModified":"2025-10-13T11:59:53+00:00"},{"@type":"WebSite","@id":"https:\/\/www.crepissage-outre-foret.pro\/#website","url":"https:\/\/www.crepissage-outre-foret.pro\/","name":"Cr\u00e9pissage de L\u2019Outre For\u00eat","description":"Donnez une nouvelle vie \u00e0 vos fa\u00e7ades","inLanguage":"fr-FR","publisher":{"@id":"https:\/\/www.crepissage-outre-foret.pro\/#organization"}}]},"og:locale":"fr_FR","og:site_name":"Cr\u00e9pissage de L\u2019Outre For\u00eat - Donnez une nouvelle vie \u00e0 vos fa\u00e7ades","og:type":"article","og:title":"Isolation et ravalement de fa\u00e7ade \u00e0 Grassendorf","og:description":"Isolation thermique et ravalement de fa\u00e7ade \u00e0 Grassendorf par Cr\u00e9pissage de l\u2019Outre-For\u00eat : confort, performance et esth\u00e9tique durable.","og:url":"https:\/\/www.crepissage-outre-foret.pro\/galerie-photos\/chantier-a-grassendorf-isolation-et-ravalement-de-facade\/","og:image":"https:\/\/www.crepissage-outre-foret.pro\/media\/2025\/10\/logo.svg","og:image:secure_url":"https:\/\/www.crepissage-outre-foret.pro\/media\/2025\/10\/logo.svg","article:published_time":"2025-10-13T11:26:26+00:00","article:modified_time":"2025-10-13T11:59:53+00:00","article:publisher":"https:\/\/www.facebook.com\/profile.php?id=100031217720552&locale=fr_FR","twitter:card":"summary_large_image","twitter:title":"Isolation et ravalement de fa\u00e7ade \u00e0 Grassendorf","twitter:description":"Isolation thermique et ravalement de fa\u00e7ade \u00e0 Grassendorf par Cr\u00e9pissage de l\u2019Outre-For\u00eat : confort, performance et esth\u00e9tique durable.","twitter:image":"https:\/\/www.crepissage-outre-foret.pro\/media\/2025\/10\/logo.svg"},"aioseo_meta_data":{"post_id":"930","title":"Isolation et ravalement de fa\u00e7ade \u00e0 Grassendorf","description":"Isolation thermique et ravalement de fa\u00e7ade \u00e0 Grassendorf par Cr\u00e9pissage de l\u2019Outre-For\u00eat : confort, performance et esth\u00e9tique durable.","keywords":null,"keyphrases":{"focus":{"keyphrase":"","score":0,"analysis":{"keyphraseInTitle":{"score":0,"maxScore":9,"error":1}}},"additional":[]},"primary_term":null,"canonical_url":null,"og_title":null,"og_description":null,"og_object_type":"default","og_image_type":"default","og_image_url":null,"og_image_width":null,"og_image_height":null,"og_image_custom_url":null,"og_image_custom_fields":null,"og_video":"","og_custom_url":null,"og_article_section":null,"og_article_tags":null,"twitter_use_og":false,"twitter_card":"default","twitter_image_type":"default","twitter_image_url":null,"twitter_image_custom_url":null,"twitter_image_custom_fields":null,"twitter_title":null,"twitter_description":null,"schema":{"blockGraphs":[],"customGraphs":[],"default":{"data":{"Article":[],"Course":[],"Dataset":[],"FAQPage":[],"Movie":[],"Person":[],"Product":[],"ProductReview":[],"Car":[],"Recipe":[],"Service":[],"SoftwareApplication":[],"WebPage":[]},"graphName":"WebPage","isEnabled":true},"graphs":[]},"schema_type":"default","schema_type_options":null,"pillar_content":false,"robots_default":true,"robots_noindex":false,"robots_noarchive":false,"robots_nosnippet":false,"robots_nofollow":false,"robots_noimageindex":false,"robots_noodp":false,"robots_notranslate":false,"robots_max_snippet":"-1","robots_max_videopreview":"-1","robots_max_imagepreview":"large","priority":null,"frequency":"default","local_seo":null,"seo_analyzer_scan_date":"2025-10-13 12:15:02","breadcrumb_settings":null,"limit_modified_date":false,"open_ai":null,"ai":{"faqs":[],"keyPoints":[],"titles":[],"descriptions":[],"socialPosts":{"email":[],"linkedin":[],"twitter":[],"facebook":[],"instagram":[]}},"created":"2025-10-13 11:18:06","updated":"2025-11-26 22:11:59"},"aioseo_breadcrumb":"<div class=\"aioseo-breadcrumbs\"><span class=\"aioseo-breadcrumb\">\n\t<a href=\"https:\/\/www.crepissage-outre-foret.pro\" title=\"Cr\u00e9pissage de l&#039;outre for\u00eat\">Cr\u00e9pissage de l'outre for\u00eat<\/a>\n<\/span><span class=\"aioseo-breadcrumb-separator\">\u00bb<\/span><span class=\"aioseo-breadcrumb\">\n\t<a href=\"https:\/\/www.crepissage-outre-foret.pro\/galerie-photos\/\" title=\"Galeries Photos\">Galeries Photos<\/a>\n<\/span><span class=\"aioseo-breadcrumb-separator\">\u00bb<\/span><span class=\"aioseo-breadcrumb\">\n\t<a href=\"https:\/\/www.crepissage-outre-foret.pro\/galerie_category\/ravalement-de-facade\/\" title=\"Ravalement de Fa\u00e7ade\">Ravalement de Fa\u00e7ade<\/a>\n<\/span><span class=\"aioseo-breadcrumb-separator\">\u00bb<\/span><span class=\"aioseo-breadcrumb\">\n\tChantier \u00e0 Grassendorf \u2013 Isolation et ravalement de fa\u00e7ade\n<\/span><\/div>","aioseo_breadcrumb_json":[{"label":"Cr\u00e9pissage de l'outre for\u00eat","link":"https:\/\/www.crepissage-outre-foret.pro"},{"label":"Galeries Photos","link":"https:\/\/www.crepissage-outre-foret.pro\/galerie-photos\/"},{"label":"Ravalement de Fa\u00e7ade","link":"https:\/\/www.crepissage-outre-foret.pro\/galerie_category\/ravalement-de-facade\/"},{"label":"Chantier \u00e0 Grassendorf &#8211; Isolation et ravalement de fa\u00e7ade","link":"https:\/\/www.crepissage-outre-foret.pro\/galerie-photos\/chantier-a-grassendorf-isolation-et-ravalement-de-facade\/"}],"_links":{"self":[{"href":"https:\/\/www.crepissage-outre-foret.pro\/api-json\/wp\/v2\/galerie-photos\/930","targetHints":{"allow":["GET"]}}],"collection":[{"href":"https:\/\/www.crepissage-outre-foret.pro\/api-json\/wp\/v2\/galerie-photos"}],"about":[{"href":"https:\/\/www.crepissage-outre-foret.pro\/api-json\/wp\/v2\/types\/galerie-photos"}],"version-history":[{"count":0,"href":"https:\/\/www.crepissage-outre-foret.pro\/api-json\/wp\/v2\/galerie-photos\/930\/revisions"}],"wp:featuredmedia":[{"embeddable":true,"href":"https:\/\/www.crepissage-outre-foret.pro\/api-json\/wp\/v2\/media\/931"}],"wp:attachment":[{"href":"https:\/\/www.crepissage-outre-foret.pro\/api-json\/wp\/v2\/media?parent=930"}],"wp:term":[{"taxonomy":"galerie_category","embeddable":true,"href":"https:\/\/www.crepissage-outre-foret.pro\/api-json\/wp\/v2\/galerie_category?post=930"}],"curies":[{"name":"wp","href":"https:\/\/api.w.org\/{rel}","templated":true}]}}