{"id":891,"date":"2025-10-13T10:03:46","date_gmt":"2025-10-13T10:03:46","guid":{"rendered":"https:\/\/crepissage.vyseo-communication.eu\/?post_type=galerie-photos&#038;p=891"},"modified":"2025-10-13T10:11:19","modified_gmt":"2025-10-13T10:11:19","slug":"chantier-a-minversheim-crepissage-et-finition-de-facade","status":"publish","type":"galerie-photos","link":"https:\/\/www.crepissage-outre-foret.pro\/galerie-photos\/chantier-a-minversheim-crepissage-et-finition-de-facade\/","title":{"rendered":"Chantier \u00e0 Minversheim : cr\u00e9pissage et finition de fa\u00e7ade"},"content":{"rendered":"\t\t<div data-elementor-type=\"wp-post\" data-elementor-id=\"891\" class=\"elementor elementor-891\" data-elementor-post-type=\"galerie-photos\">\n\t\t\t\t<div class=\"elementor-element elementor-element-109c6c5 e-flex e-con-boxed e-con e-parent\" data-id=\"109c6c5\" data-element_type=\"container\" data-e-type=\"container\">\n\t\t\t\t\t<div class=\"e-con-inner\">\n\t\t\t\t<div class=\"elementor-element elementor-element-6c76463c elementor-widget elementor-widget-text-editor\" data-id=\"6c76463c\" data-element_type=\"widget\" data-e-type=\"widget\" data-widget_type=\"text-editor.default\">\n\t\t\t\t\t\t\t\t\t<h4 data-start=\"204\" data-end=\"266\"><strong data-start=\"209\" data-end=\"266\">Un projet soign\u00e9 men\u00e9 par Cr\u00e9pissage de l\u2019Outre-For\u00eat<\/strong><\/h4><p data-start=\"268\" data-end=\"580\">Sur ce <strong data-start=\"275\" data-end=\"301\">chantier \u00e0 Minversheim<\/strong>, notre \u00e9quipe a r\u00e9alis\u00e9 un <strong data-start=\"329\" data-end=\"375\">cr\u00e9pissage complet des fa\u00e7ades ext\u00e9rieures<\/strong> afin d\u2019assurer \u00e0 la fois <strong data-start=\"401\" data-end=\"441\">protection, esth\u00e9tique et durabilit\u00e9<\/strong>.<br data-start=\"442\" data-end=\"445\" \/>Notre mission : redonner tout son cachet \u00e0 une habitation tout en garantissant une excellente r\u00e9sistance aux intemp\u00e9ries et au temps.<\/p><h3 data-start=\"587\" data-end=\"619\"><strong data-start=\"594\" data-end=\"619\">Objectifs du chantier<\/strong><\/h3><p data-start=\"621\" data-end=\"865\">L\u2019objectif principal \u00e9tait de <strong data-start=\"651\" data-end=\"683\">prot\u00e9ger les murs ext\u00e9rieurs<\/strong> tout en <strong data-start=\"692\" data-end=\"719\">modernisant l\u2019apparence<\/strong> du b\u00e2timent. Pour cela, nous avons choisi des mat\u00e9riaux de qualit\u00e9 professionnelle adapt\u00e9s au climat du Bas-Rhin et \u00e0 la typologie du b\u00e2ti local.<\/p><h3 data-start=\"872\" data-end=\"919\"><strong data-start=\"879\" data-end=\"919\">Les principales \u00e9tapes du cr\u00e9pissage<\/strong><\/h3><ol data-start=\"921\" data-end=\"1500\"><li data-start=\"921\" data-end=\"1108\"><p data-start=\"924\" data-end=\"1108\"><strong data-start=\"924\" data-end=\"950\">Pr\u00e9paration du support<\/strong><br data-start=\"950\" data-end=\"953\" \/>Nous avons proc\u00e9d\u00e9 \u00e0 un <strong data-start=\"980\" data-end=\"1007\">nettoyage en profondeur<\/strong> des fa\u00e7ades et au rebouchage des microfissures pour assurer une adh\u00e9rence parfaite du nouvel enduit.<\/p><\/li><li data-start=\"1110\" data-end=\"1259\"><p data-start=\"1113\" data-end=\"1259\"><strong data-start=\"1113\" data-end=\"1143\">Application du sous-enduit<\/strong><br data-start=\"1143\" data-end=\"1146\" \/>Un <strong data-start=\"1152\" data-end=\"1172\">sous-enduit arm\u00e9<\/strong> a \u00e9t\u00e9 mis en \u0153uvre pour renforcer la structure et \u00e9viter les fissures dans le temps.<\/p><\/li><li data-start=\"1261\" data-end=\"1500\"><p data-start=\"1264\" data-end=\"1500\"><strong data-start=\"1264\" data-end=\"1285\">Finition du cr\u00e9pi<\/strong><br data-start=\"1285\" data-end=\"1288\" \/>Pour un rendu homog\u00e8ne et esth\u00e9tique, un <strong data-start=\"1332\" data-end=\"1362\">enduit de finition projet\u00e9<\/strong> a \u00e9t\u00e9 appliqu\u00e9. Sa texture et sa couleur ont \u00e9t\u00e9 choisies en accord avec le style architectural de la maison et les souhaits du client.<\/p><\/li><\/ol><h3 data-start=\"1507\" data-end=\"1551\"><strong data-start=\"1514\" data-end=\"1551\">Un r\u00e9sultat durable et harmonieux<\/strong><\/h3><p data-start=\"1553\" data-end=\"1766\">Le <strong data-start=\"1556\" data-end=\"1584\">cr\u00e9pissage \u00e0 Minversheim<\/strong> offre d\u00e9sormais une <strong data-start=\"1605\" data-end=\"1644\">fa\u00e7ade fra\u00eeche, prot\u00e9g\u00e9e et moderne<\/strong>.<br data-start=\"1645\" data-end=\"1648\" \/>Ce chantier illustre parfaitement notre engagement : <strong data-start=\"1701\" data-end=\"1766\">allier technicit\u00e9, esth\u00e9tique et respect du patrimoine local.<\/strong><\/p>\t\t\t\t\t\t\t\t<\/div>\n\t\t\t\t<div class=\"elementor-element elementor-element-50946225 elementor-widget elementor-widget-ucaddon_uc_compact_image_theme\" data-id=\"50946225\" data-element_type=\"widget\" data-e-type=\"widget\" data-widget_type=\"ucaddon_uc_compact_image_theme.default\">\n\t\t\t\t<div class=\"elementor-widget-container\">\n\t\t\t\t\t\n<!-- start Compact Gallery -->\n\t\t<link id='font-awesome-css' href='https:\/\/www.crepissage-outre-foret.pro\/modules\/module602\/assets_libraries\/font-awesome6\/fontawesome-all.min.css' type='text\/css' rel='stylesheet' >\n\t\t<link id='font-awesome-4-shim-css' href='https:\/\/www.crepissage-outre-foret.pro\/modules\/module602\/assets_libraries\/font-awesome6\/fontawesome-v4-shims.min.css' type='text\/css' rel='stylesheet' >\n\t\t<link id='unitegallery-css' href='https:\/\/www.crepissage-outre-foret.pro\/modules\/module602\/assets_libraries\/unitegallery\/css\/unite-gallery.css' type='text\/css' rel='stylesheet' >\n\t\t<link id='fancybox-css' href='https:\/\/www.crepissage-outre-foret.pro\/modules\/module602\/assets_libraries\/fancybox3\/jquery.fancybox.min.css' type='text\/css' rel='stylesheet' >\n\n<style>\/* widget: Compact Gallery *\/\n\n#uc_uc_compact_image_theme_elementor_50946225-wrapper{\n  min-height: 1px;\n}\n\n#uc_uc_compact_image_theme_elementor_50946225{\n  margin:0 auto;\n  display: none;\n}\n\/* fancybox *\/\n\/* endfancybox *\/\n\n<\/style>\n\n<div id=\"uc_uc_compact_image_theme_elementor_50946225-wrapper\">\n  <div id=\"uc_uc_compact_image_theme_elementor_50946225\" class=\"uc-items-wrapper  \"  data-remote-type=\"gallery\" data-custom-sethtml=\"true\" >\n    \n<img decoding=\"async\" alt=\"crepissage-minversheim\"\n   src=\"https:\/\/www.crepissage-outre-foret.pro\/media\/2025\/10\/crepissage-minversheim-768x960.jpg\"\n    data-image=\"https:\/\/www.crepissage-outre-foret.pro\/media\/2025\/10\/crepissage-minversheim.jpg\"\n    data-title=\"crepissage-minversheim\">\n\n<img decoding=\"async\" alt=\"crepissage-outre-foret-minversheim\"\n   src=\"https:\/\/www.crepissage-outre-foret.pro\/media\/2025\/10\/crepissage-outre-foret-minversheim-1-768x960.jpg\"\n    data-image=\"https:\/\/www.crepissage-outre-foret.pro\/media\/2025\/10\/crepissage-outre-foret-minversheim-1.jpg\"\n    data-title=\"crepissage-outre-foret-minversheim\">\n\n<img decoding=\"async\" alt=\"isolation-facade-minversheim\"\n   src=\"https:\/\/www.crepissage-outre-foret.pro\/media\/2025\/10\/isolation-facade-minversheim-768x960.jpg\"\n    data-image=\"https:\/\/www.crepissage-outre-foret.pro\/media\/2025\/10\/isolation-facade-minversheim.jpg\"\n    data-title=\"isolation-facade-minversheim\">\n\n<img decoding=\"async\" alt=\"isolation-thermique-exterieure-minversheim\"\n   src=\"https:\/\/www.crepissage-outre-foret.pro\/media\/2025\/10\/isolation-thermique-exterieure-minversheim-1-768x960.jpg\"\n    data-image=\"https:\/\/www.crepissage-outre-foret.pro\/media\/2025\/10\/isolation-thermique-exterieure-minversheim-1.jpg\"\n    data-title=\"isolation-thermique-exterieure-minversheim\">\n\n<img decoding=\"async\" alt=\"ITE-minversheim\"\n   src=\"https:\/\/www.crepissage-outre-foret.pro\/media\/2025\/10\/ITE-minversheim-768x960.jpg\"\n    data-image=\"https:\/\/www.crepissage-outre-foret.pro\/media\/2025\/10\/ITE-minversheim.jpg\"\n    data-title=\"ITE-minversheim\">\n\n<img decoding=\"async\" alt=\"pose-de-crepis-minversheim\"\n   src=\"https:\/\/www.crepissage-outre-foret.pro\/media\/2025\/10\/pose-de-crepis-minversheim-768x960.jpg\"\n    data-image=\"https:\/\/www.crepissage-outre-foret.pro\/media\/2025\/10\/pose-de-crepis-minversheim.jpg\"\n    data-title=\"pose-de-crepis-minversheim\">\n\n<img decoding=\"async\" alt=\"renovation-facade-minversheim\"\n   src=\"https:\/\/www.crepissage-outre-foret.pro\/media\/2025\/10\/renovation-facade-minversheim-768x960.jpg\"\n    data-image=\"https:\/\/www.crepissage-outre-foret.pro\/media\/2025\/10\/renovation-facade-minversheim.jpg\"\n    data-title=\"renovation-facade-minversheim\">\n\n<img decoding=\"async\" alt=\"renovation-maison-exterieure-minversheim\"\n   src=\"https:\/\/www.crepissage-outre-foret.pro\/media\/2025\/10\/renovation-maison-exterieure-minversheim-768x960.jpg\"\n    data-image=\"https:\/\/www.crepissage-outre-foret.pro\/media\/2025\/10\/renovation-maison-exterieure-minversheim.jpg\"\n    data-title=\"renovation-maison-exterieure-minversheim\">\n\n<img decoding=\"async\" alt=\"renovation-maison-minversheim\"\n   src=\"https:\/\/www.crepissage-outre-foret.pro\/media\/2025\/10\/renovation-maison-minversheim-768x959.jpg\"\n    data-image=\"https:\/\/www.crepissage-outre-foret.pro\/media\/2025\/10\/renovation-maison-minversheim.jpg\"\n    data-title=\"renovation-maison-minversheim\">\n\n<img decoding=\"async\" alt=\"artisan-facadier-minversheim\"\n   src=\"https:\/\/www.crepissage-outre-foret.pro\/media\/2025\/10\/artisan-facadier-minversheim-1-768x960.jpg\"\n    data-image=\"https:\/\/www.crepissage-outre-foret.pro\/media\/2025\/10\/artisan-facadier-minversheim-1.jpg\"\n    data-title=\"artisan-facadier-minversheim\">\n\n  <\/div>\n<\/div>\n<!-- end Compact Gallery -->\t\t\t\t<\/div>\n\t\t\t\t<\/div>\n\t\t\t\t<div class=\"elementor-element elementor-element-61baae9d elementor-widget elementor-widget-heading\" data-id=\"61baae9d\" data-element_type=\"widget\" data-e-type=\"widget\" data-widget_type=\"heading.default\">\n\t\t\t\t\t<h2 class=\"elementor-heading-title elementor-size-default\">Zone d\u2019intervention<\/h2>\t\t\t\t<\/div>\n\t\t\t\t<div class=\"elementor-element elementor-element-7d4213c1 elementor-widget elementor-widget-text-editor\" data-id=\"7d4213c1\" data-element_type=\"widget\" data-e-type=\"widget\" data-widget_type=\"text-editor.default\">\n\t\t\t\t\t\t\t\t\t<p>Cr\u00e9pissage de L\u2019Outre For\u00eat intervient dans tout le secteur <strong data-start=\"3645\" data-end=\"3678\">Outre-For\u00eat et Alsace du Nord<\/strong> :<br data-start=\"3680\" data-end=\"3683\" \/><strong data-start=\"3683\" data-end=\"3783\">Betschdorf, Wissembourg, Haguenau, Lauterbourg, Soultz-sous-For\u00eats, Seltz, Niederbronn-les-Bains<\/strong>, et les environs.<\/p><p>Nous r\u00e9alisons vos projets de ravalement, isolation et cr\u00e9pissage avec le m\u00eame niveau d\u2019exigence et de qualit\u00e9.<\/p><p>Vous souhaitez r\u00e9nover ou prot\u00e9ger vos fa\u00e7ades ?<br data-start=\"2530\" data-end=\"2533\" \/>Confiez votre projet \u00e0 une \u00e9quipe exp\u00e9riment\u00e9e et locale, sp\u00e9cialis\u00e9e dans le <strong data-start=\"2611\" data-end=\"2676\">cr\u00e9pissage, la peinture ext\u00e9rieure et le ravalement de fa\u00e7ade<\/strong>.<\/p>\t\t\t\t\t\t\t\t<\/div>\n\t\t\t\t\t<\/div>\n\t\t\t\t<\/div>\n\t\t\t\t<\/div>\n\t\t","protected":false},"excerpt":{"rendered":"<p>Cr\u00e9pissage complet \u00e0 Minversheim avec Cr\u00e9pissage de l\u2019Outre-For\u00eat : une fa\u00e7ade r\u00e9nov\u00e9e, prot\u00e9g\u00e9e et durable, r\u00e9alis\u00e9e par nos experts du ravalement en Alsace du Nord.<\/p>\n","protected":false},"featured_media":892,"menu_order":0,"template":"","format":"standard","meta":[],"galerie_category":[13],"class_list":["post-891","galerie-photos","type-galerie-photos","status-publish","format-standard","has-post-thumbnail","hentry","galerie_category-crepissage"],"aioseo_notices":[],"aioseo_head":"\n\t\t<!-- All in One SEO Pro 4.9.6.2 - aioseo.com -->\n\t<meta name=\"description\" content=\"Chantier de cr\u00e9pissage \u00e0 Minversheim r\u00e9alis\u00e9 par Cr\u00e9pissage de l\u2019Outre-For\u00eat : enduit, protection et finition durable pour un rendu soign\u00e9 et esth\u00e9tique.\" \/>\n\t<meta name=\"robots\" content=\"max-image-preview:large\" \/>\n\t<meta name=\"google-site-verification\" content=\"yV5f5RtlR-_n-vm2xJ3yDaw1yK7hUustT9T8yhp9L28\" \/>\n\t<link rel=\"canonical\" href=\"https:\/\/www.crepissage-outre-foret.pro\/galerie-photos\/chantier-a-minversheim-crepissage-et-finition-de-facade\/\" \/>\n\t<meta name=\"generator\" content=\"All in One SEO Pro (AIOSEO) 4.9.6.2\" \/>\n\t\t<meta property=\"og:locale\" content=\"fr_FR\" \/>\n\t\t<meta property=\"og:site_name\" content=\"Cr\u00e9pissage de L\u2019Outre For\u00eat - Donnez une nouvelle vie \u00e0 vos fa\u00e7ades\" \/>\n\t\t<meta property=\"og:type\" content=\"article\" \/>\n\t\t<meta property=\"og:title\" content=\"Cr\u00e9pissage \u00e0 Minversheim \u2013 R\u00e9novation de fa\u00e7ade\" \/>\n\t\t<meta property=\"og:description\" content=\"Chantier de cr\u00e9pissage \u00e0 Minversheim r\u00e9alis\u00e9 par Cr\u00e9pissage de l\u2019Outre-For\u00eat : enduit, protection et finition durable pour un rendu soign\u00e9 et esth\u00e9tique.\" \/>\n\t\t<meta property=\"og:url\" content=\"https:\/\/www.crepissage-outre-foret.pro\/galerie-photos\/chantier-a-minversheim-crepissage-et-finition-de-facade\/\" \/>\n\t\t<meta property=\"og:image\" content=\"https:\/\/www.crepissage-outre-foret.pro\/media\/2025\/10\/logo.svg\" \/>\n\t\t<meta property=\"og:image:secure_url\" content=\"https:\/\/www.crepissage-outre-foret.pro\/media\/2025\/10\/logo.svg\" \/>\n\t\t<meta property=\"article:published_time\" content=\"2025-10-13T10:03:46+00:00\" \/>\n\t\t<meta property=\"article:modified_time\" content=\"2025-10-13T10:11:19+00:00\" \/>\n\t\t<meta property=\"article:publisher\" content=\"https:\/\/www.facebook.com\/profile.php?id=100031217720552&amp;locale=fr_FR\" \/>\n\t\t<meta name=\"twitter:card\" content=\"summary_large_image\" \/>\n\t\t<meta name=\"twitter:title\" content=\"Cr\u00e9pissage \u00e0 Minversheim \u2013 R\u00e9novation de fa\u00e7ade\" \/>\n\t\t<meta name=\"twitter:description\" content=\"Chantier de cr\u00e9pissage \u00e0 Minversheim r\u00e9alis\u00e9 par Cr\u00e9pissage de l\u2019Outre-For\u00eat : enduit, protection et finition durable pour un rendu soign\u00e9 et esth\u00e9tique.\" \/>\n\t\t<meta name=\"twitter:image\" content=\"https:\/\/www.crepissage-outre-foret.pro\/media\/2025\/10\/logo.svg\" \/>\n\t\t<script type=\"application\/ld+json\" class=\"aioseo-schema\">\n\t\t\t{\"@context\":\"https:\\\/\\\/schema.org\",\"@graph\":[{\"@type\":\"BreadcrumbList\",\"@id\":\"https:\\\/\\\/www.crepissage-outre-foret.pro\\\/galerie-photos\\\/chantier-a-minversheim-crepissage-et-finition-de-facade\\\/#breadcrumblist\",\"itemListElement\":[{\"@type\":\"ListItem\",\"@id\":\"https:\\\/\\\/www.crepissage-outre-foret.pro#listItem\",\"position\":1,\"name\":\"Cr\\u00e9pissage de l'outre for\\u00eat\",\"item\":\"https:\\\/\\\/www.crepissage-outre-foret.pro\",\"nextItem\":{\"@type\":\"ListItem\",\"@id\":\"https:\\\/\\\/www.crepissage-outre-foret.pro\\\/galerie-photos\\\/#listItem\",\"name\":\"Galeries Photos\"}},{\"@type\":\"ListItem\",\"@id\":\"https:\\\/\\\/www.crepissage-outre-foret.pro\\\/galerie-photos\\\/#listItem\",\"position\":2,\"name\":\"Galeries Photos\",\"item\":\"https:\\\/\\\/www.crepissage-outre-foret.pro\\\/galerie-photos\\\/\",\"nextItem\":{\"@type\":\"ListItem\",\"@id\":\"https:\\\/\\\/www.crepissage-outre-foret.pro\\\/galerie_category\\\/crepissage\\\/#listItem\",\"name\":\"Cr\\u00e9pissage\"},\"previousItem\":{\"@type\":\"ListItem\",\"@id\":\"https:\\\/\\\/www.crepissage-outre-foret.pro#listItem\",\"name\":\"Cr\\u00e9pissage de l'outre for\\u00eat\"}},{\"@type\":\"ListItem\",\"@id\":\"https:\\\/\\\/www.crepissage-outre-foret.pro\\\/galerie_category\\\/crepissage\\\/#listItem\",\"position\":3,\"name\":\"Cr\\u00e9pissage\",\"item\":\"https:\\\/\\\/www.crepissage-outre-foret.pro\\\/galerie_category\\\/crepissage\\\/\",\"nextItem\":{\"@type\":\"ListItem\",\"@id\":\"https:\\\/\\\/www.crepissage-outre-foret.pro\\\/galerie-photos\\\/chantier-a-minversheim-crepissage-et-finition-de-facade\\\/#listItem\",\"name\":\"Chantier \\u00e0 Minversheim : cr\\u00e9pissage et finition de fa\\u00e7ade\"},\"previousItem\":{\"@type\":\"ListItem\",\"@id\":\"https:\\\/\\\/www.crepissage-outre-foret.pro\\\/galerie-photos\\\/#listItem\",\"name\":\"Galeries Photos\"}},{\"@type\":\"ListItem\",\"@id\":\"https:\\\/\\\/www.crepissage-outre-foret.pro\\\/galerie-photos\\\/chantier-a-minversheim-crepissage-et-finition-de-facade\\\/#listItem\",\"position\":4,\"name\":\"Chantier \\u00e0 Minversheim : cr\\u00e9pissage et finition de fa\\u00e7ade\",\"previousItem\":{\"@type\":\"ListItem\",\"@id\":\"https:\\\/\\\/www.crepissage-outre-foret.pro\\\/galerie_category\\\/crepissage\\\/#listItem\",\"name\":\"Cr\\u00e9pissage\"}}]},{\"@type\":\"Organization\",\"@id\":\"https:\\\/\\\/www.crepissage-outre-foret.pro\\\/#organization\",\"name\":\"Cr\\u00e9pissage de L\\u2019Outre For\\u00eat\",\"description\":\"Donnez une nouvelle vie \\u00e0 vos fa\\u00e7ades\",\"url\":\"https:\\\/\\\/www.crepissage-outre-foret.pro\\\/\",\"email\":\"contact@crepisoutreforet.fr\",\"telephone\":\"+33388548345\",\"logo\":{\"@type\":\"ImageObject\",\"url\":\"https:\\\/\\\/www.crepissage-outre-foret.pro\\\/wp-content\\\/uploads\\\/2025\\\/10\\\/logo.svg\",\"@id\":\"https:\\\/\\\/www.crepissage-outre-foret.pro\\\/galerie-photos\\\/chantier-a-minversheim-crepissage-et-finition-de-facade\\\/#organizationLogo\"},\"image\":{\"@id\":\"https:\\\/\\\/www.crepissage-outre-foret.pro\\\/galerie-photos\\\/chantier-a-minversheim-crepissage-et-finition-de-facade\\\/#organizationLogo\"},\"sameAs\":[\"https:\\\/\\\/www.facebook.com\\\/profile.php?id=100031217720552&locale=fr_FR\",\"https:\\\/\\\/instagram.com\\\/crepissagedeloutreforet\"],\"address\":{\"@id\":\"https:\\\/\\\/www.crepissage-outre-foret.pro\\\/#postaladdress\",\"@type\":\"PostalAddress\",\"streetAddress\":\"14 Rue Alfred Kastler,\",\"postalCode\":\"67160\",\"addressLocality\":\"Wissembourg\",\"addressCountry\":\"FR\"},\"taxID\":\"FR49502522642\"},{\"@type\":\"WebPage\",\"@id\":\"https:\\\/\\\/www.crepissage-outre-foret.pro\\\/galerie-photos\\\/chantier-a-minversheim-crepissage-et-finition-de-facade\\\/#webpage\",\"url\":\"https:\\\/\\\/www.crepissage-outre-foret.pro\\\/galerie-photos\\\/chantier-a-minversheim-crepissage-et-finition-de-facade\\\/\",\"name\":\"Cr\\u00e9pissage \\u00e0 Minversheim \\u2013 R\\u00e9novation de fa\\u00e7ade\",\"description\":\"Chantier de cr\\u00e9pissage \\u00e0 Minversheim r\\u00e9alis\\u00e9 par Cr\\u00e9pissage de l\\u2019Outre-For\\u00eat : enduit, protection et finition durable pour un rendu soign\\u00e9 et esth\\u00e9tique.\",\"inLanguage\":\"fr-FR\",\"isPartOf\":{\"@id\":\"https:\\\/\\\/www.crepissage-outre-foret.pro\\\/#website\"},\"breadcrumb\":{\"@id\":\"https:\\\/\\\/www.crepissage-outre-foret.pro\\\/galerie-photos\\\/chantier-a-minversheim-crepissage-et-finition-de-facade\\\/#breadcrumblist\"},\"image\":{\"@type\":\"ImageObject\",\"url\":\"https:\\\/\\\/www.crepissage-outre-foret.pro\\\/wp-content\\\/uploads\\\/2025\\\/10\\\/artisan-facadier-minversheim-1.jpg\",\"@id\":\"https:\\\/\\\/www.crepissage-outre-foret.pro\\\/galerie-photos\\\/chantier-a-minversheim-crepissage-et-finition-de-facade\\\/#mainImage\",\"width\":1440,\"height\":1800},\"primaryImageOfPage\":{\"@id\":\"https:\\\/\\\/www.crepissage-outre-foret.pro\\\/galerie-photos\\\/chantier-a-minversheim-crepissage-et-finition-de-facade\\\/#mainImage\"},\"datePublished\":\"2025-10-13T10:03:46+00:00\",\"dateModified\":\"2025-10-13T10:11:19+00:00\"},{\"@type\":\"WebSite\",\"@id\":\"https:\\\/\\\/www.crepissage-outre-foret.pro\\\/#website\",\"url\":\"https:\\\/\\\/www.crepissage-outre-foret.pro\\\/\",\"name\":\"Cr\\u00e9pissage de L\\u2019Outre For\\u00eat\",\"description\":\"Donnez une nouvelle vie \\u00e0 vos fa\\u00e7ades\",\"inLanguage\":\"fr-FR\",\"publisher\":{\"@id\":\"https:\\\/\\\/www.crepissage-outre-foret.pro\\\/#organization\"}}]}\n\t\t<\/script>\n\t\t<!-- All in One SEO Pro -->\r\n\t\t<title>Cr\u00e9pissage \u00e0 Minversheim \u2013 R\u00e9novation de fa\u00e7ade<\/title>\n\n","aioseo_head_json":{"title":"Cr\u00e9pissage \u00e0 Minversheim \u2013 R\u00e9novation de fa\u00e7ade","description":"Chantier de cr\u00e9pissage \u00e0 Minversheim r\u00e9alis\u00e9 par Cr\u00e9pissage de l\u2019Outre-For\u00eat : enduit, protection et finition durable pour un rendu soign\u00e9 et esth\u00e9tique.","canonical_url":"https:\/\/www.crepissage-outre-foret.pro\/galerie-photos\/chantier-a-minversheim-crepissage-et-finition-de-facade\/","robots":"max-image-preview:large","keywords":"","webmasterTools":{"google-site-verification":"yV5f5RtlR-_n-vm2xJ3yDaw1yK7hUustT9T8yhp9L28","miscellaneous":""},"schema":{"@context":"https:\/\/schema.org","@graph":[{"@type":"BreadcrumbList","@id":"https:\/\/www.crepissage-outre-foret.pro\/galerie-photos\/chantier-a-minversheim-crepissage-et-finition-de-facade\/#breadcrumblist","itemListElement":[{"@type":"ListItem","@id":"https:\/\/www.crepissage-outre-foret.pro#listItem","position":1,"name":"Cr\u00e9pissage de l'outre for\u00eat","item":"https:\/\/www.crepissage-outre-foret.pro","nextItem":{"@type":"ListItem","@id":"https:\/\/www.crepissage-outre-foret.pro\/galerie-photos\/#listItem","name":"Galeries Photos"}},{"@type":"ListItem","@id":"https:\/\/www.crepissage-outre-foret.pro\/galerie-photos\/#listItem","position":2,"name":"Galeries Photos","item":"https:\/\/www.crepissage-outre-foret.pro\/galerie-photos\/","nextItem":{"@type":"ListItem","@id":"https:\/\/www.crepissage-outre-foret.pro\/galerie_category\/crepissage\/#listItem","name":"Cr\u00e9pissage"},"previousItem":{"@type":"ListItem","@id":"https:\/\/www.crepissage-outre-foret.pro#listItem","name":"Cr\u00e9pissage de l'outre for\u00eat"}},{"@type":"ListItem","@id":"https:\/\/www.crepissage-outre-foret.pro\/galerie_category\/crepissage\/#listItem","position":3,"name":"Cr\u00e9pissage","item":"https:\/\/www.crepissage-outre-foret.pro\/galerie_category\/crepissage\/","nextItem":{"@type":"ListItem","@id":"https:\/\/www.crepissage-outre-foret.pro\/galerie-photos\/chantier-a-minversheim-crepissage-et-finition-de-facade\/#listItem","name":"Chantier \u00e0 Minversheim : cr\u00e9pissage et finition de fa\u00e7ade"},"previousItem":{"@type":"ListItem","@id":"https:\/\/www.crepissage-outre-foret.pro\/galerie-photos\/#listItem","name":"Galeries Photos"}},{"@type":"ListItem","@id":"https:\/\/www.crepissage-outre-foret.pro\/galerie-photos\/chantier-a-minversheim-crepissage-et-finition-de-facade\/#listItem","position":4,"name":"Chantier \u00e0 Minversheim : cr\u00e9pissage et finition de fa\u00e7ade","previousItem":{"@type":"ListItem","@id":"https:\/\/www.crepissage-outre-foret.pro\/galerie_category\/crepissage\/#listItem","name":"Cr\u00e9pissage"}}]},{"@type":"Organization","@id":"https:\/\/www.crepissage-outre-foret.pro\/#organization","name":"Cr\u00e9pissage de L\u2019Outre For\u00eat","description":"Donnez une nouvelle vie \u00e0 vos fa\u00e7ades","url":"https:\/\/www.crepissage-outre-foret.pro\/","email":"contact@crepisoutreforet.fr","telephone":"+33388548345","logo":{"@type":"ImageObject","url":"https:\/\/www.crepissage-outre-foret.pro\/media\/2025\/10\/logo.svg","@id":"https:\/\/www.crepissage-outre-foret.pro\/galerie-photos\/chantier-a-minversheim-crepissage-et-finition-de-facade\/#organizationLogo"},"image":{"@id":"https:\/\/www.crepissage-outre-foret.pro\/galerie-photos\/chantier-a-minversheim-crepissage-et-finition-de-facade\/#organizationLogo"},"sameAs":["https:\/\/www.facebook.com\/profile.php?id=100031217720552&locale=fr_FR","https:\/\/instagram.com\/crepissagedeloutreforet"],"address":{"@id":"https:\/\/www.crepissage-outre-foret.pro\/#postaladdress","@type":"PostalAddress","streetAddress":"14 Rue Alfred Kastler,","postalCode":"67160","addressLocality":"Wissembourg","addressCountry":"FR"},"taxID":"FR49502522642"},{"@type":"WebPage","@id":"https:\/\/www.crepissage-outre-foret.pro\/galerie-photos\/chantier-a-minversheim-crepissage-et-finition-de-facade\/#webpage","url":"https:\/\/www.crepissage-outre-foret.pro\/galerie-photos\/chantier-a-minversheim-crepissage-et-finition-de-facade\/","name":"Cr\u00e9pissage \u00e0 Minversheim \u2013 R\u00e9novation de fa\u00e7ade","description":"Chantier de cr\u00e9pissage \u00e0 Minversheim r\u00e9alis\u00e9 par Cr\u00e9pissage de l\u2019Outre-For\u00eat : enduit, protection et finition durable pour un rendu soign\u00e9 et esth\u00e9tique.","inLanguage":"fr-FR","isPartOf":{"@id":"https:\/\/www.crepissage-outre-foret.pro\/#website"},"breadcrumb":{"@id":"https:\/\/www.crepissage-outre-foret.pro\/galerie-photos\/chantier-a-minversheim-crepissage-et-finition-de-facade\/#breadcrumblist"},"image":{"@type":"ImageObject","url":"https:\/\/www.crepissage-outre-foret.pro\/media\/2025\/10\/artisan-facadier-minversheim-1.jpg","@id":"https:\/\/www.crepissage-outre-foret.pro\/galerie-photos\/chantier-a-minversheim-crepissage-et-finition-de-facade\/#mainImage","width":1440,"height":1800},"primaryImageOfPage":{"@id":"https:\/\/www.crepissage-outre-foret.pro\/galerie-photos\/chantier-a-minversheim-crepissage-et-finition-de-facade\/#mainImage"},"datePublished":"2025-10-13T10:03:46+00:00","dateModified":"2025-10-13T10:11:19+00:00"},{"@type":"WebSite","@id":"https:\/\/www.crepissage-outre-foret.pro\/#website","url":"https:\/\/www.crepissage-outre-foret.pro\/","name":"Cr\u00e9pissage de L\u2019Outre For\u00eat","description":"Donnez une nouvelle vie \u00e0 vos fa\u00e7ades","inLanguage":"fr-FR","publisher":{"@id":"https:\/\/www.crepissage-outre-foret.pro\/#organization"}}]},"og:locale":"fr_FR","og:site_name":"Cr\u00e9pissage de L\u2019Outre For\u00eat - Donnez une nouvelle vie \u00e0 vos fa\u00e7ades","og:type":"article","og:title":"Cr\u00e9pissage \u00e0 Minversheim \u2013 R\u00e9novation de fa\u00e7ade","og:description":"Chantier de cr\u00e9pissage \u00e0 Minversheim r\u00e9alis\u00e9 par Cr\u00e9pissage de l\u2019Outre-For\u00eat : enduit, protection et finition durable pour un rendu soign\u00e9 et esth\u00e9tique.","og:url":"https:\/\/www.crepissage-outre-foret.pro\/galerie-photos\/chantier-a-minversheim-crepissage-et-finition-de-facade\/","og:image":"https:\/\/www.crepissage-outre-foret.pro\/media\/2025\/10\/logo.svg","og:image:secure_url":"https:\/\/www.crepissage-outre-foret.pro\/media\/2025\/10\/logo.svg","article:published_time":"2025-10-13T10:03:46+00:00","article:modified_time":"2025-10-13T10:11:19+00:00","article:publisher":"https:\/\/www.facebook.com\/profile.php?id=100031217720552&locale=fr_FR","twitter:card":"summary_large_image","twitter:title":"Cr\u00e9pissage \u00e0 Minversheim \u2013 R\u00e9novation de fa\u00e7ade","twitter:description":"Chantier de cr\u00e9pissage \u00e0 Minversheim r\u00e9alis\u00e9 par Cr\u00e9pissage de l\u2019Outre-For\u00eat : enduit, protection et finition durable pour un rendu soign\u00e9 et esth\u00e9tique.","twitter:image":"https:\/\/www.crepissage-outre-foret.pro\/media\/2025\/10\/logo.svg"},"aioseo_meta_data":{"post_id":"891","title":"Cr\u00e9pissage \u00e0 Minversheim \u2013 R\u00e9novation de fa\u00e7ade","description":"Chantier de cr\u00e9pissage \u00e0 Minversheim r\u00e9alis\u00e9 par Cr\u00e9pissage de l\u2019Outre-For\u00eat : enduit, protection et finition durable pour un rendu soign\u00e9 et esth\u00e9tique.","keywords":null,"keyphrases":{"focus":{"keyphrase":"","score":0,"analysis":{"keyphraseInTitle":{"score":0,"maxScore":9,"error":1}}},"additional":[]},"primary_term":null,"canonical_url":null,"og_title":null,"og_description":null,"og_object_type":"default","og_image_type":"default","og_image_url":null,"og_image_width":null,"og_image_height":null,"og_image_custom_url":null,"og_image_custom_fields":null,"og_video":"","og_custom_url":null,"og_article_section":null,"og_article_tags":null,"twitter_use_og":false,"twitter_card":"default","twitter_image_type":"default","twitter_image_url":null,"twitter_image_custom_url":null,"twitter_image_custom_fields":null,"twitter_title":null,"twitter_description":null,"schema":{"blockGraphs":[],"customGraphs":[],"default":{"data":{"Article":[],"Course":[],"Dataset":[],"FAQPage":[],"Movie":[],"Person":[],"Product":[],"ProductReview":[],"Car":[],"Recipe":[],"Service":[],"SoftwareApplication":[],"WebPage":[]},"graphName":"WebPage","isEnabled":true},"graphs":[]},"schema_type":"default","schema_type_options":null,"pillar_content":false,"robots_default":true,"robots_noindex":false,"robots_noarchive":false,"robots_nosnippet":false,"robots_nofollow":false,"robots_noimageindex":false,"robots_noodp":false,"robots_notranslate":false,"robots_max_snippet":"-1","robots_max_videopreview":"-1","robots_max_imagepreview":"large","priority":null,"frequency":"default","local_seo":null,"seo_analyzer_scan_date":"2025-10-13 10:14:05","breadcrumb_settings":null,"limit_modified_date":false,"open_ai":null,"ai":{"faqs":[],"keyPoints":[],"titles":[],"descriptions":[],"socialPosts":{"email":[],"linkedin":[],"twitter":[],"facebook":[],"instagram":[]}},"created":"2025-10-13 09:59:47","updated":"2025-11-26 22:11:59"},"aioseo_breadcrumb":"<div class=\"aioseo-breadcrumbs\"><span class=\"aioseo-breadcrumb\">\n\t<a href=\"https:\/\/www.crepissage-outre-foret.pro\" title=\"Cr\u00e9pissage de l&#039;outre for\u00eat\">Cr\u00e9pissage de l'outre for\u00eat<\/a>\n<\/span><span class=\"aioseo-breadcrumb-separator\">\u00bb<\/span><span class=\"aioseo-breadcrumb\">\n\t<a href=\"https:\/\/www.crepissage-outre-foret.pro\/galerie-photos\/\" title=\"Galeries Photos\">Galeries Photos<\/a>\n<\/span><span class=\"aioseo-breadcrumb-separator\">\u00bb<\/span><span class=\"aioseo-breadcrumb\">\n\t<a href=\"https:\/\/www.crepissage-outre-foret.pro\/galerie_category\/crepissage\/\" title=\"Cr\u00e9pissage\">Cr\u00e9pissage<\/a>\n<\/span><span class=\"aioseo-breadcrumb-separator\">\u00bb<\/span><span class=\"aioseo-breadcrumb\">\n\tChantier \u00e0 Minversheim : cr\u00e9pissage et finition de fa\u00e7ade\n<\/span><\/div>","aioseo_breadcrumb_json":[{"label":"Cr\u00e9pissage de l'outre for\u00eat","link":"https:\/\/www.crepissage-outre-foret.pro"},{"label":"Galeries Photos","link":"https:\/\/www.crepissage-outre-foret.pro\/galerie-photos\/"},{"label":"Cr\u00e9pissage","link":"https:\/\/www.crepissage-outre-foret.pro\/galerie_category\/crepissage\/"},{"label":"Chantier \u00e0 Minversheim : cr\u00e9pissage et finition de fa\u00e7ade","link":"https:\/\/www.crepissage-outre-foret.pro\/galerie-photos\/chantier-a-minversheim-crepissage-et-finition-de-facade\/"}],"_links":{"self":[{"href":"https:\/\/www.crepissage-outre-foret.pro\/api-json\/wp\/v2\/galerie-photos\/891","targetHints":{"allow":["GET"]}}],"collection":[{"href":"https:\/\/www.crepissage-outre-foret.pro\/api-json\/wp\/v2\/galerie-photos"}],"about":[{"href":"https:\/\/www.crepissage-outre-foret.pro\/api-json\/wp\/v2\/types\/galerie-photos"}],"version-history":[{"count":0,"href":"https:\/\/www.crepissage-outre-foret.pro\/api-json\/wp\/v2\/galerie-photos\/891\/revisions"}],"wp:featuredmedia":[{"embeddable":true,"href":"https:\/\/www.crepissage-outre-foret.pro\/api-json\/wp\/v2\/media\/892"}],"wp:attachment":[{"href":"https:\/\/www.crepissage-outre-foret.pro\/api-json\/wp\/v2\/media?parent=891"}],"wp:term":[{"taxonomy":"galerie_category","embeddable":true,"href":"https:\/\/www.crepissage-outre-foret.pro\/api-json\/wp\/v2\/galerie_category?post=891"}],"curies":[{"name":"wp","href":"https:\/\/api.w.org\/{rel}","templated":true}]}}