{"id":869,"date":"2025-10-13T09:28:17","date_gmt":"2025-10-13T09:28:17","guid":{"rendered":"https:\/\/crepissage.vyseo-communication.eu\/?post_type=galerie-photos&#038;p=869"},"modified":"2025-10-13T09:50:56","modified_gmt":"2025-10-13T09:50:56","slug":"chantier-a-schleithal-ravalement-de-facade-et-peinture-exterieure","status":"publish","type":"galerie-photos","link":"https:\/\/www.crepissage-outre-foret.pro\/galerie-photos\/chantier-a-schleithal-ravalement-de-facade-et-peinture-exterieure\/","title":{"rendered":"Chantier \u00e0 Schleithal : ravalement de fa\u00e7ade et peinture ext\u00e9rieure"},"content":{"rendered":"\t\t<div data-elementor-type=\"wp-post\" data-elementor-id=\"869\" class=\"elementor elementor-869\" data-elementor-post-type=\"galerie-photos\">\n\t\t\t\t<div class=\"elementor-element elementor-element-3152e97b e-flex e-con-boxed e-con e-parent\" data-id=\"3152e97b\" data-element_type=\"container\" data-e-type=\"container\">\n\t\t\t\t\t<div class=\"e-con-inner\">\n\t\t\t\t<div class=\"elementor-element elementor-element-128c9cb6 elementor-widget elementor-widget-text-editor\" data-id=\"128c9cb6\" data-element_type=\"widget\" data-e-type=\"widget\" data-widget_type=\"text-editor.default\">\n\t\t\t\t\t\t\t\t\t<h4 data-start=\"209\" data-end=\"276\"><strong data-start=\"214\" data-end=\"276\">Une r\u00e9novation compl\u00e8te sign\u00e9e Cr\u00e9pissage de l\u2019Outre-For\u00eat<\/strong><\/h4><p data-start=\"278\" data-end=\"628\">Sur ce <strong data-start=\"285\" data-end=\"310\">chantier \u00e0 Schleithal<\/strong>, notre \u00e9quipe <strong data-start=\"325\" data-end=\"356\">Cr\u00e9pissage de l\u2019Outre-For\u00eat<\/strong> a pris en charge la <strong data-start=\"377\" data-end=\"423\">r\u00e9novation ext\u00e9rieure compl\u00e8te du b\u00e2timent<\/strong>, alliant <strong data-start=\"433\" data-end=\"457\">ravalement de fa\u00e7ade<\/strong> et <strong data-start=\"461\" data-end=\"485\">peinture de finition<\/strong>.<br data-start=\"486\" data-end=\"489\" \/>L\u2019objectif : <strong data-start=\"502\" data-end=\"545\">redonner \u00e9clat, protection et modernit\u00e9<\/strong> \u00e0 une maison traditionnelle tout en respectant le charme architectural du village.<\/p><h3 data-start=\"635\" data-end=\"679\"><strong data-start=\"642\" data-end=\"679\">\u00c9tapes de r\u00e9alisation du chantier<\/strong><\/h3><ol data-start=\"681\" data-end=\"1418\"><li data-start=\"681\" data-end=\"886\"><p data-start=\"684\" data-end=\"886\"><strong data-start=\"684\" data-end=\"721\">Pr\u00e9paration minutieuse du support<\/strong><br data-start=\"721\" data-end=\"724\" \/>Avant toute application, les fa\u00e7ades ont \u00e9t\u00e9 soigneusement nettoy\u00e9es et d\u00e9contamin\u00e9es pour \u00e9liminer les traces d\u2019humidit\u00e9 et les anciennes peintures \u00e9caill\u00e9es.<\/p><\/li><li data-start=\"888\" data-end=\"1085\"><p data-start=\"891\" data-end=\"1085\"><strong data-start=\"891\" data-end=\"915\">Ravalement de fa\u00e7ade<\/strong><br data-start=\"915\" data-end=\"918\" \/>Un <strong data-start=\"924\" data-end=\"977\">enduit de r\u00e9novation adapt\u00e9 aux fa\u00e7ades anciennes<\/strong> a \u00e9t\u00e9 appliqu\u00e9 afin d\u2019assurer une <strong data-start=\"1012\" data-end=\"1084\">meilleure isolation et une protection durable contre les intemp\u00e9ries<\/strong>.<\/p><\/li><li data-start=\"1087\" data-end=\"1418\"><p data-start=\"1090\" data-end=\"1418\"><strong data-start=\"1090\" data-end=\"1125\">Peinture ext\u00e9rieure de finition<\/strong><br data-start=\"1125\" data-end=\"1128\" \/>Nous avons utilis\u00e9 une <strong data-start=\"1154\" data-end=\"1195\">peinture professionnelle microporeuse<\/strong> permettant aux murs de respirer tout en offrant une r\u00e9sistance maximale aux UV et aux salissures.<br data-start=\"1293\" data-end=\"1296\" \/>La teinte choisie s\u2019int\u00e8gre parfaitement dans le cadre typique du Nord de l\u2019Alsace, soulignant les volumes du b\u00e2timent.<\/p><\/li><\/ol>\t\t\t\t\t\t\t\t<\/div>\n\t\t\t\t<div class=\"elementor-element elementor-element-7a83f829 elementor-widget elementor-widget-ucaddon_uc_compact_image_theme\" data-id=\"7a83f829\" data-element_type=\"widget\" data-e-type=\"widget\" data-widget_type=\"ucaddon_uc_compact_image_theme.default\">\n\t\t\t\t<div class=\"elementor-widget-container\">\n\t\t\t\t\t\n<!-- start Compact Gallery -->\n\t\t<link id='font-awesome-css' href='https:\/\/www.crepissage-outre-foret.pro\/modules\/module602\/assets_libraries\/font-awesome6\/fontawesome-all.min.css' type='text\/css' rel='stylesheet' >\n\t\t<link id='font-awesome-4-shim-css' href='https:\/\/www.crepissage-outre-foret.pro\/modules\/module602\/assets_libraries\/font-awesome6\/fontawesome-v4-shims.min.css' type='text\/css' rel='stylesheet' >\n\t\t<link id='unitegallery-css' href='https:\/\/www.crepissage-outre-foret.pro\/modules\/module602\/assets_libraries\/unitegallery\/css\/unite-gallery.css' type='text\/css' rel='stylesheet' >\n\t\t<link id='fancybox-css' href='https:\/\/www.crepissage-outre-foret.pro\/modules\/module602\/assets_libraries\/fancybox3\/jquery.fancybox.min.css' type='text\/css' rel='stylesheet' >\n\n<style>\/* widget: Compact Gallery *\/\n\n#uc_uc_compact_image_theme_elementor_7a83f829-wrapper{\n  min-height: 1px;\n}\n\n#uc_uc_compact_image_theme_elementor_7a83f829{\n  margin:0 auto;\n  display: none;\n}\n\/* fancybox *\/\n\/* endfancybox *\/\n\n<\/style>\n\n<div id=\"uc_uc_compact_image_theme_elementor_7a83f829-wrapper\">\n  <div id=\"uc_uc_compact_image_theme_elementor_7a83f829\" class=\"uc-items-wrapper  \"  data-remote-type=\"gallery\" data-custom-sethtml=\"true\" >\n    \n<img decoding=\"async\" alt=\"artisan-facadier-schleithal\"\n   src=\"https:\/\/www.crepissage-outre-foret.pro\/media\/2025\/10\/artisan-facadier-schleithal-768x960.jpg\"\n    data-image=\"https:\/\/www.crepissage-outre-foret.pro\/media\/2025\/10\/artisan-facadier-schleithal.jpg\"\n    data-title=\"artisan-facadier-schleithal\">\n\n<img decoding=\"async\" alt=\"crepissage-exterieur-schleithal\"\n   src=\"https:\/\/www.crepissage-outre-foret.pro\/media\/2025\/10\/crepissage-exterieur-schleithal-1-768x960.jpg\"\n    data-image=\"https:\/\/www.crepissage-outre-foret.pro\/media\/2025\/10\/crepissage-exterieur-schleithal-1.jpg\"\n    data-title=\"crepissage-exterieur-schleithal\">\n\n<img decoding=\"async\" alt=\"crepissage-maison-schleithal\"\n   src=\"https:\/\/www.crepissage-outre-foret.pro\/media\/2025\/10\/crepissage-maison-schleithal-1-768x960.jpg\"\n    data-image=\"https:\/\/www.crepissage-outre-foret.pro\/media\/2025\/10\/crepissage-maison-schleithal-1.jpg\"\n    data-title=\"crepissage-maison-schleithal\">\n\n<img decoding=\"async\" alt=\"crepissage-schleithal\"\n   src=\"https:\/\/www.crepissage-outre-foret.pro\/media\/2025\/10\/crepissage-schleithal-768x960.jpg\"\n    data-image=\"https:\/\/www.crepissage-outre-foret.pro\/media\/2025\/10\/crepissage-schleithal.jpg\"\n    data-title=\"crepissage-schleithal\">\n\n<img decoding=\"async\" alt=\"facadier-schleithal\"\n   src=\"https:\/\/www.crepissage-outre-foret.pro\/media\/2025\/10\/facadier-schleithal-768x960.jpg\"\n    data-image=\"https:\/\/www.crepissage-outre-foret.pro\/media\/2025\/10\/facadier-schleithal.jpg\"\n    data-title=\"facadier-schleithal\">\n\n<img decoding=\"async\" alt=\"isolation-ite-maison-schleithal\"\n   src=\"https:\/\/www.crepissage-outre-foret.pro\/media\/2025\/10\/isolation-ite-maison-schleithal-768x960.jpg\"\n    data-image=\"https:\/\/www.crepissage-outre-foret.pro\/media\/2025\/10\/isolation-ite-maison-schleithal.jpg\"\n    data-title=\"isolation-ite-maison-schleithal\">\n\n<img decoding=\"async\" alt=\"isolation-maison-schleithal\"\n   src=\"https:\/\/www.crepissage-outre-foret.pro\/media\/2025\/10\/isolation-maison-schleithal-1-768x960.jpg\"\n    data-image=\"https:\/\/www.crepissage-outre-foret.pro\/media\/2025\/10\/isolation-maison-schleithal-1.jpg\"\n    data-title=\"isolation-maison-schleithal\">\n\n<img decoding=\"async\" alt=\"isolation-thermique-exterieure-schleithal\"\n   src=\"https:\/\/www.crepissage-outre-foret.pro\/media\/2025\/10\/isolation-thermique-exterieure-schleithal-1-768x960.jpg\"\n    data-image=\"https:\/\/www.crepissage-outre-foret.pro\/media\/2025\/10\/isolation-thermique-exterieure-schleithal-1.jpg\"\n    data-title=\"isolation-thermique-exterieure-schleithal\">\n\n<img decoding=\"async\" alt=\"peinture-exterieure-schleithal\"\n   src=\"https:\/\/www.crepissage-outre-foret.pro\/media\/2025\/10\/peinture-exterieure-schleithal-768x960.jpg\"\n    data-image=\"https:\/\/www.crepissage-outre-foret.pro\/media\/2025\/10\/peinture-exterieure-schleithal.jpg\"\n    data-title=\"peinture-exterieure-schleithal\">\n\n<img decoding=\"async\" alt=\"pose-crepis-schleithal\"\n   src=\"https:\/\/www.crepissage-outre-foret.pro\/media\/2025\/10\/pose-crepis-schleithal-768x960.jpg\"\n    data-image=\"https:\/\/www.crepissage-outre-foret.pro\/media\/2025\/10\/pose-crepis-schleithal.jpg\"\n    data-title=\"pose-crepis-schleithal\">\n\n<img decoding=\"async\" alt=\"ravalement-facade-maison-schleithal\"\n   src=\"https:\/\/www.crepissage-outre-foret.pro\/media\/2025\/10\/ravalement-facade-maison-schleithal-768x960.jpg\"\n    data-image=\"https:\/\/www.crepissage-outre-foret.pro\/media\/2025\/10\/ravalement-facade-maison-schleithal.jpg\"\n    data-title=\"ravalement-facade-maison-schleithal\">\n\n<img decoding=\"async\" alt=\"ravalement-facade-schleithal\"\n   src=\"https:\/\/www.crepissage-outre-foret.pro\/media\/2025\/10\/ravalement-facade-schleithal-768x960.jpg\"\n    data-image=\"https:\/\/www.crepissage-outre-foret.pro\/media\/2025\/10\/ravalement-facade-schleithal.jpg\"\n    data-title=\"ravalement-facade-schleithal\">\n\n<img decoding=\"async\" alt=\"renovation-facade-schleithal\"\n   src=\"https:\/\/www.crepissage-outre-foret.pro\/media\/2025\/10\/renovation-facade-schleithal-768x960.jpg\"\n    data-image=\"https:\/\/www.crepissage-outre-foret.pro\/media\/2025\/10\/renovation-facade-schleithal.jpg\"\n    data-title=\"renovation-facade-schleithal\">\n\n<img decoding=\"async\" alt=\"renovation-maison-schleithal\"\n   src=\"https:\/\/www.crepissage-outre-foret.pro\/media\/2025\/10\/renovation-maison-schleithal-768x960.jpg\"\n    data-image=\"https:\/\/www.crepissage-outre-foret.pro\/media\/2025\/10\/renovation-maison-schleithal.jpg\"\n    data-title=\"renovation-maison-schleithal\">\n\n<img decoding=\"async\" alt=\"renovation-schleithal\"\n   src=\"https:\/\/www.crepissage-outre-foret.pro\/media\/2025\/10\/renovation-schleithal-768x960.jpg\"\n    data-image=\"https:\/\/www.crepissage-outre-foret.pro\/media\/2025\/10\/renovation-schleithal.jpg\"\n    data-title=\"renovation-schleithal\">\n\n<img decoding=\"async\" alt=\"isolation-facade-schleithal\"\n   src=\"https:\/\/www.crepissage-outre-foret.pro\/media\/2025\/10\/isolation-facade-schleithal-768x960.jpg\"\n    data-image=\"https:\/\/www.crepissage-outre-foret.pro\/media\/2025\/10\/isolation-facade-schleithal.jpg\"\n    data-title=\"isolation-facade-schleithal\">\n\n  <\/div>\n<\/div>\n<!-- end Compact Gallery -->\t\t\t\t<\/div>\n\t\t\t\t<\/div>\n\t\t\t\t<div class=\"elementor-element elementor-element-30c70b24 elementor-widget elementor-widget-heading\" data-id=\"30c70b24\" data-element_type=\"widget\" data-e-type=\"widget\" data-widget_type=\"heading.default\">\n\t\t\t\t\t<h2 class=\"elementor-heading-title elementor-size-default\">Zone d\u2019intervention<\/h2>\t\t\t\t<\/div>\n\t\t\t\t<div class=\"elementor-element elementor-element-362ce948 elementor-widget elementor-widget-text-editor\" data-id=\"362ce948\" data-element_type=\"widget\" data-e-type=\"widget\" data-widget_type=\"text-editor.default\">\n\t\t\t\t\t\t\t\t\t<p>Gr\u00e2ce \u00e0 notre savoir-faire et \u00e0 la qualit\u00e9 des mat\u00e9riaux employ\u00e9s, le r\u00e9sultat final conjugue <strong data-start=\"1562\" data-end=\"1601\">esth\u00e9tique, r\u00e9sistance et long\u00e9vit\u00e9<\/strong>. Ce projet illustre parfaitement notre engagement \u00e0 valoriser le patrimoine local tout en garantissant un <strong data-start=\"1710\" data-end=\"1739\">travail soign\u00e9 et durable<\/strong>.<\/p><p>Cr\u00e9pissage L\u2019Outre For\u00eat intervient dans tout le secteur <strong data-start=\"3645\" data-end=\"3678\">Outre-For\u00eat et Alsace du Nord<\/strong> :<br data-start=\"3680\" data-end=\"3683\" \/><strong data-start=\"3683\" data-end=\"3783\">Betschdorf, Wissembourg, Haguenau, Lauterbourg, Soultz-sous-For\u00eats, Seltz, Niederbronn-les-Bains<\/strong>, et les environs.<\/p><p>Nous r\u00e9alisons vos projets de ravalement, isolation et cr\u00e9pissage avec le m\u00eame niveau d\u2019exigence et de qualit\u00e9.<\/p><p>Vous avez un projet de <strong data-start=\"2084\" data-end=\"2143\">ravalement de fa\u00e7ade, cr\u00e9pissage ou peinture ext\u00e9rieure<\/strong> ?<br data-start=\"2145\" data-end=\"2148\" \/>Faites confiance \u00e0 <strong data-start=\"2167\" data-end=\"2198\">Cr\u00e9pissage de l\u2019Outre-For\u00eat<\/strong>, votre sp\u00e9cialiste en r\u00e9novation de fa\u00e7ades en Alsace du Nord.<\/p>\t\t\t\t\t\t\t\t<\/div>\n\t\t\t\t\t<\/div>\n\t\t\t\t<\/div>\n\t\t\t\t<\/div>\n\t\t","protected":false},"excerpt":{"rendered":"<p>Ravalement et peinture ext\u00e9rieure \u00e0 Schleithal r\u00e9alis\u00e9s par Cr\u00e9pissage de l\u2019Outre-For\u00eat : un travail soign\u00e9, durable et esth\u00e9tique au c\u0153ur de l\u2019Alsace du Nord.<\/p>\n","protected":false},"featured_media":870,"menu_order":0,"template":"","format":"standard","meta":[],"galerie_category":[16,14],"class_list":["post-869","galerie-photos","type-galerie-photos","status-publish","format-standard","has-post-thumbnail","hentry","galerie_category-peinture","galerie_category-ravalement-de-facade"],"aioseo_notices":[],"aioseo_head":"\n\t\t<!-- All in One SEO Pro 4.9.6.2 - aioseo.com -->\n\t<meta name=\"description\" content=\"D\u00e9couvrez notre chantier \u00e0 Schleithal : ravalement de fa\u00e7ade et peinture ext\u00e9rieure r\u00e9alis\u00e9s par Cr\u00e9pissage de l\u2019Outre-For\u00eat, sp\u00e9cialiste en r\u00e9novation.\" \/>\n\t<meta name=\"robots\" content=\"max-image-preview:large\" \/>\n\t<meta name=\"google-site-verification\" content=\"yV5f5RtlR-_n-vm2xJ3yDaw1yK7hUustT9T8yhp9L28\" \/>\n\t<link rel=\"canonical\" href=\"https:\/\/www.crepissage-outre-foret.pro\/galerie-photos\/chantier-a-schleithal-ravalement-de-facade-et-peinture-exterieure\/\" \/>\n\t<meta name=\"generator\" content=\"All in One SEO Pro (AIOSEO) 4.9.6.2\" \/>\n\t\t<meta property=\"og:locale\" content=\"fr_FR\" \/>\n\t\t<meta property=\"og:site_name\" content=\"Cr\u00e9pissage de L\u2019Outre For\u00eat - Donnez une nouvelle vie \u00e0 vos fa\u00e7ades\" \/>\n\t\t<meta property=\"og:type\" content=\"article\" \/>\n\t\t<meta property=\"og:title\" content=\"Chantier \u00e0 Schleithal \u2013 Ravalement de fa\u00e7ade &amp; peinture\" \/>\n\t\t<meta property=\"og:description\" content=\"D\u00e9couvrez notre chantier \u00e0 Schleithal : ravalement de fa\u00e7ade et peinture ext\u00e9rieure r\u00e9alis\u00e9s par Cr\u00e9pissage de l\u2019Outre-For\u00eat, sp\u00e9cialiste en r\u00e9novation.\" \/>\n\t\t<meta property=\"og:url\" content=\"https:\/\/www.crepissage-outre-foret.pro\/galerie-photos\/chantier-a-schleithal-ravalement-de-facade-et-peinture-exterieure\/\" \/>\n\t\t<meta property=\"og:image\" content=\"https:\/\/www.crepissage-outre-foret.pro\/media\/2025\/10\/logo.svg\" \/>\n\t\t<meta property=\"og:image:secure_url\" content=\"https:\/\/www.crepissage-outre-foret.pro\/media\/2025\/10\/logo.svg\" \/>\n\t\t<meta property=\"article:published_time\" content=\"2025-10-13T09:28:17+00:00\" \/>\n\t\t<meta property=\"article:modified_time\" content=\"2025-10-13T09:50:56+00:00\" \/>\n\t\t<meta property=\"article:publisher\" content=\"https:\/\/www.facebook.com\/profile.php?id=100031217720552&amp;locale=fr_FR\" \/>\n\t\t<meta name=\"twitter:card\" content=\"summary_large_image\" \/>\n\t\t<meta name=\"twitter:title\" content=\"Chantier \u00e0 Schleithal \u2013 Ravalement de fa\u00e7ade &amp; peinture\" \/>\n\t\t<meta name=\"twitter:description\" content=\"D\u00e9couvrez notre chantier \u00e0 Schleithal : ravalement de fa\u00e7ade et peinture ext\u00e9rieure r\u00e9alis\u00e9s par Cr\u00e9pissage de l\u2019Outre-For\u00eat, sp\u00e9cialiste en r\u00e9novation.\" \/>\n\t\t<meta name=\"twitter:image\" content=\"https:\/\/www.crepissage-outre-foret.pro\/media\/2025\/10\/logo.svg\" \/>\n\t\t<script type=\"application\/ld+json\" class=\"aioseo-schema\">\n\t\t\t{\"@context\":\"https:\\\/\\\/schema.org\",\"@graph\":[{\"@type\":\"BreadcrumbList\",\"@id\":\"https:\\\/\\\/www.crepissage-outre-foret.pro\\\/galerie-photos\\\/chantier-a-schleithal-ravalement-de-facade-et-peinture-exterieure\\\/#breadcrumblist\",\"itemListElement\":[{\"@type\":\"ListItem\",\"@id\":\"https:\\\/\\\/www.crepissage-outre-foret.pro#listItem\",\"position\":1,\"name\":\"Cr\\u00e9pissage de l'outre for\\u00eat\",\"item\":\"https:\\\/\\\/www.crepissage-outre-foret.pro\",\"nextItem\":{\"@type\":\"ListItem\",\"@id\":\"https:\\\/\\\/www.crepissage-outre-foret.pro\\\/galerie-photos\\\/#listItem\",\"name\":\"Galeries Photos\"}},{\"@type\":\"ListItem\",\"@id\":\"https:\\\/\\\/www.crepissage-outre-foret.pro\\\/galerie-photos\\\/#listItem\",\"position\":2,\"name\":\"Galeries Photos\",\"item\":\"https:\\\/\\\/www.crepissage-outre-foret.pro\\\/galerie-photos\\\/\",\"nextItem\":{\"@type\":\"ListItem\",\"@id\":\"https:\\\/\\\/www.crepissage-outre-foret.pro\\\/galerie_category\\\/ravalement-de-facade\\\/#listItem\",\"name\":\"Ravalement de Fa\\u00e7ade\"},\"previousItem\":{\"@type\":\"ListItem\",\"@id\":\"https:\\\/\\\/www.crepissage-outre-foret.pro#listItem\",\"name\":\"Cr\\u00e9pissage de l'outre for\\u00eat\"}},{\"@type\":\"ListItem\",\"@id\":\"https:\\\/\\\/www.crepissage-outre-foret.pro\\\/galerie_category\\\/ravalement-de-facade\\\/#listItem\",\"position\":3,\"name\":\"Ravalement de Fa\\u00e7ade\",\"item\":\"https:\\\/\\\/www.crepissage-outre-foret.pro\\\/galerie_category\\\/ravalement-de-facade\\\/\",\"nextItem\":{\"@type\":\"ListItem\",\"@id\":\"https:\\\/\\\/www.crepissage-outre-foret.pro\\\/galerie-photos\\\/chantier-a-schleithal-ravalement-de-facade-et-peinture-exterieure\\\/#listItem\",\"name\":\"Chantier \\u00e0 Schleithal : ravalement de fa\\u00e7ade et peinture ext\\u00e9rieure\"},\"previousItem\":{\"@type\":\"ListItem\",\"@id\":\"https:\\\/\\\/www.crepissage-outre-foret.pro\\\/galerie-photos\\\/#listItem\",\"name\":\"Galeries Photos\"}},{\"@type\":\"ListItem\",\"@id\":\"https:\\\/\\\/www.crepissage-outre-foret.pro\\\/galerie-photos\\\/chantier-a-schleithal-ravalement-de-facade-et-peinture-exterieure\\\/#listItem\",\"position\":4,\"name\":\"Chantier \\u00e0 Schleithal : ravalement de fa\\u00e7ade et peinture ext\\u00e9rieure\",\"previousItem\":{\"@type\":\"ListItem\",\"@id\":\"https:\\\/\\\/www.crepissage-outre-foret.pro\\\/galerie_category\\\/ravalement-de-facade\\\/#listItem\",\"name\":\"Ravalement de Fa\\u00e7ade\"}}]},{\"@type\":\"Organization\",\"@id\":\"https:\\\/\\\/www.crepissage-outre-foret.pro\\\/#organization\",\"name\":\"Cr\\u00e9pissage de L\\u2019Outre For\\u00eat\",\"description\":\"Donnez une nouvelle vie \\u00e0 vos fa\\u00e7ades\",\"url\":\"https:\\\/\\\/www.crepissage-outre-foret.pro\\\/\",\"email\":\"contact@crepisoutreforet.fr\",\"telephone\":\"+33388548345\",\"logo\":{\"@type\":\"ImageObject\",\"url\":\"https:\\\/\\\/www.crepissage-outre-foret.pro\\\/wp-content\\\/uploads\\\/2025\\\/10\\\/logo.svg\",\"@id\":\"https:\\\/\\\/www.crepissage-outre-foret.pro\\\/galerie-photos\\\/chantier-a-schleithal-ravalement-de-facade-et-peinture-exterieure\\\/#organizationLogo\"},\"image\":{\"@id\":\"https:\\\/\\\/www.crepissage-outre-foret.pro\\\/galerie-photos\\\/chantier-a-schleithal-ravalement-de-facade-et-peinture-exterieure\\\/#organizationLogo\"},\"sameAs\":[\"https:\\\/\\\/www.facebook.com\\\/profile.php?id=100031217720552&locale=fr_FR\",\"https:\\\/\\\/instagram.com\\\/crepissagedeloutreforet\"],\"address\":{\"@id\":\"https:\\\/\\\/www.crepissage-outre-foret.pro\\\/#postaladdress\",\"@type\":\"PostalAddress\",\"streetAddress\":\"14 Rue Alfred Kastler,\",\"postalCode\":\"67160\",\"addressLocality\":\"Wissembourg\",\"addressCountry\":\"FR\"},\"taxID\":\"FR49502522642\"},{\"@type\":\"WebPage\",\"@id\":\"https:\\\/\\\/www.crepissage-outre-foret.pro\\\/galerie-photos\\\/chantier-a-schleithal-ravalement-de-facade-et-peinture-exterieure\\\/#webpage\",\"url\":\"https:\\\/\\\/www.crepissage-outre-foret.pro\\\/galerie-photos\\\/chantier-a-schleithal-ravalement-de-facade-et-peinture-exterieure\\\/\",\"name\":\"Chantier \\u00e0 Schleithal \\u2013 Ravalement de fa\\u00e7ade & peinture\",\"description\":\"D\\u00e9couvrez notre chantier \\u00e0 Schleithal : ravalement de fa\\u00e7ade et peinture ext\\u00e9rieure r\\u00e9alis\\u00e9s par Cr\\u00e9pissage de l\\u2019Outre-For\\u00eat, sp\\u00e9cialiste en r\\u00e9novation.\",\"inLanguage\":\"fr-FR\",\"isPartOf\":{\"@id\":\"https:\\\/\\\/www.crepissage-outre-foret.pro\\\/#website\"},\"breadcrumb\":{\"@id\":\"https:\\\/\\\/www.crepissage-outre-foret.pro\\\/galerie-photos\\\/chantier-a-schleithal-ravalement-de-facade-et-peinture-exterieure\\\/#breadcrumblist\"},\"image\":{\"@type\":\"ImageObject\",\"url\":\"https:\\\/\\\/www.crepissage-outre-foret.pro\\\/wp-content\\\/uploads\\\/2025\\\/10\\\/isolation-facade-schleithal.jpg\",\"@id\":\"https:\\\/\\\/www.crepissage-outre-foret.pro\\\/galerie-photos\\\/chantier-a-schleithal-ravalement-de-facade-et-peinture-exterieure\\\/#mainImage\",\"width\":1440,\"height\":1800},\"primaryImageOfPage\":{\"@id\":\"https:\\\/\\\/www.crepissage-outre-foret.pro\\\/galerie-photos\\\/chantier-a-schleithal-ravalement-de-facade-et-peinture-exterieure\\\/#mainImage\"},\"datePublished\":\"2025-10-13T09:28:17+00:00\",\"dateModified\":\"2025-10-13T09:50:56+00:00\"},{\"@type\":\"WebSite\",\"@id\":\"https:\\\/\\\/www.crepissage-outre-foret.pro\\\/#website\",\"url\":\"https:\\\/\\\/www.crepissage-outre-foret.pro\\\/\",\"name\":\"Cr\\u00e9pissage de L\\u2019Outre For\\u00eat\",\"description\":\"Donnez une nouvelle vie \\u00e0 vos fa\\u00e7ades\",\"inLanguage\":\"fr-FR\",\"publisher\":{\"@id\":\"https:\\\/\\\/www.crepissage-outre-foret.pro\\\/#organization\"}}]}\n\t\t<\/script>\n\t\t<!-- All in One SEO Pro -->\r\n\t\t<title>Chantier \u00e0 Schleithal \u2013 Ravalement de fa\u00e7ade &amp; peinture<\/title>\n\n","aioseo_head_json":{"title":"Chantier \u00e0 Schleithal \u2013 Ravalement de fa\u00e7ade & peinture","description":"D\u00e9couvrez notre chantier \u00e0 Schleithal : ravalement de fa\u00e7ade et peinture ext\u00e9rieure r\u00e9alis\u00e9s par Cr\u00e9pissage de l\u2019Outre-For\u00eat, sp\u00e9cialiste en r\u00e9novation.","canonical_url":"https:\/\/www.crepissage-outre-foret.pro\/galerie-photos\/chantier-a-schleithal-ravalement-de-facade-et-peinture-exterieure\/","robots":"max-image-preview:large","keywords":"","webmasterTools":{"google-site-verification":"yV5f5RtlR-_n-vm2xJ3yDaw1yK7hUustT9T8yhp9L28","miscellaneous":""},"schema":{"@context":"https:\/\/schema.org","@graph":[{"@type":"BreadcrumbList","@id":"https:\/\/www.crepissage-outre-foret.pro\/galerie-photos\/chantier-a-schleithal-ravalement-de-facade-et-peinture-exterieure\/#breadcrumblist","itemListElement":[{"@type":"ListItem","@id":"https:\/\/www.crepissage-outre-foret.pro#listItem","position":1,"name":"Cr\u00e9pissage de l'outre for\u00eat","item":"https:\/\/www.crepissage-outre-foret.pro","nextItem":{"@type":"ListItem","@id":"https:\/\/www.crepissage-outre-foret.pro\/galerie-photos\/#listItem","name":"Galeries Photos"}},{"@type":"ListItem","@id":"https:\/\/www.crepissage-outre-foret.pro\/galerie-photos\/#listItem","position":2,"name":"Galeries Photos","item":"https:\/\/www.crepissage-outre-foret.pro\/galerie-photos\/","nextItem":{"@type":"ListItem","@id":"https:\/\/www.crepissage-outre-foret.pro\/galerie_category\/ravalement-de-facade\/#listItem","name":"Ravalement de Fa\u00e7ade"},"previousItem":{"@type":"ListItem","@id":"https:\/\/www.crepissage-outre-foret.pro#listItem","name":"Cr\u00e9pissage de l'outre for\u00eat"}},{"@type":"ListItem","@id":"https:\/\/www.crepissage-outre-foret.pro\/galerie_category\/ravalement-de-facade\/#listItem","position":3,"name":"Ravalement de Fa\u00e7ade","item":"https:\/\/www.crepissage-outre-foret.pro\/galerie_category\/ravalement-de-facade\/","nextItem":{"@type":"ListItem","@id":"https:\/\/www.crepissage-outre-foret.pro\/galerie-photos\/chantier-a-schleithal-ravalement-de-facade-et-peinture-exterieure\/#listItem","name":"Chantier \u00e0 Schleithal : ravalement de fa\u00e7ade et peinture ext\u00e9rieure"},"previousItem":{"@type":"ListItem","@id":"https:\/\/www.crepissage-outre-foret.pro\/galerie-photos\/#listItem","name":"Galeries Photos"}},{"@type":"ListItem","@id":"https:\/\/www.crepissage-outre-foret.pro\/galerie-photos\/chantier-a-schleithal-ravalement-de-facade-et-peinture-exterieure\/#listItem","position":4,"name":"Chantier \u00e0 Schleithal : ravalement de fa\u00e7ade et peinture ext\u00e9rieure","previousItem":{"@type":"ListItem","@id":"https:\/\/www.crepissage-outre-foret.pro\/galerie_category\/ravalement-de-facade\/#listItem","name":"Ravalement de Fa\u00e7ade"}}]},{"@type":"Organization","@id":"https:\/\/www.crepissage-outre-foret.pro\/#organization","name":"Cr\u00e9pissage de L\u2019Outre For\u00eat","description":"Donnez une nouvelle vie \u00e0 vos fa\u00e7ades","url":"https:\/\/www.crepissage-outre-foret.pro\/","email":"contact@crepisoutreforet.fr","telephone":"+33388548345","logo":{"@type":"ImageObject","url":"https:\/\/www.crepissage-outre-foret.pro\/media\/2025\/10\/logo.svg","@id":"https:\/\/www.crepissage-outre-foret.pro\/galerie-photos\/chantier-a-schleithal-ravalement-de-facade-et-peinture-exterieure\/#organizationLogo"},"image":{"@id":"https:\/\/www.crepissage-outre-foret.pro\/galerie-photos\/chantier-a-schleithal-ravalement-de-facade-et-peinture-exterieure\/#organizationLogo"},"sameAs":["https:\/\/www.facebook.com\/profile.php?id=100031217720552&locale=fr_FR","https:\/\/instagram.com\/crepissagedeloutreforet"],"address":{"@id":"https:\/\/www.crepissage-outre-foret.pro\/#postaladdress","@type":"PostalAddress","streetAddress":"14 Rue Alfred Kastler,","postalCode":"67160","addressLocality":"Wissembourg","addressCountry":"FR"},"taxID":"FR49502522642"},{"@type":"WebPage","@id":"https:\/\/www.crepissage-outre-foret.pro\/galerie-photos\/chantier-a-schleithal-ravalement-de-facade-et-peinture-exterieure\/#webpage","url":"https:\/\/www.crepissage-outre-foret.pro\/galerie-photos\/chantier-a-schleithal-ravalement-de-facade-et-peinture-exterieure\/","name":"Chantier \u00e0 Schleithal \u2013 Ravalement de fa\u00e7ade & peinture","description":"D\u00e9couvrez notre chantier \u00e0 Schleithal : ravalement de fa\u00e7ade et peinture ext\u00e9rieure r\u00e9alis\u00e9s par Cr\u00e9pissage de l\u2019Outre-For\u00eat, sp\u00e9cialiste en r\u00e9novation.","inLanguage":"fr-FR","isPartOf":{"@id":"https:\/\/www.crepissage-outre-foret.pro\/#website"},"breadcrumb":{"@id":"https:\/\/www.crepissage-outre-foret.pro\/galerie-photos\/chantier-a-schleithal-ravalement-de-facade-et-peinture-exterieure\/#breadcrumblist"},"image":{"@type":"ImageObject","url":"https:\/\/www.crepissage-outre-foret.pro\/media\/2025\/10\/isolation-facade-schleithal.jpg","@id":"https:\/\/www.crepissage-outre-foret.pro\/galerie-photos\/chantier-a-schleithal-ravalement-de-facade-et-peinture-exterieure\/#mainImage","width":1440,"height":1800},"primaryImageOfPage":{"@id":"https:\/\/www.crepissage-outre-foret.pro\/galerie-photos\/chantier-a-schleithal-ravalement-de-facade-et-peinture-exterieure\/#mainImage"},"datePublished":"2025-10-13T09:28:17+00:00","dateModified":"2025-10-13T09:50:56+00:00"},{"@type":"WebSite","@id":"https:\/\/www.crepissage-outre-foret.pro\/#website","url":"https:\/\/www.crepissage-outre-foret.pro\/","name":"Cr\u00e9pissage de L\u2019Outre For\u00eat","description":"Donnez une nouvelle vie \u00e0 vos fa\u00e7ades","inLanguage":"fr-FR","publisher":{"@id":"https:\/\/www.crepissage-outre-foret.pro\/#organization"}}]},"og:locale":"fr_FR","og:site_name":"Cr\u00e9pissage de L\u2019Outre For\u00eat - Donnez une nouvelle vie \u00e0 vos fa\u00e7ades","og:type":"article","og:title":"Chantier \u00e0 Schleithal \u2013 Ravalement de fa\u00e7ade &amp; peinture","og:description":"D\u00e9couvrez notre chantier \u00e0 Schleithal : ravalement de fa\u00e7ade et peinture ext\u00e9rieure r\u00e9alis\u00e9s par Cr\u00e9pissage de l\u2019Outre-For\u00eat, sp\u00e9cialiste en r\u00e9novation.","og:url":"https:\/\/www.crepissage-outre-foret.pro\/galerie-photos\/chantier-a-schleithal-ravalement-de-facade-et-peinture-exterieure\/","og:image":"https:\/\/www.crepissage-outre-foret.pro\/media\/2025\/10\/logo.svg","og:image:secure_url":"https:\/\/www.crepissage-outre-foret.pro\/media\/2025\/10\/logo.svg","article:published_time":"2025-10-13T09:28:17+00:00","article:modified_time":"2025-10-13T09:50:56+00:00","article:publisher":"https:\/\/www.facebook.com\/profile.php?id=100031217720552&locale=fr_FR","twitter:card":"summary_large_image","twitter:title":"Chantier \u00e0 Schleithal \u2013 Ravalement de fa\u00e7ade &amp; peinture","twitter:description":"D\u00e9couvrez notre chantier \u00e0 Schleithal : ravalement de fa\u00e7ade et peinture ext\u00e9rieure r\u00e9alis\u00e9s par Cr\u00e9pissage de l\u2019Outre-For\u00eat, sp\u00e9cialiste en r\u00e9novation.","twitter:image":"https:\/\/www.crepissage-outre-foret.pro\/media\/2025\/10\/logo.svg"},"aioseo_meta_data":{"post_id":"869","title":"Chantier \u00e0 Schleithal \u2013 Ravalement de fa\u00e7ade &amp; peinture","description":"D\u00e9couvrez notre chantier \u00e0 Schleithal : ravalement de fa\u00e7ade et peinture ext\u00e9rieure r\u00e9alis\u00e9s par Cr\u00e9pissage de l\u2019Outre-For\u00eat, sp\u00e9cialiste en r\u00e9novation.","keywords":null,"keyphrases":{"focus":{"keyphrase":"","score":0,"analysis":{"keyphraseInTitle":{"score":0,"maxScore":9,"error":1}}},"additional":[]},"primary_term":null,"canonical_url":null,"og_title":null,"og_description":null,"og_object_type":"default","og_image_type":"default","og_image_url":null,"og_image_width":null,"og_image_height":null,"og_image_custom_url":null,"og_image_custom_fields":null,"og_video":"","og_custom_url":null,"og_article_section":null,"og_article_tags":null,"twitter_use_og":false,"twitter_card":"default","twitter_image_type":"default","twitter_image_url":null,"twitter_image_custom_url":null,"twitter_image_custom_fields":null,"twitter_title":null,"twitter_description":null,"schema":{"blockGraphs":[],"customGraphs":[],"default":{"data":{"Article":[],"Course":[],"Dataset":[],"FAQPage":[],"Movie":[],"Person":[],"Product":[],"ProductReview":[],"Car":[],"Recipe":[],"Service":[],"SoftwareApplication":[],"WebPage":[]},"graphName":"WebPage","isEnabled":true},"graphs":[]},"schema_type":"default","schema_type_options":null,"pillar_content":false,"robots_default":true,"robots_noindex":false,"robots_noarchive":false,"robots_nosnippet":false,"robots_nofollow":false,"robots_noimageindex":false,"robots_noodp":false,"robots_notranslate":false,"robots_max_snippet":"-1","robots_max_videopreview":"-1","robots_max_imagepreview":"large","priority":null,"frequency":"default","local_seo":null,"seo_analyzer_scan_date":"2025-10-13 09:57:16","breadcrumb_settings":null,"limit_modified_date":false,"open_ai":null,"ai":{"faqs":[],"keyPoints":[],"titles":[],"descriptions":[],"socialPosts":{"email":[],"linkedin":[],"twitter":[],"facebook":[],"instagram":[]}},"created":"2025-10-13 09:25:48","updated":"2025-11-26 22:11:59"},"aioseo_breadcrumb":"<div class=\"aioseo-breadcrumbs\"><span class=\"aioseo-breadcrumb\">\n\t<a href=\"https:\/\/www.crepissage-outre-foret.pro\" title=\"Cr\u00e9pissage de l&#039;outre for\u00eat\">Cr\u00e9pissage de l'outre for\u00eat<\/a>\n<\/span><span class=\"aioseo-breadcrumb-separator\">\u00bb<\/span><span class=\"aioseo-breadcrumb\">\n\t<a href=\"https:\/\/www.crepissage-outre-foret.pro\/galerie-photos\/\" title=\"Galeries Photos\">Galeries Photos<\/a>\n<\/span><span class=\"aioseo-breadcrumb-separator\">\u00bb<\/span><span class=\"aioseo-breadcrumb\">\n\t<a href=\"https:\/\/www.crepissage-outre-foret.pro\/galerie_category\/ravalement-de-facade\/\" title=\"Ravalement de Fa\u00e7ade\">Ravalement de Fa\u00e7ade<\/a>\n<\/span><span class=\"aioseo-breadcrumb-separator\">\u00bb<\/span><span class=\"aioseo-breadcrumb\">\n\tChantier \u00e0 Schleithal : ravalement de fa\u00e7ade et peinture ext\u00e9rieure\n<\/span><\/div>","aioseo_breadcrumb_json":[{"label":"Cr\u00e9pissage de l'outre for\u00eat","link":"https:\/\/www.crepissage-outre-foret.pro"},{"label":"Galeries Photos","link":"https:\/\/www.crepissage-outre-foret.pro\/galerie-photos\/"},{"label":"Ravalement de Fa\u00e7ade","link":"https:\/\/www.crepissage-outre-foret.pro\/galerie_category\/ravalement-de-facade\/"},{"label":"Chantier \u00e0 Schleithal : ravalement de fa\u00e7ade et peinture ext\u00e9rieure","link":"https:\/\/www.crepissage-outre-foret.pro\/galerie-photos\/chantier-a-schleithal-ravalement-de-facade-et-peinture-exterieure\/"}],"_links":{"self":[{"href":"https:\/\/www.crepissage-outre-foret.pro\/api-json\/wp\/v2\/galerie-photos\/869","targetHints":{"allow":["GET"]}}],"collection":[{"href":"https:\/\/www.crepissage-outre-foret.pro\/api-json\/wp\/v2\/galerie-photos"}],"about":[{"href":"https:\/\/www.crepissage-outre-foret.pro\/api-json\/wp\/v2\/types\/galerie-photos"}],"version-history":[{"count":0,"href":"https:\/\/www.crepissage-outre-foret.pro\/api-json\/wp\/v2\/galerie-photos\/869\/revisions"}],"wp:featuredmedia":[{"embeddable":true,"href":"https:\/\/www.crepissage-outre-foret.pro\/api-json\/wp\/v2\/media\/870"}],"wp:attachment":[{"href":"https:\/\/www.crepissage-outre-foret.pro\/api-json\/wp\/v2\/media?parent=869"}],"wp:term":[{"taxonomy":"galerie_category","embeddable":true,"href":"https:\/\/www.crepissage-outre-foret.pro\/api-json\/wp\/v2\/galerie_category?post=869"}],"curies":[{"name":"wp","href":"https:\/\/api.w.org\/{rel}","templated":true}]}}