{"id":859,"date":"2025-10-13T09:18:22","date_gmt":"2025-10-13T09:18:22","guid":{"rendered":"https:\/\/crepissage.vyseo-communication.eu\/?post_type=galerie-photos&#038;p=859"},"modified":"2025-10-13T09:23:16","modified_gmt":"2025-10-13T09:23:16","slug":"chantier-a-morschwiller-travaux-de-peinture-et-ravalement-de-facades","status":"publish","type":"galerie-photos","link":"https:\/\/www.crepissage-outre-foret.pro\/galerie-photos\/chantier-a-morschwiller-travaux-de-peinture-et-ravalement-de-facades\/","title":{"rendered":"Chantier \u00e0 Morschwiller : Travaux de peinture et ravalement de fa\u00e7ades"},"content":{"rendered":"\t\t<div data-elementor-type=\"wp-post\" data-elementor-id=\"859\" class=\"elementor elementor-859\" data-elementor-post-type=\"galerie-photos\">\n\t\t\t\t<div class=\"elementor-element elementor-element-6dee5b76 e-flex e-con-boxed e-con e-parent\" data-id=\"6dee5b76\" data-element_type=\"container\" data-e-type=\"container\">\n\t\t\t\t\t<div class=\"e-con-inner\">\n\t\t\t\t<div class=\"elementor-element elementor-element-2eee801d elementor-widget elementor-widget-text-editor\" data-id=\"2eee801d\" data-element_type=\"widget\" data-e-type=\"widget\" data-widget_type=\"text-editor.default\">\n\t\t\t\t\t\t\t\t\t<p data-start=\"277\" data-end=\"522\">Sur le <strong data-start=\"284\" data-end=\"312\">chantier de Morschwiller<\/strong>, l\u2019\u00e9quipe <strong data-start=\"323\" data-end=\"354\">Cr\u00e9pissage de l\u2019Outre-For\u00eat<\/strong> a men\u00e9 \u00e0 bien un <strong data-start=\"372\" data-end=\"394\">ravalement complet<\/strong> accompagn\u00e9 d\u2019une <strong data-start=\"412\" data-end=\"444\">mise en peinture des fa\u00e7ades<\/strong> pour redonner \u00e0 cette habitation tout son \u00e9clat et sa protection d\u2019origine.<\/p><p data-start=\"524\" data-end=\"690\">Ces travaux ont permis non seulement de <strong data-start=\"564\" data-end=\"603\">rafra\u00eechir l\u2019esth\u00e9tique du b\u00e2timent<\/strong>, mais aussi de <strong data-start=\"619\" data-end=\"655\">renforcer la durabilit\u00e9 des murs<\/strong> face aux agressions ext\u00e9rieures.<\/p><p data-start=\"692\" data-end=\"741\">Nos principales interventions sur ce chantier :<\/p><ul data-start=\"742\" data-end=\"1306\"><li data-start=\"742\" data-end=\"894\"><p data-start=\"744\" data-end=\"894\"><strong data-start=\"747\" data-end=\"788\">Nettoyage et pr\u00e9paration des supports<\/strong> : \u00e9limination des salissures, d\u00e9capage et traitement des surfaces pour garantir une adh\u00e9rence parfaite.<\/p><\/li><li data-start=\"895\" data-end=\"1037\"><p data-start=\"897\" data-end=\"1037\"><strong data-start=\"900\" data-end=\"935\">Ravalement complet de la fa\u00e7ade<\/strong> : r\u00e9paration des fissures et uniformisation des enduits pour retrouver une base saine et r\u00e9guli\u00e8re.<\/p><\/li><li data-start=\"1038\" data-end=\"1185\"><p data-start=\"1040\" data-end=\"1185\"><strong data-start=\"1044\" data-end=\"1101\">Application d\u2019une peinture ext\u00e9rieure professionnelle<\/strong> : r\u00e9sistante aux intemp\u00e9ries et aux UV, pour une finition durable et harmonieuse.<\/p><\/li><li data-start=\"1186\" data-end=\"1306\"><p data-start=\"1188\" data-end=\"1306\"><strong data-start=\"1191\" data-end=\"1215\">Protection hydrofuge<\/strong> : pour pr\u00e9server la fa\u00e7ade contre l\u2019humidit\u00e9 et prolonger la dur\u00e9e de vie du rev\u00eatement.<\/p><\/li><\/ul><p data-start=\"1308\" data-end=\"1466\">Chaque \u00e9tape a \u00e9t\u00e9 r\u00e9alis\u00e9e avec <strong data-start=\"1341\" data-end=\"1363\">le plus grand soin<\/strong>, dans le respect des normes en vigueur, pour offrir un <strong data-start=\"1419\" data-end=\"1463\">r\u00e9sultat \u00e0 la fois esth\u00e9tique et durable<\/strong>.<\/p>\t\t\t\t\t\t\t\t<\/div>\n\t\t\t\t<div class=\"elementor-element elementor-element-30dd5bec elementor-widget elementor-widget-ucaddon_uc_compact_image_theme\" data-id=\"30dd5bec\" data-element_type=\"widget\" data-e-type=\"widget\" data-widget_type=\"ucaddon_uc_compact_image_theme.default\">\n\t\t\t\t<div class=\"elementor-widget-container\">\n\t\t\t\t\t\n<!-- start Compact Gallery -->\n\t\t<link id='font-awesome-css' href='https:\/\/www.crepissage-outre-foret.pro\/modules\/module602\/assets_libraries\/font-awesome6\/fontawesome-all.min.css' type='text\/css' rel='stylesheet' >\n\t\t<link id='font-awesome-4-shim-css' href='https:\/\/www.crepissage-outre-foret.pro\/modules\/module602\/assets_libraries\/font-awesome6\/fontawesome-v4-shims.min.css' type='text\/css' rel='stylesheet' >\n\t\t<link id='unitegallery-css' href='https:\/\/www.crepissage-outre-foret.pro\/modules\/module602\/assets_libraries\/unitegallery\/css\/unite-gallery.css' type='text\/css' rel='stylesheet' >\n\t\t<link id='fancybox-css' href='https:\/\/www.crepissage-outre-foret.pro\/modules\/module602\/assets_libraries\/fancybox3\/jquery.fancybox.min.css' type='text\/css' rel='stylesheet' >\n\n<style>\/* widget: Compact Gallery *\/\n\n#uc_uc_compact_image_theme_elementor_30dd5bec-wrapper{\n  min-height: 1px;\n}\n\n#uc_uc_compact_image_theme_elementor_30dd5bec{\n  margin:0 auto;\n  display: none;\n}\n\/* fancybox *\/\n\/* endfancybox *\/\n\n<\/style>\n\n<div id=\"uc_uc_compact_image_theme_elementor_30dd5bec-wrapper\">\n  <div id=\"uc_uc_compact_image_theme_elementor_30dd5bec\" class=\"uc-items-wrapper  \"  data-remote-type=\"gallery\" data-custom-sethtml=\"true\" >\n    \n<img decoding=\"async\" alt=\"isolation-maison-Morschwiller\"\n   src=\"https:\/\/www.crepissage-outre-foret.pro\/media\/2025\/10\/isolation-maison-Morschwiller-768x576.jpg\"\n    data-image=\"https:\/\/www.crepissage-outre-foret.pro\/media\/2025\/10\/isolation-maison-Morschwiller.jpg\"\n    data-title=\"isolation-maison-Morschwiller\">\n\n<img decoding=\"async\" alt=\"pose-de-crepis-Morschwiller\"\n   src=\"https:\/\/www.crepissage-outre-foret.pro\/media\/2025\/10\/pose-de-crepis-Morschwiller-1-768x576.jpg\"\n    data-image=\"https:\/\/www.crepissage-outre-foret.pro\/media\/2025\/10\/pose-de-crepis-Morschwiller-1.jpg\"\n    data-title=\"pose-de-crepis-Morschwiller\">\n\n<img decoding=\"async\" alt=\"ravalement-de-facade-Morschwiller\"\n   src=\"https:\/\/www.crepissage-outre-foret.pro\/media\/2025\/10\/ravalement-de-facade-Morschwiller-1-768x576.jpg\"\n    data-image=\"https:\/\/www.crepissage-outre-foret.pro\/media\/2025\/10\/ravalement-de-facade-Morschwiller-1.jpg\"\n    data-title=\"ravalement-de-facade-Morschwiller\">\n\n<img decoding=\"async\" alt=\"renovation-maison-Morschwiller\"\n   src=\"https:\/\/www.crepissage-outre-foret.pro\/media\/2025\/10\/renovation-maison-Morschwiller-768x576.jpg\"\n    data-image=\"https:\/\/www.crepissage-outre-foret.pro\/media\/2025\/10\/renovation-maison-Morschwiller.jpg\"\n    data-title=\"renovation-maison-Morschwiller\">\n\n<img decoding=\"async\" alt=\"facadier-Morschwiller\"\n   src=\"https:\/\/www.crepissage-outre-foret.pro\/media\/2025\/10\/facadier-Morschwiller-768x576.jpg\"\n    data-image=\"https:\/\/www.crepissage-outre-foret.pro\/media\/2025\/10\/facadier-Morschwiller.jpg\"\n    data-title=\"facadier-Morschwiller\">\n\n  <\/div>\n<\/div>\n<!-- end Compact Gallery -->\t\t\t\t<\/div>\n\t\t\t\t<\/div>\n\t\t\t\t<div class=\"elementor-element elementor-element-524f3e58 elementor-widget elementor-widget-heading\" data-id=\"524f3e58\" data-element_type=\"widget\" data-e-type=\"widget\" data-widget_type=\"heading.default\">\n\t\t\t\t\t<h2 class=\"elementor-heading-title elementor-size-default\">Un r\u00e9sultat net, moderne et durable<\/h2>\t\t\t\t<\/div>\n\t\t\t\t<div class=\"elementor-element elementor-element-0ef6c56 elementor-widget elementor-widget-text-editor\" data-id=\"0ef6c56\" data-element_type=\"widget\" data-e-type=\"widget\" data-widget_type=\"text-editor.default\">\n\t\t\t\t\t\t\t\t\t<p>Gr\u00e2ce \u00e0 cette intervention compl\u00e8te, la fa\u00e7ade retrouve son \u00e9clat d\u2019origine tout en b\u00e9n\u00e9ficiant d\u2019une protection renforc\u00e9e contre les intemp\u00e9ries.<br data-start=\"1662\" data-end=\"1665\" \/>Le <strong data-start=\"1668\" data-end=\"1683\">rendu final<\/strong> allie <strong data-start=\"1690\" data-end=\"1739\">sobri\u00e9t\u00e9, \u00e9l\u00e9gance et qualit\u00e9 professionnelle<\/strong>, fid\u00e8le \u00e0 la signature <strong data-start=\"1763\" data-end=\"1794\">Cr\u00e9pissage de l\u2019Outre-For\u00eat<\/strong>.<\/p>\t\t\t\t\t\t\t\t<\/div>\n\t\t\t\t<div class=\"elementor-element elementor-element-458b46d elementor-widget elementor-widget-heading\" data-id=\"458b46d\" data-element_type=\"widget\" data-e-type=\"widget\" data-widget_type=\"heading.default\">\n\t\t\t\t\t<h2 class=\"elementor-heading-title elementor-size-default\">Zone d\u2019intervention<\/h2>\t\t\t\t<\/div>\n\t\t\t\t<div class=\"elementor-element elementor-element-3f2263dc elementor-widget elementor-widget-text-editor\" data-id=\"3f2263dc\" data-element_type=\"widget\" data-e-type=\"widget\" data-widget_type=\"text-editor.default\">\n\t\t\t\t\t\t\t\t\t<p>Cr\u00e9pissage L\u2019Outre For\u00eat intervient dans tout le secteur <strong data-start=\"3645\" data-end=\"3678\">Outre-For\u00eat et Alsace du Nord<\/strong> :<br data-start=\"3680\" data-end=\"3683\" \/><strong data-start=\"3683\" data-end=\"3783\">Betschdorf, Wissembourg, Haguenau, Lauterbourg, Soultz-sous-For\u00eats, Seltz, Niederbronn-les-Bains<\/strong>, et les environs.<\/p><p>Nous r\u00e9alisons vos projets de ravalement, isolation et cr\u00e9pissage avec le m\u00eame niveau d\u2019exigence et de qualit\u00e9.<\/p><p>Vous souhaitez <strong data-start=\"2215\" data-end=\"2238\">r\u00e9nover vos fa\u00e7ades<\/strong> ou <strong data-start=\"2242\" data-end=\"2279\">rafra\u00eechir la peinture ext\u00e9rieure<\/strong> de votre maison \u00e0 Morschwiller ou dans les environs ?<br data-start=\"2333\" data-end=\"2336\" \/>Faites confiance \u00e0 notre expertise et profitez d\u2019un <strong data-start=\"2388\" data-end=\"2405\">devis gratuit<\/strong> et de <strong data-start=\"2412\" data-end=\"2438\">conseils personnalis\u00e9s<\/strong>.<\/p>\t\t\t\t\t\t\t\t<\/div>\n\t\t\t\t\t<\/div>\n\t\t\t\t<\/div>\n\t\t\t\t<\/div>\n\t\t","protected":false},"excerpt":{"rendered":"<p>D\u00e9couvrez notre chantier \u00e0 Morschwiller : ravalement complet et peinture de fa\u00e7ade pour redonner \u00e9clat, protection et durabilit\u00e9 \u00e0 la maison.<\/p>\n","protected":false},"featured_media":860,"menu_order":0,"template":"","format":"standard","meta":[],"galerie_category":[16,14],"class_list":["post-859","galerie-photos","type-galerie-photos","status-publish","format-standard","has-post-thumbnail","hentry","galerie_category-peinture","galerie_category-ravalement-de-facade"],"aioseo_notices":[],"aioseo_head":"\n\t\t<!-- All in One SEO Pro 4.9.6.2 - aioseo.com -->\n\t<meta name=\"description\" content=\"Ravalement et peinture de fa\u00e7ades \u00e0 Morschwiller r\u00e9alis\u00e9s par Cr\u00e9pissage de l\u2019Outre-For\u00eat : finitions soign\u00e9es, protection durable et rendu esth\u00e9tique.\" \/>\n\t<meta name=\"robots\" content=\"max-image-preview:large\" \/>\n\t<meta name=\"google-site-verification\" content=\"yV5f5RtlR-_n-vm2xJ3yDaw1yK7hUustT9T8yhp9L28\" \/>\n\t<link rel=\"canonical\" href=\"https:\/\/www.crepissage-outre-foret.pro\/galerie-photos\/chantier-a-morschwiller-travaux-de-peinture-et-ravalement-de-facades\/\" \/>\n\t<meta name=\"generator\" content=\"All in One SEO Pro (AIOSEO) 4.9.6.2\" \/>\n\t\t<meta property=\"og:locale\" content=\"fr_FR\" \/>\n\t\t<meta property=\"og:site_name\" content=\"Cr\u00e9pissage de L\u2019Outre For\u00eat - Donnez une nouvelle vie \u00e0 vos fa\u00e7ades\" \/>\n\t\t<meta property=\"og:type\" content=\"article\" \/>\n\t\t<meta property=\"og:title\" content=\"Chantier \u00e0 Morschwiller | Peinture et ravalement de fa\u00e7ade\" \/>\n\t\t<meta property=\"og:description\" content=\"Ravalement et peinture de fa\u00e7ades \u00e0 Morschwiller r\u00e9alis\u00e9s par Cr\u00e9pissage de l\u2019Outre-For\u00eat : finitions soign\u00e9es, protection durable et rendu esth\u00e9tique.\" \/>\n\t\t<meta property=\"og:url\" content=\"https:\/\/www.crepissage-outre-foret.pro\/galerie-photos\/chantier-a-morschwiller-travaux-de-peinture-et-ravalement-de-facades\/\" \/>\n\t\t<meta property=\"og:image\" content=\"https:\/\/www.crepissage-outre-foret.pro\/media\/2025\/10\/logo.svg\" \/>\n\t\t<meta property=\"og:image:secure_url\" content=\"https:\/\/www.crepissage-outre-foret.pro\/media\/2025\/10\/logo.svg\" \/>\n\t\t<meta property=\"article:published_time\" content=\"2025-10-13T09:18:22+00:00\" \/>\n\t\t<meta property=\"article:modified_time\" content=\"2025-10-13T09:23:16+00:00\" \/>\n\t\t<meta property=\"article:publisher\" content=\"https:\/\/www.facebook.com\/profile.php?id=100031217720552&amp;locale=fr_FR\" \/>\n\t\t<meta name=\"twitter:card\" content=\"summary_large_image\" \/>\n\t\t<meta name=\"twitter:title\" content=\"Chantier \u00e0 Morschwiller | Peinture et ravalement de fa\u00e7ade\" \/>\n\t\t<meta name=\"twitter:description\" content=\"Ravalement et peinture de fa\u00e7ades \u00e0 Morschwiller r\u00e9alis\u00e9s par Cr\u00e9pissage de l\u2019Outre-For\u00eat : finitions soign\u00e9es, protection durable et rendu esth\u00e9tique.\" \/>\n\t\t<meta name=\"twitter:image\" content=\"https:\/\/www.crepissage-outre-foret.pro\/media\/2025\/10\/logo.svg\" \/>\n\t\t<script type=\"application\/ld+json\" class=\"aioseo-schema\">\n\t\t\t{\"@context\":\"https:\\\/\\\/schema.org\",\"@graph\":[{\"@type\":\"BreadcrumbList\",\"@id\":\"https:\\\/\\\/www.crepissage-outre-foret.pro\\\/galerie-photos\\\/chantier-a-morschwiller-travaux-de-peinture-et-ravalement-de-facades\\\/#breadcrumblist\",\"itemListElement\":[{\"@type\":\"ListItem\",\"@id\":\"https:\\\/\\\/www.crepissage-outre-foret.pro#listItem\",\"position\":1,\"name\":\"Cr\\u00e9pissage de l'outre for\\u00eat\",\"item\":\"https:\\\/\\\/www.crepissage-outre-foret.pro\",\"nextItem\":{\"@type\":\"ListItem\",\"@id\":\"https:\\\/\\\/www.crepissage-outre-foret.pro\\\/galerie-photos\\\/#listItem\",\"name\":\"Galeries Photos\"}},{\"@type\":\"ListItem\",\"@id\":\"https:\\\/\\\/www.crepissage-outre-foret.pro\\\/galerie-photos\\\/#listItem\",\"position\":2,\"name\":\"Galeries Photos\",\"item\":\"https:\\\/\\\/www.crepissage-outre-foret.pro\\\/galerie-photos\\\/\",\"nextItem\":{\"@type\":\"ListItem\",\"@id\":\"https:\\\/\\\/www.crepissage-outre-foret.pro\\\/galerie_category\\\/ravalement-de-facade\\\/#listItem\",\"name\":\"Ravalement de Fa\\u00e7ade\"},\"previousItem\":{\"@type\":\"ListItem\",\"@id\":\"https:\\\/\\\/www.crepissage-outre-foret.pro#listItem\",\"name\":\"Cr\\u00e9pissage de l'outre for\\u00eat\"}},{\"@type\":\"ListItem\",\"@id\":\"https:\\\/\\\/www.crepissage-outre-foret.pro\\\/galerie_category\\\/ravalement-de-facade\\\/#listItem\",\"position\":3,\"name\":\"Ravalement de Fa\\u00e7ade\",\"item\":\"https:\\\/\\\/www.crepissage-outre-foret.pro\\\/galerie_category\\\/ravalement-de-facade\\\/\",\"nextItem\":{\"@type\":\"ListItem\",\"@id\":\"https:\\\/\\\/www.crepissage-outre-foret.pro\\\/galerie-photos\\\/chantier-a-morschwiller-travaux-de-peinture-et-ravalement-de-facades\\\/#listItem\",\"name\":\"Chantier \\u00e0 Morschwiller : Travaux de peinture et ravalement de fa\\u00e7ades\"},\"previousItem\":{\"@type\":\"ListItem\",\"@id\":\"https:\\\/\\\/www.crepissage-outre-foret.pro\\\/galerie-photos\\\/#listItem\",\"name\":\"Galeries Photos\"}},{\"@type\":\"ListItem\",\"@id\":\"https:\\\/\\\/www.crepissage-outre-foret.pro\\\/galerie-photos\\\/chantier-a-morschwiller-travaux-de-peinture-et-ravalement-de-facades\\\/#listItem\",\"position\":4,\"name\":\"Chantier \\u00e0 Morschwiller : Travaux de peinture et ravalement de fa\\u00e7ades\",\"previousItem\":{\"@type\":\"ListItem\",\"@id\":\"https:\\\/\\\/www.crepissage-outre-foret.pro\\\/galerie_category\\\/ravalement-de-facade\\\/#listItem\",\"name\":\"Ravalement de Fa\\u00e7ade\"}}]},{\"@type\":\"Organization\",\"@id\":\"https:\\\/\\\/www.crepissage-outre-foret.pro\\\/#organization\",\"name\":\"Cr\\u00e9pissage de L\\u2019Outre For\\u00eat\",\"description\":\"Donnez une nouvelle vie \\u00e0 vos fa\\u00e7ades\",\"url\":\"https:\\\/\\\/www.crepissage-outre-foret.pro\\\/\",\"email\":\"contact@crepisoutreforet.fr\",\"telephone\":\"+33388548345\",\"logo\":{\"@type\":\"ImageObject\",\"url\":\"https:\\\/\\\/www.crepissage-outre-foret.pro\\\/wp-content\\\/uploads\\\/2025\\\/10\\\/logo.svg\",\"@id\":\"https:\\\/\\\/www.crepissage-outre-foret.pro\\\/galerie-photos\\\/chantier-a-morschwiller-travaux-de-peinture-et-ravalement-de-facades\\\/#organizationLogo\"},\"image\":{\"@id\":\"https:\\\/\\\/www.crepissage-outre-foret.pro\\\/galerie-photos\\\/chantier-a-morschwiller-travaux-de-peinture-et-ravalement-de-facades\\\/#organizationLogo\"},\"sameAs\":[\"https:\\\/\\\/www.facebook.com\\\/profile.php?id=100031217720552&locale=fr_FR\",\"https:\\\/\\\/instagram.com\\\/crepissagedeloutreforet\"],\"address\":{\"@id\":\"https:\\\/\\\/www.crepissage-outre-foret.pro\\\/#postaladdress\",\"@type\":\"PostalAddress\",\"streetAddress\":\"14 Rue Alfred Kastler,\",\"postalCode\":\"67160\",\"addressLocality\":\"Wissembourg\",\"addressCountry\":\"FR\"},\"taxID\":\"FR49502522642\"},{\"@type\":\"WebPage\",\"@id\":\"https:\\\/\\\/www.crepissage-outre-foret.pro\\\/galerie-photos\\\/chantier-a-morschwiller-travaux-de-peinture-et-ravalement-de-facades\\\/#webpage\",\"url\":\"https:\\\/\\\/www.crepissage-outre-foret.pro\\\/galerie-photos\\\/chantier-a-morschwiller-travaux-de-peinture-et-ravalement-de-facades\\\/\",\"name\":\"Chantier \\u00e0 Morschwiller | Peinture et ravalement de fa\\u00e7ade\",\"description\":\"Ravalement et peinture de fa\\u00e7ades \\u00e0 Morschwiller r\\u00e9alis\\u00e9s par Cr\\u00e9pissage de l\\u2019Outre-For\\u00eat : finitions soign\\u00e9es, protection durable et rendu esth\\u00e9tique.\",\"inLanguage\":\"fr-FR\",\"isPartOf\":{\"@id\":\"https:\\\/\\\/www.crepissage-outre-foret.pro\\\/#website\"},\"breadcrumb\":{\"@id\":\"https:\\\/\\\/www.crepissage-outre-foret.pro\\\/galerie-photos\\\/chantier-a-morschwiller-travaux-de-peinture-et-ravalement-de-facades\\\/#breadcrumblist\"},\"image\":{\"@type\":\"ImageObject\",\"url\":\"https:\\\/\\\/www.crepissage-outre-foret.pro\\\/wp-content\\\/uploads\\\/2025\\\/10\\\/facadier-Morschwiller.jpg\",\"@id\":\"https:\\\/\\\/www.crepissage-outre-foret.pro\\\/galerie-photos\\\/chantier-a-morschwiller-travaux-de-peinture-et-ravalement-de-facades\\\/#mainImage\",\"width\":1000,\"height\":750},\"primaryImageOfPage\":{\"@id\":\"https:\\\/\\\/www.crepissage-outre-foret.pro\\\/galerie-photos\\\/chantier-a-morschwiller-travaux-de-peinture-et-ravalement-de-facades\\\/#mainImage\"},\"datePublished\":\"2025-10-13T09:18:22+00:00\",\"dateModified\":\"2025-10-13T09:23:16+00:00\"},{\"@type\":\"WebSite\",\"@id\":\"https:\\\/\\\/www.crepissage-outre-foret.pro\\\/#website\",\"url\":\"https:\\\/\\\/www.crepissage-outre-foret.pro\\\/\",\"name\":\"Cr\\u00e9pissage de L\\u2019Outre For\\u00eat\",\"description\":\"Donnez une nouvelle vie \\u00e0 vos fa\\u00e7ades\",\"inLanguage\":\"fr-FR\",\"publisher\":{\"@id\":\"https:\\\/\\\/www.crepissage-outre-foret.pro\\\/#organization\"}}]}\n\t\t<\/script>\n\t\t<!-- All in One SEO Pro -->\r\n\t\t<title>Chantier \u00e0 Morschwiller | Peinture et ravalement de fa\u00e7ade<\/title>\n\n","aioseo_head_json":{"title":"Chantier \u00e0 Morschwiller | Peinture et ravalement de fa\u00e7ade","description":"Ravalement et peinture de fa\u00e7ades \u00e0 Morschwiller r\u00e9alis\u00e9s par Cr\u00e9pissage de l\u2019Outre-For\u00eat : finitions soign\u00e9es, protection durable et rendu esth\u00e9tique.","canonical_url":"https:\/\/www.crepissage-outre-foret.pro\/galerie-photos\/chantier-a-morschwiller-travaux-de-peinture-et-ravalement-de-facades\/","robots":"max-image-preview:large","keywords":"","webmasterTools":{"google-site-verification":"yV5f5RtlR-_n-vm2xJ3yDaw1yK7hUustT9T8yhp9L28","miscellaneous":""},"schema":{"@context":"https:\/\/schema.org","@graph":[{"@type":"BreadcrumbList","@id":"https:\/\/www.crepissage-outre-foret.pro\/galerie-photos\/chantier-a-morschwiller-travaux-de-peinture-et-ravalement-de-facades\/#breadcrumblist","itemListElement":[{"@type":"ListItem","@id":"https:\/\/www.crepissage-outre-foret.pro#listItem","position":1,"name":"Cr\u00e9pissage de l'outre for\u00eat","item":"https:\/\/www.crepissage-outre-foret.pro","nextItem":{"@type":"ListItem","@id":"https:\/\/www.crepissage-outre-foret.pro\/galerie-photos\/#listItem","name":"Galeries Photos"}},{"@type":"ListItem","@id":"https:\/\/www.crepissage-outre-foret.pro\/galerie-photos\/#listItem","position":2,"name":"Galeries Photos","item":"https:\/\/www.crepissage-outre-foret.pro\/galerie-photos\/","nextItem":{"@type":"ListItem","@id":"https:\/\/www.crepissage-outre-foret.pro\/galerie_category\/ravalement-de-facade\/#listItem","name":"Ravalement de Fa\u00e7ade"},"previousItem":{"@type":"ListItem","@id":"https:\/\/www.crepissage-outre-foret.pro#listItem","name":"Cr\u00e9pissage de l'outre for\u00eat"}},{"@type":"ListItem","@id":"https:\/\/www.crepissage-outre-foret.pro\/galerie_category\/ravalement-de-facade\/#listItem","position":3,"name":"Ravalement de Fa\u00e7ade","item":"https:\/\/www.crepissage-outre-foret.pro\/galerie_category\/ravalement-de-facade\/","nextItem":{"@type":"ListItem","@id":"https:\/\/www.crepissage-outre-foret.pro\/galerie-photos\/chantier-a-morschwiller-travaux-de-peinture-et-ravalement-de-facades\/#listItem","name":"Chantier \u00e0 Morschwiller : Travaux de peinture et ravalement de fa\u00e7ades"},"previousItem":{"@type":"ListItem","@id":"https:\/\/www.crepissage-outre-foret.pro\/galerie-photos\/#listItem","name":"Galeries Photos"}},{"@type":"ListItem","@id":"https:\/\/www.crepissage-outre-foret.pro\/galerie-photos\/chantier-a-morschwiller-travaux-de-peinture-et-ravalement-de-facades\/#listItem","position":4,"name":"Chantier \u00e0 Morschwiller : Travaux de peinture et ravalement de fa\u00e7ades","previousItem":{"@type":"ListItem","@id":"https:\/\/www.crepissage-outre-foret.pro\/galerie_category\/ravalement-de-facade\/#listItem","name":"Ravalement de Fa\u00e7ade"}}]},{"@type":"Organization","@id":"https:\/\/www.crepissage-outre-foret.pro\/#organization","name":"Cr\u00e9pissage de L\u2019Outre For\u00eat","description":"Donnez une nouvelle vie \u00e0 vos fa\u00e7ades","url":"https:\/\/www.crepissage-outre-foret.pro\/","email":"contact@crepisoutreforet.fr","telephone":"+33388548345","logo":{"@type":"ImageObject","url":"https:\/\/www.crepissage-outre-foret.pro\/media\/2025\/10\/logo.svg","@id":"https:\/\/www.crepissage-outre-foret.pro\/galerie-photos\/chantier-a-morschwiller-travaux-de-peinture-et-ravalement-de-facades\/#organizationLogo"},"image":{"@id":"https:\/\/www.crepissage-outre-foret.pro\/galerie-photos\/chantier-a-morschwiller-travaux-de-peinture-et-ravalement-de-facades\/#organizationLogo"},"sameAs":["https:\/\/www.facebook.com\/profile.php?id=100031217720552&locale=fr_FR","https:\/\/instagram.com\/crepissagedeloutreforet"],"address":{"@id":"https:\/\/www.crepissage-outre-foret.pro\/#postaladdress","@type":"PostalAddress","streetAddress":"14 Rue Alfred Kastler,","postalCode":"67160","addressLocality":"Wissembourg","addressCountry":"FR"},"taxID":"FR49502522642"},{"@type":"WebPage","@id":"https:\/\/www.crepissage-outre-foret.pro\/galerie-photos\/chantier-a-morschwiller-travaux-de-peinture-et-ravalement-de-facades\/#webpage","url":"https:\/\/www.crepissage-outre-foret.pro\/galerie-photos\/chantier-a-morschwiller-travaux-de-peinture-et-ravalement-de-facades\/","name":"Chantier \u00e0 Morschwiller | Peinture et ravalement de fa\u00e7ade","description":"Ravalement et peinture de fa\u00e7ades \u00e0 Morschwiller r\u00e9alis\u00e9s par Cr\u00e9pissage de l\u2019Outre-For\u00eat : finitions soign\u00e9es, protection durable et rendu esth\u00e9tique.","inLanguage":"fr-FR","isPartOf":{"@id":"https:\/\/www.crepissage-outre-foret.pro\/#website"},"breadcrumb":{"@id":"https:\/\/www.crepissage-outre-foret.pro\/galerie-photos\/chantier-a-morschwiller-travaux-de-peinture-et-ravalement-de-facades\/#breadcrumblist"},"image":{"@type":"ImageObject","url":"https:\/\/www.crepissage-outre-foret.pro\/media\/2025\/10\/facadier-Morschwiller.jpg","@id":"https:\/\/www.crepissage-outre-foret.pro\/galerie-photos\/chantier-a-morschwiller-travaux-de-peinture-et-ravalement-de-facades\/#mainImage","width":1000,"height":750},"primaryImageOfPage":{"@id":"https:\/\/www.crepissage-outre-foret.pro\/galerie-photos\/chantier-a-morschwiller-travaux-de-peinture-et-ravalement-de-facades\/#mainImage"},"datePublished":"2025-10-13T09:18:22+00:00","dateModified":"2025-10-13T09:23:16+00:00"},{"@type":"WebSite","@id":"https:\/\/www.crepissage-outre-foret.pro\/#website","url":"https:\/\/www.crepissage-outre-foret.pro\/","name":"Cr\u00e9pissage de L\u2019Outre For\u00eat","description":"Donnez une nouvelle vie \u00e0 vos fa\u00e7ades","inLanguage":"fr-FR","publisher":{"@id":"https:\/\/www.crepissage-outre-foret.pro\/#organization"}}]},"og:locale":"fr_FR","og:site_name":"Cr\u00e9pissage de L\u2019Outre For\u00eat - Donnez une nouvelle vie \u00e0 vos fa\u00e7ades","og:type":"article","og:title":"Chantier \u00e0 Morschwiller | Peinture et ravalement de fa\u00e7ade","og:description":"Ravalement et peinture de fa\u00e7ades \u00e0 Morschwiller r\u00e9alis\u00e9s par Cr\u00e9pissage de l\u2019Outre-For\u00eat : finitions soign\u00e9es, protection durable et rendu esth\u00e9tique.","og:url":"https:\/\/www.crepissage-outre-foret.pro\/galerie-photos\/chantier-a-morschwiller-travaux-de-peinture-et-ravalement-de-facades\/","og:image":"https:\/\/www.crepissage-outre-foret.pro\/media\/2025\/10\/logo.svg","og:image:secure_url":"https:\/\/www.crepissage-outre-foret.pro\/media\/2025\/10\/logo.svg","article:published_time":"2025-10-13T09:18:22+00:00","article:modified_time":"2025-10-13T09:23:16+00:00","article:publisher":"https:\/\/www.facebook.com\/profile.php?id=100031217720552&locale=fr_FR","twitter:card":"summary_large_image","twitter:title":"Chantier \u00e0 Morschwiller | Peinture et ravalement de fa\u00e7ade","twitter:description":"Ravalement et peinture de fa\u00e7ades \u00e0 Morschwiller r\u00e9alis\u00e9s par Cr\u00e9pissage de l\u2019Outre-For\u00eat : finitions soign\u00e9es, protection durable et rendu esth\u00e9tique.","twitter:image":"https:\/\/www.crepissage-outre-foret.pro\/media\/2025\/10\/logo.svg"},"aioseo_meta_data":{"post_id":"859","title":"Chantier \u00e0 Morschwiller | Peinture et ravalement de fa\u00e7ade","description":"Ravalement et peinture de fa\u00e7ades \u00e0 Morschwiller r\u00e9alis\u00e9s par Cr\u00e9pissage de l\u2019Outre-For\u00eat : finitions soign\u00e9es, protection durable et rendu esth\u00e9tique.","keywords":null,"keyphrases":{"focus":{"keyphrase":"","score":0,"analysis":{"keyphraseInTitle":{"score":0,"maxScore":9,"error":1}}},"additional":[]},"primary_term":null,"canonical_url":null,"og_title":null,"og_description":null,"og_object_type":"default","og_image_type":"default","og_image_url":null,"og_image_width":null,"og_image_height":null,"og_image_custom_url":null,"og_image_custom_fields":null,"og_video":"","og_custom_url":null,"og_article_section":null,"og_article_tags":null,"twitter_use_og":false,"twitter_card":"default","twitter_image_type":"default","twitter_image_url":null,"twitter_image_custom_url":null,"twitter_image_custom_fields":null,"twitter_title":null,"twitter_description":null,"schema":{"blockGraphs":[],"customGraphs":[],"default":{"data":{"Article":[],"Course":[],"Dataset":[],"FAQPage":[],"Movie":[],"Person":[],"Product":[],"ProductReview":[],"Car":[],"Recipe":[],"Service":[],"SoftwareApplication":[],"WebPage":[]},"graphName":"WebPage","isEnabled":true},"graphs":[]},"schema_type":"default","schema_type_options":null,"pillar_content":false,"robots_default":true,"robots_noindex":false,"robots_noarchive":false,"robots_nosnippet":false,"robots_nofollow":false,"robots_noimageindex":false,"robots_noodp":false,"robots_notranslate":false,"robots_max_snippet":"-1","robots_max_videopreview":"-1","robots_max_imagepreview":"large","priority":null,"frequency":"default","local_seo":null,"seo_analyzer_scan_date":"2025-10-13 09:38:29","breadcrumb_settings":null,"limit_modified_date":false,"open_ai":null,"ai":{"faqs":[],"keyPoints":[],"titles":[],"descriptions":[],"socialPosts":{"email":[],"linkedin":[],"twitter":[],"facebook":[],"instagram":[]}},"created":"2025-10-13 09:16:16","updated":"2025-11-26 22:04:22"},"aioseo_breadcrumb":"<div class=\"aioseo-breadcrumbs\"><span class=\"aioseo-breadcrumb\">\n\t<a href=\"https:\/\/www.crepissage-outre-foret.pro\" title=\"Cr\u00e9pissage de l&#039;outre for\u00eat\">Cr\u00e9pissage de l'outre for\u00eat<\/a>\n<\/span><span class=\"aioseo-breadcrumb-separator\">\u00bb<\/span><span class=\"aioseo-breadcrumb\">\n\t<a href=\"https:\/\/www.crepissage-outre-foret.pro\/galerie-photos\/\" title=\"Galeries Photos\">Galeries Photos<\/a>\n<\/span><span class=\"aioseo-breadcrumb-separator\">\u00bb<\/span><span class=\"aioseo-breadcrumb\">\n\t<a href=\"https:\/\/www.crepissage-outre-foret.pro\/galerie_category\/ravalement-de-facade\/\" title=\"Ravalement de Fa\u00e7ade\">Ravalement de Fa\u00e7ade<\/a>\n<\/span><span class=\"aioseo-breadcrumb-separator\">\u00bb<\/span><span class=\"aioseo-breadcrumb\">\n\tChantier \u00e0 Morschwiller : Travaux de peinture et ravalement de fa\u00e7ades\n<\/span><\/div>","aioseo_breadcrumb_json":[{"label":"Cr\u00e9pissage de l'outre for\u00eat","link":"https:\/\/www.crepissage-outre-foret.pro"},{"label":"Galeries Photos","link":"https:\/\/www.crepissage-outre-foret.pro\/galerie-photos\/"},{"label":"Ravalement de Fa\u00e7ade","link":"https:\/\/www.crepissage-outre-foret.pro\/galerie_category\/ravalement-de-facade\/"},{"label":"Chantier \u00e0 Morschwiller : Travaux de peinture et ravalement de fa\u00e7ades","link":"https:\/\/www.crepissage-outre-foret.pro\/galerie-photos\/chantier-a-morschwiller-travaux-de-peinture-et-ravalement-de-facades\/"}],"_links":{"self":[{"href":"https:\/\/www.crepissage-outre-foret.pro\/api-json\/wp\/v2\/galerie-photos\/859","targetHints":{"allow":["GET"]}}],"collection":[{"href":"https:\/\/www.crepissage-outre-foret.pro\/api-json\/wp\/v2\/galerie-photos"}],"about":[{"href":"https:\/\/www.crepissage-outre-foret.pro\/api-json\/wp\/v2\/types\/galerie-photos"}],"version-history":[{"count":0,"href":"https:\/\/www.crepissage-outre-foret.pro\/api-json\/wp\/v2\/galerie-photos\/859\/revisions"}],"wp:featuredmedia":[{"embeddable":true,"href":"https:\/\/www.crepissage-outre-foret.pro\/api-json\/wp\/v2\/media\/860"}],"wp:attachment":[{"href":"https:\/\/www.crepissage-outre-foret.pro\/api-json\/wp\/v2\/media?parent=859"}],"wp:term":[{"taxonomy":"galerie_category","embeddable":true,"href":"https:\/\/www.crepissage-outre-foret.pro\/api-json\/wp\/v2\/galerie_category?post=859"}],"curies":[{"name":"wp","href":"https:\/\/api.w.org\/{rel}","templated":true}]}}