{"id":763,"date":"2025-10-13T03:57:58","date_gmt":"2025-10-13T03:57:58","guid":{"rendered":"https:\/\/crepissage.vyseo-communication.eu\/?post_type=galerie-photos&#038;p=763"},"modified":"2025-10-13T04:41:50","modified_gmt":"2025-10-13T04:41:50","slug":"chantier-disolation-exterieure-a-grassendorf-67","status":"publish","type":"galerie-photos","link":"https:\/\/www.crepissage-outre-foret.pro\/galerie-photos\/chantier-disolation-exterieure-a-grassendorf-67\/","title":{"rendered":"Chantier d\u2019isolation ext\u00e9rieure \u00e0 GRASSENDORF (67)"},"content":{"rendered":"\t\t<div data-elementor-type=\"wp-post\" data-elementor-id=\"763\" class=\"elementor elementor-763\" data-elementor-post-type=\"galerie-photos\">\n\t\t\t\t<div class=\"elementor-element elementor-element-69c44103 e-flex e-con-boxed e-con e-parent\" data-id=\"69c44103\" data-element_type=\"container\" data-e-type=\"container\">\n\t\t\t\t\t<div class=\"e-con-inner\">\n\t\t\t\t<div class=\"elementor-element elementor-element-5ea79d92 elementor-widget elementor-widget-text-editor\" data-id=\"5ea79d92\" data-element_type=\"widget\" data-e-type=\"widget\" data-widget_type=\"text-editor.default\">\n\t\t\t\t\t\t\t\t\t<p data-start=\"488\" data-end=\"799\">Notre \u00e9quipe poursuit ses travaux \u00e0 <strong data-start=\"524\" data-end=\"539\">Grassendorf<\/strong>, dans le Bas-Rhin, avec un <strong data-start=\"567\" data-end=\"623\">chantier d\u2019isolation thermique par l\u2019ext\u00e9rieur (ITE)<\/strong> particuli\u00e8rement soign\u00e9.<br data-start=\"648\" data-end=\"651\" \/>L\u2019objectif : renforcer le confort thermique du logement tout en optimisant les performances \u00e9nerg\u00e9tiques, pour une maison plus \u00e9conome et durable.<\/p><p data-start=\"801\" data-end=\"933\">Chaque \u00e9tape de ce chantier illustre notre exigence de qualit\u00e9 et notre ma\u00eetrise des techniques d\u2019isolation les plus performantes.<\/p>\t\t\t\t\t\t\t\t<\/div>\n\t\t\t\t<div class=\"elementor-element elementor-element-2e9572f8 elementor-widget elementor-widget-heading\" data-id=\"2e9572f8\" data-element_type=\"widget\" data-e-type=\"widget\" data-widget_type=\"heading.default\">\n\t\t\t\t\t<h2 class=\"elementor-heading-title elementor-size-default\">Des avanc\u00e9es significatives vers une fa\u00e7ade parfaitement isol\u00e9e<\/h2>\t\t\t\t<\/div>\n\t\t\t\t<div class=\"elementor-element elementor-element-5e874160 elementor-widget elementor-widget-text-editor\" data-id=\"5e874160\" data-element_type=\"widget\" data-e-type=\"widget\" data-widget_type=\"text-editor.default\">\n\t\t\t\t\t\t\t\t\t<p data-start=\"1042\" data-end=\"1140\">Les derni\u00e8res \u00e9tapes r\u00e9alis\u00e9es \u00e0 Grassendorf marquent une <strong data-start=\"1100\" data-end=\"1136\">progression importante du projet<\/strong> :<\/p><ul data-start=\"1142\" data-end=\"1715\"><li data-start=\"1142\" data-end=\"1352\"><p data-start=\"1144\" data-end=\"1352\"><strong data-start=\"1147\" data-end=\"1181\">Isolation thermique termin\u00e9e :<\/strong> la pose compl\u00e8te du syst\u00e8me ITE assure une <strong data-start=\"1225\" data-end=\"1287\">excellente protection contre les variations de temp\u00e9rature<\/strong>, r\u00e9duisant les pertes de chaleur et les d\u00e9penses \u00e9nerg\u00e9tiques.<\/p><\/li><li data-start=\"1353\" data-end=\"1543\"><p data-start=\"1355\" data-end=\"1543\"><strong data-start=\"1358\" data-end=\"1394\">Pon\u00e7age minutieux des surfaces :<\/strong> cette \u00e9tape permet d\u2019<strong data-start=\"1416\" data-end=\"1440\">uniformiser les murs<\/strong>, de corriger les irr\u00e9gularit\u00e9s et de garantir une <strong data-start=\"1491\" data-end=\"1513\">adh\u00e9rence optimale<\/strong> pour les couches suivantes.<\/p><\/li><li data-start=\"1544\" data-end=\"1715\"><p data-start=\"1546\" data-end=\"1715\"><strong data-start=\"1549\" data-end=\"1582\">Pose des baguettes d\u2019angles :<\/strong> install\u00e9es avec pr\u00e9cision, elles assurent des <strong data-start=\"1629\" data-end=\"1660\">ar\u00eates nettes et renforc\u00e9es<\/strong>, tout en offrant une <strong data-start=\"1682\" data-end=\"1712\">finition propre et durable<\/strong>.<\/p><\/li><\/ul><p data-start=\"1717\" data-end=\"2034\">Le chantier est d\u00e9sormais pr\u00eat pour la <strong data-start=\"1756\" data-end=\"1793\">mise en \u0153uvre de l\u2019entoilage arm\u00e9<\/strong>, aussi appel\u00e9 <strong data-start=\"1808\" data-end=\"1823\">filet-colle<\/strong>.<br data-start=\"1824\" data-end=\"1827\" \/>Cette \u00e9tape cruciale consiste \u00e0 <strong data-start=\"1859\" data-end=\"1900\">maroufler une trame en fibre de verre<\/strong> dans un enduit sp\u00e9cifique, afin de <strong data-start=\"1936\" data-end=\"1980\">consolider l\u2019ensemble du syst\u00e8me isolant<\/strong> et d\u2019assurer une <strong data-start=\"1998\" data-end=\"2020\">long\u00e9vit\u00e9 optimale<\/strong> de la fa\u00e7ade.<\/p><p data-start=\"2036\" data-end=\"2177\">Chaque op\u00e9ration est r\u00e9alis\u00e9e avec <strong data-start=\"2071\" data-end=\"2123\">soin, pr\u00e9cision et respect des normes techniques<\/strong>, pour garantir un <strong data-start=\"2142\" data-end=\"2176\">r\u00e9sultat durable et esth\u00e9tique<\/strong>.<\/p>\t\t\t\t\t\t\t\t<\/div>\n\t\t\t\t<div class=\"elementor-element elementor-element-53419eaf elementor-widget elementor-widget-ucaddon_uc_compact_image_theme\" data-id=\"53419eaf\" data-element_type=\"widget\" data-e-type=\"widget\" data-widget_type=\"ucaddon_uc_compact_image_theme.default\">\n\t\t\t\t<div class=\"elementor-widget-container\">\n\t\t\t\t\t\n<!-- start Compact Gallery -->\n\t\t<link id='font-awesome-css' href='https:\/\/www.crepissage-outre-foret.pro\/modules\/module602\/assets_libraries\/font-awesome6\/fontawesome-all.min.css' type='text\/css' rel='stylesheet' >\n\t\t<link id='font-awesome-4-shim-css' href='https:\/\/www.crepissage-outre-foret.pro\/modules\/module602\/assets_libraries\/font-awesome6\/fontawesome-v4-shims.min.css' type='text\/css' rel='stylesheet' >\n\t\t<link id='unitegallery-css' href='https:\/\/www.crepissage-outre-foret.pro\/modules\/module602\/assets_libraries\/unitegallery\/css\/unite-gallery.css' type='text\/css' rel='stylesheet' >\n\t\t<link id='fancybox-css' href='https:\/\/www.crepissage-outre-foret.pro\/modules\/module602\/assets_libraries\/fancybox3\/jquery.fancybox.min.css' type='text\/css' rel='stylesheet' >\n\n<style>\/* widget: Compact Gallery *\/\n\n#uc_uc_compact_image_theme_elementor_53419eaf-wrapper{\n  min-height: 1px;\n}\n\n#uc_uc_compact_image_theme_elementor_53419eaf{\n  margin:0 auto;\n  display: none;\n}\n\/* fancybox *\/\n\/* endfancybox *\/\n\n<\/style>\n\n<div id=\"uc_uc_compact_image_theme_elementor_53419eaf-wrapper\">\n  <div id=\"uc_uc_compact_image_theme_elementor_53419eaf\" class=\"uc-items-wrapper  \"  data-remote-type=\"gallery\" data-custom-sethtml=\"true\" >\n    \n<img decoding=\"async\" alt=\"isolation-maison-Grassendorf\"\n   src=\"https:\/\/www.crepissage-outre-foret.pro\/media\/2025\/10\/isolation-maison-Grassendorf-768x1024.jpg\"\n    data-image=\"https:\/\/www.crepissage-outre-foret.pro\/media\/2025\/10\/isolation-maison-Grassendorf.jpg\"\n    data-title=\"isolation-maison-Grassendorf\">\n\n<img decoding=\"async\" alt=\"peinture-exterieure-maison-Grassendorf\"\n   src=\"https:\/\/www.crepissage-outre-foret.pro\/media\/2025\/10\/peinture-exterieure-maison-Grassendorf-768x1024.jpg\"\n    data-image=\"https:\/\/www.crepissage-outre-foret.pro\/media\/2025\/10\/peinture-exterieure-maison-Grassendorf.jpg\"\n    data-title=\"peinture-exterieure-maison-Grassendorf\">\n\n<img decoding=\"async\" alt=\"ravalement-facade-Grassendorf\"\n   src=\"https:\/\/www.crepissage-outre-foret.pro\/media\/2025\/10\/ravalement-facade-Grassendorf-768x576.jpg\"\n    data-image=\"https:\/\/www.crepissage-outre-foret.pro\/media\/2025\/10\/ravalement-facade-Grassendorf.jpg\"\n    data-title=\"ravalement-facade-Grassendorf\">\n\n<img decoding=\"async\" alt=\"renovation-maison-Grassendorf\"\n   src=\"https:\/\/www.crepissage-outre-foret.pro\/media\/2025\/10\/renovation-maison-Grassendorf-1-768x1024.jpg\"\n    data-image=\"https:\/\/www.crepissage-outre-foret.pro\/media\/2025\/10\/renovation-maison-Grassendorf-1.jpg\"\n    data-title=\"renovation-maison-Grassendorf\">\n\n<img decoding=\"async\" alt=\"crepis-exterieur-Grassendorf\"\n   src=\"https:\/\/www.crepissage-outre-foret.pro\/media\/2025\/10\/crepis-exterieur-Grassendorf-1-768x576.jpg\"\n    data-image=\"https:\/\/www.crepissage-outre-foret.pro\/media\/2025\/10\/crepis-exterieur-Grassendorf-1.jpg\"\n    data-title=\"crepis-exterieur-Grassendorf\">\n\n  <\/div>\n<\/div>\n<!-- end Compact Gallery -->\t\t\t\t<\/div>\n\t\t\t\t<\/div>\n\t\t\t\t<div class=\"elementor-element elementor-element-ffb8c89 elementor-widget elementor-widget-heading\" data-id=\"ffb8c89\" data-element_type=\"widget\" data-e-type=\"widget\" data-widget_type=\"heading.default\">\n\t\t\t\t\t<h2 class=\"elementor-heading-title elementor-size-default\">Zone d\u2019intervention<\/h2>\t\t\t\t<\/div>\n\t\t\t\t<div class=\"elementor-element elementor-element-5a84606 elementor-widget elementor-widget-text-editor\" data-id=\"5a84606\" data-element_type=\"widget\" data-e-type=\"widget\" data-widget_type=\"text-editor.default\">\n\t\t\t\t\t\t\t\t\t<p>Cr\u00e9pissage de l\u2019Outre For\u00eat intervient dans tout le secteur <strong data-start=\"3645\" data-end=\"3678\">Outre-For\u00eat et Alsace du Nord<\/strong> :<br data-start=\"3680\" data-end=\"3683\" \/><strong data-start=\"3683\" data-end=\"3783\">Betschdorf, Wissembourg, Haguenau, Lauterbourg, Soultz-sous-For\u00eats, Seltz, Niederbronn-les-Bains<\/strong>, et les environs.<\/p><p>Nous r\u00e9alisons vos projets de ravalement, isolation et cr\u00e9pissage avec le m\u00eame niveau d\u2019exigence et de qualit\u00e9.<\/p><p>Vous avez un projet similaire \u00e0 Grassendorf ou dans les environs ?<br data-start=\"3584\" data-end=\"3587\" \/>Contactez-nous d\u00e8s aujourd\u2019hui pour un <strong data-start=\"3628\" data-end=\"3675\">diagnostic personnalis\u00e9 et un devis gratuit<\/strong>.<\/p>\t\t\t\t\t\t\t\t<\/div>\n\t\t\t\t\t<\/div>\n\t\t\t\t<\/div>\n\t\t\t\t<\/div>\n\t\t","protected":false},"excerpt":{"rendered":"<p>\u00c0 Grassendorf, Cr\u00e9pissage de l\u2019Outre For\u00eat r\u00e9alise un chantier d\u2019isolation thermique par l\u2019ext\u00e9rieur alliant performance \u00e9nerg\u00e9tique et finitions soign\u00e9es. D\u00e9couvrez les \u00e9tapes du projet.<\/p>\n","protected":false},"featured_media":764,"menu_order":0,"template":"","format":"standard","meta":[],"galerie_category":[15],"class_list":["post-763","galerie-photos","type-galerie-photos","status-publish","format-standard","has-post-thumbnail","hentry","galerie_category-isolation-exterieure"],"aioseo_notices":[],"aioseo_head":"\n\t\t<!-- All in One SEO Pro 4.9.6.2 - aioseo.com -->\n\t<meta name=\"description\" content=\"D\u00e9couvrez notre chantier d\u2019isolation thermique \u00e0 Grassendorf : une r\u00e9alisation soign\u00e9e et durable sign\u00e9e Cr\u00e9pissage de L\u2019Outre For\u00eat, sp\u00e9cialiste des fa\u00e7ades.\" \/>\n\t<meta name=\"robots\" content=\"max-image-preview:large\" \/>\n\t<meta name=\"google-site-verification\" content=\"yV5f5RtlR-_n-vm2xJ3yDaw1yK7hUustT9T8yhp9L28\" \/>\n\t<link rel=\"canonical\" href=\"https:\/\/www.crepissage-outre-foret.pro\/galerie-photos\/chantier-disolation-exterieure-a-grassendorf-67\/\" \/>\n\t<meta name=\"generator\" content=\"All in One SEO Pro (AIOSEO) 4.9.6.2\" \/>\n\t\t<meta property=\"og:locale\" content=\"fr_FR\" \/>\n\t\t<meta property=\"og:site_name\" content=\"Cr\u00e9pissage de L\u2019Outre For\u00eat - Donnez une nouvelle vie \u00e0 vos fa\u00e7ades\" \/>\n\t\t<meta property=\"og:type\" content=\"article\" \/>\n\t\t<meta property=\"og:title\" content=\"Isolation ext\u00e9rieure \u00e0 Grassendorf- Cr\u00e9pissage de l\u2019Outre For\u00eat\" \/>\n\t\t<meta property=\"og:description\" content=\"D\u00e9couvrez notre chantier d\u2019isolation thermique \u00e0 Grassendorf : une r\u00e9alisation soign\u00e9e et durable sign\u00e9e Cr\u00e9pissage de L\u2019Outre For\u00eat, sp\u00e9cialiste des fa\u00e7ades.\" \/>\n\t\t<meta property=\"og:url\" content=\"https:\/\/www.crepissage-outre-foret.pro\/galerie-photos\/chantier-disolation-exterieure-a-grassendorf-67\/\" \/>\n\t\t<meta property=\"og:image\" content=\"https:\/\/www.crepissage-outre-foret.pro\/media\/2025\/10\/logo.svg\" \/>\n\t\t<meta property=\"og:image:secure_url\" content=\"https:\/\/www.crepissage-outre-foret.pro\/media\/2025\/10\/logo.svg\" \/>\n\t\t<meta property=\"article:published_time\" content=\"2025-10-13T03:57:58+00:00\" \/>\n\t\t<meta property=\"article:modified_time\" content=\"2025-10-13T04:41:50+00:00\" \/>\n\t\t<meta property=\"article:publisher\" content=\"https:\/\/www.facebook.com\/profile.php?id=100031217720552&amp;locale=fr_FR\" \/>\n\t\t<meta name=\"twitter:card\" content=\"summary_large_image\" \/>\n\t\t<meta name=\"twitter:title\" content=\"Isolation ext\u00e9rieure \u00e0 Grassendorf- Cr\u00e9pissage de l\u2019Outre For\u00eat\" \/>\n\t\t<meta name=\"twitter:description\" content=\"D\u00e9couvrez notre chantier d\u2019isolation thermique \u00e0 Grassendorf : une r\u00e9alisation soign\u00e9e et durable sign\u00e9e Cr\u00e9pissage de L\u2019Outre For\u00eat, sp\u00e9cialiste des fa\u00e7ades.\" \/>\n\t\t<meta name=\"twitter:image\" content=\"https:\/\/www.crepissage-outre-foret.pro\/media\/2025\/10\/logo.svg\" \/>\n\t\t<script type=\"application\/ld+json\" class=\"aioseo-schema\">\n\t\t\t{\"@context\":\"https:\\\/\\\/schema.org\",\"@graph\":[{\"@type\":\"BreadcrumbList\",\"@id\":\"https:\\\/\\\/www.crepissage-outre-foret.pro\\\/galerie-photos\\\/chantier-disolation-exterieure-a-grassendorf-67\\\/#breadcrumblist\",\"itemListElement\":[{\"@type\":\"ListItem\",\"@id\":\"https:\\\/\\\/www.crepissage-outre-foret.pro#listItem\",\"position\":1,\"name\":\"Cr\\u00e9pissage de l'outre for\\u00eat\",\"item\":\"https:\\\/\\\/www.crepissage-outre-foret.pro\",\"nextItem\":{\"@type\":\"ListItem\",\"@id\":\"https:\\\/\\\/www.crepissage-outre-foret.pro\\\/galerie-photos\\\/#listItem\",\"name\":\"Galeries Photos\"}},{\"@type\":\"ListItem\",\"@id\":\"https:\\\/\\\/www.crepissage-outre-foret.pro\\\/galerie-photos\\\/#listItem\",\"position\":2,\"name\":\"Galeries Photos\",\"item\":\"https:\\\/\\\/www.crepissage-outre-foret.pro\\\/galerie-photos\\\/\",\"nextItem\":{\"@type\":\"ListItem\",\"@id\":\"https:\\\/\\\/www.crepissage-outre-foret.pro\\\/galerie_category\\\/isolation-exterieure\\\/#listItem\",\"name\":\"Isolation ext\\u00e9rieure\"},\"previousItem\":{\"@type\":\"ListItem\",\"@id\":\"https:\\\/\\\/www.crepissage-outre-foret.pro#listItem\",\"name\":\"Cr\\u00e9pissage de l'outre for\\u00eat\"}},{\"@type\":\"ListItem\",\"@id\":\"https:\\\/\\\/www.crepissage-outre-foret.pro\\\/galerie_category\\\/isolation-exterieure\\\/#listItem\",\"position\":3,\"name\":\"Isolation ext\\u00e9rieure\",\"item\":\"https:\\\/\\\/www.crepissage-outre-foret.pro\\\/galerie_category\\\/isolation-exterieure\\\/\",\"nextItem\":{\"@type\":\"ListItem\",\"@id\":\"https:\\\/\\\/www.crepissage-outre-foret.pro\\\/galerie-photos\\\/chantier-disolation-exterieure-a-grassendorf-67\\\/#listItem\",\"name\":\"Chantier d\\u2019isolation ext\\u00e9rieure \\u00e0 GRASSENDORF (67)\"},\"previousItem\":{\"@type\":\"ListItem\",\"@id\":\"https:\\\/\\\/www.crepissage-outre-foret.pro\\\/galerie-photos\\\/#listItem\",\"name\":\"Galeries Photos\"}},{\"@type\":\"ListItem\",\"@id\":\"https:\\\/\\\/www.crepissage-outre-foret.pro\\\/galerie-photos\\\/chantier-disolation-exterieure-a-grassendorf-67\\\/#listItem\",\"position\":4,\"name\":\"Chantier d\\u2019isolation ext\\u00e9rieure \\u00e0 GRASSENDORF (67)\",\"previousItem\":{\"@type\":\"ListItem\",\"@id\":\"https:\\\/\\\/www.crepissage-outre-foret.pro\\\/galerie_category\\\/isolation-exterieure\\\/#listItem\",\"name\":\"Isolation ext\\u00e9rieure\"}}]},{\"@type\":\"Organization\",\"@id\":\"https:\\\/\\\/www.crepissage-outre-foret.pro\\\/#organization\",\"name\":\"Cr\\u00e9pissage de L\\u2019Outre For\\u00eat\",\"description\":\"Donnez une nouvelle vie \\u00e0 vos fa\\u00e7ades\",\"url\":\"https:\\\/\\\/www.crepissage-outre-foret.pro\\\/\",\"email\":\"contact@crepisoutreforet.fr\",\"telephone\":\"+33388548345\",\"logo\":{\"@type\":\"ImageObject\",\"url\":\"https:\\\/\\\/www.crepissage-outre-foret.pro\\\/wp-content\\\/uploads\\\/2025\\\/10\\\/logo.svg\",\"@id\":\"https:\\\/\\\/www.crepissage-outre-foret.pro\\\/galerie-photos\\\/chantier-disolation-exterieure-a-grassendorf-67\\\/#organizationLogo\"},\"image\":{\"@id\":\"https:\\\/\\\/www.crepissage-outre-foret.pro\\\/galerie-photos\\\/chantier-disolation-exterieure-a-grassendorf-67\\\/#organizationLogo\"},\"sameAs\":[\"https:\\\/\\\/www.facebook.com\\\/profile.php?id=100031217720552&locale=fr_FR\",\"https:\\\/\\\/instagram.com\\\/crepissagedeloutreforet\"],\"address\":{\"@id\":\"https:\\\/\\\/www.crepissage-outre-foret.pro\\\/#postaladdress\",\"@type\":\"PostalAddress\",\"streetAddress\":\"14 Rue Alfred Kastler,\",\"postalCode\":\"67160\",\"addressLocality\":\"Wissembourg\",\"addressCountry\":\"FR\"},\"taxID\":\"FR49502522642\"},{\"@type\":\"WebPage\",\"@id\":\"https:\\\/\\\/www.crepissage-outre-foret.pro\\\/galerie-photos\\\/chantier-disolation-exterieure-a-grassendorf-67\\\/#webpage\",\"url\":\"https:\\\/\\\/www.crepissage-outre-foret.pro\\\/galerie-photos\\\/chantier-disolation-exterieure-a-grassendorf-67\\\/\",\"name\":\"Isolation ext\\u00e9rieure \\u00e0 Grassendorf- Cr\\u00e9pissage de l\\u2019Outre For\\u00eat\",\"description\":\"D\\u00e9couvrez notre chantier d\\u2019isolation thermique \\u00e0 Grassendorf : une r\\u00e9alisation soign\\u00e9e et durable sign\\u00e9e Cr\\u00e9pissage de L\\u2019Outre For\\u00eat, sp\\u00e9cialiste des fa\\u00e7ades.\",\"inLanguage\":\"fr-FR\",\"isPartOf\":{\"@id\":\"https:\\\/\\\/www.crepissage-outre-foret.pro\\\/#website\"},\"breadcrumb\":{\"@id\":\"https:\\\/\\\/www.crepissage-outre-foret.pro\\\/galerie-photos\\\/chantier-disolation-exterieure-a-grassendorf-67\\\/#breadcrumblist\"},\"image\":{\"@type\":\"ImageObject\",\"url\":\"https:\\\/\\\/www.crepissage-outre-foret.pro\\\/wp-content\\\/uploads\\\/2025\\\/10\\\/crepis-exterieur-Grassendorf-1.jpg\",\"@id\":\"https:\\\/\\\/www.crepissage-outre-foret.pro\\\/galerie-photos\\\/chantier-disolation-exterieure-a-grassendorf-67\\\/#mainImage\",\"width\":2048,\"height\":1536},\"primaryImageOfPage\":{\"@id\":\"https:\\\/\\\/www.crepissage-outre-foret.pro\\\/galerie-photos\\\/chantier-disolation-exterieure-a-grassendorf-67\\\/#mainImage\"},\"datePublished\":\"2025-10-13T03:57:58+00:00\",\"dateModified\":\"2025-10-13T04:41:50+00:00\"},{\"@type\":\"WebSite\",\"@id\":\"https:\\\/\\\/www.crepissage-outre-foret.pro\\\/#website\",\"url\":\"https:\\\/\\\/www.crepissage-outre-foret.pro\\\/\",\"name\":\"Cr\\u00e9pissage de L\\u2019Outre For\\u00eat\",\"description\":\"Donnez une nouvelle vie \\u00e0 vos fa\\u00e7ades\",\"inLanguage\":\"fr-FR\",\"publisher\":{\"@id\":\"https:\\\/\\\/www.crepissage-outre-foret.pro\\\/#organization\"}}]}\n\t\t<\/script>\n\t\t<!-- All in One SEO Pro -->\r\n\t\t<title>Isolation ext\u00e9rieure \u00e0 Grassendorf- Cr\u00e9pissage de l\u2019Outre For\u00eat<\/title>\n\n","aioseo_head_json":{"title":"Isolation ext\u00e9rieure \u00e0 Grassendorf- Cr\u00e9pissage de l\u2019Outre For\u00eat","description":"D\u00e9couvrez notre chantier d\u2019isolation thermique \u00e0 Grassendorf : une r\u00e9alisation soign\u00e9e et durable sign\u00e9e Cr\u00e9pissage de L\u2019Outre For\u00eat, sp\u00e9cialiste des fa\u00e7ades.","canonical_url":"https:\/\/www.crepissage-outre-foret.pro\/galerie-photos\/chantier-disolation-exterieure-a-grassendorf-67\/","robots":"max-image-preview:large","keywords":"","webmasterTools":{"google-site-verification":"yV5f5RtlR-_n-vm2xJ3yDaw1yK7hUustT9T8yhp9L28","miscellaneous":""},"schema":{"@context":"https:\/\/schema.org","@graph":[{"@type":"BreadcrumbList","@id":"https:\/\/www.crepissage-outre-foret.pro\/galerie-photos\/chantier-disolation-exterieure-a-grassendorf-67\/#breadcrumblist","itemListElement":[{"@type":"ListItem","@id":"https:\/\/www.crepissage-outre-foret.pro#listItem","position":1,"name":"Cr\u00e9pissage de l'outre for\u00eat","item":"https:\/\/www.crepissage-outre-foret.pro","nextItem":{"@type":"ListItem","@id":"https:\/\/www.crepissage-outre-foret.pro\/galerie-photos\/#listItem","name":"Galeries Photos"}},{"@type":"ListItem","@id":"https:\/\/www.crepissage-outre-foret.pro\/galerie-photos\/#listItem","position":2,"name":"Galeries Photos","item":"https:\/\/www.crepissage-outre-foret.pro\/galerie-photos\/","nextItem":{"@type":"ListItem","@id":"https:\/\/www.crepissage-outre-foret.pro\/galerie_category\/isolation-exterieure\/#listItem","name":"Isolation ext\u00e9rieure"},"previousItem":{"@type":"ListItem","@id":"https:\/\/www.crepissage-outre-foret.pro#listItem","name":"Cr\u00e9pissage de l'outre for\u00eat"}},{"@type":"ListItem","@id":"https:\/\/www.crepissage-outre-foret.pro\/galerie_category\/isolation-exterieure\/#listItem","position":3,"name":"Isolation ext\u00e9rieure","item":"https:\/\/www.crepissage-outre-foret.pro\/galerie_category\/isolation-exterieure\/","nextItem":{"@type":"ListItem","@id":"https:\/\/www.crepissage-outre-foret.pro\/galerie-photos\/chantier-disolation-exterieure-a-grassendorf-67\/#listItem","name":"Chantier d\u2019isolation ext\u00e9rieure \u00e0 GRASSENDORF (67)"},"previousItem":{"@type":"ListItem","@id":"https:\/\/www.crepissage-outre-foret.pro\/galerie-photos\/#listItem","name":"Galeries Photos"}},{"@type":"ListItem","@id":"https:\/\/www.crepissage-outre-foret.pro\/galerie-photos\/chantier-disolation-exterieure-a-grassendorf-67\/#listItem","position":4,"name":"Chantier d\u2019isolation ext\u00e9rieure \u00e0 GRASSENDORF (67)","previousItem":{"@type":"ListItem","@id":"https:\/\/www.crepissage-outre-foret.pro\/galerie_category\/isolation-exterieure\/#listItem","name":"Isolation ext\u00e9rieure"}}]},{"@type":"Organization","@id":"https:\/\/www.crepissage-outre-foret.pro\/#organization","name":"Cr\u00e9pissage de L\u2019Outre For\u00eat","description":"Donnez une nouvelle vie \u00e0 vos fa\u00e7ades","url":"https:\/\/www.crepissage-outre-foret.pro\/","email":"contact@crepisoutreforet.fr","telephone":"+33388548345","logo":{"@type":"ImageObject","url":"https:\/\/www.crepissage-outre-foret.pro\/media\/2025\/10\/logo.svg","@id":"https:\/\/www.crepissage-outre-foret.pro\/galerie-photos\/chantier-disolation-exterieure-a-grassendorf-67\/#organizationLogo"},"image":{"@id":"https:\/\/www.crepissage-outre-foret.pro\/galerie-photos\/chantier-disolation-exterieure-a-grassendorf-67\/#organizationLogo"},"sameAs":["https:\/\/www.facebook.com\/profile.php?id=100031217720552&locale=fr_FR","https:\/\/instagram.com\/crepissagedeloutreforet"],"address":{"@id":"https:\/\/www.crepissage-outre-foret.pro\/#postaladdress","@type":"PostalAddress","streetAddress":"14 Rue Alfred Kastler,","postalCode":"67160","addressLocality":"Wissembourg","addressCountry":"FR"},"taxID":"FR49502522642"},{"@type":"WebPage","@id":"https:\/\/www.crepissage-outre-foret.pro\/galerie-photos\/chantier-disolation-exterieure-a-grassendorf-67\/#webpage","url":"https:\/\/www.crepissage-outre-foret.pro\/galerie-photos\/chantier-disolation-exterieure-a-grassendorf-67\/","name":"Isolation ext\u00e9rieure \u00e0 Grassendorf- Cr\u00e9pissage de l\u2019Outre For\u00eat","description":"D\u00e9couvrez notre chantier d\u2019isolation thermique \u00e0 Grassendorf : une r\u00e9alisation soign\u00e9e et durable sign\u00e9e Cr\u00e9pissage de L\u2019Outre For\u00eat, sp\u00e9cialiste des fa\u00e7ades.","inLanguage":"fr-FR","isPartOf":{"@id":"https:\/\/www.crepissage-outre-foret.pro\/#website"},"breadcrumb":{"@id":"https:\/\/www.crepissage-outre-foret.pro\/galerie-photos\/chantier-disolation-exterieure-a-grassendorf-67\/#breadcrumblist"},"image":{"@type":"ImageObject","url":"https:\/\/www.crepissage-outre-foret.pro\/media\/2025\/10\/crepis-exterieur-Grassendorf-1.jpg","@id":"https:\/\/www.crepissage-outre-foret.pro\/galerie-photos\/chantier-disolation-exterieure-a-grassendorf-67\/#mainImage","width":2048,"height":1536},"primaryImageOfPage":{"@id":"https:\/\/www.crepissage-outre-foret.pro\/galerie-photos\/chantier-disolation-exterieure-a-grassendorf-67\/#mainImage"},"datePublished":"2025-10-13T03:57:58+00:00","dateModified":"2025-10-13T04:41:50+00:00"},{"@type":"WebSite","@id":"https:\/\/www.crepissage-outre-foret.pro\/#website","url":"https:\/\/www.crepissage-outre-foret.pro\/","name":"Cr\u00e9pissage de L\u2019Outre For\u00eat","description":"Donnez une nouvelle vie \u00e0 vos fa\u00e7ades","inLanguage":"fr-FR","publisher":{"@id":"https:\/\/www.crepissage-outre-foret.pro\/#organization"}}]},"og:locale":"fr_FR","og:site_name":"Cr\u00e9pissage de L\u2019Outre For\u00eat - Donnez une nouvelle vie \u00e0 vos fa\u00e7ades","og:type":"article","og:title":"Isolation ext\u00e9rieure \u00e0 Grassendorf- Cr\u00e9pissage de l\u2019Outre For\u00eat","og:description":"D\u00e9couvrez notre chantier d\u2019isolation thermique \u00e0 Grassendorf : une r\u00e9alisation soign\u00e9e et durable sign\u00e9e Cr\u00e9pissage de L\u2019Outre For\u00eat, sp\u00e9cialiste des fa\u00e7ades.","og:url":"https:\/\/www.crepissage-outre-foret.pro\/galerie-photos\/chantier-disolation-exterieure-a-grassendorf-67\/","og:image":"https:\/\/www.crepissage-outre-foret.pro\/media\/2025\/10\/logo.svg","og:image:secure_url":"https:\/\/www.crepissage-outre-foret.pro\/media\/2025\/10\/logo.svg","article:published_time":"2025-10-13T03:57:58+00:00","article:modified_time":"2025-10-13T04:41:50+00:00","article:publisher":"https:\/\/www.facebook.com\/profile.php?id=100031217720552&locale=fr_FR","twitter:card":"summary_large_image","twitter:title":"Isolation ext\u00e9rieure \u00e0 Grassendorf- Cr\u00e9pissage de l\u2019Outre For\u00eat","twitter:description":"D\u00e9couvrez notre chantier d\u2019isolation thermique \u00e0 Grassendorf : une r\u00e9alisation soign\u00e9e et durable sign\u00e9e Cr\u00e9pissage de L\u2019Outre For\u00eat, sp\u00e9cialiste des fa\u00e7ades.","twitter:image":"https:\/\/www.crepissage-outre-foret.pro\/media\/2025\/10\/logo.svg"},"aioseo_meta_data":{"post_id":"763","title":"Isolation ext\u00e9rieure \u00e0 Grassendorf- Cr\u00e9pissage de l\u2019Outre For\u00eat","description":"D\u00e9couvrez notre chantier d\u2019isolation thermique \u00e0 Grassendorf : une r\u00e9alisation soign\u00e9e et durable sign\u00e9e Cr\u00e9pissage de L\u2019Outre For\u00eat, sp\u00e9cialiste des fa\u00e7ades.","keywords":null,"keyphrases":{"focus":{"keyphrase":"","score":0,"analysis":{"keyphraseInTitle":{"score":0,"maxScore":9,"error":1}}},"additional":[]},"primary_term":null,"canonical_url":null,"og_title":null,"og_description":null,"og_object_type":"default","og_image_type":"default","og_image_url":null,"og_image_width":null,"og_image_height":null,"og_image_custom_url":null,"og_image_custom_fields":null,"og_video":"","og_custom_url":null,"og_article_section":null,"og_article_tags":null,"twitter_use_og":false,"twitter_card":"default","twitter_image_type":"default","twitter_image_url":null,"twitter_image_custom_url":null,"twitter_image_custom_fields":null,"twitter_title":null,"twitter_description":null,"schema":{"blockGraphs":[],"customGraphs":[],"default":{"data":{"Article":[],"Course":[],"Dataset":[],"FAQPage":[],"Movie":[],"Person":[],"Product":[],"ProductReview":[],"Car":[],"Recipe":[],"Service":[],"SoftwareApplication":[],"WebPage":[]},"graphName":"WebPage","isEnabled":true},"graphs":[]},"schema_type":"default","schema_type_options":null,"pillar_content":false,"robots_default":true,"robots_noindex":false,"robots_noarchive":false,"robots_nosnippet":false,"robots_nofollow":false,"robots_noimageindex":false,"robots_noodp":false,"robots_notranslate":false,"robots_max_snippet":"-1","robots_max_videopreview":"-1","robots_max_imagepreview":"large","priority":null,"frequency":"default","local_seo":null,"seo_analyzer_scan_date":"2025-10-13 04:53:01","breadcrumb_settings":null,"limit_modified_date":false,"open_ai":null,"ai":{"faqs":[],"keyPoints":[],"titles":[],"descriptions":[],"socialPosts":{"email":[],"linkedin":[],"twitter":[],"facebook":[],"instagram":[]}},"created":"2025-10-13 03:51:01","updated":"2025-11-26 22:04:22"},"aioseo_breadcrumb":"<div class=\"aioseo-breadcrumbs\"><span class=\"aioseo-breadcrumb\">\n\t<a href=\"https:\/\/www.crepissage-outre-foret.pro\" title=\"Cr\u00e9pissage de l&#039;outre for\u00eat\">Cr\u00e9pissage de l'outre for\u00eat<\/a>\n<\/span><span class=\"aioseo-breadcrumb-separator\">\u00bb<\/span><span class=\"aioseo-breadcrumb\">\n\t<a href=\"https:\/\/www.crepissage-outre-foret.pro\/galerie-photos\/\" title=\"Galeries Photos\">Galeries Photos<\/a>\n<\/span><span class=\"aioseo-breadcrumb-separator\">\u00bb<\/span><span class=\"aioseo-breadcrumb\">\n\t<a href=\"https:\/\/www.crepissage-outre-foret.pro\/galerie_category\/isolation-exterieure\/\" title=\"Isolation ext\u00e9rieure\">Isolation ext\u00e9rieure<\/a>\n<\/span><span class=\"aioseo-breadcrumb-separator\">\u00bb<\/span><span class=\"aioseo-breadcrumb\">\n\tChantier d\u2019isolation ext\u00e9rieure \u00e0 GRASSENDORF (67)\n<\/span><\/div>","aioseo_breadcrumb_json":[{"label":"Cr\u00e9pissage de l'outre for\u00eat","link":"https:\/\/www.crepissage-outre-foret.pro"},{"label":"Galeries Photos","link":"https:\/\/www.crepissage-outre-foret.pro\/galerie-photos\/"},{"label":"Isolation ext\u00e9rieure","link":"https:\/\/www.crepissage-outre-foret.pro\/galerie_category\/isolation-exterieure\/"},{"label":"Chantier d\u2019isolation ext\u00e9rieure \u00e0 GRASSENDORF (67)","link":"https:\/\/www.crepissage-outre-foret.pro\/galerie-photos\/chantier-disolation-exterieure-a-grassendorf-67\/"}],"_links":{"self":[{"href":"https:\/\/www.crepissage-outre-foret.pro\/api-json\/wp\/v2\/galerie-photos\/763","targetHints":{"allow":["GET"]}}],"collection":[{"href":"https:\/\/www.crepissage-outre-foret.pro\/api-json\/wp\/v2\/galerie-photos"}],"about":[{"href":"https:\/\/www.crepissage-outre-foret.pro\/api-json\/wp\/v2\/types\/galerie-photos"}],"version-history":[{"count":0,"href":"https:\/\/www.crepissage-outre-foret.pro\/api-json\/wp\/v2\/galerie-photos\/763\/revisions"}],"wp:featuredmedia":[{"embeddable":true,"href":"https:\/\/www.crepissage-outre-foret.pro\/api-json\/wp\/v2\/media\/764"}],"wp:attachment":[{"href":"https:\/\/www.crepissage-outre-foret.pro\/api-json\/wp\/v2\/media?parent=763"}],"wp:term":[{"taxonomy":"galerie_category","embeddable":true,"href":"https:\/\/www.crepissage-outre-foret.pro\/api-json\/wp\/v2\/galerie_category?post=763"}],"curies":[{"name":"wp","href":"https:\/\/api.w.org\/{rel}","templated":true}]}}