{"id":1026,"date":"2025-10-14T05:39:29","date_gmt":"2025-10-14T05:39:29","guid":{"rendered":"https:\/\/crepissage.vyseo-communication.eu\/?post_type=galerie-photos&#038;p=1026"},"modified":"2025-10-14T05:45:18","modified_gmt":"2025-10-14T05:45:18","slug":"chantier-a-schleithal-ravalement-de-facade-et-isolation-exterieure","status":"publish","type":"galerie-photos","link":"https:\/\/www.crepissage-outre-foret.pro\/galerie-photos\/chantier-a-schleithal-ravalement-de-facade-et-isolation-exterieure\/","title":{"rendered":"Chantier \u00e0 Schleithal \u2013 Ravalement de fa\u00e7ade et isolation ext\u00e9rieure"},"content":{"rendered":"\t\t<div data-elementor-type=\"wp-post\" data-elementor-id=\"1026\" class=\"elementor elementor-1026\" data-elementor-post-type=\"galerie-photos\">\n\t\t\t\t<div class=\"elementor-element elementor-element-225419b1 e-flex e-con-boxed e-con e-parent\" data-id=\"225419b1\" data-element_type=\"container\" data-e-type=\"container\">\n\t\t\t\t\t<div class=\"e-con-inner\">\n\t\t\t\t<div class=\"elementor-element elementor-element-69e5c4d9 elementor-widget elementor-widget-text-editor\" data-id=\"69e5c4d9\" data-element_type=\"widget\" data-e-type=\"widget\" data-widget_type=\"text-editor.default\">\n\t\t\t\t\t\t\t\t\t<h2 data-start=\"523\" data-end=\"586\">Une belle transformation sign\u00e9e Cr\u00e9pissage de l\u2019Outre-For\u00eat<\/h2><p data-start=\"588\" data-end=\"983\">\u00c0 <strong data-start=\"590\" data-end=\"604\">Schleithal<\/strong>, notre \u00e9quipe <strong data-start=\"619\" data-end=\"650\">Cr\u00e9pissage de l\u2019Outre-For\u00eat<\/strong> est intervenue pour un <strong data-start=\"674\" data-end=\"744\">chantier complet de ravalement de fa\u00e7ade et d\u2019isolation ext\u00e9rieure<\/strong>.<br data-start=\"745\" data-end=\"748\" \/>L\u2019objectif : <strong data-start=\"761\" data-end=\"855\">moderniser l\u2019aspect de la maison tout en am\u00e9liorant son confort thermique et sa durabilit\u00e9<\/strong>.<br data-start=\"856\" data-end=\"859\" \/>Gr\u00e2ce \u00e0 notre savoir-faire et \u00e0 l\u2019attention port\u00e9e aux d\u00e9tails, le r\u00e9sultat allie <strong data-start=\"941\" data-end=\"982\">esth\u00e9tique, performance et protection<\/strong>.<\/p><h3 data-start=\"990\" data-end=\"1033\">Une r\u00e9novation harmonieuse et durable<\/h3><p data-start=\"1035\" data-end=\"1356\">Ce projet \u00e0 Schleithal illustre parfaitement notre approche : <strong data-start=\"1097\" data-end=\"1133\">analyser, conseiller et r\u00e9aliser<\/strong> avec rigueur.<br data-start=\"1147\" data-end=\"1150\" \/>Apr\u00e8s une premi\u00e8re \u00e9valuation de la fa\u00e7ade, nos \u00e9quipes ont entrepris la <strong data-start=\"1223\" data-end=\"1261\">remise en \u00e9tat des murs ext\u00e9rieurs<\/strong> et la <strong data-start=\"1268\" data-end=\"1309\">mise en \u0153uvre d\u2019une isolation adapt\u00e9e<\/strong> pour offrir un confort optimal \u00e0 long terme.<\/p><p data-start=\"1358\" data-end=\"1620\">Le ravalement a permis de redonner une <strong data-start=\"1397\" data-end=\"1430\">nouvelle jeunesse aux fa\u00e7ades<\/strong>, tout en renfor\u00e7ant leur r\u00e9sistance face aux intemp\u00e9ries.<br data-start=\"1488\" data-end=\"1491\" \/>La finition finale, soign\u00e9e et lumineuse, met d\u00e9sormais en valeur l\u2019architecture de la maison et son charme typique de la r\u00e9gion.<\/p><h3 data-start=\"1627\" data-end=\"1674\">Esth\u00e9tique, confort et \u00e9conomie d\u2019\u00e9nergie<\/h3><p data-start=\"1676\" data-end=\"1969\">En plus de l\u2019embellissement ext\u00e9rieur, l\u2019isolation thermique contribue \u00e0 <strong data-start=\"1749\" data-end=\"1788\">r\u00e9duire les d\u00e9perditions de chaleur<\/strong>, tout en garantissant un meilleur confort int\u00e9rieur.<br data-start=\"1841\" data-end=\"1844\" \/>Cette intervention permet ainsi de <strong data-start=\"1879\" data-end=\"1912\">faire des \u00e9conomies d\u2019\u00e9nergie<\/strong> tout en valorisant durablement le patrimoine immobilier.<\/p><p data-start=\"1971\" data-end=\"2137\">Les teintes choisies ont \u00e9t\u00e9 s\u00e9lectionn\u00e9es avec soin pour s\u2019int\u00e9grer harmonieusement \u00e0 l\u2019environnement de Schleithal, tout en respectant les souhaits du propri\u00e9taire.<\/p><h2 data-start=\"2144\" data-end=\"2197\">Un chantier men\u00e9 avec soin et professionnalisme<\/h2><p data-start=\"2199\" data-end=\"2342\">Chaque \u00e9tape du projet a \u00e9t\u00e9 r\u00e9alis\u00e9e avec le souci du d\u00e9tail qui fait la r\u00e9putation de notre entreprise.<br data-start=\"2304\" data-end=\"2307\" \/>Nos \u00e9quipes veillent toujours \u00e0 :<\/p><ul data-start=\"2343\" data-end=\"2585\"><li data-start=\"2343\" data-end=\"2413\"><p data-start=\"2345\" data-end=\"2413\">Travailler dans le <strong data-start=\"2364\" data-end=\"2410\">respect des d\u00e9lais et des engagements pris<\/strong>,<\/p><\/li><li data-start=\"2414\" data-end=\"2462\"><p data-start=\"2416\" data-end=\"2462\">Garantir un <strong data-start=\"2428\" data-end=\"2459\">chantier propre et s\u00e9curis\u00e9<\/strong>,<\/p><\/li><li data-start=\"2463\" data-end=\"2518\"><p data-start=\"2465\" data-end=\"2518\">Utiliser des <strong data-start=\"2478\" data-end=\"2515\">mat\u00e9riaux performants et durables<\/strong>,<\/p><\/li><li data-start=\"2519\" data-end=\"2585\"><p data-start=\"2521\" data-end=\"2585\">Offrir un <strong data-start=\"2531\" data-end=\"2569\">r\u00e9sultat \u00e0 la hauteur des attentes<\/strong> de nos clients.<\/p><\/li><\/ul><p data-start=\"2587\" data-end=\"2713\">Le chantier de Schleithal est un bel exemple de notre engagement pour la <strong data-start=\"2660\" data-end=\"2712\">qualit\u00e9, la durabilit\u00e9 et la satisfaction client<\/strong>.<\/p>\t\t\t\t\t\t\t\t<\/div>\n\t\t\t\t<div class=\"elementor-element elementor-element-2378e2f5 elementor-widget elementor-widget-ucaddon_uc_compact_image_theme\" data-id=\"2378e2f5\" data-element_type=\"widget\" data-e-type=\"widget\" data-widget_type=\"ucaddon_uc_compact_image_theme.default\">\n\t\t\t\t<div class=\"elementor-widget-container\">\n\t\t\t\t\t\n<!-- start Compact Gallery -->\n\t\t<link id='font-awesome-css' href='https:\/\/www.crepissage-outre-foret.pro\/modules\/module602\/assets_libraries\/font-awesome6\/fontawesome-all.min.css' type='text\/css' rel='stylesheet' >\n\t\t<link id='font-awesome-4-shim-css' href='https:\/\/www.crepissage-outre-foret.pro\/modules\/module602\/assets_libraries\/font-awesome6\/fontawesome-v4-shims.min.css' type='text\/css' rel='stylesheet' >\n\t\t<link id='unitegallery-css' href='https:\/\/www.crepissage-outre-foret.pro\/modules\/module602\/assets_libraries\/unitegallery\/css\/unite-gallery.css' type='text\/css' rel='stylesheet' >\n\t\t<link id='fancybox-css' href='https:\/\/www.crepissage-outre-foret.pro\/modules\/module602\/assets_libraries\/fancybox3\/jquery.fancybox.min.css' type='text\/css' rel='stylesheet' >\n\n<style>\/* widget: Compact Gallery *\/\n\n#uc_uc_compact_image_theme_elementor_2378e2f5-wrapper{\n  min-height: 1px;\n}\n\n#uc_uc_compact_image_theme_elementor_2378e2f5{\n  margin:0 auto;\n  display: none;\n}\n\/* fancybox *\/\n\/* endfancybox *\/\n\n<\/style>\n\n<div id=\"uc_uc_compact_image_theme_elementor_2378e2f5-wrapper\">\n  <div id=\"uc_uc_compact_image_theme_elementor_2378e2f5\" class=\"uc-items-wrapper  \"  data-remote-type=\"gallery\" data-custom-sethtml=\"true\" >\n    \n<img decoding=\"async\" alt=\"crepissage-facadier-schleithal\"\n   src=\"https:\/\/www.crepissage-outre-foret.pro\/media\/2025\/10\/crepissage-facadier-schleithal-1-768x1024.jpg\"\n    data-image=\"https:\/\/www.crepissage-outre-foret.pro\/media\/2025\/10\/crepissage-facadier-schleithal-1.jpg\"\n    data-title=\"crepissage-facadier-schleithal\">\n\n<img decoding=\"async\" alt=\"isolation-thermique-exterieure-schleithal\"\n   src=\"https:\/\/www.crepissage-outre-foret.pro\/media\/2025\/10\/isolation-thermique-exterieure-schleithal-2-768x1023.jpg\"\n    data-image=\"https:\/\/www.crepissage-outre-foret.pro\/media\/2025\/10\/isolation-thermique-exterieure-schleithal-2.jpg\"\n    data-title=\"isolation-thermique-exterieure-schleithal\">\n\n<img decoding=\"async\" alt=\"ravalement-facade-schleithal\"\n   src=\"https:\/\/www.crepissage-outre-foret.pro\/media\/2025\/10\/ravalement-facade-schleithal-1-768x1023.jpg\"\n    data-image=\"https:\/\/www.crepissage-outre-foret.pro\/media\/2025\/10\/ravalement-facade-schleithal-1.jpg\"\n    data-title=\"ravalement-facade-schleithal\">\n\n<img decoding=\"async\" alt=\"renovation-exterieure-schleithal\"\n   src=\"https:\/\/www.crepissage-outre-foret.pro\/media\/2025\/10\/renovation-exterieure-schleithal-768x1023.jpg\"\n    data-image=\"https:\/\/www.crepissage-outre-foret.pro\/media\/2025\/10\/renovation-exterieure-schleithal.jpg\"\n    data-title=\"renovation-exterieure-schleithal\">\n\n<img decoding=\"async\" alt=\"isolation-maison-schleithal\"\n   src=\"https:\/\/www.crepissage-outre-foret.pro\/media\/2025\/10\/isolation-maison-schleithal-2-768x1023.jpg\"\n    data-image=\"https:\/\/www.crepissage-outre-foret.pro\/media\/2025\/10\/isolation-maison-schleithal-2.jpg\"\n    data-title=\"isolation-maison-schleithal\">\n\n  <\/div>\n<\/div>\n<!-- end Compact Gallery -->\t\t\t\t<\/div>\n\t\t\t\t<\/div>\n\t\t\t\t<div class=\"elementor-element elementor-element-3ea6d94 elementor-widget elementor-widget-heading\" data-id=\"3ea6d94\" data-element_type=\"widget\" data-e-type=\"widget\" data-widget_type=\"heading.default\">\n\t\t\t\t\t<h2 class=\"elementor-heading-title elementor-size-default\">Zone d\u2019intervention<\/h2>\t\t\t\t<\/div>\n\t\t\t\t<div class=\"elementor-element elementor-element-6b511b4e elementor-widget elementor-widget-text-editor\" data-id=\"6b511b4e\" data-element_type=\"widget\" data-e-type=\"widget\" data-widget_type=\"text-editor.default\">\n\t\t\t\t\t\t\t\t\t<p>Cr\u00e9pissage de L\u2019Outre For\u00eat intervient dans tout le secteur <strong data-start=\"3645\" data-end=\"3678\">Outre-For\u00eat et Alsace du Nord<\/strong> :<br data-start=\"3680\" data-end=\"3683\" \/><strong data-start=\"3683\" data-end=\"3783\">Betschdorf, Wissembourg, Haguenau, Lauterbourg, Soultz-sous-For\u00eats, Seltz, Niederbronn-les-Bains<\/strong>, et les environs.<\/p><p>Nous r\u00e9alisons vos projets de ravalement, isolation et cr\u00e9pissage avec le m\u00eame niveau d\u2019exigence et de qualit\u00e9.<\/p><p>Vous souhaitez <strong data-start=\"3271\" data-end=\"3345\">r\u00e9nover vos fa\u00e7ades, isoler votre maison ou rafra\u00eechir votre ext\u00e9rieur<\/strong> ?<br data-start=\"3347\" data-end=\"3350\" \/>Faites confiance \u00e0 une entreprise locale reconnue pour son s\u00e9rieux et son savoir-faire.<\/p>\t\t\t\t\t\t\t\t<\/div>\n\t\t\t\t\t<\/div>\n\t\t\t\t<\/div>\n\t\t\t\t<\/div>\n\t\t","protected":false},"excerpt":{"rendered":"<p>\u00c0 Schleithal, Cr\u00e9pissage de l\u2019Outre-For\u00eat a r\u00e9nov\u00e9 une maison avec ravalement de fa\u00e7ade et isolation ext\u00e9rieure. Un chantier soign\u00e9 et durable, alliant esth\u00e9tique et confort.<\/p>\n","protected":false},"featured_media":1027,"menu_order":0,"template":"","format":"standard","meta":[],"galerie_category":[15,14],"class_list":["post-1026","galerie-photos","type-galerie-photos","status-publish","format-standard","has-post-thumbnail","hentry","galerie_category-isolation-exterieure","galerie_category-ravalement-de-facade"],"aioseo_notices":[],"aioseo_head":"\n\t\t<!-- All in One SEO Pro 4.9.6.2 - aioseo.com -->\n\t<meta name=\"description\" content=\"R\u00e9novation compl\u00e8te \u00e0 Schleithal : ravalement de fa\u00e7ade et isolation ext\u00e9rieure par Cr\u00e9pissage de l\u2019Outre-For\u00eat. R\u00e9sultat esth\u00e9tique, durable et performant.\" \/>\n\t<meta name=\"robots\" content=\"max-image-preview:large\" \/>\n\t<meta name=\"google-site-verification\" content=\"yV5f5RtlR-_n-vm2xJ3yDaw1yK7hUustT9T8yhp9L28\" \/>\n\t<link rel=\"canonical\" href=\"https:\/\/www.crepissage-outre-foret.pro\/galerie-photos\/chantier-a-schleithal-ravalement-de-facade-et-isolation-exterieure\/\" \/>\n\t<meta name=\"generator\" content=\"All in One SEO Pro (AIOSEO) 4.9.6.2\" \/>\n\t\t<meta property=\"og:locale\" content=\"fr_FR\" \/>\n\t\t<meta property=\"og:site_name\" content=\"Cr\u00e9pissage de L\u2019Outre For\u00eat - Donnez une nouvelle vie \u00e0 vos fa\u00e7ades\" \/>\n\t\t<meta property=\"og:type\" content=\"article\" \/>\n\t\t<meta property=\"og:title\" content=\"Ravalement et isolation ext\u00e9rieure \u00e0 Schleithal (67)\" \/>\n\t\t<meta property=\"og:description\" content=\"R\u00e9novation compl\u00e8te \u00e0 Schleithal : ravalement de fa\u00e7ade et isolation ext\u00e9rieure par Cr\u00e9pissage de l\u2019Outre-For\u00eat. R\u00e9sultat esth\u00e9tique, durable et performant.\" \/>\n\t\t<meta property=\"og:url\" content=\"https:\/\/www.crepissage-outre-foret.pro\/galerie-photos\/chantier-a-schleithal-ravalement-de-facade-et-isolation-exterieure\/\" \/>\n\t\t<meta property=\"og:image\" content=\"https:\/\/www.crepissage-outre-foret.pro\/media\/2025\/10\/logo.svg\" \/>\n\t\t<meta property=\"og:image:secure_url\" content=\"https:\/\/www.crepissage-outre-foret.pro\/media\/2025\/10\/logo.svg\" \/>\n\t\t<meta property=\"article:published_time\" content=\"2025-10-14T05:39:29+00:00\" \/>\n\t\t<meta property=\"article:modified_time\" content=\"2025-10-14T05:45:18+00:00\" \/>\n\t\t<meta property=\"article:publisher\" content=\"https:\/\/www.facebook.com\/profile.php?id=100031217720552&amp;locale=fr_FR\" \/>\n\t\t<meta name=\"twitter:card\" content=\"summary_large_image\" \/>\n\t\t<meta name=\"twitter:title\" content=\"Ravalement et isolation ext\u00e9rieure \u00e0 Schleithal (67)\" \/>\n\t\t<meta name=\"twitter:description\" content=\"R\u00e9novation compl\u00e8te \u00e0 Schleithal : ravalement de fa\u00e7ade et isolation ext\u00e9rieure par Cr\u00e9pissage de l\u2019Outre-For\u00eat. R\u00e9sultat esth\u00e9tique, durable et performant.\" \/>\n\t\t<meta name=\"twitter:image\" content=\"https:\/\/www.crepissage-outre-foret.pro\/media\/2025\/10\/logo.svg\" \/>\n\t\t<script type=\"application\/ld+json\" class=\"aioseo-schema\">\n\t\t\t{\"@context\":\"https:\\\/\\\/schema.org\",\"@graph\":[{\"@type\":\"BreadcrumbList\",\"@id\":\"https:\\\/\\\/www.crepissage-outre-foret.pro\\\/galerie-photos\\\/chantier-a-schleithal-ravalement-de-facade-et-isolation-exterieure\\\/#breadcrumblist\",\"itemListElement\":[{\"@type\":\"ListItem\",\"@id\":\"https:\\\/\\\/www.crepissage-outre-foret.pro#listItem\",\"position\":1,\"name\":\"Cr\\u00e9pissage de l'outre for\\u00eat\",\"item\":\"https:\\\/\\\/www.crepissage-outre-foret.pro\",\"nextItem\":{\"@type\":\"ListItem\",\"@id\":\"https:\\\/\\\/www.crepissage-outre-foret.pro\\\/galerie-photos\\\/#listItem\",\"name\":\"Galeries Photos\"}},{\"@type\":\"ListItem\",\"@id\":\"https:\\\/\\\/www.crepissage-outre-foret.pro\\\/galerie-photos\\\/#listItem\",\"position\":2,\"name\":\"Galeries Photos\",\"item\":\"https:\\\/\\\/www.crepissage-outre-foret.pro\\\/galerie-photos\\\/\",\"nextItem\":{\"@type\":\"ListItem\",\"@id\":\"https:\\\/\\\/www.crepissage-outre-foret.pro\\\/galerie_category\\\/ravalement-de-facade\\\/#listItem\",\"name\":\"Ravalement de Fa\\u00e7ade\"},\"previousItem\":{\"@type\":\"ListItem\",\"@id\":\"https:\\\/\\\/www.crepissage-outre-foret.pro#listItem\",\"name\":\"Cr\\u00e9pissage de l'outre for\\u00eat\"}},{\"@type\":\"ListItem\",\"@id\":\"https:\\\/\\\/www.crepissage-outre-foret.pro\\\/galerie_category\\\/ravalement-de-facade\\\/#listItem\",\"position\":3,\"name\":\"Ravalement de Fa\\u00e7ade\",\"item\":\"https:\\\/\\\/www.crepissage-outre-foret.pro\\\/galerie_category\\\/ravalement-de-facade\\\/\",\"nextItem\":{\"@type\":\"ListItem\",\"@id\":\"https:\\\/\\\/www.crepissage-outre-foret.pro\\\/galerie-photos\\\/chantier-a-schleithal-ravalement-de-facade-et-isolation-exterieure\\\/#listItem\",\"name\":\"Chantier \\u00e0 Schleithal \\u2013 Ravalement de fa\\u00e7ade et isolation ext\\u00e9rieure\"},\"previousItem\":{\"@type\":\"ListItem\",\"@id\":\"https:\\\/\\\/www.crepissage-outre-foret.pro\\\/galerie-photos\\\/#listItem\",\"name\":\"Galeries Photos\"}},{\"@type\":\"ListItem\",\"@id\":\"https:\\\/\\\/www.crepissage-outre-foret.pro\\\/galerie-photos\\\/chantier-a-schleithal-ravalement-de-facade-et-isolation-exterieure\\\/#listItem\",\"position\":4,\"name\":\"Chantier \\u00e0 Schleithal \\u2013 Ravalement de fa\\u00e7ade et isolation ext\\u00e9rieure\",\"previousItem\":{\"@type\":\"ListItem\",\"@id\":\"https:\\\/\\\/www.crepissage-outre-foret.pro\\\/galerie_category\\\/ravalement-de-facade\\\/#listItem\",\"name\":\"Ravalement de Fa\\u00e7ade\"}}]},{\"@type\":\"Organization\",\"@id\":\"https:\\\/\\\/www.crepissage-outre-foret.pro\\\/#organization\",\"name\":\"Cr\\u00e9pissage de L\\u2019Outre For\\u00eat\",\"description\":\"Donnez une nouvelle vie \\u00e0 vos fa\\u00e7ades\",\"url\":\"https:\\\/\\\/www.crepissage-outre-foret.pro\\\/\",\"email\":\"contact@crepisoutreforet.fr\",\"telephone\":\"+33388548345\",\"logo\":{\"@type\":\"ImageObject\",\"url\":\"https:\\\/\\\/www.crepissage-outre-foret.pro\\\/wp-content\\\/uploads\\\/2025\\\/10\\\/logo.svg\",\"@id\":\"https:\\\/\\\/www.crepissage-outre-foret.pro\\\/galerie-photos\\\/chantier-a-schleithal-ravalement-de-facade-et-isolation-exterieure\\\/#organizationLogo\"},\"image\":{\"@id\":\"https:\\\/\\\/www.crepissage-outre-foret.pro\\\/galerie-photos\\\/chantier-a-schleithal-ravalement-de-facade-et-isolation-exterieure\\\/#organizationLogo\"},\"sameAs\":[\"https:\\\/\\\/www.facebook.com\\\/profile.php?id=100031217720552&locale=fr_FR\",\"https:\\\/\\\/instagram.com\\\/crepissagedeloutreforet\"],\"address\":{\"@id\":\"https:\\\/\\\/www.crepissage-outre-foret.pro\\\/#postaladdress\",\"@type\":\"PostalAddress\",\"streetAddress\":\"14 Rue Alfred Kastler,\",\"postalCode\":\"67160\",\"addressLocality\":\"Wissembourg\",\"addressCountry\":\"FR\"},\"taxID\":\"FR49502522642\"},{\"@type\":\"WebPage\",\"@id\":\"https:\\\/\\\/www.crepissage-outre-foret.pro\\\/galerie-photos\\\/chantier-a-schleithal-ravalement-de-facade-et-isolation-exterieure\\\/#webpage\",\"url\":\"https:\\\/\\\/www.crepissage-outre-foret.pro\\\/galerie-photos\\\/chantier-a-schleithal-ravalement-de-facade-et-isolation-exterieure\\\/\",\"name\":\"Ravalement et isolation ext\\u00e9rieure \\u00e0 Schleithal (67)\",\"description\":\"R\\u00e9novation compl\\u00e8te \\u00e0 Schleithal : ravalement de fa\\u00e7ade et isolation ext\\u00e9rieure par Cr\\u00e9pissage de l\\u2019Outre-For\\u00eat. R\\u00e9sultat esth\\u00e9tique, durable et performant.\",\"inLanguage\":\"fr-FR\",\"isPartOf\":{\"@id\":\"https:\\\/\\\/www.crepissage-outre-foret.pro\\\/#website\"},\"breadcrumb\":{\"@id\":\"https:\\\/\\\/www.crepissage-outre-foret.pro\\\/galerie-photos\\\/chantier-a-schleithal-ravalement-de-facade-et-isolation-exterieure\\\/#breadcrumblist\"},\"image\":{\"@type\":\"ImageObject\",\"url\":\"https:\\\/\\\/www.crepissage-outre-foret.pro\\\/wp-content\\\/uploads\\\/2025\\\/10\\\/isolation-maison-schleithal-2.jpg\",\"@id\":\"https:\\\/\\\/www.crepissage-outre-foret.pro\\\/galerie-photos\\\/chantier-a-schleithal-ravalement-de-facade-et-isolation-exterieure\\\/#mainImage\",\"width\":1440,\"height\":1918},\"primaryImageOfPage\":{\"@id\":\"https:\\\/\\\/www.crepissage-outre-foret.pro\\\/galerie-photos\\\/chantier-a-schleithal-ravalement-de-facade-et-isolation-exterieure\\\/#mainImage\"},\"datePublished\":\"2025-10-14T05:39:29+00:00\",\"dateModified\":\"2025-10-14T05:45:18+00:00\"},{\"@type\":\"WebSite\",\"@id\":\"https:\\\/\\\/www.crepissage-outre-foret.pro\\\/#website\",\"url\":\"https:\\\/\\\/www.crepissage-outre-foret.pro\\\/\",\"name\":\"Cr\\u00e9pissage de L\\u2019Outre For\\u00eat\",\"description\":\"Donnez une nouvelle vie \\u00e0 vos fa\\u00e7ades\",\"inLanguage\":\"fr-FR\",\"publisher\":{\"@id\":\"https:\\\/\\\/www.crepissage-outre-foret.pro\\\/#organization\"}}]}\n\t\t<\/script>\n\t\t<!-- All in One SEO Pro -->\r\n\t\t<title>Ravalement et isolation ext\u00e9rieure \u00e0 Schleithal (67)<\/title>\n\n","aioseo_head_json":{"title":"Ravalement et isolation ext\u00e9rieure \u00e0 Schleithal (67)","description":"R\u00e9novation compl\u00e8te \u00e0 Schleithal : ravalement de fa\u00e7ade et isolation ext\u00e9rieure par Cr\u00e9pissage de l\u2019Outre-For\u00eat. R\u00e9sultat esth\u00e9tique, durable et performant.","canonical_url":"https:\/\/www.crepissage-outre-foret.pro\/galerie-photos\/chantier-a-schleithal-ravalement-de-facade-et-isolation-exterieure\/","robots":"max-image-preview:large","keywords":"","webmasterTools":{"google-site-verification":"yV5f5RtlR-_n-vm2xJ3yDaw1yK7hUustT9T8yhp9L28","miscellaneous":""},"schema":{"@context":"https:\/\/schema.org","@graph":[{"@type":"BreadcrumbList","@id":"https:\/\/www.crepissage-outre-foret.pro\/galerie-photos\/chantier-a-schleithal-ravalement-de-facade-et-isolation-exterieure\/#breadcrumblist","itemListElement":[{"@type":"ListItem","@id":"https:\/\/www.crepissage-outre-foret.pro#listItem","position":1,"name":"Cr\u00e9pissage de l'outre for\u00eat","item":"https:\/\/www.crepissage-outre-foret.pro","nextItem":{"@type":"ListItem","@id":"https:\/\/www.crepissage-outre-foret.pro\/galerie-photos\/#listItem","name":"Galeries Photos"}},{"@type":"ListItem","@id":"https:\/\/www.crepissage-outre-foret.pro\/galerie-photos\/#listItem","position":2,"name":"Galeries Photos","item":"https:\/\/www.crepissage-outre-foret.pro\/galerie-photos\/","nextItem":{"@type":"ListItem","@id":"https:\/\/www.crepissage-outre-foret.pro\/galerie_category\/ravalement-de-facade\/#listItem","name":"Ravalement de Fa\u00e7ade"},"previousItem":{"@type":"ListItem","@id":"https:\/\/www.crepissage-outre-foret.pro#listItem","name":"Cr\u00e9pissage de l'outre for\u00eat"}},{"@type":"ListItem","@id":"https:\/\/www.crepissage-outre-foret.pro\/galerie_category\/ravalement-de-facade\/#listItem","position":3,"name":"Ravalement de Fa\u00e7ade","item":"https:\/\/www.crepissage-outre-foret.pro\/galerie_category\/ravalement-de-facade\/","nextItem":{"@type":"ListItem","@id":"https:\/\/www.crepissage-outre-foret.pro\/galerie-photos\/chantier-a-schleithal-ravalement-de-facade-et-isolation-exterieure\/#listItem","name":"Chantier \u00e0 Schleithal \u2013 Ravalement de fa\u00e7ade et isolation ext\u00e9rieure"},"previousItem":{"@type":"ListItem","@id":"https:\/\/www.crepissage-outre-foret.pro\/galerie-photos\/#listItem","name":"Galeries Photos"}},{"@type":"ListItem","@id":"https:\/\/www.crepissage-outre-foret.pro\/galerie-photos\/chantier-a-schleithal-ravalement-de-facade-et-isolation-exterieure\/#listItem","position":4,"name":"Chantier \u00e0 Schleithal \u2013 Ravalement de fa\u00e7ade et isolation ext\u00e9rieure","previousItem":{"@type":"ListItem","@id":"https:\/\/www.crepissage-outre-foret.pro\/galerie_category\/ravalement-de-facade\/#listItem","name":"Ravalement de Fa\u00e7ade"}}]},{"@type":"Organization","@id":"https:\/\/www.crepissage-outre-foret.pro\/#organization","name":"Cr\u00e9pissage de L\u2019Outre For\u00eat","description":"Donnez une nouvelle vie \u00e0 vos fa\u00e7ades","url":"https:\/\/www.crepissage-outre-foret.pro\/","email":"contact@crepisoutreforet.fr","telephone":"+33388548345","logo":{"@type":"ImageObject","url":"https:\/\/www.crepissage-outre-foret.pro\/media\/2025\/10\/logo.svg","@id":"https:\/\/www.crepissage-outre-foret.pro\/galerie-photos\/chantier-a-schleithal-ravalement-de-facade-et-isolation-exterieure\/#organizationLogo"},"image":{"@id":"https:\/\/www.crepissage-outre-foret.pro\/galerie-photos\/chantier-a-schleithal-ravalement-de-facade-et-isolation-exterieure\/#organizationLogo"},"sameAs":["https:\/\/www.facebook.com\/profile.php?id=100031217720552&locale=fr_FR","https:\/\/instagram.com\/crepissagedeloutreforet"],"address":{"@id":"https:\/\/www.crepissage-outre-foret.pro\/#postaladdress","@type":"PostalAddress","streetAddress":"14 Rue Alfred Kastler,","postalCode":"67160","addressLocality":"Wissembourg","addressCountry":"FR"},"taxID":"FR49502522642"},{"@type":"WebPage","@id":"https:\/\/www.crepissage-outre-foret.pro\/galerie-photos\/chantier-a-schleithal-ravalement-de-facade-et-isolation-exterieure\/#webpage","url":"https:\/\/www.crepissage-outre-foret.pro\/galerie-photos\/chantier-a-schleithal-ravalement-de-facade-et-isolation-exterieure\/","name":"Ravalement et isolation ext\u00e9rieure \u00e0 Schleithal (67)","description":"R\u00e9novation compl\u00e8te \u00e0 Schleithal : ravalement de fa\u00e7ade et isolation ext\u00e9rieure par Cr\u00e9pissage de l\u2019Outre-For\u00eat. R\u00e9sultat esth\u00e9tique, durable et performant.","inLanguage":"fr-FR","isPartOf":{"@id":"https:\/\/www.crepissage-outre-foret.pro\/#website"},"breadcrumb":{"@id":"https:\/\/www.crepissage-outre-foret.pro\/galerie-photos\/chantier-a-schleithal-ravalement-de-facade-et-isolation-exterieure\/#breadcrumblist"},"image":{"@type":"ImageObject","url":"https:\/\/www.crepissage-outre-foret.pro\/media\/2025\/10\/isolation-maison-schleithal-2.jpg","@id":"https:\/\/www.crepissage-outre-foret.pro\/galerie-photos\/chantier-a-schleithal-ravalement-de-facade-et-isolation-exterieure\/#mainImage","width":1440,"height":1918},"primaryImageOfPage":{"@id":"https:\/\/www.crepissage-outre-foret.pro\/galerie-photos\/chantier-a-schleithal-ravalement-de-facade-et-isolation-exterieure\/#mainImage"},"datePublished":"2025-10-14T05:39:29+00:00","dateModified":"2025-10-14T05:45:18+00:00"},{"@type":"WebSite","@id":"https:\/\/www.crepissage-outre-foret.pro\/#website","url":"https:\/\/www.crepissage-outre-foret.pro\/","name":"Cr\u00e9pissage de L\u2019Outre For\u00eat","description":"Donnez une nouvelle vie \u00e0 vos fa\u00e7ades","inLanguage":"fr-FR","publisher":{"@id":"https:\/\/www.crepissage-outre-foret.pro\/#organization"}}]},"og:locale":"fr_FR","og:site_name":"Cr\u00e9pissage de L\u2019Outre For\u00eat - Donnez une nouvelle vie \u00e0 vos fa\u00e7ades","og:type":"article","og:title":"Ravalement et isolation ext\u00e9rieure \u00e0 Schleithal (67)","og:description":"R\u00e9novation compl\u00e8te \u00e0 Schleithal : ravalement de fa\u00e7ade et isolation ext\u00e9rieure par Cr\u00e9pissage de l\u2019Outre-For\u00eat. R\u00e9sultat esth\u00e9tique, durable et performant.","og:url":"https:\/\/www.crepissage-outre-foret.pro\/galerie-photos\/chantier-a-schleithal-ravalement-de-facade-et-isolation-exterieure\/","og:image":"https:\/\/www.crepissage-outre-foret.pro\/media\/2025\/10\/logo.svg","og:image:secure_url":"https:\/\/www.crepissage-outre-foret.pro\/media\/2025\/10\/logo.svg","article:published_time":"2025-10-14T05:39:29+00:00","article:modified_time":"2025-10-14T05:45:18+00:00","article:publisher":"https:\/\/www.facebook.com\/profile.php?id=100031217720552&locale=fr_FR","twitter:card":"summary_large_image","twitter:title":"Ravalement et isolation ext\u00e9rieure \u00e0 Schleithal (67)","twitter:description":"R\u00e9novation compl\u00e8te \u00e0 Schleithal : ravalement de fa\u00e7ade et isolation ext\u00e9rieure par Cr\u00e9pissage de l\u2019Outre-For\u00eat. R\u00e9sultat esth\u00e9tique, durable et performant.","twitter:image":"https:\/\/www.crepissage-outre-foret.pro\/media\/2025\/10\/logo.svg"},"aioseo_meta_data":{"post_id":"1026","title":"Ravalement et isolation ext\u00e9rieure \u00e0 Schleithal (67)","description":"R\u00e9novation compl\u00e8te \u00e0 Schleithal : ravalement de fa\u00e7ade et isolation ext\u00e9rieure par Cr\u00e9pissage de l\u2019Outre-For\u00eat. R\u00e9sultat esth\u00e9tique, durable et performant.","keywords":null,"keyphrases":{"focus":{"keyphrase":"","score":0,"analysis":{"keyphraseInTitle":{"score":0,"maxScore":9,"error":1}}},"additional":[]},"primary_term":null,"canonical_url":null,"og_title":null,"og_description":null,"og_object_type":"default","og_image_type":"default","og_image_url":null,"og_image_width":null,"og_image_height":null,"og_image_custom_url":null,"og_image_custom_fields":null,"og_video":"","og_custom_url":null,"og_article_section":null,"og_article_tags":null,"twitter_use_og":false,"twitter_card":"default","twitter_image_type":"default","twitter_image_url":null,"twitter_image_custom_url":null,"twitter_image_custom_fields":null,"twitter_title":null,"twitter_description":null,"schema":{"blockGraphs":[],"customGraphs":[],"default":{"data":{"Article":[],"Course":[],"Dataset":[],"FAQPage":[],"Movie":[],"Person":[],"Product":[],"ProductReview":[],"Car":[],"Recipe":[],"Service":[],"SoftwareApplication":[],"WebPage":[]},"graphName":"WebPage","isEnabled":true},"graphs":[]},"schema_type":"default","schema_type_options":null,"pillar_content":false,"robots_default":true,"robots_noindex":false,"robots_noarchive":false,"robots_nosnippet":false,"robots_nofollow":false,"robots_noimageindex":false,"robots_noodp":false,"robots_notranslate":false,"robots_max_snippet":"-1","robots_max_videopreview":"-1","robots_max_imagepreview":"large","priority":null,"frequency":"default","local_seo":null,"seo_analyzer_scan_date":"2025-10-14 05:47:04","breadcrumb_settings":null,"limit_modified_date":false,"open_ai":null,"ai":{"faqs":[],"keyPoints":[],"titles":[],"descriptions":[],"socialPosts":{"email":[],"linkedin":[],"twitter":[],"facebook":[],"instagram":[]}},"created":"2025-10-14 05:37:40","updated":"2025-11-26 22:11:59"},"aioseo_breadcrumb":"<div class=\"aioseo-breadcrumbs\"><span class=\"aioseo-breadcrumb\">\n\t<a href=\"https:\/\/www.crepissage-outre-foret.pro\" title=\"Cr\u00e9pissage de l&#039;outre for\u00eat\">Cr\u00e9pissage de l'outre for\u00eat<\/a>\n<\/span><span class=\"aioseo-breadcrumb-separator\">\u00bb<\/span><span class=\"aioseo-breadcrumb\">\n\t<a href=\"https:\/\/www.crepissage-outre-foret.pro\/galerie-photos\/\" title=\"Galeries Photos\">Galeries Photos<\/a>\n<\/span><span class=\"aioseo-breadcrumb-separator\">\u00bb<\/span><span class=\"aioseo-breadcrumb\">\n\t<a href=\"https:\/\/www.crepissage-outre-foret.pro\/galerie_category\/ravalement-de-facade\/\" title=\"Ravalement de Fa\u00e7ade\">Ravalement de Fa\u00e7ade<\/a>\n<\/span><span class=\"aioseo-breadcrumb-separator\">\u00bb<\/span><span class=\"aioseo-breadcrumb\">\n\tChantier \u00e0 Schleithal \u2013 Ravalement de fa\u00e7ade et isolation ext\u00e9rieure\n<\/span><\/div>","aioseo_breadcrumb_json":[{"label":"Cr\u00e9pissage de l'outre for\u00eat","link":"https:\/\/www.crepissage-outre-foret.pro"},{"label":"Galeries Photos","link":"https:\/\/www.crepissage-outre-foret.pro\/galerie-photos\/"},{"label":"Ravalement de Fa\u00e7ade","link":"https:\/\/www.crepissage-outre-foret.pro\/galerie_category\/ravalement-de-facade\/"},{"label":"Chantier \u00e0 Schleithal \u2013 Ravalement de fa\u00e7ade et isolation ext\u00e9rieure","link":"https:\/\/www.crepissage-outre-foret.pro\/galerie-photos\/chantier-a-schleithal-ravalement-de-facade-et-isolation-exterieure\/"}],"_links":{"self":[{"href":"https:\/\/www.crepissage-outre-foret.pro\/api-json\/wp\/v2\/galerie-photos\/1026","targetHints":{"allow":["GET"]}}],"collection":[{"href":"https:\/\/www.crepissage-outre-foret.pro\/api-json\/wp\/v2\/galerie-photos"}],"about":[{"href":"https:\/\/www.crepissage-outre-foret.pro\/api-json\/wp\/v2\/types\/galerie-photos"}],"version-history":[{"count":0,"href":"https:\/\/www.crepissage-outre-foret.pro\/api-json\/wp\/v2\/galerie-photos\/1026\/revisions"}],"wp:featuredmedia":[{"embeddable":true,"href":"https:\/\/www.crepissage-outre-foret.pro\/api-json\/wp\/v2\/media\/1027"}],"wp:attachment":[{"href":"https:\/\/www.crepissage-outre-foret.pro\/api-json\/wp\/v2\/media?parent=1026"}],"wp:term":[{"taxonomy":"galerie_category","embeddable":true,"href":"https:\/\/www.crepissage-outre-foret.pro\/api-json\/wp\/v2\/galerie_category?post=1026"}],"curies":[{"name":"wp","href":"https:\/\/api.w.org\/{rel}","templated":true}]}}