{"id":1010,"date":"2025-10-14T04:37:37","date_gmt":"2025-10-14T04:37:37","guid":{"rendered":"https:\/\/crepissage.vyseo-communication.eu\/?post_type=galerie-photos&#038;p=1010"},"modified":"2025-10-14T04:47:19","modified_gmt":"2025-10-14T04:47:19","slug":"chantier-a-wissembourg-ravalement-de-facade","status":"publish","type":"galerie-photos","link":"https:\/\/www.crepissage-outre-foret.pro\/galerie-photos\/chantier-a-wissembourg-ravalement-de-facade\/","title":{"rendered":"Chantier \u00e0 Wissembourg \u2013 Ravalement de fa\u00e7ade"},"content":{"rendered":"\t\t<div data-elementor-type=\"wp-post\" data-elementor-id=\"1010\" class=\"elementor elementor-1010\" data-elementor-post-type=\"galerie-photos\">\n\t\t\t\t<div class=\"elementor-element elementor-element-3c42c4f8 e-flex e-con-boxed e-con e-parent\" data-id=\"3c42c4f8\" data-element_type=\"container\" data-e-type=\"container\">\n\t\t\t\t\t<div class=\"e-con-inner\">\n\t\t\t\t<div class=\"elementor-element elementor-element-85a27a6 elementor-widget elementor-widget-text-editor\" data-id=\"85a27a6\" data-element_type=\"widget\" data-e-type=\"widget\" data-widget_type=\"text-editor.default\">\n\t\t\t\t\t\t\t\t\t<h2 data-start=\"274\" data-end=\"341\"><strong data-start=\"278\" data-end=\"341\">Redonner \u00e9clat et protection \u00e0 une fa\u00e7ade en Alsace du Nord<\/strong><\/h2><p data-start=\"343\" data-end=\"718\">\u00c0 <strong data-start=\"345\" data-end=\"360\">Wissembourg<\/strong>, au c\u0153ur du secteur Outre-For\u00eat, <strong data-start=\"394\" data-end=\"425\">Cr\u00e9pissage de l\u2019Outre-For\u00eat<\/strong> est intervenue pour un <strong data-start=\"449\" data-end=\"481\">ravalement complet de fa\u00e7ade<\/strong> sur une maison individuelle.<\/p><p data-start=\"343\" data-end=\"718\">Ce chantier illustre parfaitement notre savoir-faire alliant <strong data-start=\"574\" data-end=\"614\">esth\u00e9tique, durabilit\u00e9 et technicit\u00e9<\/strong>, avec un objectif clair : <strong data-start=\"641\" data-end=\"717\">prot\u00e9ger durablement les murs tout en redonnant du cachet \u00e0 l\u2019habitation<\/strong>.<\/p><p data-start=\"720\" data-end=\"879\">Chaque fa\u00e7ade est unique, c\u2019est pourquoi nous adaptons notre m\u00e9thode d\u2019intervention en fonction de l\u2019\u00e9tat du support, du type de mat\u00e9riau et du rendu souhait\u00e9.<\/p><h2 data-start=\"886\" data-end=\"921\"><strong data-start=\"892\" data-end=\"921\">Les objectifs du chantier<\/strong><\/h2><ul data-start=\"923\" data-end=\"1189\"><li data-start=\"923\" data-end=\"973\"><p data-start=\"925\" data-end=\"973\">Nettoyer et restaurer les fa\u00e7ades endommag\u00e9es.<\/p><\/li><li data-start=\"974\" data-end=\"1036\"><p data-start=\"976\" data-end=\"1036\">Corriger les d\u00e9fauts d\u2019aspect et uniformiser les surfaces.<\/p><\/li><li data-start=\"1037\" data-end=\"1115\"><p data-start=\"1039\" data-end=\"1115\">Appliquer un enduit protecteur et respirant pour une meilleure r\u00e9sistance.<\/p><\/li><li data-start=\"1116\" data-end=\"1189\"><p data-start=\"1118\" data-end=\"1189\">Offrir une finition harmonieuse, durable et adapt\u00e9e au style du b\u00e2ti.<\/p><\/li><\/ul>\t\t\t\t\t\t\t\t<\/div>\n\t\t\t\t<div class=\"elementor-element elementor-element-4cda5abf elementor-widget elementor-widget-ucaddon_uc_compact_image_theme\" data-id=\"4cda5abf\" data-element_type=\"widget\" data-e-type=\"widget\" data-widget_type=\"ucaddon_uc_compact_image_theme.default\">\n\t\t\t\t<div class=\"elementor-widget-container\">\n\t\t\t\t\t\n<!-- start Compact Gallery -->\n\t\t<link id='font-awesome-css' href='https:\/\/www.crepissage-outre-foret.pro\/modules\/module602\/assets_libraries\/font-awesome6\/fontawesome-all.min.css' type='text\/css' rel='stylesheet' >\n\t\t<link id='font-awesome-4-shim-css' href='https:\/\/www.crepissage-outre-foret.pro\/modules\/module602\/assets_libraries\/font-awesome6\/fontawesome-v4-shims.min.css' type='text\/css' rel='stylesheet' >\n\t\t<link id='unitegallery-css' href='https:\/\/www.crepissage-outre-foret.pro\/modules\/module602\/assets_libraries\/unitegallery\/css\/unite-gallery.css' type='text\/css' rel='stylesheet' >\n\t\t<link id='fancybox-css' href='https:\/\/www.crepissage-outre-foret.pro\/modules\/module602\/assets_libraries\/fancybox3\/jquery.fancybox.min.css' type='text\/css' rel='stylesheet' >\n\n<style>\/* widget: Compact Gallery *\/\n\n#uc_uc_compact_image_theme_elementor_4cda5abf-wrapper{\n  min-height: 1px;\n}\n\n#uc_uc_compact_image_theme_elementor_4cda5abf{\n  margin:0 auto;\n  display: none;\n}\n\/* fancybox *\/\n\/* endfancybox *\/\n\n<\/style>\n\n<div id=\"uc_uc_compact_image_theme_elementor_4cda5abf-wrapper\">\n  <div id=\"uc_uc_compact_image_theme_elementor_4cda5abf\" class=\"uc-items-wrapper  \"  data-remote-type=\"gallery\" data-custom-sethtml=\"true\" >\n    \n<img decoding=\"async\" alt=\"ravalement-facade-wissembourg\"\n   src=\"https:\/\/www.crepissage-outre-foret.pro\/media\/2025\/10\/ravalement-facade-wissembourg-1-768x539.jpg\"\n    data-image=\"https:\/\/www.crepissage-outre-foret.pro\/media\/2025\/10\/ravalement-facade-wissembourg-1.jpg\"\n    data-title=\"ravalement-facade-wissembourg\">\n\n<img decoding=\"async\" alt=\"ravalement-facade-wissembourg-2\"\n   src=\"https:\/\/www.crepissage-outre-foret.pro\/media\/2025\/10\/ravalement-facade-wissembourg-2-768x539.jpg\"\n    data-image=\"https:\/\/www.crepissage-outre-foret.pro\/media\/2025\/10\/ravalement-facade-wissembourg-2.jpg\"\n    data-title=\"ravalement-facade-wissembourg-2\">\n\n<img decoding=\"async\" alt=\"ravalement-facade-wissembourg-3\"\n   src=\"https:\/\/www.crepissage-outre-foret.pro\/media\/2025\/10\/ravalement-facade-wissembourg-3-1-768x539.jpg\"\n    data-image=\"https:\/\/www.crepissage-outre-foret.pro\/media\/2025\/10\/ravalement-facade-wissembourg-3-1.jpg\"\n    data-title=\"ravalement-facade-wissembourg-3\">\n\n  <\/div>\n<\/div>\n<!-- end Compact Gallery -->\t\t\t\t<\/div>\n\t\t\t\t<\/div>\n\t\t\t\t<div class=\"elementor-element elementor-element-e47abbf elementor-widget elementor-widget-text-editor\" data-id=\"e47abbf\" data-element_type=\"widget\" data-e-type=\"widget\" data-widget_type=\"text-editor.default\">\n\t\t\t\t\t\t\t\t\t<h2 data-start=\"2410\" data-end=\"2457\"><strong data-start=\"2416\" data-end=\"2457\">Les b\u00e9n\u00e9fices du ravalement de fa\u00e7ade<\/strong><\/h2><p data-start=\"2459\" data-end=\"2552\">Le ravalement ne se limite pas \u00e0 l\u2019esth\u00e9tique : il offre de nombreux avantages \u00e0 long terme :<\/p><ul data-start=\"2554\" data-end=\"2959\"><li data-start=\"2554\" data-end=\"2631\"><p data-start=\"2556\" data-end=\"2631\"><strong data-start=\"2558\" data-end=\"2580\">Protection durable<\/strong> contre l\u2019humidit\u00e9, les fissures et la pollution.<\/p><\/li><li data-start=\"2632\" data-end=\"2702\"><p data-start=\"2634\" data-end=\"2702\"><strong data-start=\"2637\" data-end=\"2667\">Valorisation du patrimoine<\/strong> et embellissement de votre bien.<\/p><\/li><li data-start=\"2703\" data-end=\"2787\"><p data-start=\"2705\" data-end=\"2787\"><strong data-start=\"2708\" data-end=\"2752\">Am\u00e9lioration de la performance thermique<\/strong> (en compl\u00e9ment d\u2019une isolation).<\/p><\/li><li data-start=\"2788\" data-end=\"2874\"><p data-start=\"2790\" data-end=\"2874\"><strong data-start=\"2793\" data-end=\"2824\">Pr\u00e9vention des d\u00e9gradations<\/strong> pour \u00e9viter des travaux plus lourds \u00e0 l\u2019avenir.<\/p><\/li><li data-start=\"2875\" data-end=\"2959\"><p data-start=\"2877\" data-end=\"2959\"><strong data-start=\"2880\" data-end=\"2928\">Choix de teintes et finitions personnalis\u00e9es<\/strong> pour s\u2019adapter \u00e0 vos envies.<\/p><\/li><\/ul>\t\t\t\t\t\t\t\t<\/div>\n\t\t\t\t<div class=\"elementor-element elementor-element-5d667ba4 elementor-widget elementor-widget-heading\" data-id=\"5d667ba4\" data-element_type=\"widget\" data-e-type=\"widget\" data-widget_type=\"heading.default\">\n\t\t\t\t\t<h2 class=\"elementor-heading-title elementor-size-default\">Zone d\u2019intervention<\/h2>\t\t\t\t<\/div>\n\t\t\t\t<div class=\"elementor-element elementor-element-3844264d elementor-widget elementor-widget-text-editor\" data-id=\"3844264d\" data-element_type=\"widget\" data-e-type=\"widget\" data-widget_type=\"text-editor.default\">\n\t\t\t\t\t\t\t\t\t<p>Cr\u00e9pissage de L\u2019Outre For\u00eat intervient dans tout le secteur <strong data-start=\"3645\" data-end=\"3678\">Outre-For\u00eat et Alsace du Nord<\/strong> :<br data-start=\"3680\" data-end=\"3683\" \/><strong data-start=\"3683\" data-end=\"3783\">Betschdorf, Wissembourg, Haguenau, Lauterbourg, Soultz-sous-For\u00eats, Seltz, Niederbronn-les-Bains<\/strong>, et les environs.<\/p><p>Nous r\u00e9alisons vos projets de ravalement, isolation et cr\u00e9pissage avec le m\u00eame niveau d\u2019exigence et de qualit\u00e9.<\/p><p>Pour vos projets de <strong data-start=\"3606\" data-end=\"3644\">ravalement de fa\u00e7ade \u00e0 Wissembourg<\/strong> ou dans les environs, faites confiance \u00e0 une entreprise locale reconnue pour son s\u00e9rieux et son exigence de qualit\u00e9.<\/p><p>Nous vous accompagnons du <strong data-start=\"3790\" data-end=\"3818\">diagnostic \u00e0 la finition<\/strong>, pour une fa\u00e7ade \u00e0 la fois belle, prot\u00e9g\u00e9e et durable.<\/p>\t\t\t\t\t\t\t\t<\/div>\n\t\t\t\t\t<\/div>\n\t\t\t\t<\/div>\n\t\t\t\t<\/div>\n\t\t","protected":false},"excerpt":{"rendered":"<p>\u00c0 Wissembourg, Cr\u00e9pissage de l\u2019Outre-For\u00eat a r\u00e9nov\u00e9 une fa\u00e7ade compl\u00e8te : nettoyage, r\u00e9paration, enduisage et finitions hydrofuges pour une protection durable et esth\u00e9tique.<\/p>\n","protected":false},"featured_media":1012,"menu_order":0,"template":"","format":"standard","meta":[],"galerie_category":[14],"class_list":["post-1010","galerie-photos","type-galerie-photos","status-publish","format-standard","has-post-thumbnail","hentry","galerie_category-ravalement-de-facade"],"aioseo_notices":[],"aioseo_head":"\n\t\t<!-- All in One SEO Pro 4.9.6.2 - aioseo.com -->\n\t<meta name=\"description\" content=\"Cr\u00e9pissage de l\u2019Outre-For\u00eat r\u00e9alise votre ravalement de fa\u00e7ade \u00e0 Wissembourg : nettoyage, enduit, finitions et protection durable pour un r\u00e9sultat esth\u00e9tique.\" \/>\n\t<meta name=\"robots\" content=\"max-image-preview:large\" \/>\n\t<meta name=\"google-site-verification\" content=\"yV5f5RtlR-_n-vm2xJ3yDaw1yK7hUustT9T8yhp9L28\" \/>\n\t<link rel=\"canonical\" href=\"https:\/\/www.crepissage-outre-foret.pro\/galerie-photos\/chantier-a-wissembourg-ravalement-de-facade\/\" \/>\n\t<meta name=\"generator\" content=\"All in One SEO Pro (AIOSEO) 4.9.6.2\" \/>\n\t\t<meta property=\"og:locale\" content=\"fr_FR\" \/>\n\t\t<meta property=\"og:site_name\" content=\"Cr\u00e9pissage de L\u2019Outre For\u00eat - Donnez une nouvelle vie \u00e0 vos fa\u00e7ades\" \/>\n\t\t<meta property=\"og:type\" content=\"article\" \/>\n\t\t<meta property=\"og:title\" content=\"Ravalement de fa\u00e7ade \u00e0 Wissembourg Cr\u00e9pissage de l\u2019Outre-For\u00eat\" \/>\n\t\t<meta property=\"og:description\" content=\"Cr\u00e9pissage de l\u2019Outre-For\u00eat r\u00e9alise votre ravalement de fa\u00e7ade \u00e0 Wissembourg : nettoyage, enduit, finitions et protection durable pour un r\u00e9sultat esth\u00e9tique.\" \/>\n\t\t<meta property=\"og:url\" content=\"https:\/\/www.crepissage-outre-foret.pro\/galerie-photos\/chantier-a-wissembourg-ravalement-de-facade\/\" \/>\n\t\t<meta property=\"og:image\" content=\"https:\/\/www.crepissage-outre-foret.pro\/media\/2025\/10\/logo.svg\" \/>\n\t\t<meta property=\"og:image:secure_url\" content=\"https:\/\/www.crepissage-outre-foret.pro\/media\/2025\/10\/logo.svg\" \/>\n\t\t<meta property=\"article:published_time\" content=\"2025-10-14T04:37:37+00:00\" \/>\n\t\t<meta property=\"article:modified_time\" content=\"2025-10-14T04:47:19+00:00\" \/>\n\t\t<meta property=\"article:publisher\" content=\"https:\/\/www.facebook.com\/profile.php?id=100031217720552&amp;locale=fr_FR\" \/>\n\t\t<meta name=\"twitter:card\" content=\"summary_large_image\" \/>\n\t\t<meta name=\"twitter:title\" content=\"Ravalement de fa\u00e7ade \u00e0 Wissembourg Cr\u00e9pissage de l\u2019Outre-For\u00eat\" \/>\n\t\t<meta name=\"twitter:description\" content=\"Cr\u00e9pissage de l\u2019Outre-For\u00eat r\u00e9alise votre ravalement de fa\u00e7ade \u00e0 Wissembourg : nettoyage, enduit, finitions et protection durable pour un r\u00e9sultat esth\u00e9tique.\" \/>\n\t\t<meta name=\"twitter:image\" content=\"https:\/\/www.crepissage-outre-foret.pro\/media\/2025\/10\/logo.svg\" \/>\n\t\t<script type=\"application\/ld+json\" class=\"aioseo-schema\">\n\t\t\t{\"@context\":\"https:\\\/\\\/schema.org\",\"@graph\":[{\"@type\":\"BreadcrumbList\",\"@id\":\"https:\\\/\\\/www.crepissage-outre-foret.pro\\\/galerie-photos\\\/chantier-a-wissembourg-ravalement-de-facade\\\/#breadcrumblist\",\"itemListElement\":[{\"@type\":\"ListItem\",\"@id\":\"https:\\\/\\\/www.crepissage-outre-foret.pro#listItem\",\"position\":1,\"name\":\"Cr\\u00e9pissage de l'outre for\\u00eat\",\"item\":\"https:\\\/\\\/www.crepissage-outre-foret.pro\",\"nextItem\":{\"@type\":\"ListItem\",\"@id\":\"https:\\\/\\\/www.crepissage-outre-foret.pro\\\/galerie-photos\\\/#listItem\",\"name\":\"Galeries Photos\"}},{\"@type\":\"ListItem\",\"@id\":\"https:\\\/\\\/www.crepissage-outre-foret.pro\\\/galerie-photos\\\/#listItem\",\"position\":2,\"name\":\"Galeries Photos\",\"item\":\"https:\\\/\\\/www.crepissage-outre-foret.pro\\\/galerie-photos\\\/\",\"nextItem\":{\"@type\":\"ListItem\",\"@id\":\"https:\\\/\\\/www.crepissage-outre-foret.pro\\\/galerie_category\\\/ravalement-de-facade\\\/#listItem\",\"name\":\"Ravalement de Fa\\u00e7ade\"},\"previousItem\":{\"@type\":\"ListItem\",\"@id\":\"https:\\\/\\\/www.crepissage-outre-foret.pro#listItem\",\"name\":\"Cr\\u00e9pissage de l'outre for\\u00eat\"}},{\"@type\":\"ListItem\",\"@id\":\"https:\\\/\\\/www.crepissage-outre-foret.pro\\\/galerie_category\\\/ravalement-de-facade\\\/#listItem\",\"position\":3,\"name\":\"Ravalement de Fa\\u00e7ade\",\"item\":\"https:\\\/\\\/www.crepissage-outre-foret.pro\\\/galerie_category\\\/ravalement-de-facade\\\/\",\"nextItem\":{\"@type\":\"ListItem\",\"@id\":\"https:\\\/\\\/www.crepissage-outre-foret.pro\\\/galerie-photos\\\/chantier-a-wissembourg-ravalement-de-facade\\\/#listItem\",\"name\":\"Chantier \\u00e0 Wissembourg \\u2013 Ravalement de fa\\u00e7ade\"},\"previousItem\":{\"@type\":\"ListItem\",\"@id\":\"https:\\\/\\\/www.crepissage-outre-foret.pro\\\/galerie-photos\\\/#listItem\",\"name\":\"Galeries Photos\"}},{\"@type\":\"ListItem\",\"@id\":\"https:\\\/\\\/www.crepissage-outre-foret.pro\\\/galerie-photos\\\/chantier-a-wissembourg-ravalement-de-facade\\\/#listItem\",\"position\":4,\"name\":\"Chantier \\u00e0 Wissembourg \\u2013 Ravalement de fa\\u00e7ade\",\"previousItem\":{\"@type\":\"ListItem\",\"@id\":\"https:\\\/\\\/www.crepissage-outre-foret.pro\\\/galerie_category\\\/ravalement-de-facade\\\/#listItem\",\"name\":\"Ravalement de Fa\\u00e7ade\"}}]},{\"@type\":\"Organization\",\"@id\":\"https:\\\/\\\/www.crepissage-outre-foret.pro\\\/#organization\",\"name\":\"Cr\\u00e9pissage de L\\u2019Outre For\\u00eat\",\"description\":\"Donnez une nouvelle vie \\u00e0 vos fa\\u00e7ades\",\"url\":\"https:\\\/\\\/www.crepissage-outre-foret.pro\\\/\",\"email\":\"contact@crepisoutreforet.fr\",\"telephone\":\"+33388548345\",\"logo\":{\"@type\":\"ImageObject\",\"url\":\"https:\\\/\\\/www.crepissage-outre-foret.pro\\\/wp-content\\\/uploads\\\/2025\\\/10\\\/logo.svg\",\"@id\":\"https:\\\/\\\/www.crepissage-outre-foret.pro\\\/galerie-photos\\\/chantier-a-wissembourg-ravalement-de-facade\\\/#organizationLogo\"},\"image\":{\"@id\":\"https:\\\/\\\/www.crepissage-outre-foret.pro\\\/galerie-photos\\\/chantier-a-wissembourg-ravalement-de-facade\\\/#organizationLogo\"},\"sameAs\":[\"https:\\\/\\\/www.facebook.com\\\/profile.php?id=100031217720552&locale=fr_FR\",\"https:\\\/\\\/instagram.com\\\/crepissagedeloutreforet\"],\"address\":{\"@id\":\"https:\\\/\\\/www.crepissage-outre-foret.pro\\\/#postaladdress\",\"@type\":\"PostalAddress\",\"streetAddress\":\"14 Rue Alfred Kastler,\",\"postalCode\":\"67160\",\"addressLocality\":\"Wissembourg\",\"addressCountry\":\"FR\"},\"taxID\":\"FR49502522642\"},{\"@type\":\"WebPage\",\"@id\":\"https:\\\/\\\/www.crepissage-outre-foret.pro\\\/galerie-photos\\\/chantier-a-wissembourg-ravalement-de-facade\\\/#webpage\",\"url\":\"https:\\\/\\\/www.crepissage-outre-foret.pro\\\/galerie-photos\\\/chantier-a-wissembourg-ravalement-de-facade\\\/\",\"name\":\"Ravalement de fa\\u00e7ade \\u00e0 Wissembourg Cr\\u00e9pissage de l\\u2019Outre-For\\u00eat\",\"description\":\"Cr\\u00e9pissage de l\\u2019Outre-For\\u00eat r\\u00e9alise votre ravalement de fa\\u00e7ade \\u00e0 Wissembourg : nettoyage, enduit, finitions et protection durable pour un r\\u00e9sultat esth\\u00e9tique.\",\"inLanguage\":\"fr-FR\",\"isPartOf\":{\"@id\":\"https:\\\/\\\/www.crepissage-outre-foret.pro\\\/#website\"},\"breadcrumb\":{\"@id\":\"https:\\\/\\\/www.crepissage-outre-foret.pro\\\/galerie-photos\\\/chantier-a-wissembourg-ravalement-de-facade\\\/#breadcrumblist\"},\"image\":{\"@type\":\"ImageObject\",\"url\":\"https:\\\/\\\/www.crepissage-outre-foret.pro\\\/wp-content\\\/uploads\\\/2025\\\/10\\\/ravalement-facade-wissembourg-3-1.jpg\",\"@id\":\"https:\\\/\\\/www.crepissage-outre-foret.pro\\\/galerie-photos\\\/chantier-a-wissembourg-ravalement-de-facade\\\/#mainImage\",\"width\":1754,\"height\":1232},\"primaryImageOfPage\":{\"@id\":\"https:\\\/\\\/www.crepissage-outre-foret.pro\\\/galerie-photos\\\/chantier-a-wissembourg-ravalement-de-facade\\\/#mainImage\"},\"datePublished\":\"2025-10-14T04:37:37+00:00\",\"dateModified\":\"2025-10-14T04:47:19+00:00\"},{\"@type\":\"WebSite\",\"@id\":\"https:\\\/\\\/www.crepissage-outre-foret.pro\\\/#website\",\"url\":\"https:\\\/\\\/www.crepissage-outre-foret.pro\\\/\",\"name\":\"Cr\\u00e9pissage de L\\u2019Outre For\\u00eat\",\"description\":\"Donnez une nouvelle vie \\u00e0 vos fa\\u00e7ades\",\"inLanguage\":\"fr-FR\",\"publisher\":{\"@id\":\"https:\\\/\\\/www.crepissage-outre-foret.pro\\\/#organization\"}}]}\n\t\t<\/script>\n\t\t<!-- All in One SEO Pro -->\r\n\t\t<title>Ravalement de fa\u00e7ade \u00e0 Wissembourg Cr\u00e9pissage de l\u2019Outre-For\u00eat<\/title>\n\n","aioseo_head_json":{"title":"Ravalement de fa\u00e7ade \u00e0 Wissembourg Cr\u00e9pissage de l\u2019Outre-For\u00eat","description":"Cr\u00e9pissage de l\u2019Outre-For\u00eat r\u00e9alise votre ravalement de fa\u00e7ade \u00e0 Wissembourg : nettoyage, enduit, finitions et protection durable pour un r\u00e9sultat esth\u00e9tique.","canonical_url":"https:\/\/www.crepissage-outre-foret.pro\/galerie-photos\/chantier-a-wissembourg-ravalement-de-facade\/","robots":"max-image-preview:large","keywords":"","webmasterTools":{"google-site-verification":"yV5f5RtlR-_n-vm2xJ3yDaw1yK7hUustT9T8yhp9L28","miscellaneous":""},"schema":{"@context":"https:\/\/schema.org","@graph":[{"@type":"BreadcrumbList","@id":"https:\/\/www.crepissage-outre-foret.pro\/galerie-photos\/chantier-a-wissembourg-ravalement-de-facade\/#breadcrumblist","itemListElement":[{"@type":"ListItem","@id":"https:\/\/www.crepissage-outre-foret.pro#listItem","position":1,"name":"Cr\u00e9pissage de l'outre for\u00eat","item":"https:\/\/www.crepissage-outre-foret.pro","nextItem":{"@type":"ListItem","@id":"https:\/\/www.crepissage-outre-foret.pro\/galerie-photos\/#listItem","name":"Galeries Photos"}},{"@type":"ListItem","@id":"https:\/\/www.crepissage-outre-foret.pro\/galerie-photos\/#listItem","position":2,"name":"Galeries Photos","item":"https:\/\/www.crepissage-outre-foret.pro\/galerie-photos\/","nextItem":{"@type":"ListItem","@id":"https:\/\/www.crepissage-outre-foret.pro\/galerie_category\/ravalement-de-facade\/#listItem","name":"Ravalement de Fa\u00e7ade"},"previousItem":{"@type":"ListItem","@id":"https:\/\/www.crepissage-outre-foret.pro#listItem","name":"Cr\u00e9pissage de l'outre for\u00eat"}},{"@type":"ListItem","@id":"https:\/\/www.crepissage-outre-foret.pro\/galerie_category\/ravalement-de-facade\/#listItem","position":3,"name":"Ravalement de Fa\u00e7ade","item":"https:\/\/www.crepissage-outre-foret.pro\/galerie_category\/ravalement-de-facade\/","nextItem":{"@type":"ListItem","@id":"https:\/\/www.crepissage-outre-foret.pro\/galerie-photos\/chantier-a-wissembourg-ravalement-de-facade\/#listItem","name":"Chantier \u00e0 Wissembourg \u2013 Ravalement de fa\u00e7ade"},"previousItem":{"@type":"ListItem","@id":"https:\/\/www.crepissage-outre-foret.pro\/galerie-photos\/#listItem","name":"Galeries Photos"}},{"@type":"ListItem","@id":"https:\/\/www.crepissage-outre-foret.pro\/galerie-photos\/chantier-a-wissembourg-ravalement-de-facade\/#listItem","position":4,"name":"Chantier \u00e0 Wissembourg \u2013 Ravalement de fa\u00e7ade","previousItem":{"@type":"ListItem","@id":"https:\/\/www.crepissage-outre-foret.pro\/galerie_category\/ravalement-de-facade\/#listItem","name":"Ravalement de Fa\u00e7ade"}}]},{"@type":"Organization","@id":"https:\/\/www.crepissage-outre-foret.pro\/#organization","name":"Cr\u00e9pissage de L\u2019Outre For\u00eat","description":"Donnez une nouvelle vie \u00e0 vos fa\u00e7ades","url":"https:\/\/www.crepissage-outre-foret.pro\/","email":"contact@crepisoutreforet.fr","telephone":"+33388548345","logo":{"@type":"ImageObject","url":"https:\/\/www.crepissage-outre-foret.pro\/media\/2025\/10\/logo.svg","@id":"https:\/\/www.crepissage-outre-foret.pro\/galerie-photos\/chantier-a-wissembourg-ravalement-de-facade\/#organizationLogo"},"image":{"@id":"https:\/\/www.crepissage-outre-foret.pro\/galerie-photos\/chantier-a-wissembourg-ravalement-de-facade\/#organizationLogo"},"sameAs":["https:\/\/www.facebook.com\/profile.php?id=100031217720552&locale=fr_FR","https:\/\/instagram.com\/crepissagedeloutreforet"],"address":{"@id":"https:\/\/www.crepissage-outre-foret.pro\/#postaladdress","@type":"PostalAddress","streetAddress":"14 Rue Alfred Kastler,","postalCode":"67160","addressLocality":"Wissembourg","addressCountry":"FR"},"taxID":"FR49502522642"},{"@type":"WebPage","@id":"https:\/\/www.crepissage-outre-foret.pro\/galerie-photos\/chantier-a-wissembourg-ravalement-de-facade\/#webpage","url":"https:\/\/www.crepissage-outre-foret.pro\/galerie-photos\/chantier-a-wissembourg-ravalement-de-facade\/","name":"Ravalement de fa\u00e7ade \u00e0 Wissembourg Cr\u00e9pissage de l\u2019Outre-For\u00eat","description":"Cr\u00e9pissage de l\u2019Outre-For\u00eat r\u00e9alise votre ravalement de fa\u00e7ade \u00e0 Wissembourg : nettoyage, enduit, finitions et protection durable pour un r\u00e9sultat esth\u00e9tique.","inLanguage":"fr-FR","isPartOf":{"@id":"https:\/\/www.crepissage-outre-foret.pro\/#website"},"breadcrumb":{"@id":"https:\/\/www.crepissage-outre-foret.pro\/galerie-photos\/chantier-a-wissembourg-ravalement-de-facade\/#breadcrumblist"},"image":{"@type":"ImageObject","url":"https:\/\/www.crepissage-outre-foret.pro\/media\/2025\/10\/ravalement-facade-wissembourg-3-1.jpg","@id":"https:\/\/www.crepissage-outre-foret.pro\/galerie-photos\/chantier-a-wissembourg-ravalement-de-facade\/#mainImage","width":1754,"height":1232},"primaryImageOfPage":{"@id":"https:\/\/www.crepissage-outre-foret.pro\/galerie-photos\/chantier-a-wissembourg-ravalement-de-facade\/#mainImage"},"datePublished":"2025-10-14T04:37:37+00:00","dateModified":"2025-10-14T04:47:19+00:00"},{"@type":"WebSite","@id":"https:\/\/www.crepissage-outre-foret.pro\/#website","url":"https:\/\/www.crepissage-outre-foret.pro\/","name":"Cr\u00e9pissage de L\u2019Outre For\u00eat","description":"Donnez une nouvelle vie \u00e0 vos fa\u00e7ades","inLanguage":"fr-FR","publisher":{"@id":"https:\/\/www.crepissage-outre-foret.pro\/#organization"}}]},"og:locale":"fr_FR","og:site_name":"Cr\u00e9pissage de L\u2019Outre For\u00eat - Donnez une nouvelle vie \u00e0 vos fa\u00e7ades","og:type":"article","og:title":"Ravalement de fa\u00e7ade \u00e0 Wissembourg Cr\u00e9pissage de l\u2019Outre-For\u00eat","og:description":"Cr\u00e9pissage de l\u2019Outre-For\u00eat r\u00e9alise votre ravalement de fa\u00e7ade \u00e0 Wissembourg : nettoyage, enduit, finitions et protection durable pour un r\u00e9sultat esth\u00e9tique.","og:url":"https:\/\/www.crepissage-outre-foret.pro\/galerie-photos\/chantier-a-wissembourg-ravalement-de-facade\/","og:image":"https:\/\/www.crepissage-outre-foret.pro\/media\/2025\/10\/logo.svg","og:image:secure_url":"https:\/\/www.crepissage-outre-foret.pro\/media\/2025\/10\/logo.svg","article:published_time":"2025-10-14T04:37:37+00:00","article:modified_time":"2025-10-14T04:47:19+00:00","article:publisher":"https:\/\/www.facebook.com\/profile.php?id=100031217720552&locale=fr_FR","twitter:card":"summary_large_image","twitter:title":"Ravalement de fa\u00e7ade \u00e0 Wissembourg Cr\u00e9pissage de l\u2019Outre-For\u00eat","twitter:description":"Cr\u00e9pissage de l\u2019Outre-For\u00eat r\u00e9alise votre ravalement de fa\u00e7ade \u00e0 Wissembourg : nettoyage, enduit, finitions et protection durable pour un r\u00e9sultat esth\u00e9tique.","twitter:image":"https:\/\/www.crepissage-outre-foret.pro\/media\/2025\/10\/logo.svg"},"aioseo_meta_data":{"post_id":"1010","title":"Ravalement de fa\u00e7ade \u00e0 Wissembourg Cr\u00e9pissage de l\u2019Outre-For\u00eat","description":"Cr\u00e9pissage de l\u2019Outre-For\u00eat r\u00e9alise votre ravalement de fa\u00e7ade \u00e0 Wissembourg : nettoyage, enduit, finitions et protection durable pour un r\u00e9sultat esth\u00e9tique.","keywords":null,"keyphrases":{"focus":{"keyphrase":"","score":0,"analysis":{"keyphraseInTitle":{"score":0,"maxScore":9,"error":1}}},"additional":[]},"primary_term":null,"canonical_url":null,"og_title":null,"og_description":null,"og_object_type":"default","og_image_type":"default","og_image_url":null,"og_image_width":null,"og_image_height":null,"og_image_custom_url":null,"og_image_custom_fields":null,"og_video":"","og_custom_url":null,"og_article_section":null,"og_article_tags":null,"twitter_use_og":false,"twitter_card":"default","twitter_image_type":"default","twitter_image_url":null,"twitter_image_custom_url":null,"twitter_image_custom_fields":null,"twitter_title":null,"twitter_description":null,"schema":{"blockGraphs":[],"customGraphs":[],"default":{"data":{"Article":[],"Course":[],"Dataset":[],"FAQPage":[],"Movie":[],"Person":[],"Product":[],"ProductReview":[],"Car":[],"Recipe":[],"Service":[],"SoftwareApplication":[],"WebPage":[]},"graphName":"WebPage","isEnabled":true},"graphs":[]},"schema_type":"default","schema_type_options":null,"pillar_content":false,"robots_default":true,"robots_noindex":false,"robots_noarchive":false,"robots_nosnippet":false,"robots_nofollow":false,"robots_noimageindex":false,"robots_noodp":false,"robots_notranslate":false,"robots_max_snippet":"-1","robots_max_videopreview":"-1","robots_max_imagepreview":"large","priority":null,"frequency":"default","local_seo":null,"seo_analyzer_scan_date":"2025-10-14 04:56:15","breadcrumb_settings":null,"limit_modified_date":false,"open_ai":null,"ai":{"faqs":[],"keyPoints":[],"titles":[],"descriptions":[],"socialPosts":{"email":[],"linkedin":[],"twitter":[],"facebook":[],"instagram":[]}},"created":"2025-10-14 04:35:31","updated":"2025-11-26 22:11:59"},"aioseo_breadcrumb":"<div class=\"aioseo-breadcrumbs\"><span class=\"aioseo-breadcrumb\">\n\t<a href=\"https:\/\/www.crepissage-outre-foret.pro\" title=\"Cr\u00e9pissage de l&#039;outre for\u00eat\">Cr\u00e9pissage de l'outre for\u00eat<\/a>\n<\/span><span class=\"aioseo-breadcrumb-separator\">\u00bb<\/span><span class=\"aioseo-breadcrumb\">\n\t<a href=\"https:\/\/www.crepissage-outre-foret.pro\/galerie-photos\/\" title=\"Galeries Photos\">Galeries Photos<\/a>\n<\/span><span class=\"aioseo-breadcrumb-separator\">\u00bb<\/span><span class=\"aioseo-breadcrumb\">\n\t<a href=\"https:\/\/www.crepissage-outre-foret.pro\/galerie_category\/ravalement-de-facade\/\" title=\"Ravalement de Fa\u00e7ade\">Ravalement de Fa\u00e7ade<\/a>\n<\/span><span class=\"aioseo-breadcrumb-separator\">\u00bb<\/span><span class=\"aioseo-breadcrumb\">\n\tChantier \u00e0 Wissembourg \u2013 Ravalement de fa\u00e7ade\n<\/span><\/div>","aioseo_breadcrumb_json":[{"label":"Cr\u00e9pissage de l'outre for\u00eat","link":"https:\/\/www.crepissage-outre-foret.pro"},{"label":"Galeries Photos","link":"https:\/\/www.crepissage-outre-foret.pro\/galerie-photos\/"},{"label":"Ravalement de Fa\u00e7ade","link":"https:\/\/www.crepissage-outre-foret.pro\/galerie_category\/ravalement-de-facade\/"},{"label":"Chantier \u00e0 Wissembourg \u2013 Ravalement de fa\u00e7ade","link":"https:\/\/www.crepissage-outre-foret.pro\/galerie-photos\/chantier-a-wissembourg-ravalement-de-facade\/"}],"_links":{"self":[{"href":"https:\/\/www.crepissage-outre-foret.pro\/api-json\/wp\/v2\/galerie-photos\/1010","targetHints":{"allow":["GET"]}}],"collection":[{"href":"https:\/\/www.crepissage-outre-foret.pro\/api-json\/wp\/v2\/galerie-photos"}],"about":[{"href":"https:\/\/www.crepissage-outre-foret.pro\/api-json\/wp\/v2\/types\/galerie-photos"}],"version-history":[{"count":0,"href":"https:\/\/www.crepissage-outre-foret.pro\/api-json\/wp\/v2\/galerie-photos\/1010\/revisions"}],"wp:featuredmedia":[{"embeddable":true,"href":"https:\/\/www.crepissage-outre-foret.pro\/api-json\/wp\/v2\/media\/1012"}],"wp:attachment":[{"href":"https:\/\/www.crepissage-outre-foret.pro\/api-json\/wp\/v2\/media?parent=1010"}],"wp:term":[{"taxonomy":"galerie_category","embeddable":true,"href":"https:\/\/www.crepissage-outre-foret.pro\/api-json\/wp\/v2\/galerie_category?post=1010"}],"curies":[{"name":"wp","href":"https:\/\/api.w.org\/{rel}","templated":true}]}}