{"id":1000,"date":"2025-10-14T04:21:37","date_gmt":"2025-10-14T04:21:37","guid":{"rendered":"https:\/\/crepissage.vyseo-communication.eu\/?post_type=galerie-photos&#038;p=1000"},"modified":"2025-10-24T16:13:22","modified_gmt":"2025-10-24T16:13:22","slug":"chantier-a-neewiller-pres-lauterbourg-ravalement-de-facade","status":"publish","type":"galerie-photos","link":"https:\/\/www.crepissage-outre-foret.pro\/galerie-photos\/chantier-a-neewiller-pres-lauterbourg-ravalement-de-facade\/","title":{"rendered":"Chantier \u00e0 Neewiller-pr\u00e8s-Lauterbourg  &#8211; ravalement de fa\u00e7ade"},"content":{"rendered":"\t\t<div data-elementor-type=\"wp-post\" data-elementor-id=\"1000\" class=\"elementor elementor-1000\" data-elementor-post-type=\"galerie-photos\">\n\t\t\t\t<div class=\"elementor-element elementor-element-40424bc e-flex e-con-boxed e-con e-parent\" data-id=\"40424bc\" data-element_type=\"container\" data-e-type=\"container\">\n\t\t\t\t\t<div class=\"e-con-inner\">\n\t\t\t\t<div class=\"elementor-element elementor-element-692813ef elementor-widget elementor-widget-text-editor\" data-id=\"692813ef\" data-element_type=\"widget\" data-e-type=\"widget\" data-widget_type=\"text-editor.default\">\n\t\t\t\t\t\t\t\t\t<h2 data-start=\"268\" data-end=\"331\"><strong data-start=\"272\" data-end=\"331\">Redonner vie aux fa\u00e7ades avec savoir-faire et pr\u00e9cision<\/strong><\/h2><p data-start=\"333\" data-end=\"644\">\u00c0 <strong data-start=\"335\" data-end=\"365\">Neewiller-pr\u00e8s-Lauterbourg<\/strong>, l\u2019\u00e9quipe de <strong data-start=\"379\" data-end=\"410\">Cr\u00e9pissage de l\u2019Outre-For\u00eat<\/strong> est intervenue pour un <strong data-start=\"434\" data-end=\"466\">ravalement complet de fa\u00e7ade<\/strong>.<\/p><p data-start=\"333\" data-end=\"644\">L\u2019objectif principal de ce chantier : <strong data-start=\"508\" data-end=\"576\">restaurer, prot\u00e9ger et moderniser l\u2019aspect ext\u00e9rieur du b\u00e2timent<\/strong>, tout en assurant sa durabilit\u00e9 face aux intemp\u00e9ries et au temps.<\/p><p data-start=\"646\" data-end=\"785\">Chaque \u00e9tape a \u00e9t\u00e9 pens\u00e9e pour offrir \u00e0 la maison une <strong data-start=\"700\" data-end=\"721\">nouvelle jeunesse<\/strong>, avec un rendu \u00e0 la fois <strong data-start=\"747\" data-end=\"784\">esth\u00e9tique, durable et harmonieux<\/strong>.<\/p><h2 data-start=\"792\" data-end=\"823\"><strong data-start=\"798\" data-end=\"823\">Objectifs du chantier<\/strong><\/h2><ul data-start=\"825\" data-end=\"1076\"><li data-start=\"825\" data-end=\"871\"><p data-start=\"827\" data-end=\"871\">Nettoyer et restaurer les fa\u00e7ades ab\u00eem\u00e9es.<\/p><\/li><li data-start=\"872\" data-end=\"945\"><p data-start=\"874\" data-end=\"945\">Am\u00e9liorer la r\u00e9sistance du support face \u00e0 l\u2019humidit\u00e9 et aux fissures.<\/p><\/li><li data-start=\"946\" data-end=\"1007\"><p data-start=\"948\" data-end=\"1007\">Appliquer un nouveau rev\u00eatement protecteur et esth\u00e9tique.<\/p><\/li><li data-start=\"1008\" data-end=\"1076\"><p data-start=\"1010\" data-end=\"1076\">Moderniser le rendu final tout en respectant l\u2019identit\u00e9 du b\u00e2ti.<\/p><\/li><\/ul><h2 data-start=\"1083\" data-end=\"1133\"><strong data-start=\"1089\" data-end=\"1133\">Les principales \u00e9tapes de la r\u00e9alisation<\/strong><\/h2><ol data-start=\"1135\" data-end=\"2314\"><li data-start=\"1135\" data-end=\"1501\"><p data-start=\"1138\" data-end=\"1501\"><strong data-start=\"1138\" data-end=\"1190\">Diagnostic du support et pr\u00e9paration du chantier<\/strong><br data-start=\"1190\" data-end=\"1193\" \/>Avant toute intervention, nos experts ont r\u00e9alis\u00e9 une <strong data-start=\"1250\" data-end=\"1287\">inspection minutieuse des fa\u00e7ades<\/strong> afin d\u2019identifier les d\u00e9gradations (fissures, traces d\u2019humidit\u00e9, encrassement).<br data-start=\"1367\" data-end=\"1370\" \/>Un <strong data-start=\"1376\" data-end=\"1412\">nettoyage complet haute pression<\/strong> a permis d\u2019\u00e9liminer les impuret\u00e9s et de pr\u00e9parer le support pour une adh\u00e9rence optimale.<\/p><\/li><li data-start=\"1503\" data-end=\"1733\"><p data-start=\"1506\" data-end=\"1733\"><strong data-start=\"1506\" data-end=\"1545\">R\u00e9paration et traitement du support<\/strong><br data-start=\"1545\" data-end=\"1548\" \/>Les fissures ont \u00e9t\u00e9 <strong data-start=\"1572\" data-end=\"1611\">rebouch\u00e9es avec des enduits adapt\u00e9s<\/strong>, et les zones fragilis\u00e9es ont re\u00e7u un <strong data-start=\"1650\" data-end=\"1677\">traitement antifongique<\/strong> pour pr\u00e9venir toute r\u00e9apparition de mousse ou d\u2019algues.<\/p><\/li><li data-start=\"1735\" data-end=\"2047\"><p data-start=\"1738\" data-end=\"2047\"><strong data-start=\"1738\" data-end=\"1779\">Application de l\u2019enduit de ravalement<\/strong><br data-start=\"1779\" data-end=\"1782\" \/>Nos artisans ont ensuite appliqu\u00e9 un <strong data-start=\"1822\" data-end=\"1854\">enduit de ravalement min\u00e9ral<\/strong> offrant une excellente protection contre les intemp\u00e9ries.<br data-start=\"1912\" data-end=\"1915\" \/>Le choix de la finition \u2013 ici <strong data-start=\"1948\" data-end=\"1965\">taloch\u00e9e fine<\/strong> \u2013 a \u00e9t\u00e9 fait pour conserver un aspect traditionnel tout en modernisant la fa\u00e7ade.<\/p><\/li><li data-start=\"2049\" data-end=\"2314\"><p data-start=\"2052\" data-end=\"2314\"><strong data-start=\"2052\" data-end=\"2081\">Finition et harmonisation<\/strong><br data-start=\"2081\" data-end=\"2084\" \/>Enfin, une <strong data-start=\"2098\" data-end=\"2154\">couche de peinture de fa\u00e7ade respirante et hydrofuge<\/strong> a \u00e9t\u00e9 appliqu\u00e9e pour un rendu homog\u00e8ne, lumineux et durable.<br data-start=\"2215\" data-end=\"2218\" \/>Ce traitement assure \u00e9galement une meilleure r\u00e9sistance aux UV et aux variations climatiques.<\/p><\/li><\/ol>\t\t\t\t\t\t\t\t<\/div>\n\t\t\t\t<div class=\"elementor-element elementor-element-6ee7fdf2 elementor-widget elementor-widget-ucaddon_uc_compact_image_theme\" data-id=\"6ee7fdf2\" data-element_type=\"widget\" data-e-type=\"widget\" data-widget_type=\"ucaddon_uc_compact_image_theme.default\">\n\t\t\t\t<div class=\"elementor-widget-container\">\n\t\t\t\t\t\n<!-- start Compact Gallery -->\n\t\t<link id='font-awesome-css' href='https:\/\/www.crepissage-outre-foret.pro\/modules\/module602\/assets_libraries\/font-awesome6\/fontawesome-all.min.css' type='text\/css' rel='stylesheet' >\n\t\t<link id='font-awesome-4-shim-css' href='https:\/\/www.crepissage-outre-foret.pro\/modules\/module602\/assets_libraries\/font-awesome6\/fontawesome-v4-shims.min.css' type='text\/css' rel='stylesheet' >\n\t\t<link id='unitegallery-css' href='https:\/\/www.crepissage-outre-foret.pro\/modules\/module602\/assets_libraries\/unitegallery\/css\/unite-gallery.css' type='text\/css' rel='stylesheet' >\n\t\t<link id='fancybox-css' href='https:\/\/www.crepissage-outre-foret.pro\/modules\/module602\/assets_libraries\/fancybox3\/jquery.fancybox.min.css' type='text\/css' rel='stylesheet' >\n\n<style>\/* widget: Compact Gallery *\/\n\n#uc_uc_compact_image_theme_elementor_6ee7fdf2-wrapper{\n  min-height: 1px;\n}\n\n#uc_uc_compact_image_theme_elementor_6ee7fdf2{\n  margin:0 auto;\n  display: none;\n}\n\/* fancybox *\/\n\/* endfancybox *\/\n\n<\/style>\n\n<div id=\"uc_uc_compact_image_theme_elementor_6ee7fdf2-wrapper\">\n  <div id=\"uc_uc_compact_image_theme_elementor_6ee7fdf2\" class=\"uc-items-wrapper  \"  data-remote-type=\"gallery\" data-custom-sethtml=\"true\" >\n    \n<img decoding=\"async\" alt=\"ravalement-facade-Neewiller-Pres-Lauterbourg-1\"\n   src=\"https:\/\/www.crepissage-outre-foret.pro\/media\/2025\/10\/ravalement-facade-Neewiller-Pres-Lauterbourg-1-2-768x576.jpg\"\n    data-image=\"https:\/\/www.crepissage-outre-foret.pro\/media\/2025\/10\/ravalement-facade-Neewiller-Pres-Lauterbourg-1-2.jpg\"\n    data-title=\"ravalement-facade-Neewiller-Pres-Lauterbourg-1\">\n\n<img decoding=\"async\" alt=\"ravalement-facade-Neewiller-Pres-Lauterbourg-2\"\n   src=\"https:\/\/www.crepissage-outre-foret.pro\/media\/2025\/10\/ravalement-facade-Neewiller-Pres-Lauterbourg-2-768x576.jpg\"\n    data-image=\"https:\/\/www.crepissage-outre-foret.pro\/media\/2025\/10\/ravalement-facade-Neewiller-Pres-Lauterbourg-2.jpg\"\n    data-title=\"ravalement-facade-Neewiller-Pres-Lauterbourg-2\">\n\n<img decoding=\"async\" alt=\"ravalement-facade-Neewiller-Pres-Lauterbourg-3\"\n   src=\"https:\/\/www.crepissage-outre-foret.pro\/media\/2025\/10\/ravalement-facade-Neewiller-Pres-Lauterbourg-3-768x576.jpg\"\n    data-image=\"https:\/\/www.crepissage-outre-foret.pro\/media\/2025\/10\/ravalement-facade-Neewiller-Pres-Lauterbourg-3.jpg\"\n    data-title=\"ravalement-facade-Neewiller-Pres-Lauterbourg-3\">\n\n<img decoding=\"async\" alt=\"ravalement-facade-Neewiller-Pres-Lauterbourg-4\"\n   src=\"https:\/\/www.crepissage-outre-foret.pro\/media\/2025\/10\/ravalement-facade-Neewiller-Pres-Lauterbourg-4-768x576.jpg\"\n    data-image=\"https:\/\/www.crepissage-outre-foret.pro\/media\/2025\/10\/ravalement-facade-Neewiller-Pres-Lauterbourg-4.jpg\"\n    data-title=\"ravalement-facade-Neewiller-Pres-Lauterbourg-4\">\n\n  <\/div>\n<\/div>\n<!-- end Compact Gallery -->\t\t\t\t<\/div>\n\t\t\t\t<\/div>\n\t\t\t\t<div class=\"elementor-element elementor-element-37fd003 elementor-widget elementor-widget-text-editor\" data-id=\"37fd003\" data-element_type=\"widget\" data-e-type=\"widget\" data-widget_type=\"text-editor.default\">\n\t\t\t\t\t\t\t\t\t<h2 data-start=\"2321\" data-end=\"2373\"><strong data-start=\"2327\" data-end=\"2373\">Pourquoi choisir le ravalement de fa\u00e7ade ?<\/strong><\/h2><ul data-start=\"2375\" data-end=\"2685\"><li data-start=\"2375\" data-end=\"2444\"><p data-start=\"2377\" data-end=\"2444\">Protection renforc\u00e9e contre l\u2019humidit\u00e9, le gel et la pollution.<\/p><\/li><li data-start=\"2375\" data-end=\"2444\"><p data-start=\"2377\" data-end=\"2444\">Embellissement imm\u00e9diat de l\u2019habitat.<\/p><\/li><li data-start=\"2490\" data-end=\"2565\"><p data-start=\"2492\" data-end=\"2565\">Pr\u00e9vention des fissures et am\u00e9lioration de la durabilit\u00e9 du support.<\/p><\/li><li data-start=\"2566\" data-end=\"2605\"><p data-start=\"2568\" data-end=\"2605\">Valorisation du bien immobilier.<\/p><\/li><li data-start=\"2606\" data-end=\"2685\"><p data-start=\"2608\" data-end=\"2685\">Possibilit\u00e9 d\u2019associer ravalement et isolation pour un confort optimal.<\/p><\/li><\/ul>\t\t\t\t\t\t\t\t<\/div>\n\t\t\t\t<div class=\"elementor-element elementor-element-175bb2b9 elementor-widget elementor-widget-heading\" data-id=\"175bb2b9\" data-element_type=\"widget\" data-e-type=\"widget\" data-widget_type=\"heading.default\">\n\t\t\t\t\t<h2 class=\"elementor-heading-title elementor-size-default\">Zone d\u2019intervention<\/h2>\t\t\t\t<\/div>\n\t\t\t\t<div class=\"elementor-element elementor-element-6dbaaf22 elementor-widget elementor-widget-text-editor\" data-id=\"6dbaaf22\" data-element_type=\"widget\" data-e-type=\"widget\" data-widget_type=\"text-editor.default\">\n\t\t\t\t\t\t\t\t\t<p>Cr\u00e9pissage de L\u2019Outre For\u00eat intervient dans tout le secteur <strong data-start=\"3645\" data-end=\"3678\">Outre-For\u00eat et Alsace du Nord<\/strong> :<br data-start=\"3680\" data-end=\"3683\" \/><strong data-start=\"3683\" data-end=\"3783\">Betschdorf, Wissembourg, Haguenau, Lauterbourg, Soultz-sous-For\u00eats, Seltz, Niederbronn-les-Bains<\/strong>, et les environs.<\/p><p>Nous r\u00e9alisons vos projets de ravalement, isolation et cr\u00e9pissage avec le m\u00eame niveau d\u2019exigence et de qualit\u00e9.<\/p><p>Besoin d\u2019un <strong data-start=\"3322\" data-end=\"3406\">ravalement de fa\u00e7ade \u00e0 Neewiller-pr\u00e8s-Lauterbourg ou dans le secteur Outre-For\u00eat<\/strong> ?<br data-start=\"3408\" data-end=\"3411\" \/>Faites appel \u00e0 <strong data-start=\"3426\" data-end=\"3457\">Cr\u00e9pissage de l\u2019Outre-For\u00eat<\/strong>, votre partenaire local sp\u00e9cialis\u00e9 en <strong data-start=\"3496\" data-end=\"3546\">r\u00e9novation, isolation et ravalement de fa\u00e7ades<\/strong> depuis 30 ans.<\/p>\t\t\t\t\t\t\t\t<\/div>\n\t\t\t\t\t<\/div>\n\t\t\t\t<\/div>\n\t\t\t\t<\/div>\n\t\t","protected":false},"excerpt":{"rendered":"<p>Ravalement de fa\u00e7ade \u00e0 Neewiller-pr\u00e8s-Lauterbourg r\u00e9alis\u00e9 par Cr\u00e9pissage de l\u2019Outre-For\u00eat : nettoyage, enduit, finitions et protection durable de vos murs ext\u00e9rieurs.<\/p>\n","protected":false},"featured_media":1001,"menu_order":0,"template":"","format":"standard","meta":[],"galerie_category":[14],"class_list":["post-1000","galerie-photos","type-galerie-photos","status-publish","format-standard","has-post-thumbnail","hentry","galerie_category-ravalement-de-facade"],"aioseo_notices":[],"aioseo_head":"\n\t\t<!-- All in One SEO Pro 4.9.6.2 - aioseo.com -->\n\t<meta name=\"description\" content=\"\u00c0 Neewiller-pr\u00e8s-Lauterbourg, Cr\u00e9pissage de l\u2019Outre-For\u00eat redonne vie \u00e0 vos fa\u00e7ades avec des solutions durables, esth\u00e9tiques et r\u00e9sistantes aux intemp\u00e9ries.\" \/>\n\t<meta name=\"robots\" content=\"max-image-preview:large\" \/>\n\t<meta name=\"google-site-verification\" content=\"yV5f5RtlR-_n-vm2xJ3yDaw1yK7hUustT9T8yhp9L28\" \/>\n\t<link rel=\"canonical\" href=\"https:\/\/www.crepissage-outre-foret.pro\/galerie-photos\/chantier-a-neewiller-pres-lauterbourg-ravalement-de-facade\/\" \/>\n\t<meta name=\"generator\" content=\"All in One SEO Pro (AIOSEO) 4.9.6.2\" \/>\n\t\t<meta property=\"og:locale\" content=\"fr_FR\" \/>\n\t\t<meta property=\"og:site_name\" content=\"Cr\u00e9pissage de L\u2019Outre For\u00eat - Donnez une nouvelle vie \u00e0 vos fa\u00e7ades\" \/>\n\t\t<meta property=\"og:type\" content=\"article\" \/>\n\t\t<meta property=\"og:title\" content=\"Ravalement de fa\u00e7ade \u00e0 Neewiller-pr\u00e8s-Lauterbourg\" \/>\n\t\t<meta property=\"og:description\" content=\"\u00c0 Neewiller-pr\u00e8s-Lauterbourg, Cr\u00e9pissage de l\u2019Outre-For\u00eat redonne vie \u00e0 vos fa\u00e7ades avec des solutions durables, esth\u00e9tiques et r\u00e9sistantes aux intemp\u00e9ries.\" \/>\n\t\t<meta property=\"og:url\" content=\"https:\/\/www.crepissage-outre-foret.pro\/galerie-photos\/chantier-a-neewiller-pres-lauterbourg-ravalement-de-facade\/\" \/>\n\t\t<meta property=\"og:image\" content=\"https:\/\/www.crepissage-outre-foret.pro\/media\/2025\/10\/logo.svg\" \/>\n\t\t<meta property=\"og:image:secure_url\" content=\"https:\/\/www.crepissage-outre-foret.pro\/media\/2025\/10\/logo.svg\" \/>\n\t\t<meta property=\"article:published_time\" content=\"2025-10-14T04:21:37+00:00\" \/>\n\t\t<meta property=\"article:modified_time\" content=\"2025-10-24T16:13:22+00:00\" \/>\n\t\t<meta property=\"article:publisher\" content=\"https:\/\/www.facebook.com\/profile.php?id=100031217720552&amp;locale=fr_FR\" \/>\n\t\t<meta name=\"twitter:card\" content=\"summary_large_image\" \/>\n\t\t<meta name=\"twitter:title\" content=\"Ravalement de fa\u00e7ade \u00e0 Neewiller-pr\u00e8s-Lauterbourg\" \/>\n\t\t<meta name=\"twitter:description\" content=\"\u00c0 Neewiller-pr\u00e8s-Lauterbourg, Cr\u00e9pissage de l\u2019Outre-For\u00eat redonne vie \u00e0 vos fa\u00e7ades avec des solutions durables, esth\u00e9tiques et r\u00e9sistantes aux intemp\u00e9ries.\" \/>\n\t\t<meta name=\"twitter:image\" content=\"https:\/\/www.crepissage-outre-foret.pro\/media\/2025\/10\/logo.svg\" \/>\n\t\t<script type=\"application\/ld+json\" class=\"aioseo-schema\">\n\t\t\t{\"@context\":\"https:\\\/\\\/schema.org\",\"@graph\":[{\"@type\":\"BreadcrumbList\",\"@id\":\"https:\\\/\\\/www.crepissage-outre-foret.pro\\\/galerie-photos\\\/chantier-a-neewiller-pres-lauterbourg-ravalement-de-facade\\\/#breadcrumblist\",\"itemListElement\":[{\"@type\":\"ListItem\",\"@id\":\"https:\\\/\\\/www.crepissage-outre-foret.pro#listItem\",\"position\":1,\"name\":\"Cr\\u00e9pissage de l'outre for\\u00eat\",\"item\":\"https:\\\/\\\/www.crepissage-outre-foret.pro\",\"nextItem\":{\"@type\":\"ListItem\",\"@id\":\"https:\\\/\\\/www.crepissage-outre-foret.pro\\\/galerie-photos\\\/#listItem\",\"name\":\"Galeries Photos\"}},{\"@type\":\"ListItem\",\"@id\":\"https:\\\/\\\/www.crepissage-outre-foret.pro\\\/galerie-photos\\\/#listItem\",\"position\":2,\"name\":\"Galeries Photos\",\"item\":\"https:\\\/\\\/www.crepissage-outre-foret.pro\\\/galerie-photos\\\/\",\"nextItem\":{\"@type\":\"ListItem\",\"@id\":\"https:\\\/\\\/www.crepissage-outre-foret.pro\\\/galerie_category\\\/ravalement-de-facade\\\/#listItem\",\"name\":\"Ravalement de Fa\\u00e7ade\"},\"previousItem\":{\"@type\":\"ListItem\",\"@id\":\"https:\\\/\\\/www.crepissage-outre-foret.pro#listItem\",\"name\":\"Cr\\u00e9pissage de l'outre for\\u00eat\"}},{\"@type\":\"ListItem\",\"@id\":\"https:\\\/\\\/www.crepissage-outre-foret.pro\\\/galerie_category\\\/ravalement-de-facade\\\/#listItem\",\"position\":3,\"name\":\"Ravalement de Fa\\u00e7ade\",\"item\":\"https:\\\/\\\/www.crepissage-outre-foret.pro\\\/galerie_category\\\/ravalement-de-facade\\\/\",\"nextItem\":{\"@type\":\"ListItem\",\"@id\":\"https:\\\/\\\/www.crepissage-outre-foret.pro\\\/galerie-photos\\\/chantier-a-neewiller-pres-lauterbourg-ravalement-de-facade\\\/#listItem\",\"name\":\"Chantier \\u00e0 Neewiller-pr\\u00e8s-Lauterbourg  &#8211; ravalement de fa\\u00e7ade\"},\"previousItem\":{\"@type\":\"ListItem\",\"@id\":\"https:\\\/\\\/www.crepissage-outre-foret.pro\\\/galerie-photos\\\/#listItem\",\"name\":\"Galeries Photos\"}},{\"@type\":\"ListItem\",\"@id\":\"https:\\\/\\\/www.crepissage-outre-foret.pro\\\/galerie-photos\\\/chantier-a-neewiller-pres-lauterbourg-ravalement-de-facade\\\/#listItem\",\"position\":4,\"name\":\"Chantier \\u00e0 Neewiller-pr\\u00e8s-Lauterbourg  &#8211; ravalement de fa\\u00e7ade\",\"previousItem\":{\"@type\":\"ListItem\",\"@id\":\"https:\\\/\\\/www.crepissage-outre-foret.pro\\\/galerie_category\\\/ravalement-de-facade\\\/#listItem\",\"name\":\"Ravalement de Fa\\u00e7ade\"}}]},{\"@type\":\"Organization\",\"@id\":\"https:\\\/\\\/www.crepissage-outre-foret.pro\\\/#organization\",\"name\":\"Cr\\u00e9pissage de L\\u2019Outre For\\u00eat\",\"description\":\"Donnez une nouvelle vie \\u00e0 vos fa\\u00e7ades\",\"url\":\"https:\\\/\\\/www.crepissage-outre-foret.pro\\\/\",\"email\":\"contact@crepisoutreforet.fr\",\"telephone\":\"+33388548345\",\"logo\":{\"@type\":\"ImageObject\",\"url\":\"https:\\\/\\\/www.crepissage-outre-foret.pro\\\/wp-content\\\/uploads\\\/2025\\\/10\\\/logo.svg\",\"@id\":\"https:\\\/\\\/www.crepissage-outre-foret.pro\\\/galerie-photos\\\/chantier-a-neewiller-pres-lauterbourg-ravalement-de-facade\\\/#organizationLogo\"},\"image\":{\"@id\":\"https:\\\/\\\/www.crepissage-outre-foret.pro\\\/galerie-photos\\\/chantier-a-neewiller-pres-lauterbourg-ravalement-de-facade\\\/#organizationLogo\"},\"sameAs\":[\"https:\\\/\\\/www.facebook.com\\\/profile.php?id=100031217720552&locale=fr_FR\",\"https:\\\/\\\/instagram.com\\\/crepissagedeloutreforet\"],\"address\":{\"@id\":\"https:\\\/\\\/www.crepissage-outre-foret.pro\\\/#postaladdress\",\"@type\":\"PostalAddress\",\"streetAddress\":\"14 Rue Alfred Kastler,\",\"postalCode\":\"67160\",\"addressLocality\":\"Wissembourg\",\"addressCountry\":\"FR\"},\"taxID\":\"FR49502522642\"},{\"@type\":\"WebPage\",\"@id\":\"https:\\\/\\\/www.crepissage-outre-foret.pro\\\/galerie-photos\\\/chantier-a-neewiller-pres-lauterbourg-ravalement-de-facade\\\/#webpage\",\"url\":\"https:\\\/\\\/www.crepissage-outre-foret.pro\\\/galerie-photos\\\/chantier-a-neewiller-pres-lauterbourg-ravalement-de-facade\\\/\",\"name\":\"Ravalement de fa\\u00e7ade \\u00e0 Neewiller-pr\\u00e8s-Lauterbourg\",\"description\":\"\\u00c0 Neewiller-pr\\u00e8s-Lauterbourg, Cr\\u00e9pissage de l\\u2019Outre-For\\u00eat redonne vie \\u00e0 vos fa\\u00e7ades avec des solutions durables, esth\\u00e9tiques et r\\u00e9sistantes aux intemp\\u00e9ries.\",\"inLanguage\":\"fr-FR\",\"isPartOf\":{\"@id\":\"https:\\\/\\\/www.crepissage-outre-foret.pro\\\/#website\"},\"breadcrumb\":{\"@id\":\"https:\\\/\\\/www.crepissage-outre-foret.pro\\\/galerie-photos\\\/chantier-a-neewiller-pres-lauterbourg-ravalement-de-facade\\\/#breadcrumblist\"},\"image\":{\"@type\":\"ImageObject\",\"url\":\"https:\\\/\\\/www.crepissage-outre-foret.pro\\\/wp-content\\\/uploads\\\/2025\\\/10\\\/ravalement-facade-Neewiller-Pres-Lauterbourg-1-1.jpg\",\"@id\":\"https:\\\/\\\/www.crepissage-outre-foret.pro\\\/galerie-photos\\\/chantier-a-neewiller-pres-lauterbourg-ravalement-de-facade\\\/#mainImage\",\"width\":1008,\"height\":756},\"primaryImageOfPage\":{\"@id\":\"https:\\\/\\\/www.crepissage-outre-foret.pro\\\/galerie-photos\\\/chantier-a-neewiller-pres-lauterbourg-ravalement-de-facade\\\/#mainImage\"},\"datePublished\":\"2025-10-14T04:21:37+00:00\",\"dateModified\":\"2025-10-24T16:13:22+00:00\"},{\"@type\":\"WebSite\",\"@id\":\"https:\\\/\\\/www.crepissage-outre-foret.pro\\\/#website\",\"url\":\"https:\\\/\\\/www.crepissage-outre-foret.pro\\\/\",\"name\":\"Cr\\u00e9pissage de L\\u2019Outre For\\u00eat\",\"description\":\"Donnez une nouvelle vie \\u00e0 vos fa\\u00e7ades\",\"inLanguage\":\"fr-FR\",\"publisher\":{\"@id\":\"https:\\\/\\\/www.crepissage-outre-foret.pro\\\/#organization\"}}]}\n\t\t<\/script>\n\t\t<!-- All in One SEO Pro -->\r\n\t\t<title>Ravalement de fa\u00e7ade \u00e0 Neewiller-pr\u00e8s-Lauterbourg<\/title>\n\n","aioseo_head_json":{"title":"Ravalement de fa\u00e7ade \u00e0 Neewiller-pr\u00e8s-Lauterbourg","description":"\u00c0 Neewiller-pr\u00e8s-Lauterbourg, Cr\u00e9pissage de l\u2019Outre-For\u00eat redonne vie \u00e0 vos fa\u00e7ades avec des solutions durables, esth\u00e9tiques et r\u00e9sistantes aux intemp\u00e9ries.","canonical_url":"https:\/\/www.crepissage-outre-foret.pro\/galerie-photos\/chantier-a-neewiller-pres-lauterbourg-ravalement-de-facade\/","robots":"max-image-preview:large","keywords":"","webmasterTools":{"google-site-verification":"yV5f5RtlR-_n-vm2xJ3yDaw1yK7hUustT9T8yhp9L28","miscellaneous":""},"schema":{"@context":"https:\/\/schema.org","@graph":[{"@type":"BreadcrumbList","@id":"https:\/\/www.crepissage-outre-foret.pro\/galerie-photos\/chantier-a-neewiller-pres-lauterbourg-ravalement-de-facade\/#breadcrumblist","itemListElement":[{"@type":"ListItem","@id":"https:\/\/www.crepissage-outre-foret.pro#listItem","position":1,"name":"Cr\u00e9pissage de l'outre for\u00eat","item":"https:\/\/www.crepissage-outre-foret.pro","nextItem":{"@type":"ListItem","@id":"https:\/\/www.crepissage-outre-foret.pro\/galerie-photos\/#listItem","name":"Galeries Photos"}},{"@type":"ListItem","@id":"https:\/\/www.crepissage-outre-foret.pro\/galerie-photos\/#listItem","position":2,"name":"Galeries Photos","item":"https:\/\/www.crepissage-outre-foret.pro\/galerie-photos\/","nextItem":{"@type":"ListItem","@id":"https:\/\/www.crepissage-outre-foret.pro\/galerie_category\/ravalement-de-facade\/#listItem","name":"Ravalement de Fa\u00e7ade"},"previousItem":{"@type":"ListItem","@id":"https:\/\/www.crepissage-outre-foret.pro#listItem","name":"Cr\u00e9pissage de l'outre for\u00eat"}},{"@type":"ListItem","@id":"https:\/\/www.crepissage-outre-foret.pro\/galerie_category\/ravalement-de-facade\/#listItem","position":3,"name":"Ravalement de Fa\u00e7ade","item":"https:\/\/www.crepissage-outre-foret.pro\/galerie_category\/ravalement-de-facade\/","nextItem":{"@type":"ListItem","@id":"https:\/\/www.crepissage-outre-foret.pro\/galerie-photos\/chantier-a-neewiller-pres-lauterbourg-ravalement-de-facade\/#listItem","name":"Chantier \u00e0 Neewiller-pr\u00e8s-Lauterbourg  &#8211; ravalement de fa\u00e7ade"},"previousItem":{"@type":"ListItem","@id":"https:\/\/www.crepissage-outre-foret.pro\/galerie-photos\/#listItem","name":"Galeries Photos"}},{"@type":"ListItem","@id":"https:\/\/www.crepissage-outre-foret.pro\/galerie-photos\/chantier-a-neewiller-pres-lauterbourg-ravalement-de-facade\/#listItem","position":4,"name":"Chantier \u00e0 Neewiller-pr\u00e8s-Lauterbourg  &#8211; ravalement de fa\u00e7ade","previousItem":{"@type":"ListItem","@id":"https:\/\/www.crepissage-outre-foret.pro\/galerie_category\/ravalement-de-facade\/#listItem","name":"Ravalement de Fa\u00e7ade"}}]},{"@type":"Organization","@id":"https:\/\/www.crepissage-outre-foret.pro\/#organization","name":"Cr\u00e9pissage de L\u2019Outre For\u00eat","description":"Donnez une nouvelle vie \u00e0 vos fa\u00e7ades","url":"https:\/\/www.crepissage-outre-foret.pro\/","email":"contact@crepisoutreforet.fr","telephone":"+33388548345","logo":{"@type":"ImageObject","url":"https:\/\/www.crepissage-outre-foret.pro\/media\/2025\/10\/logo.svg","@id":"https:\/\/www.crepissage-outre-foret.pro\/galerie-photos\/chantier-a-neewiller-pres-lauterbourg-ravalement-de-facade\/#organizationLogo"},"image":{"@id":"https:\/\/www.crepissage-outre-foret.pro\/galerie-photos\/chantier-a-neewiller-pres-lauterbourg-ravalement-de-facade\/#organizationLogo"},"sameAs":["https:\/\/www.facebook.com\/profile.php?id=100031217720552&locale=fr_FR","https:\/\/instagram.com\/crepissagedeloutreforet"],"address":{"@id":"https:\/\/www.crepissage-outre-foret.pro\/#postaladdress","@type":"PostalAddress","streetAddress":"14 Rue Alfred Kastler,","postalCode":"67160","addressLocality":"Wissembourg","addressCountry":"FR"},"taxID":"FR49502522642"},{"@type":"WebPage","@id":"https:\/\/www.crepissage-outre-foret.pro\/galerie-photos\/chantier-a-neewiller-pres-lauterbourg-ravalement-de-facade\/#webpage","url":"https:\/\/www.crepissage-outre-foret.pro\/galerie-photos\/chantier-a-neewiller-pres-lauterbourg-ravalement-de-facade\/","name":"Ravalement de fa\u00e7ade \u00e0 Neewiller-pr\u00e8s-Lauterbourg","description":"\u00c0 Neewiller-pr\u00e8s-Lauterbourg, Cr\u00e9pissage de l\u2019Outre-For\u00eat redonne vie \u00e0 vos fa\u00e7ades avec des solutions durables, esth\u00e9tiques et r\u00e9sistantes aux intemp\u00e9ries.","inLanguage":"fr-FR","isPartOf":{"@id":"https:\/\/www.crepissage-outre-foret.pro\/#website"},"breadcrumb":{"@id":"https:\/\/www.crepissage-outre-foret.pro\/galerie-photos\/chantier-a-neewiller-pres-lauterbourg-ravalement-de-facade\/#breadcrumblist"},"image":{"@type":"ImageObject","url":"https:\/\/www.crepissage-outre-foret.pro\/media\/2025\/10\/ravalement-facade-Neewiller-Pres-Lauterbourg-1-1.jpg","@id":"https:\/\/www.crepissage-outre-foret.pro\/galerie-photos\/chantier-a-neewiller-pres-lauterbourg-ravalement-de-facade\/#mainImage","width":1008,"height":756},"primaryImageOfPage":{"@id":"https:\/\/www.crepissage-outre-foret.pro\/galerie-photos\/chantier-a-neewiller-pres-lauterbourg-ravalement-de-facade\/#mainImage"},"datePublished":"2025-10-14T04:21:37+00:00","dateModified":"2025-10-24T16:13:22+00:00"},{"@type":"WebSite","@id":"https:\/\/www.crepissage-outre-foret.pro\/#website","url":"https:\/\/www.crepissage-outre-foret.pro\/","name":"Cr\u00e9pissage de L\u2019Outre For\u00eat","description":"Donnez une nouvelle vie \u00e0 vos fa\u00e7ades","inLanguage":"fr-FR","publisher":{"@id":"https:\/\/www.crepissage-outre-foret.pro\/#organization"}}]},"og:locale":"fr_FR","og:site_name":"Cr\u00e9pissage de L\u2019Outre For\u00eat - Donnez une nouvelle vie \u00e0 vos fa\u00e7ades","og:type":"article","og:title":"Ravalement de fa\u00e7ade \u00e0 Neewiller-pr\u00e8s-Lauterbourg","og:description":"\u00c0 Neewiller-pr\u00e8s-Lauterbourg, Cr\u00e9pissage de l\u2019Outre-For\u00eat redonne vie \u00e0 vos fa\u00e7ades avec des solutions durables, esth\u00e9tiques et r\u00e9sistantes aux intemp\u00e9ries.","og:url":"https:\/\/www.crepissage-outre-foret.pro\/galerie-photos\/chantier-a-neewiller-pres-lauterbourg-ravalement-de-facade\/","og:image":"https:\/\/www.crepissage-outre-foret.pro\/media\/2025\/10\/logo.svg","og:image:secure_url":"https:\/\/www.crepissage-outre-foret.pro\/media\/2025\/10\/logo.svg","article:published_time":"2025-10-14T04:21:37+00:00","article:modified_time":"2025-10-24T16:13:22+00:00","article:publisher":"https:\/\/www.facebook.com\/profile.php?id=100031217720552&locale=fr_FR","twitter:card":"summary_large_image","twitter:title":"Ravalement de fa\u00e7ade \u00e0 Neewiller-pr\u00e8s-Lauterbourg","twitter:description":"\u00c0 Neewiller-pr\u00e8s-Lauterbourg, Cr\u00e9pissage de l\u2019Outre-For\u00eat redonne vie \u00e0 vos fa\u00e7ades avec des solutions durables, esth\u00e9tiques et r\u00e9sistantes aux intemp\u00e9ries.","twitter:image":"https:\/\/www.crepissage-outre-foret.pro\/media\/2025\/10\/logo.svg"},"aioseo_meta_data":{"post_id":"1000","title":"Ravalement de fa\u00e7ade \u00e0 Neewiller-pr\u00e8s-Lauterbourg","description":"\u00c0 Neewiller-pr\u00e8s-Lauterbourg, Cr\u00e9pissage de l\u2019Outre-For\u00eat redonne vie \u00e0 vos fa\u00e7ades avec des solutions durables, esth\u00e9tiques et r\u00e9sistantes aux intemp\u00e9ries.","keywords":null,"keyphrases":{"focus":{"keyphrase":"","score":0,"analysis":{"keyphraseInTitle":{"score":0,"maxScore":9,"error":1}}},"additional":[]},"primary_term":null,"canonical_url":null,"og_title":null,"og_description":null,"og_object_type":"default","og_image_type":"default","og_image_url":null,"og_image_width":null,"og_image_height":null,"og_image_custom_url":null,"og_image_custom_fields":null,"og_video":"","og_custom_url":null,"og_article_section":null,"og_article_tags":null,"twitter_use_og":false,"twitter_card":"default","twitter_image_type":"default","twitter_image_url":null,"twitter_image_custom_url":null,"twitter_image_custom_fields":null,"twitter_title":null,"twitter_description":null,"schema":{"blockGraphs":[],"customGraphs":[],"default":{"data":{"Article":[],"Course":[],"Dataset":[],"FAQPage":[],"Movie":[],"Person":[],"Product":[],"ProductReview":[],"Car":[],"Recipe":[],"Service":[],"SoftwareApplication":[],"WebPage":[]},"graphName":"WebPage","isEnabled":true},"graphs":[]},"schema_type":"default","schema_type_options":null,"pillar_content":false,"robots_default":true,"robots_noindex":false,"robots_noarchive":false,"robots_nosnippet":false,"robots_nofollow":false,"robots_noimageindex":false,"robots_noodp":false,"robots_notranslate":false,"robots_max_snippet":"-1","robots_max_videopreview":"-1","robots_max_imagepreview":"large","priority":null,"frequency":"default","local_seo":null,"seo_analyzer_scan_date":"2025-10-24 16:15:18","breadcrumb_settings":null,"limit_modified_date":false,"open_ai":null,"ai":{"faqs":[],"keyPoints":[],"titles":[],"descriptions":[],"socialPosts":{"email":[],"linkedin":[],"twitter":[],"facebook":[],"instagram":[]}},"created":"2025-10-14 04:18:26","updated":"2025-10-24 16:15:18"},"aioseo_breadcrumb":"<div class=\"aioseo-breadcrumbs\"><span class=\"aioseo-breadcrumb\">\n\t<a href=\"https:\/\/www.crepissage-outre-foret.pro\" title=\"Cr\u00e9pissage de l&#039;outre for\u00eat\">Cr\u00e9pissage de l'outre for\u00eat<\/a>\n<\/span><span class=\"aioseo-breadcrumb-separator\">\u00bb<\/span><span class=\"aioseo-breadcrumb\">\n\t<a href=\"https:\/\/www.crepissage-outre-foret.pro\/galerie-photos\/\" title=\"Galeries Photos\">Galeries Photos<\/a>\n<\/span><span class=\"aioseo-breadcrumb-separator\">\u00bb<\/span><span class=\"aioseo-breadcrumb\">\n\t<a href=\"https:\/\/www.crepissage-outre-foret.pro\/galerie_category\/ravalement-de-facade\/\" title=\"Ravalement de Fa\u00e7ade\">Ravalement de Fa\u00e7ade<\/a>\n<\/span><span class=\"aioseo-breadcrumb-separator\">\u00bb<\/span><span class=\"aioseo-breadcrumb\">\n\tChantier \u00e0 Neewiller-pr\u00e8s-Lauterbourg  \u2013 ravalement de fa\u00e7ade\n<\/span><\/div>","aioseo_breadcrumb_json":[{"label":"Cr\u00e9pissage de l'outre for\u00eat","link":"https:\/\/www.crepissage-outre-foret.pro"},{"label":"Galeries Photos","link":"https:\/\/www.crepissage-outre-foret.pro\/galerie-photos\/"},{"label":"Ravalement de Fa\u00e7ade","link":"https:\/\/www.crepissage-outre-foret.pro\/galerie_category\/ravalement-de-facade\/"},{"label":"Chantier \u00e0 Neewiller-pr\u00e8s-Lauterbourg  &#8211; ravalement de fa\u00e7ade","link":"https:\/\/www.crepissage-outre-foret.pro\/galerie-photos\/chantier-a-neewiller-pres-lauterbourg-ravalement-de-facade\/"}],"_links":{"self":[{"href":"https:\/\/www.crepissage-outre-foret.pro\/api-json\/wp\/v2\/galerie-photos\/1000","targetHints":{"allow":["GET"]}}],"collection":[{"href":"https:\/\/www.crepissage-outre-foret.pro\/api-json\/wp\/v2\/galerie-photos"}],"about":[{"href":"https:\/\/www.crepissage-outre-foret.pro\/api-json\/wp\/v2\/types\/galerie-photos"}],"version-history":[{"count":3,"href":"https:\/\/www.crepissage-outre-foret.pro\/api-json\/wp\/v2\/galerie-photos\/1000\/revisions"}],"predecessor-version":[{"id":1305,"href":"https:\/\/www.crepissage-outre-foret.pro\/api-json\/wp\/v2\/galerie-photos\/1000\/revisions\/1305"}],"wp:featuredmedia":[{"embeddable":true,"href":"https:\/\/www.crepissage-outre-foret.pro\/api-json\/wp\/v2\/media\/1001"}],"wp:attachment":[{"href":"https:\/\/www.crepissage-outre-foret.pro\/api-json\/wp\/v2\/media?parent=1000"}],"wp:term":[{"taxonomy":"galerie_category","embeddable":true,"href":"https:\/\/www.crepissage-outre-foret.pro\/api-json\/wp\/v2\/galerie_category?post=1000"}],"curies":[{"name":"wp","href":"https:\/\/api.w.org\/{rel}","templated":true}]}}